{"id":977,"date":"2020-01-08T17:30:05","date_gmt":"2020-01-08T16:30:05","guid":{"rendered":"https:\/\/centrevaldeloirebasketballpatrimoine.org\/?page_id=977"},"modified":"2021-08-18T11:51:22","modified_gmt":"2021-08-18T09:51:22","slug":"les-arbitres-internationaux","status":"publish","type":"page","link":"https:\/\/centrevaldeloirebasketballpatrimoine.org\/index.php\/les-arbitres-internationaux\/","title":{"rendered":"Les Arbitres Internationaux"},"content":{"rendered":"<div id=\"mega-menu-wrap-max_mega_menu_1\" class=\"mega-menu-wrap\"><div class=\"mega-menu-toggle\"><div class=\"mega-toggle-blocks-left\"><\/div><div class=\"mega-toggle-blocks-center\"><\/div><div class=\"mega-toggle-blocks-right\"><div class='mega-toggle-block mega-menu-toggle-block mega-toggle-block-1' id='mega-toggle-block-1' tabindex='0'><button class='mega-toggle-standard mega-toggle-label' aria-expanded='false'><span class='mega-toggle-label-closed'>MENU<\/span><span class='mega-toggle-label-open'>MENU<\/span><\/button><\/div><\/div><\/div><ul id=\"mega-menu-max_mega_menu_1\" class=\"mega-menu max-mega-menu mega-menu-horizontal mega-no-js\" data-event=\"hover_intent\" data-effect=\"fade_up\" data-effect-speed=\"200\" data-effect-mobile=\"disabled\" data-effect-speed-mobile=\"0\" data-mobile-force-width=\"false\" data-second-click=\"go\" data-document-click=\"collapse\" data-vertical-behaviour=\"standard\" data-breakpoint=\"600\" data-unbind=\"true\" data-mobile-state=\"collapse_all\" data-mobile-direction=\"vertical\" data-hover-intent-timeout=\"300\" data-hover-intent-interval=\"100\"><li class=\"mega-menu-item mega-menu-item-type-post_type mega-menu-item-object-page mega-align-bottom-left mega-menu-flyout mega-menu-item-131\" id=\"mega-menu-item-131\"><a class=\"mega-menu-link\" href=\"https:\/\/centrevaldeloirebasketballpatrimoine.org\/index.php\/les-presidents-de-la-ligue\/\" tabindex=\"0\">Pr\u00e9sidents Ligue<\/a><\/li><li class=\"mega-menu-item mega-menu-item-type-post_type mega-menu-item-object-page mega-menu-item-has-children mega-align-bottom-left mega-menu-flyout mega-menu-item-132\" id=\"mega-menu-item-132\"><a class=\"mega-menu-link\" href=\"https:\/\/centrevaldeloirebasketballpatrimoine.org\/index.php\/les-presidents-des-comites\/\" aria-expanded=\"false\" tabindex=\"0\">Pr\u00e9sidents Comit\u00e9s<span class=\"mega-indicator\" aria-hidden=\"true\"><\/span><\/a>\n<ul class=\"mega-sub-menu\">\n<li class=\"mega-menu-item mega-menu-item-type-post_type mega-menu-item-object-page mega-menu-item-627\" id=\"mega-menu-item-627\"><a class=\"mega-menu-link\" href=\"https:\/\/centrevaldeloirebasketballpatrimoine.org\/index.php\/18-3\/\">Pr\u00e9sidents du Comit\u00e9 du 18<\/a><\/li><li class=\"mega-menu-item mega-menu-item-type-post_type mega-menu-item-object-page mega-menu-item-631\" id=\"mega-menu-item-631\"><a class=\"mega-menu-link\" href=\"https:\/\/centrevaldeloirebasketballpatrimoine.org\/index.php\/28-3\/\">Pr\u00e9sidents du Comit\u00e9 du 28<\/a><\/li><li class=\"mega-menu-item mega-menu-item-type-post_type mega-menu-item-object-page mega-menu-item-638\" id=\"mega-menu-item-638\"><a class=\"mega-menu-link\" href=\"https:\/\/centrevaldeloirebasketballpatrimoine.org\/index.php\/36-3\/\">Pr\u00e9sidents du Comit\u00e9 du 36<\/a><\/li><li class=\"mega-menu-item mega-menu-item-type-post_type mega-menu-item-object-page mega-menu-item-637\" id=\"mega-menu-item-637\"><a class=\"mega-menu-link\" href=\"https:\/\/centrevaldeloirebasketballpatrimoine.org\/index.php\/37-3\/\">Pr\u00e9sidents du Comit\u00e9 du 37<\/a><\/li><li class=\"mega-menu-item mega-menu-item-type-post_type mega-menu-item-object-page mega-menu-item-644\" id=\"mega-menu-item-644\"><a class=\"mega-menu-link\" href=\"https:\/\/centrevaldeloirebasketballpatrimoine.org\/index.php\/41-3\/\">Pr\u00e9sidents du Comit\u00e9 du 41<\/a><\/li><li class=\"mega-menu-item mega-menu-item-type-post_type mega-menu-item-object-page mega-menu-item-643\" id=\"mega-menu-item-643\"><a class=\"mega-menu-link\" href=\"https:\/\/centrevaldeloirebasketballpatrimoine.org\/index.php\/45-3\/\">Pr\u00e9sidents du Comit\u00e9 du 45<\/a><\/li><\/ul>\n<\/li><li class=\"mega-menu-item mega-menu-item-type-post_type mega-menu-item-object-page mega-menu-item-has-children mega-align-bottom-left mega-menu-flyout mega-menu-item-130\" id=\"mega-menu-item-130\"><a class=\"mega-menu-link\" href=\"https:\/\/centrevaldeloirebasketballpatrimoine.org\/index.php\/les-joueuses-et-les-joueurs\/\" aria-expanded=\"false\" tabindex=\"0\">Joueurs<span class=\"mega-indicator\" aria-hidden=\"true\"><\/span><\/a>\n<ul class=\"mega-sub-menu\">\n<li class=\"mega-menu-item mega-menu-item-type-post_type mega-menu-item-object-page mega-menu-item-662\" id=\"mega-menu-item-662\"><a class=\"mega-menu-link\" href=\"https:\/\/centrevaldeloirebasketballpatrimoine.org\/index.php\/les-joueurs-nationaux\/\">Les Joueurs Nationaux<\/a><\/li><li class=\"mega-menu-item mega-menu-item-type-post_type mega-menu-item-object-page mega-menu-item-661\" id=\"mega-menu-item-661\"><a class=\"mega-menu-link\" href=\"https:\/\/centrevaldeloirebasketballpatrimoine.org\/index.php\/les-joueurs-internationaux\/\">Les Joueurs Internationaux<\/a><\/li><\/ul>\n<\/li><li class=\"mega-menu-item mega-menu-item-type-post_type mega-menu-item-object-page mega-menu-item-has-children mega-align-bottom-left mega-menu-flyout mega-menu-item-647\" id=\"mega-menu-item-647\"><a class=\"mega-menu-link\" href=\"https:\/\/centrevaldeloirebasketballpatrimoine.org\/index.php\/joueuses\/\" aria-expanded=\"false\" tabindex=\"0\">Joueuses<span class=\"mega-indicator\" aria-hidden=\"true\"><\/span><\/a>\n<ul class=\"mega-sub-menu\">\n<li class=\"mega-menu-item mega-menu-item-type-post_type mega-menu-item-object-page mega-menu-item-664\" id=\"mega-menu-item-664\"><a class=\"mega-menu-link\" href=\"https:\/\/centrevaldeloirebasketballpatrimoine.org\/index.php\/les-joueuses-nationales\/\">Les Joueuses Nationales<\/a><\/li><li class=\"mega-menu-item mega-menu-item-type-post_type mega-menu-item-object-page mega-menu-item-663\" id=\"mega-menu-item-663\"><a class=\"mega-menu-link\" href=\"https:\/\/centrevaldeloirebasketballpatrimoine.org\/index.php\/les-joueuses-internationales\/\">Les Joueuses Internationales<\/a><\/li><\/ul>\n<\/li><li class=\"mega-menu-item mega-menu-item-type-post_type mega-menu-item-object-page mega-menu-item-has-children mega-align-bottom-left mega-menu-flyout mega-menu-item-128\" id=\"mega-menu-item-128\"><a class=\"mega-menu-link\" href=\"https:\/\/centrevaldeloirebasketballpatrimoine.org\/index.php\/les-arbitres-et-les-officiels\/\" aria-expanded=\"false\" tabindex=\"0\">Arbitres<span class=\"mega-indicator\" aria-hidden=\"true\"><\/span><\/a>\n<ul class=\"mega-sub-menu\">\n<li class=\"mega-menu-item mega-menu-item-type-post_type mega-menu-item-object-page mega-menu-item-983\" id=\"mega-menu-item-983\"><a class=\"mega-menu-link\" href=\"https:\/\/centrevaldeloirebasketballpatrimoine.org\/index.php\/les-arbitres-nationaux\/\">Les Arbitres Nationaux<\/a><\/li><li class=\"mega-menu-item mega-menu-item-type-post_type mega-menu-item-object-page mega-menu-item-982\" id=\"mega-menu-item-982\"><a class=\"mega-menu-link\" href=\"https:\/\/centrevaldeloirebasketballpatrimoine.org\/index.php\/les-arbitres-internationaux\/\">Les Arbitres Internationaux<\/a><\/li><\/ul>\n<\/li><li class=\"mega-menu-item mega-menu-item-type-post_type mega-menu-item-object-page mega-menu-item-has-children mega-align-bottom-left mega-menu-flyout mega-menu-item-129\" id=\"mega-menu-item-129\"><a class=\"mega-menu-link\" href=\"https:\/\/centrevaldeloirebasketballpatrimoine.org\/index.php\/les-entraineurs\/\" aria-expanded=\"false\" tabindex=\"0\">Entraineurs<span class=\"mega-indicator\" aria-hidden=\"true\"><\/span><\/a>\n<ul class=\"mega-sub-menu\">\n<li class=\"mega-menu-item mega-menu-item-type-post_type mega-menu-item-object-page mega-menu-item-2152\" id=\"mega-menu-item-2152\"><a class=\"mega-menu-link\" href=\"https:\/\/centrevaldeloirebasketballpatrimoine.org\/index.php\/conseillers-techniques-regionaux\/\">Conseillers Techniques R\u00e9gionaux<\/a><\/li><\/ul>\n<\/li><li class=\"mega-menu-item mega-menu-item-type-post_type mega-menu-item-object-page mega-align-bottom-left mega-menu-flyout mega-menu-item-1713\" id=\"mega-menu-item-1713\"><a class=\"mega-menu-link\" href=\"https:\/\/centrevaldeloirebasketballpatrimoine.org\/index.php\/figures-marquantes\/\" tabindex=\"0\">Figures marquantes<\/a><\/li><li class=\"mega-menu-item mega-menu-item-type-post_type mega-menu-item-object-page mega-menu-item-1027\" id=\"mega-menu-item-1027\"><a class=\"mega-menu-link\" href=\"https:\/\/centrevaldeloirebasketballpatrimoine.org\/index.php\/les-officiels-nationaux\/\" tabindex=\"0\">Les Officiels Nationaux<\/a><\/li><\/ul><\/div>\n\n\n\n<ul class=\"wp-block-list\"><li><a href=\"#Pierre\">Pierre Monnier <\/a><\/li><li><a href=\"#Michel\">Michel Varey<\/a><\/li><li><a href=\"#Bernard\">Bernard Edelin<\/a><\/li><li><a href=\"#Jean\">Jean Compagnon<\/a><\/li><li><a href=\"#Marcel\">Marcel Kobzic<\/a><\/li><li><a href=\"#Guy\">Guy Marie<\/a><\/li><li><a href=\"#Jacques\">Jacques Percevault<\/a><\/li><li><a href=\"#Maurice\">Maurice Cornu<\/a><\/li><li><a href=\"#Jean-p\">Jean <\/a><a href=\"#Jean\">Leroy<\/a><\/li><li><a href=\"#Pierre-M\">Pierre Minouflet<\/a><\/li><li><a href=\"#Jacky-R\">Jacky Ravier<\/a><\/li><\/ul>\n\n\n\n<h2 class=\"has-text-align-center wp-block-heading\" id=\"Pierre\"><strong>Pierre Monnier<\/strong><\/h2>\n\n\n\n<div class=\"wp-block-image\"><figure class=\"aligncenter size-large is-resized\"><img decoding=\"async\" data-src=\"https:\/\/centrevaldeloirebasketballpatrimoine.org\/wp-content\/uploads\/2021\/02\/7-2.jpg\" alt=\"\" class=\"wp-image-14778 lazyload\" width=\"173\" height=\"189\" data-srcset=\"https:\/\/centrevaldeloirebasketballpatrimoine.org\/wp-content\/uploads\/2021\/02\/7-2.jpg 655w, https:\/\/centrevaldeloirebasketballpatrimoine.org\/wp-content\/uploads\/2021\/02\/7-2-275x300.jpg 275w\" data-sizes=\"(max-width: 173px) 100vw, 173px\" src=\"data:image\/gif;base64,R0lGODlhAQABAAAAACH5BAEKAAEALAAAAAABAAEAAAICTAEAOw==\" style=\"--smush-placeholder-width: 173px; --smush-placeholder-aspect-ratio: 173\/189;\" \/><\/figure><\/div>\n\n\n\n<h6 class=\"has-text-align-center wp-block-heading\">1927-2018<\/h6>\n\n\n\n<p>Il signe au Patronage La\u00efque Paul Bert \u00e0 Tours sa Premi\u00e8re licence \u00e0 l&rsquo;\u00e2ge de 8 ans en 1935.<\/p>\n\n\n\n<p>il restera fid\u00e8le \u00e0 ce club jusqu&rsquo;en 1960. il jouera en division f\u00e9d\u00e9rale (le Championnat de France d&rsquo;aujourd&rsquo;hui).<\/p>\n\n\n\n<h6 class=\"has-text-align-center wp-block-heading\"><em>1950 Equipe du Patronage La\u00efque Paul Bert<\/em><\/h6>\n\n\n\n<div class=\"wp-block-image\"><figure class=\"aligncenter size-large is-resized\"><img decoding=\"async\" data-src=\"https:\/\/centrevaldeloirebasketballpatrimoine.org\/wp-content\/uploads\/2021\/02\/8-2.jpg\" alt=\"\" class=\"wp-image-14782 lazyload\" width=\"337\" height=\"371\" data-srcset=\"https:\/\/centrevaldeloirebasketballpatrimoine.org\/wp-content\/uploads\/2021\/02\/8-2.jpg 588w, https:\/\/centrevaldeloirebasketballpatrimoine.org\/wp-content\/uploads\/2021\/02\/8-2-272x300.jpg 272w\" data-sizes=\"(max-width: 337px) 100vw, 337px\" src=\"data:image\/gif;base64,R0lGODlhAQABAAAAACH5BAEKAAEALAAAAAABAAEAAAICTAEAOw==\" style=\"--smush-placeholder-width: 337px; --smush-placeholder-aspect-ratio: 337\/371;\" \/><\/figure><\/div>\n\n\n\n<h6 class=\"has-text-align-center wp-block-heading\"><em>N\u00b0 0 Monnier Michel, N\u00b0 4 Montprofit Maurice, N\u00b09 Monnier Pierre, N\u00b0 11 Loiseau Andr\u00e9<\/em><\/h6>\n\n\n\n<p>En 1960, il signe \u00e0 Berthenay et continue \u00e0 jouer en D\u00e9partemental.<\/p>\n\n\n\n<p>En parall\u00e8le il se consacre \u00e0 l&rsquo;arbitrage et passe directement arbitre r\u00e9gional en 1961.<\/p>\n\n\n\n<p>Il progresse tr\u00e8s rapidement et est nomm\u00e9 arbitre international en1968 suite au stage de Macolin (Suisse). <\/p>\n\n\n\n<p>il \u00e9tait accompagn\u00e9 de Jean Compagnon et de Bernard Edelin nomm\u00e9 \u00e9galement arbitres internationaux.<\/p>\n\n\n\n<h5 class=\"has-text-align-center wp-block-heading\"><em>Rencontre disput\u00e9e dans le gymnase de Berthenay<\/em><\/h5>\n\n\n\n<div class=\"wp-block-image\"><figure class=\"aligncenter size-large is-resized\"><img decoding=\"async\" data-src=\"https:\/\/centrevaldeloirebasketballpatrimoine.org\/wp-content\/uploads\/2021\/02\/2-1.jpg\" alt=\"\" class=\"wp-image-14788 lazyload\" width=\"350\" height=\"467\" data-srcset=\"https:\/\/centrevaldeloirebasketballpatrimoine.org\/wp-content\/uploads\/2021\/02\/2-1.jpg 610w, https:\/\/centrevaldeloirebasketballpatrimoine.org\/wp-content\/uploads\/2021\/02\/2-1-225x300.jpg 225w\" data-sizes=\"(max-width: 350px) 100vw, 350px\" src=\"data:image\/gif;base64,R0lGODlhAQABAAAAACH5BAEKAAEALAAAAAABAAEAAAICTAEAOw==\" style=\"--smush-placeholder-width: 350px; --smush-placeholder-aspect-ratio: 350\/467;\" \/><\/figure><\/div>\n\n\n\n<h5 class=\"has-text-align-center wp-block-heading\"><em>Pierrot Monnier et sa patte gauche&#8230;<\/em><\/h5>\n\n\n\n<p>De 1968 \u00e0 1976, tout en dirigeant les rencontres du Championnat de Nationale 1 (Jeep Elite d&rsquo;aujourd&rsquo;hui) il sillonne toute l&rsquo;Europe.<\/p>\n\n\n\n<div class=\"wp-block-image\"><figure class=\"aligncenter size-large is-resized\"><img decoding=\"async\" data-src=\"https:\/\/centrevaldeloirebasketballpatrimoine.org\/wp-content\/uploads\/2021\/02\/13-Pierre-Monnier.jpg\" alt=\"\" class=\"wp-image-14779 lazyload\" width=\"459\" height=\"328\" data-srcset=\"https:\/\/centrevaldeloirebasketballpatrimoine.org\/wp-content\/uploads\/2021\/02\/13-Pierre-Monnier.jpg 524w, https:\/\/centrevaldeloirebasketballpatrimoine.org\/wp-content\/uploads\/2021\/02\/13-Pierre-Monnier-300x215.jpg 300w\" data-sizes=\"(max-width: 459px) 100vw, 459px\" src=\"data:image\/gif;base64,R0lGODlhAQABAAAAACH5BAEKAAEALAAAAAABAAEAAAICTAEAOw==\" style=\"--smush-placeholder-width: 459px; --smush-placeholder-aspect-ratio: 459\/328;\" \/><\/figure><\/div>\n\n\n\n<div class=\"wp-block-image\"><figure class=\"aligncenter size-large is-resized\"><img decoding=\"async\" data-src=\"https:\/\/centrevaldeloirebasketballpatrimoine.org\/wp-content\/uploads\/2021\/02\/14-Pierrot-Monnier-Challans-ASVEL-N\u00b0-451.jpg\" alt=\"\" class=\"wp-image-14780 lazyload\" width=\"434\" height=\"243\" data-srcset=\"https:\/\/centrevaldeloirebasketballpatrimoine.org\/wp-content\/uploads\/2021\/02\/14-Pierrot-Monnier-Challans-ASVEL-N\u00b0-451-300x169.jpg 300w, https:\/\/centrevaldeloirebasketballpatrimoine.org\/wp-content\/uploads\/2021\/02\/14-Pierrot-Monnier-Challans-ASVEL-N\u00b0-451-135x75.jpg 135w, https:\/\/centrevaldeloirebasketballpatrimoine.org\/wp-content\/uploads\/2021\/02\/14-Pierrot-Monnier-Challans-ASVEL-N\u00b0-451-270x150.jpg 270w\" data-sizes=\"(max-width: 434px) 100vw, 434px\" src=\"data:image\/gif;base64,R0lGODlhAQABAAAAACH5BAEKAAEALAAAAAABAAEAAAICTAEAOw==\" style=\"--smush-placeholder-width: 434px; --smush-placeholder-aspect-ratio: 434\/243;\" \/><\/figure><\/div>\n\n\n\n<h5 class=\"has-text-align-center wp-block-heading\"><em>Pierre Monnier arbitre le Match Challans-ASVEL en 1973<\/em><\/h5>\n\n\n\n<p class=\"has-text-align-center\"><em><strong>Michel Gomez d\u00e9fend sur Bob Purkise<\/strong>r<\/em><\/p>\n\n\n\n<p>En  1974, il sera le premier arbitre Fran\u00e7ais \u00e0 officier aux USA lors du Championnat du Monde militaire.<\/p>\n\n\n\n<p>Il rassemblera dans les ann\u00e9es 1975 \u00e0 1980 une belle brochette de copains Basketteurs, \u00e0 savoir les Blanchet, Compagnon, Dao, Guibert, Kobzic, Limol, Varey etc&#8230;<\/p>\n\n\n\n<p>Ils se retrouvaient le dimanche matin sur le terrain ext\u00e9rieur de Berthenay pour disputer des rencontres de Championnat D\u00e9partemental.<\/p>\n\n\n\n<h6 class=\"has-text-align-center wp-block-heading\"><em>Equipe de Berthenay<\/em><\/h6>\n\n\n\n<div class=\"wp-block-image\"><figure class=\"aligncenter size-large is-resized\"><img decoding=\"async\" data-src=\"https:\/\/centrevaldeloirebasketballpatrimoine.org\/wp-content\/uploads\/2021\/02\/1-2.jpg\" alt=\"\" class=\"wp-image-14785 lazyload\" width=\"447\" height=\"336\" data-srcset=\"https:\/\/centrevaldeloirebasketballpatrimoine.org\/wp-content\/uploads\/2021\/02\/1-2.jpg 632w, https:\/\/centrevaldeloirebasketballpatrimoine.org\/wp-content\/uploads\/2021\/02\/1-2-300x225.jpg 300w, https:\/\/centrevaldeloirebasketballpatrimoine.org\/wp-content\/uploads\/2021\/02\/1-2-360x270.jpg 360w, https:\/\/centrevaldeloirebasketballpatrimoine.org\/wp-content\/uploads\/2021\/02\/1-2-80x60.jpg 80w\" data-sizes=\"(max-width: 447px) 100vw, 447px\" src=\"data:image\/gif;base64,R0lGODlhAQABAAAAACH5BAEKAAEALAAAAAABAAEAAAICTAEAOw==\" style=\"--smush-placeholder-width: 447px; --smush-placeholder-aspect-ratio: 447\/336;\" \/><\/figure><\/div>\n\n\n\n<h6 class=\"has-text-align-center wp-block-heading\"><em>Debout de G \u00e0 D : Kobzic, Compagnon, Dao, Limol<\/em><\/h6>\n\n\n\n<h6 class=\"has-text-align-center wp-block-heading\"><em>Accroupis de G \u00e0 D : Blanchet, Montforte, Monnier, Varey<\/em><\/h6>\n\n\n\n<h5 class=\"has-text-align-center wp-block-heading\"><em>Une belle brochette d&rsquo;arbitres internationaux.<\/em><\/h5>\n\n\n\n<div class=\"wp-block-image\"><figure class=\"aligncenter size-large is-resized\"><img decoding=\"async\" data-src=\"https:\/\/centrevaldeloirebasketballpatrimoine.org\/wp-content\/uploads\/2021\/02\/3-1024x675.jpg\" alt=\"\" class=\"wp-image-14787 lazyload\" width=\"479\" height=\"315\" data-srcset=\"https:\/\/centrevaldeloirebasketballpatrimoine.org\/wp-content\/uploads\/2021\/02\/3-1024x675.jpg 1024w, https:\/\/centrevaldeloirebasketballpatrimoine.org\/wp-content\/uploads\/2021\/02\/3-300x198.jpg 300w, https:\/\/centrevaldeloirebasketballpatrimoine.org\/wp-content\/uploads\/2021\/02\/3-768x506.jpg 768w, https:\/\/centrevaldeloirebasketballpatrimoine.org\/wp-content\/uploads\/2021\/02\/3.jpg 1247w\" data-sizes=\"(max-width: 479px) 100vw, 479px\" src=\"data:image\/gif;base64,R0lGODlhAQABAAAAACH5BAEKAAEALAAAAAABAAEAAAICTAEAOw==\" style=\"--smush-placeholder-width: 479px; --smush-placeholder-aspect-ratio: 479\/315;\" \/><\/figure><\/div>\n\n\n\n<p class=\"has-text-align-center\"><strong><em>de G \u00e0 D : Varey, Kobzic, Compagnon, Edelin, Monnier<\/em><\/strong><\/p>\n\n\n\n<p>En 1990, il revient au PL Paul Bert comme entra\u00eeneur et dirigeant.<\/p>\n\n\n\n<p>M\u00eame \u00e9tant licenci\u00e9 au PL Paul Bert, il a \u00e9t\u00e9 tr\u00e8s actif au CES Tours en tant que manager et dirigeant de 1974 \u00e0 1984.<\/p>\n\n\n\n<p>Lorsque le PL Paul Bert sera dissout, il signe au CES Tours en 1995.<\/p>\n\n\n\n<div class=\"wp-block-image\"><figure class=\"aligncenter size-large is-resized\"><img decoding=\"async\" data-src=\"https:\/\/centrevaldeloirebasketballpatrimoine.org\/wp-content\/uploads\/2021\/02\/5-2.jpg\" alt=\"\" class=\"wp-image-14786 lazyload\" width=\"467\" height=\"352\" data-srcset=\"https:\/\/centrevaldeloirebasketballpatrimoine.org\/wp-content\/uploads\/2021\/02\/5-2.jpg 814w, https:\/\/centrevaldeloirebasketballpatrimoine.org\/wp-content\/uploads\/2021\/02\/5-2-300x226.jpg 300w, https:\/\/centrevaldeloirebasketballpatrimoine.org\/wp-content\/uploads\/2021\/02\/5-2-768x578.jpg 768w, https:\/\/centrevaldeloirebasketballpatrimoine.org\/wp-content\/uploads\/2021\/02\/5-2-360x270.jpg 360w, https:\/\/centrevaldeloirebasketballpatrimoine.org\/wp-content\/uploads\/2021\/02\/5-2-80x60.jpg 80w\" data-sizes=\"(max-width: 467px) 100vw, 467px\" src=\"data:image\/gif;base64,R0lGODlhAQABAAAAACH5BAEKAAEALAAAAAABAAEAAAICTAEAOw==\" style=\"--smush-placeholder-width: 467px; --smush-placeholder-aspect-ratio: 467\/352;\" \/><\/figure><\/div>\n\n\n\n<h5 class=\"has-text-align-center wp-block-heading\"><em>Equipe NF3 du CES Tours 1980 (\u00e0 gauche J. Compagnon, \u00e0 droite P. Monnier)<\/em><\/h5>\n\n\n\n<p>Son dernier club sera le PLLL \u00e0 partir de 2010.<\/p>\n\n\n\n<p>De 1996 \u00e0 2007, il sera le dirigeant des jeunes gar\u00e7ons du P\u00f4le Espoirs de Tours.<\/p>\n\n\n\n<p>Jusqu&rsquo;\u00e0 son dernier souffle il respirera &#8230;Basket.<\/p>\n\n\n\n<hr class=\"wp-block-separator\"\/>\n\n\n\n<h2 class=\"has-text-align-center wp-block-heading\" id=\"Michel\"><strong>Michel Varey<\/strong><\/h2>\n\n\n\n<div class=\"wp-block-image\"><figure class=\"aligncenter size-large is-resized\"><img decoding=\"async\" data-src=\"https:\/\/centrevaldeloirebasketballpatrimoine.org\/wp-content\/uploads\/2021\/02\/1-Michel-Varey.jpg\" alt=\"\" class=\"wp-image-14526 lazyload\" width=\"193\" height=\"159\" src=\"data:image\/gif;base64,R0lGODlhAQABAAAAACH5BAEKAAEALAAAAAABAAEAAAICTAEAOw==\" style=\"--smush-placeholder-width: 193px; --smush-placeholder-aspect-ratio: 193\/159;\" \/><\/figure><\/div>\n\n\n\n<p>Il d\u00e9bute le Basket vers 1950 et signe sa premi\u00e8re licence au Cercle Paul Bert de Tours.<\/p>\n\n\n\n<div class=\"wp-block-image\"><figure class=\"aligncenter size-large is-resized\"><img decoding=\"async\" data-src=\"https:\/\/centrevaldeloirebasketballpatrimoine.org\/wp-content\/uploads\/2021\/02\/2.jpg\" alt=\"\" class=\"wp-image-14528 lazyload\" width=\"478\" height=\"341\" data-srcset=\"https:\/\/centrevaldeloirebasketballpatrimoine.org\/wp-content\/uploads\/2021\/02\/2.jpg 679w, https:\/\/centrevaldeloirebasketballpatrimoine.org\/wp-content\/uploads\/2021\/02\/2-300x214.jpg 300w\" data-sizes=\"(max-width: 478px) 100vw, 478px\" src=\"data:image\/gif;base64,R0lGODlhAQABAAAAACH5BAEKAAEALAAAAAABAAEAAAICTAEAOw==\" style=\"--smush-placeholder-width: 478px; --smush-placeholder-aspect-ratio: 478\/341;\" \/><\/figure><\/div>\n\n\n\n<p class=\"has-text-align-center\"><strong>Michel Varey \u00e0 droite short bleu.<\/strong><\/p>\n\n\n\n<p>En 1955 il signe \u00e0 l&rsquo;ASPO de Tours et joue en excellence r\u00e9gionale.<\/p>\n\n\n\n<p>En 1957, il est incorpor\u00e9 \u00e0 l&rsquo;\u00e9quipe fanion de l&rsquo;ASPO Tours.<\/p>\n\n\n\n<div class=\"wp-block-image\"><figure class=\"aligncenter size-large is-resized\"><img decoding=\"async\" data-src=\"https:\/\/centrevaldeloirebasketballpatrimoine.org\/wp-content\/uploads\/2021\/02\/3-ASPO-Tours-1957-1958-1024x708.jpg\" alt=\"\" class=\"wp-image-14529 lazyload\" width=\"478\" height=\"329\" data-srcset=\"https:\/\/centrevaldeloirebasketballpatrimoine.org\/wp-content\/uploads\/2021\/02\/3-ASPO-Tours-1957-1958-1024x708.jpg 1024w, https:\/\/centrevaldeloirebasketballpatrimoine.org\/wp-content\/uploads\/2021\/02\/3-ASPO-Tours-1957-1958-300x207.jpg 300w, https:\/\/centrevaldeloirebasketballpatrimoine.org\/wp-content\/uploads\/2021\/02\/3-ASPO-Tours-1957-1958-768x531.jpg 768w, https:\/\/centrevaldeloirebasketballpatrimoine.org\/wp-content\/uploads\/2021\/02\/3-ASPO-Tours-1957-1958.jpg 1136w\" data-sizes=\"(max-width: 478px) 100vw, 478px\" src=\"data:image\/gif;base64,R0lGODlhAQABAAAAACH5BAEKAAEALAAAAAABAAEAAAICTAEAOw==\" style=\"--smush-placeholder-width: 478px; --smush-placeholder-aspect-ratio: 478\/329;\" \/><\/figure><\/div>\n\n\n\n<p class=\"has-text-align-center\"><strong>Accroupi N\u00b0 4, Michel Varey<\/strong><\/p>\n\n\n\n<p> Sous la houlette de Clotaire Blanchard, il c\u00f4toie des joueurs comme : Daniel Bou\u00e9, Marcel Kobzic, Jean Marzat, <\/p>\n\n\n\n<p>Gilbert Racine, Robert Thi\u00e9lin, Jacky Trimardeau etc&#8230;<\/p>\n\n\n\n<p>Durant la saison 1966-1967 l&rsquo;\u00e9quipe sera sacr\u00e9e Championne de France de Nationale 2.<\/p>\n\n\n\n<p>Dans les ann\u00e9es 60, il d\u00e9bute dans l&rsquo;arbitrage.<\/p>\n\n\n\n<p>Il franchit rapidement tous les \u00e9chelons et sera nomm\u00e9 arbitre international en 1971.<\/p>\n\n\n\n<div class=\"wp-block-image\"><figure class=\"aligncenter size-large is-resized\"><img decoding=\"async\" data-src=\"https:\/\/centrevaldeloirebasketballpatrimoine.org\/wp-content\/uploads\/2021\/02\/5.jpg\" alt=\"\" class=\"wp-image-14531 lazyload\" width=\"219\" height=\"278\" data-srcset=\"https:\/\/centrevaldeloirebasketballpatrimoine.org\/wp-content\/uploads\/2021\/02\/5.jpg 550w, https:\/\/centrevaldeloirebasketballpatrimoine.org\/wp-content\/uploads\/2021\/02\/5-236x300.jpg 236w\" data-sizes=\"(max-width: 219px) 100vw, 219px\" src=\"data:image\/gif;base64,R0lGODlhAQABAAAAACH5BAEKAAEALAAAAAABAAEAAAICTAEAOw==\" style=\"--smush-placeholder-width: 219px; --smush-placeholder-aspect-ratio: 219\/278;\" \/><\/figure><\/div>\n\n\n\n<p class=\"has-text-align-center\"><strong>Michel Varey<\/strong><\/p>\n\n\n\n<p>Durant ses 16 ann\u00e9es d&rsquo;arbitre international il officiera dans de nombreux tournois et matches internationaux.<\/p>\n\n\n\n<div class=\"wp-block-image\"><figure class=\"aligncenter size-large is-resized\"><img decoding=\"async\" data-src=\"https:\/\/centrevaldeloirebasketballpatrimoine.org\/wp-content\/uploads\/2021\/02\/6-745x1024.jpg\" alt=\"\" class=\"wp-image-14532 lazyload\" width=\"325\" height=\"446\" data-srcset=\"https:\/\/centrevaldeloirebasketballpatrimoine.org\/wp-content\/uploads\/2021\/02\/6-745x1024.jpg 745w, https:\/\/centrevaldeloirebasketballpatrimoine.org\/wp-content\/uploads\/2021\/02\/6-218x300.jpg 218w, https:\/\/centrevaldeloirebasketballpatrimoine.org\/wp-content\/uploads\/2021\/02\/6-768x1056.jpg 768w, https:\/\/centrevaldeloirebasketballpatrimoine.org\/wp-content\/uploads\/2021\/02\/6.jpg 973w\" data-sizes=\"(max-width: 325px) 100vw, 325px\" src=\"data:image\/gif;base64,R0lGODlhAQABAAAAACH5BAEKAAEALAAAAAABAAEAAAICTAEAOw==\" style=\"--smush-placeholder-width: 325px; --smush-placeholder-aspect-ratio: 325\/446;\" \/><\/figure><\/div>\n\n\n\n<p class=\"has-text-align-center\"><strong>Michel Varey<\/strong><\/p>\n\n\n\n<p>Il mettra fin \u00e0 sa carri\u00e8re d&rsquo;arbitre en 1987 pour se consacrer \u00e0 une carri\u00e8re de dirigeant.<\/p>\n\n\n\n<p>Il se licencie \u00e0 l&rsquo;Avenir Sportif Jocondien.<\/p>\n\n\n\n<p>Le Jou\u00e9 Basket Club vient de d\u00e9poser le bilan et est remplac\u00e9 par l&rsquo;Avenir Sportif Jocondien.<\/p>\n\n\n\n<p>Durant 10 ans \u00e0 la Pr\u00e9sidence, Michel Varey conduira son club du Championnat D\u00e9partemental au Championnat de France Nationale 2. <\/p>\n\n\n\n<div class=\"wp-block-image\"><figure class=\"aligncenter size-large is-resized\"><img decoding=\"async\" data-src=\"https:\/\/centrevaldeloirebasketballpatrimoine.org\/wp-content\/uploads\/2021\/02\/8-1-1024x768.jpg\" alt=\"\" class=\"wp-image-14534 lazyload\" width=\"652\" height=\"489\" data-srcset=\"https:\/\/centrevaldeloirebasketballpatrimoine.org\/wp-content\/uploads\/2021\/02\/8-1-1024x768.jpg 1024w, https:\/\/centrevaldeloirebasketballpatrimoine.org\/wp-content\/uploads\/2021\/02\/8-1-300x225.jpg 300w, https:\/\/centrevaldeloirebasketballpatrimoine.org\/wp-content\/uploads\/2021\/02\/8-1-768x576.jpg 768w, https:\/\/centrevaldeloirebasketballpatrimoine.org\/wp-content\/uploads\/2021\/02\/8-1-1536x1152.jpg 1536w, https:\/\/centrevaldeloirebasketballpatrimoine.org\/wp-content\/uploads\/2021\/02\/8-1-360x270.jpg 360w, https:\/\/centrevaldeloirebasketballpatrimoine.org\/wp-content\/uploads\/2021\/02\/8-1-80x60.jpg 80w, https:\/\/centrevaldeloirebasketballpatrimoine.org\/wp-content\/uploads\/2021\/02\/8-1.jpg 1600w\" data-sizes=\"(max-width: 652px) 100vw, 652px\" src=\"data:image\/gif;base64,R0lGODlhAQABAAAAACH5BAEKAAEALAAAAAABAAEAAAICTAEAOw==\" style=\"--smush-placeholder-width: 652px; --smush-placeholder-aspect-ratio: 652\/489;\" \/><\/figure><\/div>\n\n\n\n<p class=\"has-text-align-center\"><strong>Equipe 1\u00e8re masculine de l&rsquo;Avenir Sportif Jocondien saison 2001-2002<\/strong><\/p>\n\n\n\n<p class=\"has-text-align-center\"><strong><em>Le club se verra remettre le label de l&rsquo;\u00e9cole fran\u00e7aise de mini-basket.<\/em><\/strong><\/p>\n\n\n\n<div class=\"wp-block-image\"><figure class=\"aligncenter size-large is-resized\"><img decoding=\"async\" data-src=\"https:\/\/centrevaldeloirebasketballpatrimoine.org\/wp-content\/uploads\/2021\/02\/7-1.jpg\" alt=\"\" class=\"wp-image-14535 lazyload\" width=\"654\" height=\"491\" data-srcset=\"https:\/\/centrevaldeloirebasketballpatrimoine.org\/wp-content\/uploads\/2021\/02\/7-1.jpg 1024w, https:\/\/centrevaldeloirebasketballpatrimoine.org\/wp-content\/uploads\/2021\/02\/7-1-300x225.jpg 300w, https:\/\/centrevaldeloirebasketballpatrimoine.org\/wp-content\/uploads\/2021\/02\/7-1-768x576.jpg 768w, https:\/\/centrevaldeloirebasketballpatrimoine.org\/wp-content\/uploads\/2021\/02\/7-1-360x270.jpg 360w, https:\/\/centrevaldeloirebasketballpatrimoine.org\/wp-content\/uploads\/2021\/02\/7-1-80x60.jpg 80w\" data-sizes=\"(max-width: 654px) 100vw, 654px\" src=\"data:image\/gif;base64,R0lGODlhAQABAAAAACH5BAEKAAEALAAAAAABAAEAAAICTAEAOw==\" style=\"--smush-placeholder-width: 654px; --smush-placeholder-aspect-ratio: 654\/491;\" \/><\/figure><\/div>\n\n\n\n<p class=\"has-text-align-center\"><strong><em>Michel Varey mettra fin \u00e0 sa carri\u00e8re de dirigeant de club en 200<\/em>6.<\/strong><\/p>\n\n\n\n<hr class=\"wp-block-separator\"\/>\n\n\n\n<h2 class=\"has-text-align-center wp-block-heading\" id=\"Bernard\">Bernard Edelin<\/h2>\n\n\n\n<div class=\"wp-block-image\"><figure class=\"aligncenter size-large\"><img decoding=\"async\" width=\"187\" height=\"223\" data-src=\"https:\/\/centrevaldeloirebasketballpatrimoine.org\/wp-content\/uploads\/2021\/02\/1-edelin.jpg\" alt=\"\" class=\"wp-image-13747 lazyload\" src=\"data:image\/gif;base64,R0lGODlhAQABAAAAACH5BAEKAAEALAAAAAABAAEAAAICTAEAOw==\" style=\"--smush-placeholder-width: 187px; --smush-placeholder-aspect-ratio: 187\/223;\" \/><\/figure><\/div>\n\n\n\n<p>Il d\u00e9bute le sport par l&rsquo;athl\u00e9tisme puis tr\u00e8s vite il passe au Basket.<\/p>\n\n\n\n<p>D\u00e8s 1945, il est licenci\u00e9 au CSJTN (Club Sportif des Jeunesses de Tours Nord).<\/p>\n\n\n\n<p>De 1953 \u00e0 1980 il est licenci\u00e9 au PLBR (Patronage La\u00efque Beaujardin Raspail) et de 1980 \u00e0 1985 \u00e0 l&rsquo;USSP (Union Sportive de St Pierre des Corps).<\/p>\n\n\n\n<p>En 1947, il devient arbitre stagiaire (il ne pouvait pas \u00eatre arbitre d\u00e9partemental car il n&rsquo;\u00e9tait pas majeur).<\/p>\n\n\n\n<p>Il passe son examen d&rsquo;arbitre d\u00e9partemental en 1948, r\u00e9gional en 1954, inter r\u00e9gional en 1956 et f\u00e9d\u00e9ral en 1959.<\/p>\n\n\n\n<div class=\"wp-block-image\"><figure class=\"aligncenter size-large\"><img decoding=\"async\" width=\"244\" height=\"616\" data-src=\"https:\/\/centrevaldeloirebasketballpatrimoine.org\/wp-content\/uploads\/2021\/02\/2-Edelin-Antibes-1.jpg\" alt=\"\" class=\"wp-image-13749 lazyload\" data-srcset=\"https:\/\/centrevaldeloirebasketballpatrimoine.org\/wp-content\/uploads\/2021\/02\/2-Edelin-Antibes-1.jpg 244w, https:\/\/centrevaldeloirebasketballpatrimoine.org\/wp-content\/uploads\/2021\/02\/2-Edelin-Antibes-1-119x300.jpg 119w\" data-sizes=\"(max-width: 244px) 100vw, 244px\" src=\"data:image\/gif;base64,R0lGODlhAQABAAAAACH5BAEKAAEALAAAAAABAAEAAAICTAEAOw==\" style=\"--smush-placeholder-width: 244px; --smush-placeholder-aspect-ratio: 244\/616;\" \/><\/figure><\/div>\n\n\n\n<p class=\"has-text-align-center\"><em><strong>Bernard Edelin \u00e0 Antibes<\/strong><\/em><\/p>\n\n\n\n<div class=\"wp-block-image\"><figure class=\"aligncenter size-large is-resized\"><img decoding=\"async\" data-src=\"https:\/\/centrevaldeloirebasketballpatrimoine.org\/wp-content\/uploads\/2021\/02\/3-Edelin-Jubile-CH-Baltzer.jpg\" alt=\"\" class=\"wp-image-13752 lazyload\" width=\"257\" height=\"372\" data-srcset=\"https:\/\/centrevaldeloirebasketballpatrimoine.org\/wp-content\/uploads\/2021\/02\/3-Edelin-Jubile-CH-Baltzer.jpg 306w, https:\/\/centrevaldeloirebasketballpatrimoine.org\/wp-content\/uploads\/2021\/02\/3-Edelin-Jubile-CH-Baltzer-207x300.jpg 207w\" data-sizes=\"(max-width: 257px) 100vw, 257px\" src=\"data:image\/gif;base64,R0lGODlhAQABAAAAACH5BAEKAAEALAAAAAABAAEAAAICTAEAOw==\" style=\"--smush-placeholder-width: 257px; --smush-placeholder-aspect-ratio: 257\/372;\" \/><\/figure><\/div>\n\n\n\n<p class=\"has-text-align-center\"><em><strong>Bernard<\/strong><\/em> <em><strong> Edelin au Mans lors du jubil\u00e9 de Christian Baltzer<\/strong><\/em><\/p>\n\n\n\n<p class=\"has-text-align-center\">Il est nomm\u00e9 arbitre international en 1968 apr\u00e8s le stage de Macolin (Suisse).<\/p>\n\n\n\n<div class=\"wp-block-image\"><figure class=\"aligncenter size-large\"><img decoding=\"async\" width=\"570\" height=\"354\" data-src=\"https:\/\/centrevaldeloirebasketballpatrimoine.org\/wp-content\/uploads\/2021\/02\/4-Macolin.jpg\" alt=\"\" class=\"wp-image-13753 lazyload\" data-srcset=\"https:\/\/centrevaldeloirebasketballpatrimoine.org\/wp-content\/uploads\/2021\/02\/4-Macolin.jpg 570w, https:\/\/centrevaldeloirebasketballpatrimoine.org\/wp-content\/uploads\/2021\/02\/4-Macolin-300x186.jpg 300w\" data-sizes=\"(max-width: 570px) 100vw, 570px\" src=\"data:image\/gif;base64,R0lGODlhAQABAAAAACH5BAEKAAEALAAAAAABAAEAAAICTAEAOw==\" style=\"--smush-placeholder-width: 570px; --smush-placeholder-aspect-ratio: 570\/354;\" \/><\/figure><\/div>\n\n\n\n<p class=\"has-text-align-center\"><em><strong>Lors du Stage FIBA \u00e0 Macolin<\/strong><\/em><\/p>\n\n\n\n<p class=\"has-text-align-center\"><strong><em>De G \u00e0 D: J. Compagnon, B. Edelin, Mme Cornu, M. Cornu, P. Monnier<\/em><\/strong><\/p>\n\n\n\n<p>Il officiera \u00e0 ce niveau jusqu&rsquo;en 1975.<\/p>\n\n\n\n<p>Il terminera sa carri\u00e8re d&rsquo;arbitre en 1984 sur un tournoi international \u00e0 Ath\u00e8nes.<\/p>\n\n\n\n<hr class=\"wp-block-separator\"\/>\n\n\n\n<h2 class=\"has-text-align-center wp-block-heading\" id=\"Jean\">Jean Compagnon<\/h2>\n\n\n\n<div class=\"wp-block-image\"><figure class=\"aligncenter size-large is-resized\"><img decoding=\"async\" data-src=\"https:\/\/centrevaldeloirebasketballpatrimoine.org\/wp-content\/uploads\/2021\/01\/Jean-Compagnon.jpg\" alt=\"\" class=\"wp-image-12543 lazyload\" width=\"140\" height=\"197\" src=\"data:image\/gif;base64,R0lGODlhAQABAAAAACH5BAEKAAEALAAAAAABAAEAAAICTAEAOw==\" style=\"--smush-placeholder-width: 140px; --smush-placeholder-aspect-ratio: 140\/197;\" \/><\/figure><\/div>\n\n\n\n<p>Il est licenci\u00e9 au Rempart Sportif de Tours de 1945 \u00e0 1954.<\/p>\n\n\n\n<p>Lors de la saison 1954 -1955, il signe \u00e0 l&rsquo;ASPTT de Dax et \u00e9volue en Honneur National(la 3\u00e8me division de l&rsquo;\u00e9poque).<\/p>\n\n\n\n<p>En 1956, il signe une licence au CES Tours et sera sacr\u00e9 Champion de France Honneur National.<\/p>\n\n\n\n<div class=\"wp-block-image\"><figure class=\"alignright size-large is-resized\"><img decoding=\"async\" data-src=\"https:\/\/centrevaldeloirebasketballpatrimoine.org\/wp-content\/uploads\/2021\/01\/Jean-Compagnon-CESTours-1024x666.jpg\" alt=\"\" class=\"wp-image-12544 lazyload\" width=\"-2872\" height=\"-1866\" data-srcset=\"https:\/\/centrevaldeloirebasketballpatrimoine.org\/wp-content\/uploads\/2021\/01\/Jean-Compagnon-CESTours-1024x666.jpg 1024w, https:\/\/centrevaldeloirebasketballpatrimoine.org\/wp-content\/uploads\/2021\/01\/Jean-Compagnon-CESTours-300x195.jpg 300w, https:\/\/centrevaldeloirebasketballpatrimoine.org\/wp-content\/uploads\/2021\/01\/Jean-Compagnon-CESTours-768x500.jpg 768w, https:\/\/centrevaldeloirebasketballpatrimoine.org\/wp-content\/uploads\/2021\/01\/Jean-Compagnon-CESTours.jpg 1110w\" data-sizes=\"(max-width: 1024px) 100vw, 1024px\" src=\"data:image\/gif;base64,R0lGODlhAQABAAAAACH5BAEKAAEALAAAAAABAAEAAAICTAEAOw==\" style=\"--smush-placeholder-width: -2872px; --smush-placeholder-aspect-ratio: -2872\/-1866;\" \/><figcaption><em><strong>Equipe du CES Tours 1956<br>Accroupis 1er \u00e0 droite: Jean Compagnon<\/strong><\/em><\/figcaption><\/figure><\/div>\n\n\n\n<p>De 1961 \u00e0 1964, il sera licenci\u00e9 \u00e0 l&rsquo;US St Pierre des Corps et jouera en Nationale 3 et en Excellence masculine.<\/p>\n\n\n\n<p>Durant sa carri\u00e8re de joueur, il sera s\u00e9lectionn\u00e9 en \u00e9quipe de France F.S.G.T. \u00e0 plusieurs reprises.<\/p>\n\n\n\n<p>En 1962, il devient arbitre d\u00e9partemental puis r\u00e9gional en 1963 et f\u00e9d\u00e9ral en 1964.<\/p>\n\n\n\n<p>Arbitrant au plus haut niveau National, il est nomm\u00e9 arbitre international en 1968 apr\u00e8s un stage \u00e0 Macolin (Suisse).<\/p>\n\n\n\n<div class=\"wp-block-image\"><figure class=\"aligncenter size-large is-resized\"><img decoding=\"async\" data-src=\"https:\/\/centrevaldeloirebasketballpatrimoine.org\/wp-content\/uploads\/2021\/01\/2-Jean-Compagnon.jpg\" alt=\"\" class=\"wp-image-12546 lazyload\" width=\"88\" height=\"332\" src=\"data:image\/gif;base64,R0lGODlhAQABAAAAACH5BAEKAAEALAAAAAABAAEAAAICTAEAOw==\" style=\"--smush-placeholder-width: 88px; --smush-placeholder-aspect-ratio: 88\/332;\" \/><figcaption>Jean Compagnon<\/figcaption><\/figure><\/div>\n\n\n\n<p>Jusqu&rsquo;en 1978, il officiera lors de Tournois et Championnats internationaux avant d&rsquo;\u00eatre nomm\u00e9 Arbitre International Honoraire (F.I.B.A.) en 1978.<\/p>\n\n\n\n<div class=\"wp-block-image\"><figure class=\"aligncenter size-large is-resized\"><img decoding=\"async\" data-src=\"https:\/\/centrevaldeloirebasketballpatrimoine.org\/wp-content\/uploads\/2021\/01\/1-Jean-Compagnon.jpg\" alt=\"\" class=\"wp-image-12547 lazyload\" width=\"262\" height=\"371\" data-srcset=\"https:\/\/centrevaldeloirebasketballpatrimoine.org\/wp-content\/uploads\/2021\/01\/1-Jean-Compagnon.jpg 363w, https:\/\/centrevaldeloirebasketballpatrimoine.org\/wp-content\/uploads\/2021\/01\/1-Jean-Compagnon-212x300.jpg 212w\" data-sizes=\"(max-width: 262px) 100vw, 262px\" src=\"data:image\/gif;base64,R0lGODlhAQABAAAAACH5BAEKAAEALAAAAAABAAEAAAICTAEAOw==\" style=\"--smush-placeholder-width: 262px; --smush-placeholder-aspect-ratio: 262\/371;\" \/><\/figure><\/div>\n\n\n\n<p>Il occupera \u00e9galement la fonction d&rsquo;entra\u00eeneur dans plusieurs clubs et fut \u00e9galement Enta\u00eeneur manager de l&rsquo;\u00e9quipe de France Handisport.<\/p>\n\n\n\n<p>De 1975 \u00e0 1980, il rejoindra une \u00e9quipe de copain \u00e0 Berthenay.<\/p>\n\n\n\n<hr class=\"wp-block-separator\"\/>\n\n\n\n<h2 class=\"has-text-align-center wp-block-heading\" id=\"Marcel\">Marcel Kobzic<\/h2>\n\n\n\n<div class=\"wp-block-image\"><figure class=\"aligncenter size-large is-resized\"><img decoding=\"async\" data-src=\"https:\/\/centrevaldeloirebasketballpatrimoine.org\/wp-content\/uploads\/2021\/01\/4-Marcel-Kobzic.jpg\" alt=\"\" class=\"wp-image-12345 lazyload\" width=\"152\" height=\"172\" data-srcset=\"https:\/\/centrevaldeloirebasketballpatrimoine.org\/wp-content\/uploads\/2021\/01\/4-Marcel-Kobzic.jpg 419w, https:\/\/centrevaldeloirebasketballpatrimoine.org\/wp-content\/uploads\/2021\/01\/4-Marcel-Kobzic-266x300.jpg 266w\" data-sizes=\"(max-width: 152px) 100vw, 152px\" src=\"data:image\/gif;base64,R0lGODlhAQABAAAAACH5BAEKAAEALAAAAAABAAEAAAICTAEAOw==\" style=\"--smush-placeholder-width: 152px; --smush-placeholder-aspect-ratio: 152\/172;\" \/><\/figure><\/div>\n\n\n\n<p>Il est n\u00e9 \u00e0 Poissy en 1935.<\/p>\n\n\n\n<p>Il pratique l&rsquo;Athl\u00e9tisme et le Rugby avant d&rsquo;arriver \u00e0 Tours en 1954.<\/p>\n\n\n\n<div class=\"wp-block-image\"><figure class=\"aligncenter size-large is-resized\"><img decoding=\"async\" data-src=\"https:\/\/centrevaldeloirebasketballpatrimoine.org\/wp-content\/uploads\/2021\/01\/1-Marcel-Kobzic.jpg\" alt=\"\" class=\"wp-image-12346 lazyload\" width=\"164\" height=\"209\" data-srcset=\"https:\/\/centrevaldeloirebasketballpatrimoine.org\/wp-content\/uploads\/2021\/01\/1-Marcel-Kobzic.jpg 299w, https:\/\/centrevaldeloirebasketballpatrimoine.org\/wp-content\/uploads\/2021\/01\/1-Marcel-Kobzic-235x300.jpg 235w\" data-sizes=\"(max-width: 164px) 100vw, 164px\" src=\"data:image\/gif;base64,R0lGODlhAQABAAAAACH5BAEKAAEALAAAAAABAAEAAAICTAEAOw==\" style=\"--smush-placeholder-width: 164px; --smush-placeholder-aspect-ratio: 164\/209;\" \/><\/figure><\/div>\n\n\n\n<p>En 1955, il signe \u00e0 l&rsquo;ASPO Tours et fera partie de l&rsquo;\u00e9quipe fanion jusqu&rsquo;en 1968.<\/p>\n\n\n\n<p>Tous les Tourangeaux se souviennent des matches entre le CES Tours et L&rsquo;ASPO Tours au Palais des Sports Grenon !..<\/p>\n\n\n\n<div class=\"wp-block-image\"><figure class=\"aligncenter size-large is-resized\"><img decoding=\"async\" data-src=\"https:\/\/centrevaldeloirebasketballpatrimoine.org\/wp-content\/uploads\/2021\/01\/2-Marcel-Kobzic.jpg\" alt=\"\" class=\"wp-image-12348 lazyload\" width=\"206\" height=\"295\" data-srcset=\"https:\/\/centrevaldeloirebasketballpatrimoine.org\/wp-content\/uploads\/2021\/01\/2-Marcel-Kobzic.jpg 607w, https:\/\/centrevaldeloirebasketballpatrimoine.org\/wp-content\/uploads\/2021\/01\/2-Marcel-Kobzic-210x300.jpg 210w\" data-sizes=\"(max-width: 206px) 100vw, 206px\" src=\"data:image\/gif;base64,R0lGODlhAQABAAAAACH5BAEKAAEALAAAAAABAAEAAAICTAEAOw==\" style=\"--smush-placeholder-width: 206px; --smush-placeholder-aspect-ratio: 206\/295;\" \/><\/figure><\/div>\n\n\n\n<p>De 1959 \u00e0 1970 il sera international Cheminot.<\/p>\n\n\n\n<p>A ce titre, il participe au Championnat d&rsquo;Europe en Pologne en 1959, en Bulgarie en 1962 au Kazakhstan en 1965 et \u00e0 Strasbourg en 1968.<\/p>\n\n\n\n<p>Arbitre international de 1971 \u00e0 1977 il \u00e9tait une figure de l&rsquo;arbitrage en France.<\/p>\n\n\n\n<div class=\"wp-block-image\"><figure class=\"aligncenter size-large\"><img decoding=\"async\" width=\"366\" height=\"273\" data-src=\"https:\/\/centrevaldeloirebasketballpatrimoine.org\/wp-content\/uploads\/2021\/01\/3-Marcel-Kobzic-2.jpg\" alt=\"\" class=\"wp-image-12349 lazyload\" data-srcset=\"https:\/\/centrevaldeloirebasketballpatrimoine.org\/wp-content\/uploads\/2021\/01\/3-Marcel-Kobzic-2.jpg 366w, https:\/\/centrevaldeloirebasketballpatrimoine.org\/wp-content\/uploads\/2021\/01\/3-Marcel-Kobzic-2-300x224.jpg 300w, https:\/\/centrevaldeloirebasketballpatrimoine.org\/wp-content\/uploads\/2021\/01\/3-Marcel-Kobzic-2-360x270.jpg 360w, https:\/\/centrevaldeloirebasketballpatrimoine.org\/wp-content\/uploads\/2021\/01\/3-Marcel-Kobzic-2-80x60.jpg 80w\" data-sizes=\"(max-width: 366px) 100vw, 366px\" src=\"data:image\/gif;base64,R0lGODlhAQABAAAAACH5BAEKAAEALAAAAAABAAEAAAICTAEAOw==\" style=\"--smush-placeholder-width: 366px; --smush-placeholder-aspect-ratio: 366\/273;\" \/><figcaption><strong>Marcel lors d&rsquo;un match \u00e0 Berck<\/strong><\/figcaption><\/figure><\/div>\n\n\n\n<p>Apr\u00e8s sa carri\u00e8re d&rsquo;arbitre il a continu\u00e9 \u00e0 jouer en d\u00e9partemental avec ses copains \u00e0 Berthenay.<\/p>\n\n\n\n<hr class=\"wp-block-separator\"\/>\n\n\n\n<h2 class=\"has-text-align-center wp-block-heading\" id=\"Guy\">Guy Marie<\/h2>\n\n\n\n<div class=\"wp-block-image\"><figure class=\"aligncenter size-large\"><img decoding=\"async\" width=\"135\" height=\"192\" data-src=\"https:\/\/centrevaldeloirebasketballpatrimoine.org\/wp-content\/uploads\/2021\/01\/50-Guy-Marie.jpg\" alt=\"\" class=\"wp-image-12356 lazyload\" src=\"data:image\/gif;base64,R0lGODlhAQABAAAAACH5BAEKAAEALAAAAAABAAEAAAICTAEAOw==\" style=\"--smush-placeholder-width: 135px; --smush-placeholder-aspect-ratio: 135\/192;\" \/><\/figure><\/div>\n\n\n\n<p>Guy Marie fut nomm\u00e9 arbitre international en 1948.<\/p>\n\n\n\n<div class=\"wp-block-image\"><figure class=\"aligncenter size-large is-resized\"><img decoding=\"async\" data-src=\"https:\/\/centrevaldeloirebasketballpatrimoine.org\/wp-content\/uploads\/2021\/01\/51-Guy-Marie.jpg\" alt=\"\" class=\"wp-image-12357 lazyload\" width=\"149\" height=\"207\" data-srcset=\"https:\/\/centrevaldeloirebasketballpatrimoine.org\/wp-content\/uploads\/2021\/01\/51-Guy-Marie.jpg 321w, https:\/\/centrevaldeloirebasketballpatrimoine.org\/wp-content\/uploads\/2021\/01\/51-Guy-Marie-215x300.jpg 215w\" data-sizes=\"(max-width: 149px) 100vw, 149px\" src=\"data:image\/gif;base64,R0lGODlhAQABAAAAACH5BAEKAAEALAAAAAABAAEAAAICTAEAOw==\" style=\"--smush-placeholder-width: 149px; --smush-placeholder-aspect-ratio: 149\/207;\" \/><\/figure><\/div>\n\n\n\n<p>Apr\u00e8s une longue carri\u00e8re en France et \u00e0 l&rsquo;\u00e9tranger il fut nomm\u00e9 arbitre honoraire.<\/p>\n\n\n\n<hr class=\"wp-block-separator\"\/>\n\n\n\n<h2 class=\"has-text-align-center wp-block-heading\" id=\"Jacques\">Jacques Percevault<\/h2>\n\n\n\n<div class=\"wp-block-image\"><figure class=\"aligncenter size-large is-resized\"><img decoding=\"async\" data-src=\"https:\/\/centrevaldeloirebasketballpatrimoine.org\/wp-content\/uploads\/2021\/01\/Capture.jpg\" alt=\"\" class=\"wp-image-12341 lazyload\" width=\"124\" height=\"209\" data-srcset=\"https:\/\/centrevaldeloirebasketballpatrimoine.org\/wp-content\/uploads\/2021\/01\/Capture.jpg 187w, https:\/\/centrevaldeloirebasketballpatrimoine.org\/wp-content\/uploads\/2021\/01\/Capture-178x300.jpg 178w\" data-sizes=\"(max-width: 124px) 100vw, 124px\" src=\"data:image\/gif;base64,R0lGODlhAQABAAAAACH5BAEKAAEALAAAAAABAAEAAAICTAEAOw==\" style=\"--smush-placeholder-width: 124px; --smush-placeholder-aspect-ratio: 124\/209;\" \/><\/figure><\/div>\n\n\n\n<p>Joueur \u00e0 l&rsquo;ASPO Tours, il c\u00f4toit des joueurs comme Swidzinski, Leberre, V\u00e9drenne, Lachaud&#8230;<\/p>\n\n\n\n<p>Il participe notamment \u00e0 la finale du Championnat de France Excellence Nationale contre Championnet Sports.<\/p>\n\n\n\n<div class=\"wp-block-image\"><figure class=\"aligncenter size-large\"><img decoding=\"async\" width=\"142\" height=\"198\" data-src=\"https:\/\/centrevaldeloirebasketballpatrimoine.org\/wp-content\/uploads\/2021\/01\/Jacques-Percevault.jpg\" alt=\"\" class=\"wp-image-12342 lazyload\" src=\"data:image\/gif;base64,R0lGODlhAQABAAAAACH5BAEKAAEALAAAAAABAAEAAAICTAEAOw==\" style=\"--smush-placeholder-width: 142px; --smush-placeholder-aspect-ratio: 142\/198;\" \/><\/figure><\/div>\n\n\n\n<p>Il participe \u00e0 la naissance de l&rsquo;U.S.A.L.T avant de se lancer dans l&rsquo;arbitrage en 1949.<\/p>\n\n\n\n<p>Il Franchit les \u00e9chelons r\u00e9gionaux, interr\u00e9gionaux, f\u00e9d\u00e9raux pour devenir arbitre international en 1958 \u00e0 la suite d&rsquo;un stage \u00e0 Paris en compagnie d&rsquo;un autre Tourangeau Maurice Cornu.<\/p>\n\n\n\n<div class=\"wp-block-image\"><figure class=\"aligncenter size-large\"><img decoding=\"async\" width=\"165\" height=\"142\" data-src=\"https:\/\/centrevaldeloirebasketballpatrimoine.org\/wp-content\/uploads\/2021\/01\/Percevault.jpg\" alt=\"\" class=\"wp-image-12343 lazyload\" src=\"data:image\/gif;base64,R0lGODlhAQABAAAAACH5BAEKAAEALAAAAAABAAEAAAICTAEAOw==\" style=\"--smush-placeholder-width: 165px; --smush-placeholder-aspect-ratio: 165\/142;\" \/><\/figure><\/div>\n\n\n\n<p>Il officiera pendant une bonne dizaine d&rsquo;ann\u00e9es.<\/p>\n\n\n\n<p>Son dernier match, un Bagnolet-Antibes en Coupe de France, il le dirigera \u00e0 Tours en 1972 associ\u00e9 \u00e0 Pierre Monnier.<\/p>\n\n\n\n<hr class=\"wp-block-separator\"\/>\n\n\n\n<h2 class=\"has-text-align-center wp-block-heading\" id=\"Maurice\">Maurice Cornu<\/h2>\n\n\n\n<div class=\"wp-block-image\"><figure class=\"aligncenter size-large is-resized\"><img decoding=\"async\" data-src=\"https:\/\/centrevaldeloirebasketballpatrimoine.org\/wp-content\/uploads\/2021\/02\/5-Cornu.jpg\" alt=\"\" class=\"wp-image-13744 lazyload\" width=\"130\" height=\"123\" src=\"data:image\/gif;base64,R0lGODlhAQABAAAAACH5BAEKAAEALAAAAAABAAEAAAICTAEAOw==\" style=\"--smush-placeholder-width: 130px; --smush-placeholder-aspect-ratio: 130\/123;\" \/><\/figure><\/div>\n\n\n\n<p>Comme son coll\u00e8gue Jacques Percevault, Maurice Cornu franchit les \u00e9tapes comme arbitre r\u00e9gional, interr\u00e9gional, f\u00e9d\u00e9ral avant d&rsquo;\u00eatre nomm\u00e9 en 1958 arbitre international \u00e0 la suite d&rsquo;un stage qui se d\u00e9roula \u00e0 Paris. <\/p>\n\n\n\n<hr class=\"wp-block-separator\"\/>\n\n\n\n<h3 class=\"has-text-align-center wp-block-heading\" id=\"Jean-p\">Jean Leroy<\/h3>\n\n\n\n<h3 class=\"has-text-align-center wp-block-heading\"><em><span style=\"color:#00a394\" class=\"has-inline-color\">Jean Leroy fut le premier arbitre international du Comit\u00e9 de l&rsquo;Orl\u00e9anais<\/span><\/em><\/h3>\n\n\n\n<div class=\"wp-block-image\"><figure class=\"aligncenter size-large\"><img decoding=\"async\" width=\"634\" height=\"581\" data-src=\"https:\/\/centrevaldeloirebasketballpatrimoine.org\/wp-content\/uploads\/2020\/12\/Capture-5.jpg\" alt=\"\" class=\"wp-image-11212 lazyload\" data-srcset=\"https:\/\/centrevaldeloirebasketballpatrimoine.org\/wp-content\/uploads\/2020\/12\/Capture-5.jpg 634w, https:\/\/centrevaldeloirebasketballpatrimoine.org\/wp-content\/uploads\/2020\/12\/Capture-5-300x275.jpg 300w\" data-sizes=\"(max-width: 634px) 100vw, 634px\" src=\"data:image\/gif;base64,R0lGODlhAQABAAAAACH5BAEKAAEALAAAAAABAAEAAAICTAEAOw==\" style=\"--smush-placeholder-width: 634px; --smush-placeholder-aspect-ratio: 634\/581;\" \/><\/figure><\/div>\n\n\n\n<div class=\"wp-block-image\"><figure class=\"aligncenter size-large is-resized\"><img decoding=\"async\" data-src=\"https:\/\/centrevaldeloirebasketballpatrimoine.org\/wp-content\/uploads\/2020\/12\/Capture-1-1.jpg\" alt=\"\" class=\"wp-image-11213 lazyload\" width=\"634\" height=\"755\" data-srcset=\"https:\/\/centrevaldeloirebasketballpatrimoine.org\/wp-content\/uploads\/2020\/12\/Capture-1-1.jpg 634w, https:\/\/centrevaldeloirebasketballpatrimoine.org\/wp-content\/uploads\/2020\/12\/Capture-1-1-252x300.jpg 252w\" data-sizes=\"(max-width: 634px) 100vw, 634px\" src=\"data:image\/gif;base64,R0lGODlhAQABAAAAACH5BAEKAAEALAAAAAABAAEAAAICTAEAOw==\" style=\"--smush-placeholder-width: 634px; --smush-placeholder-aspect-ratio: 634\/755;\" \/><\/figure><\/div>\n\n\n\n<div class=\"wp-block-image\"><figure class=\"aligncenter size-large\"><img decoding=\"async\" width=\"628\" height=\"642\" data-src=\"https:\/\/centrevaldeloirebasketballpatrimoine.org\/wp-content\/uploads\/2020\/12\/Capture-2-1.jpg\" alt=\"\" class=\"wp-image-11214 lazyload\" data-srcset=\"https:\/\/centrevaldeloirebasketballpatrimoine.org\/wp-content\/uploads\/2020\/12\/Capture-2-1.jpg 628w, https:\/\/centrevaldeloirebasketballpatrimoine.org\/wp-content\/uploads\/2020\/12\/Capture-2-1-293x300.jpg 293w\" data-sizes=\"(max-width: 628px) 100vw, 628px\" src=\"data:image\/gif;base64,R0lGODlhAQABAAAAACH5BAEKAAEALAAAAAABAAEAAAICTAEAOw==\" style=\"--smush-placeholder-width: 628px; --smush-placeholder-aspect-ratio: 628\/642;\" \/><\/figure><\/div>\n\n\n\n<div class=\"wp-block-image\"><figure class=\"aligncenter size-large\"><img decoding=\"async\" width=\"630\" height=\"787\" data-src=\"https:\/\/centrevaldeloirebasketballpatrimoine.org\/wp-content\/uploads\/2020\/12\/Capture-3-1.jpg\" alt=\"\" class=\"wp-image-11215 lazyload\" data-srcset=\"https:\/\/centrevaldeloirebasketballpatrimoine.org\/wp-content\/uploads\/2020\/12\/Capture-3-1.jpg 630w, https:\/\/centrevaldeloirebasketballpatrimoine.org\/wp-content\/uploads\/2020\/12\/Capture-3-1-240x300.jpg 240w\" data-sizes=\"(max-width: 630px) 100vw, 630px\" src=\"data:image\/gif;base64,R0lGODlhAQABAAAAACH5BAEKAAEALAAAAAABAAEAAAICTAEAOw==\" style=\"--smush-placeholder-width: 630px; --smush-placeholder-aspect-ratio: 630\/787;\" \/><\/figure><\/div>\n\n\n\n<hr class=\"wp-block-separator\"\/>\n\n\n\n<h3 class=\"has-text-align-center wp-block-heading\" id=\"Pierre-M\"><strong>Pierre Minouflet<\/strong><\/h3>\n\n\n\n<div class=\"wp-block-image\"><figure class=\"aligncenter size-large\"><img decoding=\"async\" width=\"629\" height=\"438\" data-src=\"https:\/\/centrevaldeloirebasketballpatrimoine.org\/wp-content\/uploads\/2020\/12\/Capture-4.jpg\" alt=\"\" class=\"wp-image-11207 lazyload\" data-srcset=\"https:\/\/centrevaldeloirebasketballpatrimoine.org\/wp-content\/uploads\/2020\/12\/Capture-4.jpg 629w, https:\/\/centrevaldeloirebasketballpatrimoine.org\/wp-content\/uploads\/2020\/12\/Capture-4-300x209.jpg 300w\" data-sizes=\"(max-width: 629px) 100vw, 629px\" src=\"data:image\/gif;base64,R0lGODlhAQABAAAAACH5BAEKAAEALAAAAAABAAEAAAICTAEAOw==\" style=\"--smush-placeholder-width: 629px; --smush-placeholder-aspect-ratio: 629\/438;\" \/><\/figure><\/div>\n\n\n\n<hr class=\"wp-block-separator\"\/>\n\n\n\n<h3 class=\"has-text-align-center wp-block-heading\" id=\"Jacky-R\">Jacky Ravier<\/h3>\n\n\n\n<div class=\"wp-block-image\"><figure class=\"aligncenter size-large\"><img decoding=\"async\" width=\"793\" height=\"550\" data-src=\"https:\/\/centrevaldeloirebasketballpatrimoine.org\/wp-content\/uploads\/2020\/12\/1-JR-2.jpg\" alt=\"\" class=\"wp-image-11134 lazyload\" data-srcset=\"https:\/\/centrevaldeloirebasketballpatrimoine.org\/wp-content\/uploads\/2020\/12\/1-JR-2.jpg 793w, https:\/\/centrevaldeloirebasketballpatrimoine.org\/wp-content\/uploads\/2020\/12\/1-JR-2-300x208.jpg 300w, https:\/\/centrevaldeloirebasketballpatrimoine.org\/wp-content\/uploads\/2020\/12\/1-JR-2-768x533.jpg 768w\" data-sizes=\"(max-width: 793px) 100vw, 793px\" src=\"data:image\/gif;base64,R0lGODlhAQABAAAAACH5BAEKAAEALAAAAAABAAEAAAICTAEAOw==\" style=\"--smush-placeholder-width: 793px; --smush-placeholder-aspect-ratio: 793\/550;\" \/><\/figure><\/div>\n\n\n\n<figure class=\"wp-block-image size-large\"><img decoding=\"async\" width=\"790\" height=\"366\" data-src=\"https:\/\/centrevaldeloirebasketballpatrimoine.org\/wp-content\/uploads\/2020\/12\/2-JR.jpg\" alt=\"\" class=\"wp-image-11089 lazyload\" data-srcset=\"https:\/\/centrevaldeloirebasketballpatrimoine.org\/wp-content\/uploads\/2020\/12\/2-JR.jpg 790w, https:\/\/centrevaldeloirebasketballpatrimoine.org\/wp-content\/uploads\/2020\/12\/2-JR-300x139.jpg 300w, https:\/\/centrevaldeloirebasketballpatrimoine.org\/wp-content\/uploads\/2020\/12\/2-JR-768x356.jpg 768w\" data-sizes=\"(max-width: 790px) 100vw, 790px\" src=\"data:image\/gif;base64,R0lGODlhAQABAAAAACH5BAEKAAEALAAAAAABAAEAAAICTAEAOw==\" style=\"--smush-placeholder-width: 790px; --smush-placeholder-aspect-ratio: 790\/366;\" \/><\/figure>\n\n\n\n<figure class=\"wp-block-image size-large\"><img decoding=\"async\" width=\"789\" height=\"633\" data-src=\"https:\/\/centrevaldeloirebasketballpatrimoine.org\/wp-content\/uploads\/2020\/12\/3-JR.jpg\" alt=\"\" class=\"wp-image-11090 lazyload\" data-srcset=\"https:\/\/centrevaldeloirebasketballpatrimoine.org\/wp-content\/uploads\/2020\/12\/3-JR.jpg 789w, https:\/\/centrevaldeloirebasketballpatrimoine.org\/wp-content\/uploads\/2020\/12\/3-JR-300x241.jpg 300w, https:\/\/centrevaldeloirebasketballpatrimoine.org\/wp-content\/uploads\/2020\/12\/3-JR-768x616.jpg 768w\" data-sizes=\"(max-width: 789px) 100vw, 789px\" src=\"data:image\/gif;base64,R0lGODlhAQABAAAAACH5BAEKAAEALAAAAAABAAEAAAICTAEAOw==\" style=\"--smush-placeholder-width: 789px; --smush-placeholder-aspect-ratio: 789\/633;\" \/><\/figure>\n\n\n\n<div class=\"wp-block-image\"><figure class=\"aligncenter size-large is-resized\"><img decoding=\"async\" data-src=\"https:\/\/centrevaldeloirebasketballpatrimoine.org\/wp-content\/uploads\/2021\/03\/Rene-David-William-Jones-Jacky-RavierBurgas-1977-2.jpg\" alt=\"\" class=\"wp-image-15163 lazyload\" width=\"244\" height=\"318\" data-srcset=\"https:\/\/centrevaldeloirebasketballpatrimoine.org\/wp-content\/uploads\/2021\/03\/Rene-David-William-Jones-Jacky-RavierBurgas-1977-2.jpg 695w, https:\/\/centrevaldeloirebasketballpatrimoine.org\/wp-content\/uploads\/2021\/03\/Rene-David-William-Jones-Jacky-RavierBurgas-1977-2-230x300.jpg 230w\" data-sizes=\"(max-width: 244px) 100vw, 244px\" src=\"data:image\/gif;base64,R0lGODlhAQABAAAAACH5BAEKAAEALAAAAAABAAEAAAICTAEAOw==\" style=\"--smush-placeholder-width: 244px; --smush-placeholder-aspect-ratio: 244\/318;\" \/><figcaption><em><strong>1977 Bourgas (Bulgarie)<\/strong><\/em><br><strong><em>De G \u00e0 D:  Ren\u00e9 David (Pr\u00e9sident CFAMC)<\/em><\/strong><br><strong><em> William Jones (Secr\u00e9taire <\/em><\/strong><em><strong>G\u00e9n\u00e9ral de la FIBA), Jacky Ravier<\/strong><\/em><\/figcaption><\/figure><\/div>\n\n\n\n<div class=\"wp-block-image\"><figure class=\"aligncenter size-large is-resized\"><img decoding=\"async\" data-src=\"https:\/\/centrevaldeloirebasketballpatrimoine.org\/wp-content\/uploads\/2020\/12\/4-JR.jpg\" alt=\"\" class=\"wp-image-11091 lazyload\" width=\"884\" height=\"408\" data-srcset=\"https:\/\/centrevaldeloirebasketballpatrimoine.org\/wp-content\/uploads\/2020\/12\/4-JR.jpg 793w, https:\/\/centrevaldeloirebasketballpatrimoine.org\/wp-content\/uploads\/2020\/12\/4-JR-300x138.jpg 300w, https:\/\/centrevaldeloirebasketballpatrimoine.org\/wp-content\/uploads\/2020\/12\/4-JR-768x354.jpg 768w\" data-sizes=\"(max-width: 884px) 100vw, 884px\" src=\"data:image\/gif;base64,R0lGODlhAQABAAAAACH5BAEKAAEALAAAAAABAAEAAAICTAEAOw==\" style=\"--smush-placeholder-width: 884px; --smush-placeholder-aspect-ratio: 884\/408;\" \/><\/figure><\/div>\n\n\n\n<div class=\"wp-block-image\"><figure class=\"aligncenter size-large\"><img decoding=\"async\" width=\"792\" height=\"506\" data-src=\"https:\/\/centrevaldeloirebasketballpatrimoine.org\/wp-content\/uploads\/2020\/12\/2-JR-1.jpg\" alt=\"\" class=\"wp-image-11135 lazyload\" data-srcset=\"https:\/\/centrevaldeloirebasketballpatrimoine.org\/wp-content\/uploads\/2020\/12\/2-JR-1.jpg 792w, https:\/\/centrevaldeloirebasketballpatrimoine.org\/wp-content\/uploads\/2020\/12\/2-JR-1-300x192.jpg 300w, https:\/\/centrevaldeloirebasketballpatrimoine.org\/wp-content\/uploads\/2020\/12\/2-JR-1-768x491.jpg 768w\" data-sizes=\"(max-width: 792px) 100vw, 792px\" src=\"data:image\/gif;base64,R0lGODlhAQABAAAAACH5BAEKAAEALAAAAAABAAEAAAICTAEAOw==\" style=\"--smush-placeholder-width: 792px; --smush-placeholder-aspect-ratio: 792\/506;\" \/><\/figure><\/div>\n\n\n\n<div class=\"wp-block-image\"><figure class=\"aligncenter size-large\"><img decoding=\"async\" width=\"798\" height=\"508\" data-src=\"https:\/\/centrevaldeloirebasketballpatrimoine.org\/wp-content\/uploads\/2020\/12\/6-JR.jpg\" alt=\"\" class=\"wp-image-11093 lazyload\" data-srcset=\"https:\/\/centrevaldeloirebasketballpatrimoine.org\/wp-content\/uploads\/2020\/12\/6-JR.jpg 798w, https:\/\/centrevaldeloirebasketballpatrimoine.org\/wp-content\/uploads\/2020\/12\/6-JR-300x191.jpg 300w, https:\/\/centrevaldeloirebasketballpatrimoine.org\/wp-content\/uploads\/2020\/12\/6-JR-768x489.jpg 768w\" data-sizes=\"(max-width: 798px) 100vw, 798px\" src=\"data:image\/gif;base64,R0lGODlhAQABAAAAACH5BAEKAAEALAAAAAABAAEAAAICTAEAOw==\" style=\"--smush-placeholder-width: 798px; --smush-placeholder-aspect-ratio: 798\/508;\" \/><\/figure><\/div>\n\n\n\n<hr class=\"wp-block-separator\"\/>\n","protected":false},"excerpt":{"rendered":"<p>Pierre Monnier Michel Varey Bernard Edelin Jean Compagnon Marcel Kobzic Guy Marie Jacques Percevault Maurice Cornu Jean Leroy Pierre Minouflet Jacky Ravier Pierre Monnier 1927-2018 Il signe au Patronage La\u00efque [&hellip;]<\/p>\n","protected":false},"author":6,"featured_media":0,"parent":0,"menu_order":0,"comment_status":"closed","ping_status":"closed","template":"","meta":{"footnotes":""},"class_list":["post-977","page","type-page","status-publish","hentry"],"yoast_head":"<!-- This site is optimized with the Yoast SEO plugin v27.5 - https:\/\/yoast.com\/product\/yoast-seo-wordpress\/ -->\n<title>Les Arbitres Internationaux - patrimoine<\/title>\n<meta name=\"description\" content=\"Patrimoine historique du basket en r\u00e9gion Centre-Val de Loire. Les arbitres internationaux Monnier, Varey, Kobzic, Ravier, Edelin, Minouflet, Compagnon...\" \/>\n<meta name=\"robots\" content=\"index, follow, max-snippet:-1, max-image-preview:large, max-video-preview:-1\" \/>\n<link rel=\"canonical\" href=\"https:\/\/centrevaldeloirebasketballpatrimoine.org\/index.php\/les-arbitres-internationaux\/\" \/>\n<meta property=\"og:locale\" content=\"fr_FR\" \/>\n<meta property=\"og:type\" content=\"article\" \/>\n<meta property=\"og:title\" content=\"Les Arbitres Internationaux - patrimoine\" \/>\n<meta property=\"og:description\" content=\"Patrimoine historique du basket en r\u00e9gion Centre-Val de Loire. Les arbitres internationaux Monnier, Varey, Kobzic, Ravier, Edelin, Minouflet, Compagnon...\" \/>\n<meta property=\"og:url\" content=\"https:\/\/centrevaldeloirebasketballpatrimoine.org\/index.php\/les-arbitres-internationaux\/\" \/>\n<meta property=\"article:publisher\" content=\"https:\/\/www.facebook.com\/LigueBasketCentre\" \/>\n<meta property=\"article:modified_time\" content=\"2021-08-18T09:51:22+00:00\" \/>\n<meta property=\"og:image\" content=\"https:\/\/centrevaldeloirebasketballpatrimoine.org\/wp-content\/uploads\/2021\/02\/7-2.jpg\" \/>\n<meta name=\"twitter:card\" content=\"summary_large_image\" \/>\n<meta name=\"twitter:site\" content=\"@BasketCentre\" \/>\n<meta name=\"twitter:label1\" content=\"Dur\u00e9e de lecture estim\u00e9e\" \/>\n\t<meta name=\"twitter:data1\" content=\"15 minutes\" \/>\n<script type=\"application\/ld+json\" class=\"yoast-schema-graph\">{\"@context\":\"https:\\\/\\\/schema.org\",\"@graph\":[{\"@type\":\"WebPage\",\"@id\":\"https:\\\/\\\/centrevaldeloirebasketballpatrimoine.org\\\/index.php\\\/les-arbitres-internationaux\\\/\",\"url\":\"https:\\\/\\\/centrevaldeloirebasketballpatrimoine.org\\\/index.php\\\/les-arbitres-internationaux\\\/\",\"name\":\"Les Arbitres Internationaux - patrimoine\",\"isPartOf\":{\"@id\":\"https:\\\/\\\/centrevaldeloirebasketballpatrimoine.org\\\/#website\"},\"primaryImageOfPage\":{\"@id\":\"https:\\\/\\\/centrevaldeloirebasketballpatrimoine.org\\\/index.php\\\/les-arbitres-internationaux\\\/#primaryimage\"},\"image\":{\"@id\":\"https:\\\/\\\/centrevaldeloirebasketballpatrimoine.org\\\/index.php\\\/les-arbitres-internationaux\\\/#primaryimage\"},\"thumbnailUrl\":\"https:\\\/\\\/centrevaldeloirebasketballpatrimoine.org\\\/wp-content\\\/uploads\\\/2021\\\/02\\\/7-2.jpg\",\"datePublished\":\"2020-01-08T16:30:05+00:00\",\"dateModified\":\"2021-08-18T09:51:22+00:00\",\"description\":\"Patrimoine historique du basket en r\u00e9gion Centre-Val de Loire. Les arbitres internationaux Monnier, Varey, Kobzic, Ravier, Edelin, Minouflet, Compagnon...\",\"breadcrumb\":{\"@id\":\"https:\\\/\\\/centrevaldeloirebasketballpatrimoine.org\\\/index.php\\\/les-arbitres-internationaux\\\/#breadcrumb\"},\"inLanguage\":\"fr-FR\",\"potentialAction\":[{\"@type\":\"ReadAction\",\"target\":[\"https:\\\/\\\/centrevaldeloirebasketballpatrimoine.org\\\/index.php\\\/les-arbitres-internationaux\\\/\"]}]},{\"@type\":\"ImageObject\",\"inLanguage\":\"fr-FR\",\"@id\":\"https:\\\/\\\/centrevaldeloirebasketballpatrimoine.org\\\/index.php\\\/les-arbitres-internationaux\\\/#primaryimage\",\"url\":\"https:\\\/\\\/centrevaldeloirebasketballpatrimoine.org\\\/wp-content\\\/uploads\\\/2021\\\/02\\\/7-2.jpg\",\"contentUrl\":\"https:\\\/\\\/centrevaldeloirebasketballpatrimoine.org\\\/wp-content\\\/uploads\\\/2021\\\/02\\\/7-2.jpg\",\"width\":655,\"height\":715},{\"@type\":\"BreadcrumbList\",\"@id\":\"https:\\\/\\\/centrevaldeloirebasketballpatrimoine.org\\\/index.php\\\/les-arbitres-internationaux\\\/#breadcrumb\",\"itemListElement\":[{\"@type\":\"ListItem\",\"position\":1,\"name\":\"Accueil\",\"item\":\"https:\\\/\\\/centrevaldeloirebasketballpatrimoine.org\\\/\"},{\"@type\":\"ListItem\",\"position\":2,\"name\":\"Les Arbitres Internationaux\"}]},{\"@type\":\"WebSite\",\"@id\":\"https:\\\/\\\/centrevaldeloirebasketballpatrimoine.org\\\/#website\",\"url\":\"https:\\\/\\\/centrevaldeloirebasketballpatrimoine.org\\\/\",\"name\":\"\",\"description\":\"Site officiel Commission Patrimoine de la Ligue Centre-Val de Loire de BasketBall\",\"publisher\":{\"@id\":\"https:\\\/\\\/centrevaldeloirebasketballpatrimoine.org\\\/#organization\"},\"potentialAction\":[{\"@type\":\"SearchAction\",\"target\":{\"@type\":\"EntryPoint\",\"urlTemplate\":\"https:\\\/\\\/centrevaldeloirebasketballpatrimoine.org\\\/?s={search_term_string}\"},\"query-input\":{\"@type\":\"PropertyValueSpecification\",\"valueRequired\":true,\"valueName\":\"search_term_string\"}}],\"inLanguage\":\"fr-FR\"},{\"@type\":\"Organization\",\"@id\":\"https:\\\/\\\/centrevaldeloirebasketballpatrimoine.org\\\/#organization\",\"name\":\"Patrimoine Basket Ligue Centre-Val de Loire\",\"url\":\"https:\\\/\\\/centrevaldeloirebasketballpatrimoine.org\\\/\",\"logo\":{\"@type\":\"ImageObject\",\"inLanguage\":\"fr-FR\",\"@id\":\"https:\\\/\\\/centrevaldeloirebasketballpatrimoine.org\\\/#\\\/schema\\\/logo\\\/image\\\/\",\"url\":\"https:\\\/\\\/i0.wp.com\\\/centrevaldeloirebasketballpatrimoine.org\\\/wp-content\\\/uploads\\\/2019\\\/06\\\/LigueRegionale-CENTRE-VAL-DE-LOIRE-Vertical-694x1024.jpg?fit=694%2C1024&ssl=1\",\"contentUrl\":\"https:\\\/\\\/i0.wp.com\\\/centrevaldeloirebasketballpatrimoine.org\\\/wp-content\\\/uploads\\\/2019\\\/06\\\/LigueRegionale-CENTRE-VAL-DE-LOIRE-Vertical-694x1024.jpg?fit=694%2C1024&ssl=1\",\"width\":694,\"height\":1024,\"caption\":\"Patrimoine Basket Ligue Centre-Val de Loire\"},\"image\":{\"@id\":\"https:\\\/\\\/centrevaldeloirebasketballpatrimoine.org\\\/#\\\/schema\\\/logo\\\/image\\\/\"},\"sameAs\":[\"https:\\\/\\\/www.facebook.com\\\/LigueBasketCentre\",\"https:\\\/\\\/x.com\\\/BasketCentre\",\"https:\\\/\\\/www.instagram.com\\\/liguebasketcentre\\\/\",\"https:\\\/\\\/www.linkedin.com\\\/company\\\/ligue-du-centre-val-de-loire-de-basketball\"]}]}<\/script>\n<!-- \/ Yoast SEO plugin. -->","yoast_head_json":{"title":"Les Arbitres Internationaux - patrimoine","description":"Patrimoine historique du basket en r\u00e9gion Centre-Val de Loire. Les arbitres internationaux Monnier, Varey, Kobzic, Ravier, Edelin, Minouflet, Compagnon...","robots":{"index":"index","follow":"follow","max-snippet":"max-snippet:-1","max-image-preview":"max-image-preview:large","max-video-preview":"max-video-preview:-1"},"canonical":"https:\/\/centrevaldeloirebasketballpatrimoine.org\/index.php\/les-arbitres-internationaux\/","og_locale":"fr_FR","og_type":"article","og_title":"Les Arbitres Internationaux - patrimoine","og_description":"Patrimoine historique du basket en r\u00e9gion Centre-Val de Loire. Les arbitres internationaux Monnier, Varey, Kobzic, Ravier, Edelin, Minouflet, Compagnon...","og_url":"https:\/\/centrevaldeloirebasketballpatrimoine.org\/index.php\/les-arbitres-internationaux\/","article_publisher":"https:\/\/www.facebook.com\/LigueBasketCentre","article_modified_time":"2021-08-18T09:51:22+00:00","og_image":[{"url":"https:\/\/centrevaldeloirebasketballpatrimoine.org\/wp-content\/uploads\/2021\/02\/7-2.jpg","type":"","width":"","height":""}],"twitter_card":"summary_large_image","twitter_site":"@BasketCentre","twitter_misc":{"Dur\u00e9e de lecture estim\u00e9e":"15 minutes"},"schema":{"@context":"https:\/\/schema.org","@graph":[{"@type":"WebPage","@id":"https:\/\/centrevaldeloirebasketballpatrimoine.org\/index.php\/les-arbitres-internationaux\/","url":"https:\/\/centrevaldeloirebasketballpatrimoine.org\/index.php\/les-arbitres-internationaux\/","name":"Les Arbitres Internationaux - patrimoine","isPartOf":{"@id":"https:\/\/centrevaldeloirebasketballpatrimoine.org\/#website"},"primaryImageOfPage":{"@id":"https:\/\/centrevaldeloirebasketballpatrimoine.org\/index.php\/les-arbitres-internationaux\/#primaryimage"},"image":{"@id":"https:\/\/centrevaldeloirebasketballpatrimoine.org\/index.php\/les-arbitres-internationaux\/#primaryimage"},"thumbnailUrl":"https:\/\/centrevaldeloirebasketballpatrimoine.org\/wp-content\/uploads\/2021\/02\/7-2.jpg","datePublished":"2020-01-08T16:30:05+00:00","dateModified":"2021-08-18T09:51:22+00:00","description":"Patrimoine historique du basket en r\u00e9gion Centre-Val de Loire. Les arbitres internationaux Monnier, Varey, Kobzic, Ravier, Edelin, Minouflet, Compagnon...","breadcrumb":{"@id":"https:\/\/centrevaldeloirebasketballpatrimoine.org\/index.php\/les-arbitres-internationaux\/#breadcrumb"},"inLanguage":"fr-FR","potentialAction":[{"@type":"ReadAction","target":["https:\/\/centrevaldeloirebasketballpatrimoine.org\/index.php\/les-arbitres-internationaux\/"]}]},{"@type":"ImageObject","inLanguage":"fr-FR","@id":"https:\/\/centrevaldeloirebasketballpatrimoine.org\/index.php\/les-arbitres-internationaux\/#primaryimage","url":"https:\/\/centrevaldeloirebasketballpatrimoine.org\/wp-content\/uploads\/2021\/02\/7-2.jpg","contentUrl":"https:\/\/centrevaldeloirebasketballpatrimoine.org\/wp-content\/uploads\/2021\/02\/7-2.jpg","width":655,"height":715},{"@type":"BreadcrumbList","@id":"https:\/\/centrevaldeloirebasketballpatrimoine.org\/index.php\/les-arbitres-internationaux\/#breadcrumb","itemListElement":[{"@type":"ListItem","position":1,"name":"Accueil","item":"https:\/\/centrevaldeloirebasketballpatrimoine.org\/"},{"@type":"ListItem","position":2,"name":"Les Arbitres Internationaux"}]},{"@type":"WebSite","@id":"https:\/\/centrevaldeloirebasketballpatrimoine.org\/#website","url":"https:\/\/centrevaldeloirebasketballpatrimoine.org\/","name":"","description":"Site officiel Commission Patrimoine de la Ligue Centre-Val de Loire de BasketBall","publisher":{"@id":"https:\/\/centrevaldeloirebasketballpatrimoine.org\/#organization"},"potentialAction":[{"@type":"SearchAction","target":{"@type":"EntryPoint","urlTemplate":"https:\/\/centrevaldeloirebasketballpatrimoine.org\/?s={search_term_string}"},"query-input":{"@type":"PropertyValueSpecification","valueRequired":true,"valueName":"search_term_string"}}],"inLanguage":"fr-FR"},{"@type":"Organization","@id":"https:\/\/centrevaldeloirebasketballpatrimoine.org\/#organization","name":"Patrimoine Basket Ligue Centre-Val de Loire","url":"https:\/\/centrevaldeloirebasketballpatrimoine.org\/","logo":{"@type":"ImageObject","inLanguage":"fr-FR","@id":"https:\/\/centrevaldeloirebasketballpatrimoine.org\/#\/schema\/logo\/image\/","url":"https:\/\/i0.wp.com\/centrevaldeloirebasketballpatrimoine.org\/wp-content\/uploads\/2019\/06\/LigueRegionale-CENTRE-VAL-DE-LOIRE-Vertical-694x1024.jpg?fit=694%2C1024&ssl=1","contentUrl":"https:\/\/i0.wp.com\/centrevaldeloirebasketballpatrimoine.org\/wp-content\/uploads\/2019\/06\/LigueRegionale-CENTRE-VAL-DE-LOIRE-Vertical-694x1024.jpg?fit=694%2C1024&ssl=1","width":694,"height":1024,"caption":"Patrimoine Basket Ligue Centre-Val de Loire"},"image":{"@id":"https:\/\/centrevaldeloirebasketballpatrimoine.org\/#\/schema\/logo\/image\/"},"sameAs":["https:\/\/www.facebook.com\/LigueBasketCentre","https:\/\/x.com\/BasketCentre","https:\/\/www.instagram.com\/liguebasketcentre\/","https:\/\/www.linkedin.com\/company\/ligue-du-centre-val-de-loire-de-basketball"]}]}},"_links":{"self":[{"href":"https:\/\/centrevaldeloirebasketballpatrimoine.org\/index.php\/wp-json\/wp\/v2\/pages\/977","targetHints":{"allow":["GET"]}}],"collection":[{"href":"https:\/\/centrevaldeloirebasketballpatrimoine.org\/index.php\/wp-json\/wp\/v2\/pages"}],"about":[{"href":"https:\/\/centrevaldeloirebasketballpatrimoine.org\/index.php\/wp-json\/wp\/v2\/types\/page"}],"author":[{"embeddable":true,"href":"https:\/\/centrevaldeloirebasketballpatrimoine.org\/index.php\/wp-json\/wp\/v2\/users\/6"}],"replies":[{"embeddable":true,"href":"https:\/\/centrevaldeloirebasketballpatrimoine.org\/index.php\/wp-json\/wp\/v2\/comments?post=977"}],"version-history":[{"count":0,"href":"https:\/\/centrevaldeloirebasketballpatrimoine.org\/index.php\/wp-json\/wp\/v2\/pages\/977\/revisions"}],"wp:attachment":[{"href":"https:\/\/centrevaldeloirebasketballpatrimoine.org\/index.php\/wp-json\/wp\/v2\/media?parent=977"}],"curies":[{"name":"wp","href":"https:\/\/api.w.org\/{rel}","templated":true}]}}