{"id":791,"date":"2020-01-06T15:21:20","date_gmt":"2020-01-06T14:21:20","guid":{"rendered":"https:\/\/centrevaldeloirebasketballpatrimoine.org\/?page_id=791"},"modified":"2022-05-20T16:17:14","modified_gmt":"2022-05-20T14:17:14","slug":"28-8","status":"publish","type":"page","link":"https:\/\/centrevaldeloirebasketballpatrimoine.org\/index.php\/28-8\/","title":{"rendered":"Les Entra\u00eeneurs du 28"},"content":{"rendered":"<div id=\"mega-menu-wrap-max_mega_menu_11\" class=\"mega-menu-wrap\"><div class=\"mega-menu-toggle\"><div class=\"mega-toggle-blocks-left\"><\/div><div class=\"mega-toggle-blocks-center\"><\/div><div class=\"mega-toggle-blocks-right\"><div class='mega-toggle-block mega-menu-toggle-block mega-toggle-block-1' id='mega-toggle-block-1' tabindex='0'><button class='mega-toggle-standard mega-toggle-label' aria-expanded='false'><span class='mega-toggle-label-closed'>MENU<\/span><span class='mega-toggle-label-open'>MENU<\/span><\/button><\/div><\/div><\/div><ul id=\"mega-menu-max_mega_menu_11\" class=\"mega-menu max-mega-menu mega-menu-horizontal mega-no-js\" data-event=\"hover_intent\" data-effect=\"fade_up\" data-effect-speed=\"200\" data-effect-mobile=\"disabled\" data-effect-speed-mobile=\"0\" data-mobile-force-width=\"false\" data-second-click=\"go\" data-document-click=\"collapse\" data-vertical-behaviour=\"standard\" data-breakpoint=\"600\" data-unbind=\"true\" data-mobile-state=\"collapse_all\" data-mobile-direction=\"vertical\" data-hover-intent-timeout=\"300\" data-hover-intent-interval=\"100\"><li class=\"mega-menu-item mega-menu-item-type-post_type mega-menu-item-object-page mega-align-bottom-left mega-menu-flyout mega-menu-item-22648\" id=\"mega-menu-item-22648\"><a class=\"mega-menu-link\" href=\"https:\/\/centrevaldeloirebasketballpatrimoine.org\/index.php\/conseillers-techniques-regionaux\/\" tabindex=\"0\">C.T.R.<\/a><\/li><li class=\"mega-menu-item mega-menu-item-type-post_type mega-menu-item-object-page mega-align-bottom-left mega-menu-flyout mega-menu-item-23786\" id=\"mega-menu-item-23786\"><a class=\"mega-menu-link\" href=\"https:\/\/centrevaldeloirebasketballpatrimoine.org\/index.php\/les-entraineurs-du-18\/\" tabindex=\"0\">Entraineurs du 18<\/a><\/li><li class=\"mega-menu-item mega-menu-item-type-post_type mega-menu-item-object-page mega-align-bottom-left mega-menu-flyout mega-menu-item-22647\" id=\"mega-menu-item-22647\"><a class=\"mega-menu-link\" href=\"https:\/\/centrevaldeloirebasketballpatrimoine.org\/index.php\/28-8\/\" tabindex=\"0\">Entra\u00eeneurs du 28<\/a><\/li><li class=\"mega-menu-item mega-menu-item-type-post_type mega-menu-item-object-page mega-align-bottom-left mega-menu-flyout mega-menu-item-22645\" id=\"mega-menu-item-22645\"><a class=\"mega-menu-link\" href=\"https:\/\/centrevaldeloirebasketballpatrimoine.org\/index.php\/37-8\/\" tabindex=\"0\">Entra\u00eeneurs du 37<\/a><\/li><li class=\"mega-menu-item mega-menu-item-type-post_type mega-menu-item-object-page mega-align-bottom-left mega-menu-flyout mega-menu-item-22646\" id=\"mega-menu-item-22646\"><a class=\"mega-menu-link\" href=\"https:\/\/centrevaldeloirebasketballpatrimoine.org\/index.php\/36-8\/\" tabindex=\"0\">Entra\u00eeneurs du 36<\/a><\/li><li class=\"mega-menu-item mega-menu-item-type-post_type mega-menu-item-object-page mega-align-bottom-left mega-menu-flyout mega-menu-item-22644\" id=\"mega-menu-item-22644\"><a class=\"mega-menu-link\" href=\"https:\/\/centrevaldeloirebasketballpatrimoine.org\/index.php\/41-8\/\" tabindex=\"0\">Entra\u00eeneurs du 41<\/a><\/li><li class=\"mega-menu-item mega-menu-item-type-post_type mega-menu-item-object-page mega-align-bottom-left mega-menu-flyout mega-menu-item-22643\" id=\"mega-menu-item-22643\"><a class=\"mega-menu-link\" href=\"https:\/\/centrevaldeloirebasketballpatrimoine.org\/index.php\/45-8\/\" tabindex=\"0\">Entra\u00eeneurs du 45<\/a><\/li><\/ul><\/div>\n\n\n\n<div id=\"ez-toc-container\" class=\"ez-toc-v2_0_74 counter-hierarchy ez-toc-counter ez-toc-grey ez-toc-container-direction\">\n<p class=\"ez-toc-title\" style=\"cursor:inherit\">Table of Contents<\/p>\n<label for=\"ez-toc-cssicon-toggle-item-69f327644eacf\" class=\"ez-toc-cssicon-toggle-label\"><span class=\"\"><span class=\"eztoc-hide\" style=\"display:none;\">Toggle<\/span><span class=\"ez-toc-icon-toggle-span\"><svg style=\"fill: #999;color:#999\" xmlns=\"http:\/\/www.w3.org\/2000\/svg\" class=\"list-377408\" width=\"20px\" height=\"20px\" viewBox=\"0 0 24 24\" fill=\"none\"><path d=\"M6 6H4v2h2V6zm14 0H8v2h12V6zM4 11h2v2H4v-2zm16 0H8v2h12v-2zM4 16h2v2H4v-2zm16 0H8v2h12v-2z\" fill=\"currentColor\"><\/path><\/svg><svg style=\"fill: #999;color:#999\" class=\"arrow-unsorted-368013\" xmlns=\"http:\/\/www.w3.org\/2000\/svg\" width=\"10px\" height=\"10px\" viewBox=\"0 0 24 24\" version=\"1.2\" baseProfile=\"tiny\"><path d=\"M18.2 9.3l-6.2-6.3-6.2 6.3c-.2.2-.3.4-.3.7s.1.5.3.7c.2.2.4.3.7.3h11c.3 0 .5-.1.7-.3.2-.2.3-.5.3-.7s-.1-.5-.3-.7zM5.8 14.7l6.2 6.3 6.2-6.3c.2-.2.3-.5.3-.7s-.1-.5-.3-.7c-.2-.2-.4-.3-.7-.3h-11c-.3 0-.5.1-.7.3-.2.2-.3.5-.3.7s.1.5.3.7z\"\/><\/svg><\/span><\/span><\/label><input type=\"checkbox\"  id=\"ez-toc-cssicon-toggle-item-69f327644eacf\"  aria-label=\"Toggle\" \/><nav><ul class='ez-toc-list ez-toc-list-level-1 ' ><li class='ez-toc-page-1 ez-toc-heading-level-2'><a class=\"ez-toc-link ez-toc-heading-1\" href=\"https:\/\/centrevaldeloirebasketballpatrimoine.org\/index.php\/28-8\/#Patrick_BONDIS\" >Patrick BONDIS<\/a><\/li><li class='ez-toc-page-1 ez-toc-heading-level-2'><a class=\"ez-toc-link ez-toc-heading-2\" href=\"https:\/\/centrevaldeloirebasketballpatrimoine.org\/index.php\/28-8\/#Daniel_CEREZE\" >Daniel CEREZE<\/a><\/li><li class='ez-toc-page-1 ez-toc-heading-level-2'><a class=\"ez-toc-link ez-toc-heading-3\" href=\"https:\/\/centrevaldeloirebasketballpatrimoine.org\/index.php\/28-8\/#Zoran_DURDEVIC\" >Zoran DURDEVIC<\/a><\/li><li class='ez-toc-page-1 ez-toc-heading-level-2'><a class=\"ez-toc-link ez-toc-heading-4\" href=\"https:\/\/centrevaldeloirebasketballpatrimoine.org\/index.php\/28-8\/#Christophe_MOULINS\" >Christophe MOULINS<\/a><\/li><\/ul><\/nav><\/div>\n<h2 class=\"has-text-align-center wp-block-heading\"><span class=\"ez-toc-section\" id=\"Patrick_BONDIS\"><\/span>Patrick BONDIS<span class=\"ez-toc-section-end\"><\/span><\/h2>\n\n\n\n<div class=\"wp-block-image\"><figure class=\"aligncenter size-full is-resized\"><img decoding=\"async\" data-src=\"https:\/\/centrevaldeloirebasketballpatrimoine.org\/wp-content\/uploads\/2022\/05\/PB.jpg\" alt=\"\" class=\"wp-image-28616 lazyload\" width=\"175\" height=\"119\" src=\"data:image\/gif;base64,R0lGODlhAQABAAAAACH5BAEKAAEALAAAAAABAAEAAAICTAEAOw==\" style=\"--smush-placeholder-width: 175px; --smush-placeholder-aspect-ratio: 175\/119;\" \/><figcaption><strong><em>Patrick Bondis<\/em><\/strong><\/figcaption><\/figure><\/div>\n\n\n\n<p>Patrick Bondis arrive \u00e0 Monts pour la saison 2019-2020.<\/p>\n\n\n\n<p>Il sera le coach de l&rsquo;\u00e9quipe 1 f\u00e9minine qui acc\u00e8de \u00e0 la Nationale f\u00e9minine3.<\/p>\n\n\n\n<div class=\"wp-block-image\"><figure class=\"aligncenter size-full\"><img decoding=\"async\" width=\"977\" height=\"523\" data-src=\"https:\/\/centrevaldeloirebasketballpatrimoine.org\/wp-content\/uploads\/2022\/05\/Patrick-Bondis-a-Monts-NF3.jpg\" alt=\"\" class=\"wp-image-28619 lazyload\" data-srcset=\"https:\/\/centrevaldeloirebasketballpatrimoine.org\/wp-content\/uploads\/2022\/05\/Patrick-Bondis-a-Monts-NF3.jpg 977w, https:\/\/centrevaldeloirebasketballpatrimoine.org\/wp-content\/uploads\/2022\/05\/Patrick-Bondis-a-Monts-NF3-300x161.jpg 300w, https:\/\/centrevaldeloirebasketballpatrimoine.org\/wp-content\/uploads\/2022\/05\/Patrick-Bondis-a-Monts-NF3-768x411.jpg 768w\" data-sizes=\"(max-width: 977px) 100vw, 977px\" src=\"data:image\/gif;base64,R0lGODlhAQABAAAAACH5BAEKAAEALAAAAAABAAEAAAICTAEAOw==\" style=\"--smush-placeholder-width: 977px; --smush-placeholder-aspect-ratio: 977\/523;\" \/><figcaption><em><strong>Patrick Bondis Entra\u00eeneur de Monts NF3<\/strong><\/em><\/figcaption><\/figure><\/div>\n\n\n\n<p> Patrick Bondis a une solide exp\u00e9rience du Basket F\u00e9minin. <\/p>\n\n\n\n<p>Il a entra\u00een\u00e9 l&rsquo;\u00e9quipe de Chartres (28) en Nationale F\u00e9minine1 et celle de Saran (45) en Nationale f\u00e9minine 3 et Nationale F\u00e9minine 2.<\/p>\n\n\n\n<p>Il a \u00e9t\u00e9 Conseiller Technique F\u00e9d\u00e9ral en Eure et Loir avant de s&rsquo;exiler dans le Sud de la France o\u00f9 il entra\u00eena les filles de Digne (05) et les gar\u00e7ons de Gap (05) durant 6 Ans<\/p>\n\n\n\n<p><\/p>\n\n\n\n<div class=\"wp-block-image\"><figure class=\"aligncenter size-full\"><img decoding=\"async\" width=\"907\" height=\"484\" data-src=\"https:\/\/centrevaldeloirebasketballpatrimoine.org\/wp-content\/uploads\/2022\/05\/Patrick-Bondis-a-Gap-2015-2016.jpg\" alt=\"\" class=\"wp-image-28618 lazyload\" data-srcset=\"https:\/\/centrevaldeloirebasketballpatrimoine.org\/wp-content\/uploads\/2022\/05\/Patrick-Bondis-a-Gap-2015-2016.jpg 907w, https:\/\/centrevaldeloirebasketballpatrimoine.org\/wp-content\/uploads\/2022\/05\/Patrick-Bondis-a-Gap-2015-2016-300x160.jpg 300w, https:\/\/centrevaldeloirebasketballpatrimoine.org\/wp-content\/uploads\/2022\/05\/Patrick-Bondis-a-Gap-2015-2016-768x410.jpg 768w\" data-sizes=\"(max-width: 907px) 100vw, 907px\" src=\"data:image\/gif;base64,R0lGODlhAQABAAAAACH5BAEKAAEALAAAAAABAAEAAAICTAEAOw==\" style=\"--smush-placeholder-width: 907px; --smush-placeholder-aspect-ratio: 907\/484;\" \/><figcaption><strong><em>Patrick Bondis entra\u00eeneur de Gap saison 2015-2016<\/em><\/strong><\/figcaption><\/figure><\/div>\n\n\n\n<hr class=\"wp-block-separator\"\/>\n\n\n\n<h2 class=\"has-text-align-center wp-block-heading\"><span class=\"ez-toc-section\" id=\"Daniel_CEREZE\"><\/span>Daniel CEREZE<span class=\"ez-toc-section-end\"><\/span><\/h2>\n\n\n\n<div class=\"wp-block-image\"><figure class=\"aligncenter size-large is-resized\"><img decoding=\"async\" data-src=\"https:\/\/centrevaldeloirebasketballpatrimoine.org\/wp-content\/uploads\/2021\/02\/1-Daniel-CEREZE-1.jpg\" alt=\"\" class=\"wp-image-13379 lazyload\" width=\"162\" height=\"197\" data-srcset=\"https:\/\/centrevaldeloirebasketballpatrimoine.org\/wp-content\/uploads\/2021\/02\/1-Daniel-CEREZE-1.jpg 383w, https:\/\/centrevaldeloirebasketballpatrimoine.org\/wp-content\/uploads\/2021\/02\/1-Daniel-CEREZE-1-247x300.jpg 247w\" data-sizes=\"(max-width: 162px) 100vw, 162px\" src=\"data:image\/gif;base64,R0lGODlhAQABAAAAACH5BAEKAAEALAAAAAABAAEAAAICTAEAOw==\" style=\"--smush-placeholder-width: 162px; --smush-placeholder-aspect-ratio: 162\/197;\" \/><figcaption><strong><em>Daniel C\u00e9r\u00e8ze<\/em><\/strong><\/figcaption><\/figure><\/div>\n\n\n\n<p>A 7 ans, il d\u00e9bute le Basket \u00e0 la JA Chartres, \u00e0 deux pas de chez lui.<\/p>\n\n\n\n<p>Il franchit ais\u00e9ment les \u00e9chelons d\u00e9partementaux et r\u00e9gionaux pour atteindre les s\u00e9lections nationales en 1963 et 1964.<\/p>\n\n\n\n<p>A 14 ans, il entra\u00eene pour la 1\u00e8re fois les Poussins de la JA Chartres.<\/p>\n\n\n\n<p>Il obtient les dipl\u00f4mes E1, E2 et E3 sous la houlette de Jean ROS et de Claude BOISSEAU.<\/p>\n\n\n\n<p>En 1970, il entra\u00eene l&rsquo;ASTF de Chartres.<\/p>\n\n\n\n<p>De 1979 \u00e0 1985, il retourne \u00e0 la JA Chartres.<\/p>\n\n\n\n<p>De 1986 \u00e0 1998, il revient \u00e0 l&rsquo;ASTF devenu l&rsquo;AS GAM.<\/p>\n\n\n\n<p>A la fin des ann\u00e9es 1990, suite \u00e0 la fusion entre JA Chartres et Barjouville il entra\u00eene l&rsquo;\u00e9quipe Cadets .<\/p>\n\n\n\n<p>Au d\u00e9but des ann\u00e9es 2000, il prend en charge l&rsquo;\u00e9quipe Senior du club et plusieurs ann\u00e9es apr\u00e8s en assurera la mont\u00e9e en Championnat de France.<\/p>\n\n\n\n<figure class=\"wp-block-image size-large\"><img decoding=\"async\" width=\"1024\" height=\"745\" data-src=\"https:\/\/centrevaldeloirebasketballpatrimoine.org\/wp-content\/uploads\/2021\/02\/2-BAJOUVILLE-2004-1024x745.jpg\" alt=\"\" class=\"wp-image-13380 lazyload\" data-srcset=\"https:\/\/centrevaldeloirebasketballpatrimoine.org\/wp-content\/uploads\/2021\/02\/2-BAJOUVILLE-2004-1024x745.jpg 1024w, https:\/\/centrevaldeloirebasketballpatrimoine.org\/wp-content\/uploads\/2021\/02\/2-BAJOUVILLE-2004-300x218.jpg 300w, https:\/\/centrevaldeloirebasketballpatrimoine.org\/wp-content\/uploads\/2021\/02\/2-BAJOUVILLE-2004-768x558.jpg 768w, https:\/\/centrevaldeloirebasketballpatrimoine.org\/wp-content\/uploads\/2021\/02\/2-BAJOUVILLE-2004-1536x1117.jpg 1536w, https:\/\/centrevaldeloirebasketballpatrimoine.org\/wp-content\/uploads\/2021\/02\/2-BAJOUVILLE-2004-2048x1489.jpg 2048w\" data-sizes=\"(max-width: 1024px) 100vw, 1024px\" src=\"data:image\/gif;base64,R0lGODlhAQABAAAAACH5BAEKAAEALAAAAAABAAEAAAICTAEAOw==\" style=\"--smush-placeholder-width: 1024px; --smush-placeholder-aspect-ratio: 1024\/745;\" \/><\/figure>\n\n\n\n<p class=\"has-text-align-center\"><strong><em>Equipe Seniors de Barjouville saison 2003-2004<\/em><\/strong><\/p>\n\n\n\n<hr class=\"wp-block-separator\"\/>\n\n\n\n<h2 class=\"has-text-align-center wp-block-heading\"><span class=\"ez-toc-section\" id=\"Zoran_DURDEVIC\"><\/span>Zoran DURDEVIC<span class=\"ez-toc-section-end\"><\/span><\/h2>\n\n\n\n<div class=\"wp-block-image\"><figure class=\"aligncenter size-full is-resized\"><img decoding=\"async\" data-src=\"https:\/\/centrevaldeloirebasketballpatrimoine.org\/wp-content\/uploads\/2022\/05\/Zoran-Dudevic.jpg\" alt=\"\" class=\"wp-image-28609 lazyload\" width=\"175\" height=\"147\" data-srcset=\"https:\/\/centrevaldeloirebasketballpatrimoine.org\/wp-content\/uploads\/2022\/05\/Zoran-Dudevic.jpg 523w, https:\/\/centrevaldeloirebasketballpatrimoine.org\/wp-content\/uploads\/2022\/05\/Zoran-Dudevic-300x252.jpg 300w\" data-sizes=\"(max-width: 175px) 100vw, 175px\" src=\"data:image\/gif;base64,R0lGODlhAQABAAAAACH5BAEKAAEALAAAAAABAAEAAAICTAEAOw==\" style=\"--smush-placeholder-width: 175px; --smush-placeholder-aspect-ratio: 175\/147;\" \/><figcaption><strong><em>Zoran Durdevic<\/em><\/strong><\/figcaption><\/figure><\/div>\n\n\n\n<p>Zoran Durdevic signe \u00e0 l&rsquo;UB Chartres en 2001.<\/p>\n\n\n\n<p>Le club navigue entre le Championnat R\u00e9gional et la Nationale 3 masculine.<\/p>\n\n\n\n<p>C&rsquo;est un coach exigeant et rigoriste.<\/p>\n\n\n\n<p>Son slogan est :\u00a0\u00bbtravail, travail et travail&#8230;\u00a0\u00bb<\/p>\n\n\n\n<p>En d\u00e9cembre 2002, un \u00e9v\u00e8nement extra-sportif va faire plonger le club en r\u00e9gional.<\/p>\n\n\n\n<p>En 2007, le club recrute deux joueurs issus des pays de l&rsquo;Est et entame sa remont\u00e9e.<\/p>\n\n\n\n<p>En deux ans l&rsquo;UB Chartres passe de la Nationale 3 \u00e0 la Nationale1.<\/p>\n\n\n\n<p>Rel\u00e9gable \u00e0 l&rsquo;issue de sa premi\u00e8re saison en Nationale1, l&rsquo;UB Chartres est rep\u00each\u00e9e mais cela n&#8217;emp\u00eache pas le limogeage de Zozan Durdevic. <\/p>\n\n\n\n<hr class=\"wp-block-separator\"\/>\n\n\n\n<h2 class=\"has-text-align-center wp-block-heading\"><span class=\"ez-toc-section\" id=\"Christophe_MOULINS\"><\/span>Christophe MOULINS<span class=\"ez-toc-section-end\"><\/span><\/h2>\n\n\n\n<div class=\"wp-block-image\"><figure class=\"aligncenter size-full is-resized\"><img decoding=\"async\" data-src=\"https:\/\/centrevaldeloirebasketballpatrimoine.org\/wp-content\/uploads\/2022\/05\/C-Moulins.jpg\" alt=\"\" class=\"wp-image-28600 lazyload\" width=\"174\" height=\"141\" data-srcset=\"https:\/\/centrevaldeloirebasketballpatrimoine.org\/wp-content\/uploads\/2022\/05\/C-Moulins.jpg 497w, https:\/\/centrevaldeloirebasketballpatrimoine.org\/wp-content\/uploads\/2022\/05\/C-Moulins-300x244.jpg 300w\" data-sizes=\"(max-width: 174px) 100vw, 174px\" src=\"data:image\/gif;base64,R0lGODlhAQABAAAAACH5BAEKAAEALAAAAAABAAEAAAICTAEAOw==\" style=\"--smush-placeholder-width: 174px; --smush-placeholder-aspect-ratio: 174\/141;\" \/><figcaption><strong><em>Christophe Moulins<\/em><\/strong><\/figcaption><\/figure><\/div>\n\n\n\n<p>Il  commence \u00e0 entra\u00eener des Jeunes puis rapidement se dirig\u00e9 vers une \u00e9quipe f\u00e9minine de l&rsquo;AB Chartres devenue depuis C&rsquo; Chartres Basket F\u00e9minin.<\/p>\n\n\n\n<p>L&rsquo;\u00e9quipe des Jeunes \u00e9voluait en Championnat de France.<\/p>\n\n\n\n<p>L&rsquo;\u00e9quipe 1 en Nationale 3 puis en Nationale 2.<\/p>\n\n\n\n<p>Il passe quelques ann\u00e9es comme coach \u00e0 l&rsquo;ASPTT La Rochelle en Nationale 2.<\/p>\n\n\n\n<p>Il revient \u00e0 Chartres comme coach de l&rsquo;\u00e9quipe 1 en Nationale 2 puis en Nationale 1 puis Directeur Technique du Club.<\/p>\n\n\n\n<p>En 2019, il retourne \u00e0 La Rochelle comme adjoint de la Nationale 1 f\u00e9minine et coach des U18 en Championnat de France \u00e0 l&rsquo;ABPR.<\/p>\n\n\n\n<p>En 2020, il est responsable sportif du Stade Rochelais Rupella ainsi que coach de la Nationale 3 Masculine et des U17 gar\u00e7ons.<\/p>\n\n\n\n<p>En 2021, il revient dans le secteur f\u00e9minin tout en dirigeant les s\u00e9ances des sections f\u00e9minines et masculines au Lyc\u00e9e St Exup\u00e9ry de La Rochelle.<\/p>\n\n\n\n<div class=\"wp-block-image\"><figure class=\"aligncenter size-full\"><img decoding=\"async\" width=\"1010\" height=\"579\" data-src=\"https:\/\/centrevaldeloirebasketballpatrimoine.org\/wp-content\/uploads\/2022\/05\/C-M.jpg\" alt=\"\" class=\"wp-image-28605 lazyload\" data-srcset=\"https:\/\/centrevaldeloirebasketballpatrimoine.org\/wp-content\/uploads\/2022\/05\/C-M.jpg 1010w, https:\/\/centrevaldeloirebasketballpatrimoine.org\/wp-content\/uploads\/2022\/05\/C-M-300x172.jpg 300w, https:\/\/centrevaldeloirebasketballpatrimoine.org\/wp-content\/uploads\/2022\/05\/C-M-768x440.jpg 768w\" data-sizes=\"(max-width: 1010px) 100vw, 1010px\" src=\"data:image\/gif;base64,R0lGODlhAQABAAAAACH5BAEKAAEALAAAAAABAAEAAAICTAEAOw==\" style=\"--smush-placeholder-width: 1010px; --smush-placeholder-aspect-ratio: 1010\/579;\" \/><figcaption><strong><em>Entra\u00eeneur Christophe Moulins<\/em><\/strong><\/figcaption><\/figure><\/div>\n\n\n\n<p><strong><em>Source : Site Internet du Stade Rochelais<\/em><\/strong><\/p>\n\n\n\n<hr class=\"wp-block-separator\"\/>\n","protected":false},"excerpt":{"rendered":"<p>Patrick BONDIS Patrick Bondis arrive \u00e0 Monts pour la saison 2019-2020. Il sera le coach de l&rsquo;\u00e9quipe 1 f\u00e9minine qui acc\u00e8de \u00e0 la Nationale f\u00e9minine3. Patrick Bondis a une solide [&hellip;]<\/p>\n","protected":false},"author":6,"featured_media":0,"parent":0,"menu_order":0,"comment_status":"closed","ping_status":"closed","template":"","meta":{"footnotes":""},"class_list":["post-791","page","type-page","status-publish","hentry"],"yoast_head":"<!-- This site is optimized with the Yoast SEO plugin v27.5 - https:\/\/yoast.com\/product\/yoast-seo-wordpress\/ -->\n<title>Les Entra\u00eeneurs du 28 - patrimoine<\/title>\n<meta name=\"description\" content=\"Patrimoine historique du basket en r\u00e9gion Centre-Val de Loire.\" \/>\n<meta name=\"robots\" content=\"index, follow, max-snippet:-1, max-image-preview:large, max-video-preview:-1\" \/>\n<link rel=\"canonical\" href=\"https:\/\/centrevaldeloirebasketballpatrimoine.org\/index.php\/28-8\/\" \/>\n<meta property=\"og:locale\" content=\"fr_FR\" \/>\n<meta property=\"og:type\" content=\"article\" \/>\n<meta property=\"og:title\" content=\"Les Entra\u00eeneurs du 28 - patrimoine\" \/>\n<meta property=\"og:description\" content=\"Patrimoine historique du basket en r\u00e9gion Centre-Val de Loire.\" \/>\n<meta property=\"og:url\" content=\"https:\/\/centrevaldeloirebasketballpatrimoine.org\/index.php\/28-8\/\" \/>\n<meta property=\"article:publisher\" content=\"https:\/\/www.facebook.com\/LigueBasketCentre\" \/>\n<meta property=\"article:modified_time\" content=\"2022-05-20T14:17:14+00:00\" \/>\n<meta property=\"og:image\" content=\"https:\/\/centrevaldeloirebasketballpatrimoine.org\/wp-content\/uploads\/2022\/05\/PB.jpg\" \/>\n<meta name=\"twitter:card\" content=\"summary_large_image\" \/>\n<meta name=\"twitter:site\" content=\"@BasketCentre\" \/>\n<meta name=\"twitter:label1\" content=\"Dur\u00e9e de lecture estim\u00e9e\" \/>\n\t<meta name=\"twitter:data1\" content=\"5 minutes\" \/>\n<script type=\"application\/ld+json\" class=\"yoast-schema-graph\">{\"@context\":\"https:\\\/\\\/schema.org\",\"@graph\":[{\"@type\":\"WebPage\",\"@id\":\"https:\\\/\\\/centrevaldeloirebasketballpatrimoine.org\\\/index.php\\\/28-8\\\/\",\"url\":\"https:\\\/\\\/centrevaldeloirebasketballpatrimoine.org\\\/index.php\\\/28-8\\\/\",\"name\":\"Les Entra\u00eeneurs du 28 - patrimoine\",\"isPartOf\":{\"@id\":\"https:\\\/\\\/centrevaldeloirebasketballpatrimoine.org\\\/#website\"},\"primaryImageOfPage\":{\"@id\":\"https:\\\/\\\/centrevaldeloirebasketballpatrimoine.org\\\/index.php\\\/28-8\\\/#primaryimage\"},\"image\":{\"@id\":\"https:\\\/\\\/centrevaldeloirebasketballpatrimoine.org\\\/index.php\\\/28-8\\\/#primaryimage\"},\"thumbnailUrl\":\"https:\\\/\\\/centrevaldeloirebasketballpatrimoine.org\\\/wp-content\\\/uploads\\\/2022\\\/05\\\/PB.jpg\",\"datePublished\":\"2020-01-06T14:21:20+00:00\",\"dateModified\":\"2022-05-20T14:17:14+00:00\",\"description\":\"Patrimoine historique du basket en r\u00e9gion Centre-Val de Loire.\",\"breadcrumb\":{\"@id\":\"https:\\\/\\\/centrevaldeloirebasketballpatrimoine.org\\\/index.php\\\/28-8\\\/#breadcrumb\"},\"inLanguage\":\"fr-FR\",\"potentialAction\":[{\"@type\":\"ReadAction\",\"target\":[\"https:\\\/\\\/centrevaldeloirebasketballpatrimoine.org\\\/index.php\\\/28-8\\\/\"]}]},{\"@type\":\"ImageObject\",\"inLanguage\":\"fr-FR\",\"@id\":\"https:\\\/\\\/centrevaldeloirebasketballpatrimoine.org\\\/index.php\\\/28-8\\\/#primaryimage\",\"url\":\"https:\\\/\\\/centrevaldeloirebasketballpatrimoine.org\\\/wp-content\\\/uploads\\\/2022\\\/05\\\/PB.jpg\",\"contentUrl\":\"https:\\\/\\\/centrevaldeloirebasketballpatrimoine.org\\\/wp-content\\\/uploads\\\/2022\\\/05\\\/PB.jpg\",\"width\":236,\"height\":161},{\"@type\":\"BreadcrumbList\",\"@id\":\"https:\\\/\\\/centrevaldeloirebasketballpatrimoine.org\\\/index.php\\\/28-8\\\/#breadcrumb\",\"itemListElement\":[{\"@type\":\"ListItem\",\"position\":1,\"name\":\"Accueil\",\"item\":\"https:\\\/\\\/centrevaldeloirebasketballpatrimoine.org\\\/\"},{\"@type\":\"ListItem\",\"position\":2,\"name\":\"Les Entra\u00eeneurs du 28\"}]},{\"@type\":\"WebSite\",\"@id\":\"https:\\\/\\\/centrevaldeloirebasketballpatrimoine.org\\\/#website\",\"url\":\"https:\\\/\\\/centrevaldeloirebasketballpatrimoine.org\\\/\",\"name\":\"\",\"description\":\"Site officiel Commission Patrimoine de la Ligue Centre-Val de Loire de BasketBall\",\"publisher\":{\"@id\":\"https:\\\/\\\/centrevaldeloirebasketballpatrimoine.org\\\/#organization\"},\"potentialAction\":[{\"@type\":\"SearchAction\",\"target\":{\"@type\":\"EntryPoint\",\"urlTemplate\":\"https:\\\/\\\/centrevaldeloirebasketballpatrimoine.org\\\/?s={search_term_string}\"},\"query-input\":{\"@type\":\"PropertyValueSpecification\",\"valueRequired\":true,\"valueName\":\"search_term_string\"}}],\"inLanguage\":\"fr-FR\"},{\"@type\":\"Organization\",\"@id\":\"https:\\\/\\\/centrevaldeloirebasketballpatrimoine.org\\\/#organization\",\"name\":\"Patrimoine Basket Ligue Centre-Val de Loire\",\"url\":\"https:\\\/\\\/centrevaldeloirebasketballpatrimoine.org\\\/\",\"logo\":{\"@type\":\"ImageObject\",\"inLanguage\":\"fr-FR\",\"@id\":\"https:\\\/\\\/centrevaldeloirebasketballpatrimoine.org\\\/#\\\/schema\\\/logo\\\/image\\\/\",\"url\":\"https:\\\/\\\/i0.wp.com\\\/centrevaldeloirebasketballpatrimoine.org\\\/wp-content\\\/uploads\\\/2019\\\/06\\\/LigueRegionale-CENTRE-VAL-DE-LOIRE-Vertical-694x1024.jpg?fit=694%2C1024&ssl=1\",\"contentUrl\":\"https:\\\/\\\/i0.wp.com\\\/centrevaldeloirebasketballpatrimoine.org\\\/wp-content\\\/uploads\\\/2019\\\/06\\\/LigueRegionale-CENTRE-VAL-DE-LOIRE-Vertical-694x1024.jpg?fit=694%2C1024&ssl=1\",\"width\":694,\"height\":1024,\"caption\":\"Patrimoine Basket Ligue Centre-Val de Loire\"},\"image\":{\"@id\":\"https:\\\/\\\/centrevaldeloirebasketballpatrimoine.org\\\/#\\\/schema\\\/logo\\\/image\\\/\"},\"sameAs\":[\"https:\\\/\\\/www.facebook.com\\\/LigueBasketCentre\",\"https:\\\/\\\/x.com\\\/BasketCentre\",\"https:\\\/\\\/www.instagram.com\\\/liguebasketcentre\\\/\",\"https:\\\/\\\/www.linkedin.com\\\/company\\\/ligue-du-centre-val-de-loire-de-basketball\"]}]}<\/script>\n<!-- \/ Yoast SEO plugin. -->","yoast_head_json":{"title":"Les Entra\u00eeneurs du 28 - patrimoine","description":"Patrimoine historique du basket en r\u00e9gion Centre-Val de Loire.","robots":{"index":"index","follow":"follow","max-snippet":"max-snippet:-1","max-image-preview":"max-image-preview:large","max-video-preview":"max-video-preview:-1"},"canonical":"https:\/\/centrevaldeloirebasketballpatrimoine.org\/index.php\/28-8\/","og_locale":"fr_FR","og_type":"article","og_title":"Les Entra\u00eeneurs du 28 - patrimoine","og_description":"Patrimoine historique du basket en r\u00e9gion Centre-Val de Loire.","og_url":"https:\/\/centrevaldeloirebasketballpatrimoine.org\/index.php\/28-8\/","article_publisher":"https:\/\/www.facebook.com\/LigueBasketCentre","article_modified_time":"2022-05-20T14:17:14+00:00","og_image":[{"url":"https:\/\/centrevaldeloirebasketballpatrimoine.org\/wp-content\/uploads\/2022\/05\/PB.jpg","type":"","width":"","height":""}],"twitter_card":"summary_large_image","twitter_site":"@BasketCentre","twitter_misc":{"Dur\u00e9e de lecture estim\u00e9e":"5 minutes"},"schema":{"@context":"https:\/\/schema.org","@graph":[{"@type":"WebPage","@id":"https:\/\/centrevaldeloirebasketballpatrimoine.org\/index.php\/28-8\/","url":"https:\/\/centrevaldeloirebasketballpatrimoine.org\/index.php\/28-8\/","name":"Les Entra\u00eeneurs du 28 - patrimoine","isPartOf":{"@id":"https:\/\/centrevaldeloirebasketballpatrimoine.org\/#website"},"primaryImageOfPage":{"@id":"https:\/\/centrevaldeloirebasketballpatrimoine.org\/index.php\/28-8\/#primaryimage"},"image":{"@id":"https:\/\/centrevaldeloirebasketballpatrimoine.org\/index.php\/28-8\/#primaryimage"},"thumbnailUrl":"https:\/\/centrevaldeloirebasketballpatrimoine.org\/wp-content\/uploads\/2022\/05\/PB.jpg","datePublished":"2020-01-06T14:21:20+00:00","dateModified":"2022-05-20T14:17:14+00:00","description":"Patrimoine historique du basket en r\u00e9gion Centre-Val de Loire.","breadcrumb":{"@id":"https:\/\/centrevaldeloirebasketballpatrimoine.org\/index.php\/28-8\/#breadcrumb"},"inLanguage":"fr-FR","potentialAction":[{"@type":"ReadAction","target":["https:\/\/centrevaldeloirebasketballpatrimoine.org\/index.php\/28-8\/"]}]},{"@type":"ImageObject","inLanguage":"fr-FR","@id":"https:\/\/centrevaldeloirebasketballpatrimoine.org\/index.php\/28-8\/#primaryimage","url":"https:\/\/centrevaldeloirebasketballpatrimoine.org\/wp-content\/uploads\/2022\/05\/PB.jpg","contentUrl":"https:\/\/centrevaldeloirebasketballpatrimoine.org\/wp-content\/uploads\/2022\/05\/PB.jpg","width":236,"height":161},{"@type":"BreadcrumbList","@id":"https:\/\/centrevaldeloirebasketballpatrimoine.org\/index.php\/28-8\/#breadcrumb","itemListElement":[{"@type":"ListItem","position":1,"name":"Accueil","item":"https:\/\/centrevaldeloirebasketballpatrimoine.org\/"},{"@type":"ListItem","position":2,"name":"Les Entra\u00eeneurs du 28"}]},{"@type":"WebSite","@id":"https:\/\/centrevaldeloirebasketballpatrimoine.org\/#website","url":"https:\/\/centrevaldeloirebasketballpatrimoine.org\/","name":"","description":"Site officiel Commission Patrimoine de la Ligue Centre-Val de Loire de BasketBall","publisher":{"@id":"https:\/\/centrevaldeloirebasketballpatrimoine.org\/#organization"},"potentialAction":[{"@type":"SearchAction","target":{"@type":"EntryPoint","urlTemplate":"https:\/\/centrevaldeloirebasketballpatrimoine.org\/?s={search_term_string}"},"query-input":{"@type":"PropertyValueSpecification","valueRequired":true,"valueName":"search_term_string"}}],"inLanguage":"fr-FR"},{"@type":"Organization","@id":"https:\/\/centrevaldeloirebasketballpatrimoine.org\/#organization","name":"Patrimoine Basket Ligue Centre-Val de Loire","url":"https:\/\/centrevaldeloirebasketballpatrimoine.org\/","logo":{"@type":"ImageObject","inLanguage":"fr-FR","@id":"https:\/\/centrevaldeloirebasketballpatrimoine.org\/#\/schema\/logo\/image\/","url":"https:\/\/i0.wp.com\/centrevaldeloirebasketballpatrimoine.org\/wp-content\/uploads\/2019\/06\/LigueRegionale-CENTRE-VAL-DE-LOIRE-Vertical-694x1024.jpg?fit=694%2C1024&ssl=1","contentUrl":"https:\/\/i0.wp.com\/centrevaldeloirebasketballpatrimoine.org\/wp-content\/uploads\/2019\/06\/LigueRegionale-CENTRE-VAL-DE-LOIRE-Vertical-694x1024.jpg?fit=694%2C1024&ssl=1","width":694,"height":1024,"caption":"Patrimoine Basket Ligue Centre-Val de Loire"},"image":{"@id":"https:\/\/centrevaldeloirebasketballpatrimoine.org\/#\/schema\/logo\/image\/"},"sameAs":["https:\/\/www.facebook.com\/LigueBasketCentre","https:\/\/x.com\/BasketCentre","https:\/\/www.instagram.com\/liguebasketcentre\/","https:\/\/www.linkedin.com\/company\/ligue-du-centre-val-de-loire-de-basketball"]}]}},"_links":{"self":[{"href":"https:\/\/centrevaldeloirebasketballpatrimoine.org\/index.php\/wp-json\/wp\/v2\/pages\/791","targetHints":{"allow":["GET"]}}],"collection":[{"href":"https:\/\/centrevaldeloirebasketballpatrimoine.org\/index.php\/wp-json\/wp\/v2\/pages"}],"about":[{"href":"https:\/\/centrevaldeloirebasketballpatrimoine.org\/index.php\/wp-json\/wp\/v2\/types\/page"}],"author":[{"embeddable":true,"href":"https:\/\/centrevaldeloirebasketballpatrimoine.org\/index.php\/wp-json\/wp\/v2\/users\/6"}],"replies":[{"embeddable":true,"href":"https:\/\/centrevaldeloirebasketballpatrimoine.org\/index.php\/wp-json\/wp\/v2\/comments?post=791"}],"version-history":[{"count":0,"href":"https:\/\/centrevaldeloirebasketballpatrimoine.org\/index.php\/wp-json\/wp\/v2\/pages\/791\/revisions"}],"wp:attachment":[{"href":"https:\/\/centrevaldeloirebasketballpatrimoine.org\/index.php\/wp-json\/wp\/v2\/media?parent=791"}],"curies":[{"name":"wp","href":"https:\/\/api.w.org\/{rel}","templated":true}]}}