{"id":629,"date":"2019-12-17T16:35:47","date_gmt":"2019-12-17T15:35:47","guid":{"rendered":"https:\/\/centrevaldeloirebasketballpatrimoine.org\/?page_id=629"},"modified":"2024-01-21T14:34:16","modified_gmt":"2024-01-21T13:34:16","slug":"28-3","status":"publish","type":"page","link":"https:\/\/centrevaldeloirebasketballpatrimoine.org\/index.php\/28-3\/","title":{"rendered":"Pr\u00e9sidents du Comit\u00e9 du 28"},"content":{"rendered":"<div id=\"mega-menu-wrap-max_mega_menu_1\" class=\"mega-menu-wrap\"><div class=\"mega-menu-toggle\"><div class=\"mega-toggle-blocks-left\"><\/div><div class=\"mega-toggle-blocks-center\"><\/div><div class=\"mega-toggle-blocks-right\"><div class='mega-toggle-block mega-menu-toggle-block mega-toggle-block-1' id='mega-toggle-block-1' tabindex='0'><button class='mega-toggle-standard mega-toggle-label' aria-expanded='false'><span class='mega-toggle-label-closed'>MENU<\/span><span class='mega-toggle-label-open'>MENU<\/span><\/button><\/div><\/div><\/div><ul id=\"mega-menu-max_mega_menu_1\" class=\"mega-menu max-mega-menu mega-menu-horizontal mega-no-js\" data-event=\"hover_intent\" data-effect=\"fade_up\" data-effect-speed=\"200\" data-effect-mobile=\"disabled\" data-effect-speed-mobile=\"0\" data-mobile-force-width=\"false\" data-second-click=\"go\" data-document-click=\"collapse\" data-vertical-behaviour=\"standard\" data-breakpoint=\"600\" data-unbind=\"true\" data-mobile-state=\"collapse_all\" data-mobile-direction=\"vertical\" data-hover-intent-timeout=\"300\" data-hover-intent-interval=\"100\"><li class=\"mega-menu-item mega-menu-item-type-post_type mega-menu-item-object-page mega-align-bottom-left mega-menu-flyout mega-menu-item-131\" id=\"mega-menu-item-131\"><a class=\"mega-menu-link\" href=\"https:\/\/centrevaldeloirebasketballpatrimoine.org\/index.php\/les-presidents-de-la-ligue\/\" tabindex=\"0\">Pr\u00e9sidents Ligue<\/a><\/li><li class=\"mega-menu-item mega-menu-item-type-post_type mega-menu-item-object-page mega-menu-item-has-children mega-align-bottom-left mega-menu-flyout mega-menu-item-132\" id=\"mega-menu-item-132\"><a class=\"mega-menu-link\" href=\"https:\/\/centrevaldeloirebasketballpatrimoine.org\/index.php\/les-presidents-des-comites\/\" aria-expanded=\"false\" tabindex=\"0\">Pr\u00e9sidents Comit\u00e9s<span class=\"mega-indicator\" aria-hidden=\"true\"><\/span><\/a>\n<ul class=\"mega-sub-menu\">\n<li class=\"mega-menu-item mega-menu-item-type-post_type mega-menu-item-object-page mega-menu-item-627\" id=\"mega-menu-item-627\"><a class=\"mega-menu-link\" href=\"https:\/\/centrevaldeloirebasketballpatrimoine.org\/index.php\/18-3\/\">Pr\u00e9sidents du Comit\u00e9 du 18<\/a><\/li><li class=\"mega-menu-item mega-menu-item-type-post_type mega-menu-item-object-page mega-menu-item-631\" id=\"mega-menu-item-631\"><a class=\"mega-menu-link\" href=\"https:\/\/centrevaldeloirebasketballpatrimoine.org\/index.php\/28-3\/\">Pr\u00e9sidents du Comit\u00e9 du 28<\/a><\/li><li class=\"mega-menu-item mega-menu-item-type-post_type mega-menu-item-object-page mega-menu-item-638\" id=\"mega-menu-item-638\"><a class=\"mega-menu-link\" href=\"https:\/\/centrevaldeloirebasketballpatrimoine.org\/index.php\/36-3\/\">Pr\u00e9sidents du Comit\u00e9 du 36<\/a><\/li><li class=\"mega-menu-item mega-menu-item-type-post_type mega-menu-item-object-page mega-menu-item-637\" id=\"mega-menu-item-637\"><a class=\"mega-menu-link\" href=\"https:\/\/centrevaldeloirebasketballpatrimoine.org\/index.php\/37-3\/\">Pr\u00e9sidents du Comit\u00e9 du 37<\/a><\/li><li class=\"mega-menu-item mega-menu-item-type-post_type mega-menu-item-object-page mega-menu-item-644\" id=\"mega-menu-item-644\"><a class=\"mega-menu-link\" href=\"https:\/\/centrevaldeloirebasketballpatrimoine.org\/index.php\/41-3\/\">Pr\u00e9sidents du Comit\u00e9 du 41<\/a><\/li><li class=\"mega-menu-item mega-menu-item-type-post_type mega-menu-item-object-page mega-menu-item-643\" id=\"mega-menu-item-643\"><a class=\"mega-menu-link\" href=\"https:\/\/centrevaldeloirebasketballpatrimoine.org\/index.php\/45-3\/\">Pr\u00e9sidents du Comit\u00e9 du 45<\/a><\/li><\/ul>\n<\/li><li class=\"mega-menu-item mega-menu-item-type-post_type mega-menu-item-object-page mega-menu-item-has-children mega-align-bottom-left mega-menu-flyout mega-menu-item-130\" id=\"mega-menu-item-130\"><a class=\"mega-menu-link\" href=\"https:\/\/centrevaldeloirebasketballpatrimoine.org\/index.php\/les-joueuses-et-les-joueurs\/\" aria-expanded=\"false\" tabindex=\"0\">Joueurs<span class=\"mega-indicator\" aria-hidden=\"true\"><\/span><\/a>\n<ul class=\"mega-sub-menu\">\n<li class=\"mega-menu-item mega-menu-item-type-post_type mega-menu-item-object-page mega-menu-item-662\" id=\"mega-menu-item-662\"><a class=\"mega-menu-link\" href=\"https:\/\/centrevaldeloirebasketballpatrimoine.org\/index.php\/les-joueurs-nationaux\/\">Les Joueurs Nationaux<\/a><\/li><li class=\"mega-menu-item mega-menu-item-type-post_type mega-menu-item-object-page mega-menu-item-661\" id=\"mega-menu-item-661\"><a class=\"mega-menu-link\" href=\"https:\/\/centrevaldeloirebasketballpatrimoine.org\/index.php\/les-joueurs-internationaux\/\">Les Joueurs Internationaux<\/a><\/li><\/ul>\n<\/li><li class=\"mega-menu-item mega-menu-item-type-post_type mega-menu-item-object-page mega-menu-item-has-children mega-align-bottom-left mega-menu-flyout mega-menu-item-647\" id=\"mega-menu-item-647\"><a class=\"mega-menu-link\" href=\"https:\/\/centrevaldeloirebasketballpatrimoine.org\/index.php\/joueuses\/\" aria-expanded=\"false\" tabindex=\"0\">Joueuses<span class=\"mega-indicator\" aria-hidden=\"true\"><\/span><\/a>\n<ul class=\"mega-sub-menu\">\n<li class=\"mega-menu-item mega-menu-item-type-post_type mega-menu-item-object-page mega-menu-item-664\" id=\"mega-menu-item-664\"><a class=\"mega-menu-link\" href=\"https:\/\/centrevaldeloirebasketballpatrimoine.org\/index.php\/les-joueuses-nationales\/\">Les Joueuses Nationales<\/a><\/li><li class=\"mega-menu-item mega-menu-item-type-post_type mega-menu-item-object-page mega-menu-item-663\" id=\"mega-menu-item-663\"><a class=\"mega-menu-link\" href=\"https:\/\/centrevaldeloirebasketballpatrimoine.org\/index.php\/les-joueuses-internationales\/\">Les Joueuses Internationales<\/a><\/li><\/ul>\n<\/li><li class=\"mega-menu-item mega-menu-item-type-post_type mega-menu-item-object-page mega-menu-item-has-children mega-align-bottom-left mega-menu-flyout mega-menu-item-128\" id=\"mega-menu-item-128\"><a class=\"mega-menu-link\" href=\"https:\/\/centrevaldeloirebasketballpatrimoine.org\/index.php\/les-arbitres-et-les-officiels\/\" aria-expanded=\"false\" tabindex=\"0\">Arbitres<span class=\"mega-indicator\" aria-hidden=\"true\"><\/span><\/a>\n<ul class=\"mega-sub-menu\">\n<li class=\"mega-menu-item mega-menu-item-type-post_type mega-menu-item-object-page mega-menu-item-983\" id=\"mega-menu-item-983\"><a class=\"mega-menu-link\" href=\"https:\/\/centrevaldeloirebasketballpatrimoine.org\/index.php\/les-arbitres-nationaux\/\">Les Arbitres Nationaux<\/a><\/li><li class=\"mega-menu-item mega-menu-item-type-post_type mega-menu-item-object-page mega-menu-item-982\" id=\"mega-menu-item-982\"><a class=\"mega-menu-link\" href=\"https:\/\/centrevaldeloirebasketballpatrimoine.org\/index.php\/les-arbitres-internationaux\/\">Les Arbitres Internationaux<\/a><\/li><\/ul>\n<\/li><li class=\"mega-menu-item mega-menu-item-type-post_type mega-menu-item-object-page mega-menu-item-has-children mega-align-bottom-left mega-menu-flyout mega-menu-item-129\" id=\"mega-menu-item-129\"><a class=\"mega-menu-link\" href=\"https:\/\/centrevaldeloirebasketballpatrimoine.org\/index.php\/les-entraineurs\/\" aria-expanded=\"false\" tabindex=\"0\">Entraineurs<span class=\"mega-indicator\" aria-hidden=\"true\"><\/span><\/a>\n<ul class=\"mega-sub-menu\">\n<li class=\"mega-menu-item mega-menu-item-type-post_type mega-menu-item-object-page mega-menu-item-2152\" id=\"mega-menu-item-2152\"><a class=\"mega-menu-link\" href=\"https:\/\/centrevaldeloirebasketballpatrimoine.org\/index.php\/conseillers-techniques-regionaux\/\">Conseillers Techniques R\u00e9gionaux<\/a><\/li><\/ul>\n<\/li><li class=\"mega-menu-item mega-menu-item-type-post_type mega-menu-item-object-page mega-align-bottom-left mega-menu-flyout mega-menu-item-1713\" id=\"mega-menu-item-1713\"><a class=\"mega-menu-link\" href=\"https:\/\/centrevaldeloirebasketballpatrimoine.org\/index.php\/figures-marquantes\/\" tabindex=\"0\">Figures marquantes<\/a><\/li><li class=\"mega-menu-item mega-menu-item-type-post_type mega-menu-item-object-page mega-menu-item-1027\" id=\"mega-menu-item-1027\"><a class=\"mega-menu-link\" href=\"https:\/\/centrevaldeloirebasketballpatrimoine.org\/index.php\/les-officiels-nationaux\/\" tabindex=\"0\">Les Officiels Nationaux<\/a><\/li><\/ul><\/div>\n\n\n\n<p class=\"has-text-align-center\"><strong>Les Pr\u00e9sidents de Comit\u00e9 D\u00e9partemental de l\u2019Eure-et-Loir<\/strong><\/p>\n\n\n\n<p>De 1950 \u00e0 1962, le basket d\u00e9partemental \u00e9tait rattach\u00e9 \u00e0 la Ligue de l&rsquo;Ile de France et d\u00e9j\u00e0 en 1956, la F\u00e9d\u00e9ration \u00e9voquait avec grande discr\u00e9tion, le rattachement du CD avec une autre Ligue sans pr\u00e9ciser son origine. Ce n\u2019est qu\u2019en 1962 que l\u2019Eure et Loir s\u2019alignant sur le d\u00e9coupage administratif devient partie int\u00e9grante de la R\u00e9gion F\u00e9d\u00e9rale du Centre (ou Ligue du Centre). <\/p>\n\n\n\n<div id=\"ez-toc-container\" class=\"ez-toc-v2_0_74 counter-hierarchy ez-toc-counter ez-toc-grey ez-toc-container-direction\">\n<p class=\"ez-toc-title\" style=\"cursor:inherit\">Table of Contents<\/p>\n<label for=\"ez-toc-cssicon-toggle-item-69f74331cbb2c\" class=\"ez-toc-cssicon-toggle-label\"><span class=\"\"><span class=\"eztoc-hide\" style=\"display:none;\">Toggle<\/span><span class=\"ez-toc-icon-toggle-span\"><svg style=\"fill: #999;color:#999\" xmlns=\"http:\/\/www.w3.org\/2000\/svg\" class=\"list-377408\" width=\"20px\" height=\"20px\" viewBox=\"0 0 24 24\" fill=\"none\"><path d=\"M6 6H4v2h2V6zm14 0H8v2h12V6zM4 11h2v2H4v-2zm16 0H8v2h12v-2zM4 16h2v2H4v-2zm16 0H8v2h12v-2z\" fill=\"currentColor\"><\/path><\/svg><svg style=\"fill: #999;color:#999\" class=\"arrow-unsorted-368013\" xmlns=\"http:\/\/www.w3.org\/2000\/svg\" width=\"10px\" height=\"10px\" viewBox=\"0 0 24 24\" version=\"1.2\" baseProfile=\"tiny\"><path d=\"M18.2 9.3l-6.2-6.3-6.2 6.3c-.2.2-.3.4-.3.7s.1.5.3.7c.2.2.4.3.7.3h11c.3 0 .5-.1.7-.3.2-.2.3-.5.3-.7s-.1-.5-.3-.7zM5.8 14.7l6.2 6.3 6.2-6.3c.2-.2.3-.5.3-.7s-.1-.5-.3-.7c-.2-.2-.4-.3-.7-.3h-11c-.3 0-.5.1-.7.3-.2.2-.3.5-.3.7s.1.5.3.7z\"\/><\/svg><\/span><\/span><\/label><input type=\"checkbox\"  id=\"ez-toc-cssicon-toggle-item-69f74331cbb2c\"  aria-label=\"Toggle\" \/><nav><ul class='ez-toc-list ez-toc-list-level-1 ' ><li class='ez-toc-page-1 ez-toc-heading-level-2'><a class=\"ez-toc-link ez-toc-heading-1\" href=\"https:\/\/centrevaldeloirebasketballpatrimoine.org\/index.php\/28-3\/#Jean_LEGUE_JA_CHARTTRES\" >Jean LEGUE (JA CHARTTRES)<\/a><\/li><li class='ez-toc-page-1 ez-toc-heading-level-2'><a class=\"ez-toc-link ez-toc-heading-2\" href=\"https:\/\/centrevaldeloirebasketballpatrimoine.org\/index.php\/28-3\/#Claude_BALAVOINE_JA_CHARTRES\" >Claude BALAVOINE (JA CHARTRES)<\/a><\/li><li class='ez-toc-page-1 ez-toc-heading-level-2'><a class=\"ez-toc-link ez-toc-heading-3\" href=\"https:\/\/centrevaldeloirebasketballpatrimoine.org\/index.php\/28-3\/#Rene_FERDINAND_JA_CHARTTRES\" >R\u00e9n\u00e9 FERDINAND (JA CHARTTRES)<\/a><\/li><li class='ez-toc-page-1 ez-toc-heading-level-2'><a class=\"ez-toc-link ez-toc-heading-4\" href=\"https:\/\/centrevaldeloirebasketballpatrimoine.org\/index.php\/28-3\/#Claude_PREVOST_ASTF_CHARTRES\" >Claude PREVOST (ASTF CHARTRES)<\/a><\/li><li class='ez-toc-page-1 ez-toc-heading-level-2'><a class=\"ez-toc-link ez-toc-heading-5\" href=\"https:\/\/centrevaldeloirebasketballpatrimoine.org\/index.php\/28-3\/#Bernard_MELU_RT_CHARTRES\" >Bernard MELU (RT CHARTRES)<\/a><\/li><li class='ez-toc-page-1 ez-toc-heading-level-2'><a class=\"ez-toc-link ez-toc-heading-6\" href=\"https:\/\/centrevaldeloirebasketballpatrimoine.org\/index.php\/28-3\/#Jean_LEFEVRE_ASTF_CHARTRES\" >Jean LEFEVRE (ASTF CHARTRES)<\/a><\/li><li class='ez-toc-page-1 ez-toc-heading-level-2'><a class=\"ez-toc-link ez-toc-heading-7\" href=\"https:\/\/centrevaldeloirebasketballpatrimoine.org\/index.php\/28-3\/#Pierre_SAMBRONI_CS_MAINVILLIERS\" >Pierre SAMBRONI (CS MAINVILLIERS)<\/a><\/li><li class='ez-toc-page-1 ez-toc-heading-level-2'><a class=\"ez-toc-link ez-toc-heading-8\" href=\"https:\/\/centrevaldeloirebasketballpatrimoine.org\/index.php\/28-3\/#Jannick_RIBAULT_NOGENT_BC\" >Jannick RIBAULT (NOGENT BC)<\/a><\/li><li class='ez-toc-page-1 ez-toc-heading-level-2'><a class=\"ez-toc-link ez-toc-heading-9\" href=\"https:\/\/centrevaldeloirebasketballpatrimoine.org\/index.php\/28-3\/#Jean-Yves_MAURY_Comite_E_L\" >Jean-Yves MAURY (Comit\u00e9 E &amp; L)<\/a><\/li><li class='ez-toc-page-1 ez-toc-heading-level-2'><a class=\"ez-toc-link ez-toc-heading-10\" href=\"https:\/\/centrevaldeloirebasketballpatrimoine.org\/index.php\/28-3\/#Jean-Yves_MAURY_Comite_E_L-2\" >Jean-Yves MAURY (Comit\u00e9 E &amp; L)<\/a><\/li><\/ul><\/nav><\/div>\n<h2 class=\"wp-block-heading has-text-align-center\"><span class=\"ez-toc-section\" id=\"Jean_LEGUE_JA_CHARTTRES\"><\/span><strong>Jean LEGUE (JA CHARTTRES)<\/strong><span class=\"ez-toc-section-end\"><\/span><\/h2>\n\n\n<div class=\"wp-block-image\">\n<figure class=\"aligncenter size-large is-resized\"><img decoding=\"async\" width=\"133\" height=\"175\" data-src=\"https:\/\/centrevaldeloirebasketballpatrimoine.org\/wp-content\/uploads\/2020\/02\/Silhouette-LDD-3.jpg\" alt=\"\" class=\"wp-image-1484 lazyload\" style=\"--smush-placeholder-width: 133px; --smush-placeholder-aspect-ratio: 133\/175;width:96px;height:126px\" src=\"data:image\/gif;base64,R0lGODlhAQABAAAAACH5BAEKAAEALAAAAAABAAEAAAICTAEAOw==\" \/><\/figure>\n<\/div>\n\n\n<p class=\"has-text-align-center\"><strong>De 1950 \u00e0 mai 1961<\/strong><\/p>\n\n\n\n<hr class=\"wp-block-separator has-alpha-channel-opacity\"\/>\n\n\n\n<h2 class=\"wp-block-heading has-text-align-center\"><span class=\"ez-toc-section\" id=\"Claude_BALAVOINE_JA_CHARTRES\"><\/span><strong>Claude BALAVOINE (JA CHARTRES)<\/strong><span class=\"ez-toc-section-end\"><\/span><\/h2>\n\n\n<div class=\"wp-block-image\">\n<figure class=\"aligncenter size-large is-resized\"><img decoding=\"async\" width=\"133\" height=\"175\" data-src=\"https:\/\/centrevaldeloirebasketballpatrimoine.org\/wp-content\/uploads\/2020\/02\/Silhouette-LDD-3.jpg\" alt=\"\" class=\"wp-image-1484 lazyload\" style=\"--smush-placeholder-width: 133px; --smush-placeholder-aspect-ratio: 133\/175;width:96px;height:126px\" src=\"data:image\/gif;base64,R0lGODlhAQABAAAAACH5BAEKAAEALAAAAAABAAEAAAICTAEAOw==\" \/><\/figure>\n<\/div>\n\n\n<p class=\"has-text-align-center\"><strong>De juin 1961 \u00e0 mai 1966<\/strong><\/p>\n\n\n\n<hr class=\"wp-block-separator has-alpha-channel-opacity\"\/>\n\n\n\n<h2 class=\"wp-block-heading has-text-align-center\"><span class=\"ez-toc-section\" id=\"Rene_FERDINAND_JA_CHARTTRES\"><\/span><strong>R\u00e9n\u00e9 FERDINAND (JA CHARTTRES)<\/strong><span class=\"ez-toc-section-end\"><\/span><\/h2>\n\n\n<div class=\"wp-block-image\">\n<figure class=\"aligncenter size-large is-resized\"><img decoding=\"async\" width=\"133\" height=\"175\" data-src=\"https:\/\/centrevaldeloirebasketballpatrimoine.org\/wp-content\/uploads\/2020\/02\/Silhouette-LDD-3.jpg\" alt=\"\" class=\"wp-image-1484 lazyload\" style=\"--smush-placeholder-width: 133px; --smush-placeholder-aspect-ratio: 133\/175;width:96px;height:126px\" src=\"data:image\/gif;base64,R0lGODlhAQABAAAAACH5BAEKAAEALAAAAAABAAEAAAICTAEAOw==\" \/><\/figure>\n<\/div>\n\n\n<p class=\"has-text-align-center\"><strong>De juin 1966 \u00e0 mai 1967<\/strong><\/p>\n\n\n\n<hr class=\"wp-block-separator has-alpha-channel-opacity\"\/>\n\n\n\n<h2 class=\"wp-block-heading has-text-align-center\"><span class=\"ez-toc-section\" id=\"Claude_PREVOST_ASTF_CHARTRES\"><\/span><strong>Claude PREVOST (ASTF CHARTRES)<\/strong><span class=\"ez-toc-section-end\"><\/span><\/h2>\n\n\n<div class=\"wp-block-image\">\n<figure class=\"aligncenter size-large is-resized\"><img decoding=\"async\" width=\"133\" height=\"175\" data-src=\"https:\/\/centrevaldeloirebasketballpatrimoine.org\/wp-content\/uploads\/2020\/02\/Silhouette-LDD-3.jpg\" alt=\"\" class=\"wp-image-1484 lazyload\" style=\"--smush-placeholder-width: 133px; --smush-placeholder-aspect-ratio: 133\/175;width:96px;height:126px\" src=\"data:image\/gif;base64,R0lGODlhAQABAAAAACH5BAEKAAEALAAAAAABAAEAAAICTAEAOw==\" \/><\/figure>\n<\/div>\n\n\n<p class=\"has-text-align-center\"><strong>De juin 1967 \u00e0 mai 1968<\/strong><\/p>\n\n\n\n<hr class=\"wp-block-separator has-alpha-channel-opacity\"\/>\n\n\n\n<h2 class=\"wp-block-heading has-text-align-center\"><span class=\"ez-toc-section\" id=\"Bernard_MELU_RT_CHARTRES\"><\/span><strong>Bernard MELU (RT CHARTRES)<\/strong><span class=\"ez-toc-section-end\"><\/span><\/h2>\n\n\n<div class=\"wp-block-image\">\n<figure class=\"aligncenter size-large is-resized\"><img decoding=\"async\" width=\"133\" height=\"175\" data-src=\"https:\/\/centrevaldeloirebasketballpatrimoine.org\/wp-content\/uploads\/2020\/02\/Silhouette-LDD-3.jpg\" alt=\"\" class=\"wp-image-1484 lazyload\" style=\"--smush-placeholder-width: 133px; --smush-placeholder-aspect-ratio: 133\/175;width:96px;height:126px\" src=\"data:image\/gif;base64,R0lGODlhAQABAAAAACH5BAEKAAEALAAAAAABAAEAAAICTAEAOw==\" \/><\/figure>\n<\/div>\n\n\n<p class=\"has-text-align-center\"><strong>De juin 1968 \u00e0 mai 1978<\/strong><\/p>\n\n\n\n<hr class=\"wp-block-separator has-alpha-channel-opacity\"\/>\n\n\n\n<h2 class=\"wp-block-heading has-text-align-center\"><span class=\"ez-toc-section\" id=\"Jean_LEFEVRE_ASTF_CHARTRES\"><\/span><strong>Jean LEFEVRE (ASTF CHARTRES)<\/strong><span class=\"ez-toc-section-end\"><\/span><\/h2>\n\n\n<div class=\"wp-block-image\">\n<figure class=\"aligncenter size-large is-resized\"><img decoding=\"async\" width=\"331\" height=\"445\" data-src=\"https:\/\/centrevaldeloirebasketballpatrimoine.org\/wp-content\/uploads\/2020\/02\/1-Jean-Lef\u00e8vre-CD-28.jpg\" alt=\"\" class=\"wp-image-1527 lazyload\" style=\"--smush-placeholder-width: 331px; --smush-placeholder-aspect-ratio: 331\/445;width:130px;height:175px\" data-srcset=\"https:\/\/centrevaldeloirebasketballpatrimoine.org\/wp-content\/uploads\/2020\/02\/1-Jean-Lef\u00e8vre-CD-28.jpg 331w, https:\/\/centrevaldeloirebasketballpatrimoine.org\/wp-content\/uploads\/2020\/02\/1-Jean-Lef\u00e8vre-CD-28-223x300.jpg 223w\" data-sizes=\"(max-width: 331px) 100vw, 331px\" src=\"data:image\/gif;base64,R0lGODlhAQABAAAAACH5BAEKAAEALAAAAAABAAEAAAICTAEAOw==\" \/><\/figure>\n<\/div>\n\n\n<p class=\"has-text-align-center\"><strong>De juin 1988 \u00e0 mai 1988<\/strong><\/p>\n\n\n\n<hr class=\"wp-block-separator has-alpha-channel-opacity\"\/>\n\n\n\n<h2 class=\"wp-block-heading has-text-align-center\"><span class=\"ez-toc-section\" id=\"Pierre_SAMBRONI_CS_MAINVILLIERS\"><\/span><strong>Pierre SAMBRONI (CS MAINVILLIERS)<\/strong><span class=\"ez-toc-section-end\"><\/span><\/h2>\n\n\n<div class=\"wp-block-image\">\n<figure class=\"aligncenter size-large is-resized\"><img decoding=\"async\" width=\"267\" height=\"348\" data-src=\"https:\/\/centrevaldeloirebasketballpatrimoine.org\/wp-content\/uploads\/2020\/02\/2-Pierre-Sambroni-CD-28.jpg\" alt=\"\" class=\"wp-image-1528 lazyload\" style=\"--smush-placeholder-width: 267px; --smush-placeholder-aspect-ratio: 267\/348;width:139px;height:181px\" data-srcset=\"https:\/\/centrevaldeloirebasketballpatrimoine.org\/wp-content\/uploads\/2020\/02\/2-Pierre-Sambroni-CD-28.jpg 267w, https:\/\/centrevaldeloirebasketballpatrimoine.org\/wp-content\/uploads\/2020\/02\/2-Pierre-Sambroni-CD-28-230x300.jpg 230w\" data-sizes=\"(max-width: 267px) 100vw, 267px\" src=\"data:image\/gif;base64,R0lGODlhAQABAAAAACH5BAEKAAEALAAAAAABAAEAAAICTAEAOw==\" \/><\/figure>\n<\/div>\n\n\n<p class=\"has-text-align-center\"><strong>De juin 1988 \u00e0 mai 2000<\/strong><\/p>\n\n\n\n<hr class=\"wp-block-separator has-alpha-channel-opacity\"\/>\n\n\n\n<h2 class=\"wp-block-heading has-text-align-center\"><span class=\"ez-toc-section\" id=\"Jannick_RIBAULT_NOGENT_BC\"><\/span><strong>Jannick RIBAULT (NOGENT BC)<\/strong><span class=\"ez-toc-section-end\"><\/span><\/h2>\n\n\n<div class=\"wp-block-image\">\n<figure class=\"aligncenter size-large is-resized\"><img decoding=\"async\" width=\"188\" height=\"221\" data-src=\"https:\/\/centrevaldeloirebasketballpatrimoine.org\/wp-content\/uploads\/2020\/02\/3-Jannick-Ribault-CD-28.jpg\" alt=\"\" class=\"wp-image-1529 lazyload\" style=\"--smush-placeholder-width: 188px; --smush-placeholder-aspect-ratio: 188\/221;width:140px;height:164px\" src=\"data:image\/gif;base64,R0lGODlhAQABAAAAACH5BAEKAAEALAAAAAABAAEAAAICTAEAOw==\" \/><\/figure>\n<\/div>\n\n\n<p class=\"has-text-align-center\"><strong>De juin 2000 \u00e0 mai 2012<\/strong><\/p>\n\n\n\n<hr class=\"wp-block-separator has-alpha-channel-opacity\"\/>\n\n\n\n<h2 class=\"wp-block-heading has-text-align-center\"><span class=\"ez-toc-section\" id=\"Jean-Yves_MAURY_Comite_E_L\"><\/span><strong>Jean-Yves MAURY (Comit\u00e9 E &amp; L)<\/strong><span class=\"ez-toc-section-end\"><\/span><\/h2>\n\n\n<div class=\"wp-block-image\">\n<figure class=\"aligncenter size-large is-resized\"><img decoding=\"async\" width=\"509\" height=\"638\" data-src=\"https:\/\/centrevaldeloirebasketballpatrimoine.org\/wp-content\/uploads\/2020\/12\/28-Maury.jpg\" alt=\"\" class=\"wp-image-10944 lazyload\" style=\"--smush-placeholder-width: 509px; --smush-placeholder-aspect-ratio: 509\/638;width:151px;height:189px\" data-srcset=\"https:\/\/centrevaldeloirebasketballpatrimoine.org\/wp-content\/uploads\/2020\/12\/28-Maury.jpg 509w, https:\/\/centrevaldeloirebasketballpatrimoine.org\/wp-content\/uploads\/2020\/12\/28-Maury-239x300.jpg 239w\" data-sizes=\"(max-width: 509px) 100vw, 509px\" src=\"data:image\/gif;base64,R0lGODlhAQABAAAAACH5BAEKAAEALAAAAAABAAEAAAICTAEAOw==\" \/><\/figure>\n<\/div>\n\n\n<p class=\"has-text-align-center\"><strong>De juin 2012 \u00e0 mai 2020<\/strong><\/p>\n\n\n\n<hr class=\"wp-block-separator has-alpha-channel-opacity\"\/>\n\n\n\n<h2 class=\"wp-block-heading has-text-align-center\"><span class=\"ez-toc-section\" id=\"Jean-Yves_MAURY_Comite_E_L-2\"><\/span><span style=\"background-color:rgba(0, 0, 0, 0);color:#a30012\" class=\"has-inline-color\">Jean-Yves MAURY (Comit\u00e9 E &amp; L)<\/span><span class=\"ez-toc-section-end\"><\/span><\/h2>\n\n\n<div class=\"wp-block-image\">\n<figure class=\"aligncenter size-large is-resized\"><img decoding=\"async\" width=\"509\" height=\"638\" data-src=\"https:\/\/centrevaldeloirebasketballpatrimoine.org\/wp-content\/uploads\/2020\/12\/28-Maury-1.jpg\" alt=\"\" class=\"wp-image-10945 lazyload\" style=\"--smush-placeholder-width: 509px; --smush-placeholder-aspect-ratio: 509\/638;width:156px;height:196px\" data-srcset=\"https:\/\/centrevaldeloirebasketballpatrimoine.org\/wp-content\/uploads\/2020\/12\/28-Maury-1.jpg 509w, https:\/\/centrevaldeloirebasketballpatrimoine.org\/wp-content\/uploads\/2020\/12\/28-Maury-1-239x300.jpg 239w\" data-sizes=\"(max-width: 509px) 100vw, 509px\" src=\"data:image\/gif;base64,R0lGODlhAQABAAAAACH5BAEKAAEALAAAAAABAAEAAAICTAEAOw==\" \/><\/figure>\n<\/div>\n\n\n<p class=\"has-text-align-center\">De juin 2020 \u00e0<\/p>\n\n\n\n<hr class=\"wp-block-separator has-alpha-channel-opacity\"\/>\n\n\n\n<p><strong>Retour sur quelques \u00e9l\u00e9ments historiques du Comit\u00e9 D\u00e9partemental du 28<\/strong><\/p>\n\n\n\n<p>En<strong> <\/strong>1951, deux membres du CD 28 se mettent en qu\u00eate de moyens financiers qui puissent autoriser la r\u00e9alisation d\u2019une salle de sport destin\u00e9e exclusivement et en priorit\u00e9 \u00e0 la pratique du Basketball. Apr\u00e8s plusieurs difficult\u00e9s, le budget est boucl\u00e9 et la salle est construite \u00e0 c\u00f4t\u00e9 de la piscine de Chartres, boulevard de la Courtille. <\/p>\n\n\n\n<p>Au cours de la saison 1957-1958, la ville de Chartres ach\u00e8te le b\u00e2timent qui devient la \u00ab&nbsp;Salle Municipale&nbsp;\u00bb.<\/p>\n\n\n\n<p>Lors de la saison 1954-1955, \u00e0 l\u2019AG annuelle, le ballon offert par la Soci\u00e9t\u00e9 DUBONNET (boisson ap\u00e9ritive), est adress\u00e9 \u00e0 l\u2019US Dammarie.<\/p>\n\n\n\n<p>A partir de la saison 1965, le CD 28 comptabilise chaque saison plus de 500 licenci\u00e9s.<\/p>\n\n\n\n<p>A la fin des ann\u00e9es 60, des dissensions au sein du Comit\u00e9 Directeur ne facilitent pas l\u2019organisation des projets ou des divers Championnats. Les relations sont tendues entre JA Chartres et ASTF Chartres. En Mai 1967, Claude PREVOST de l\u2019ASTF Chartres est \u00e9lu Pr\u00e9sident du CD28 et perd son poste en un an au b\u00e9n\u00e9fice de Bernard MELU du RTS Chartres. Claude PREVOST est soutenu par la JA Chartres.<\/p>\n\n\n\n<p>En 1978, une motion de censure survient \u00e0 l\u2019encontre de Bernard MELU, ce qui le contraint \u00e0 d\u00e9missionner et Jean LEFEVRE lui succ\u00e8de pendant une d\u00e9cennie et la s\u00e9r\u00e9nit\u00e9 revient dans le d\u00e9partement du 28.<\/p>\n\n\n\n<p>En 1988, Pierre SAMBRONI est \u00e9lu Pr\u00e9sident pour trois mandats et restera pendant 12 ans jusqu\u2019\u00e0 ce que la maladie le contraigne \u00e0 d\u00e9missionner. Jannick RIBAULT de NOGENT-LE-ROTROU lui succ\u00e8de pour trois mandats.<\/p>\n\n\n\n<p>Actuellement, Jean-Yves MAURY dirige le basket d\u00e9partemental du 28.<\/p>\n\n\n\n<p>De 1970 \u00e0 2000, le CD 28 va connaitre ses Trente Glorieuses en triplant son nombre de licenci\u00e9s et en organisant notamment deux tournois internationaux f\u00e9minin qui dont d\u00e9couvrir \u00e0 beaucoup d\u2019Eur\u00e9liens, la discipline du Basketball. Cela a provoqu\u00e9 un effet de propagande ind\u00e9niable et actuellement le basket chartrain est au plus haut niveau. <\/p>\n\n\n\n<p class=\"has-text-color has-small-font-size\" style=\"color:#a30000\"><strong><em>Sources : Le Comit\u00e9 D\u00e9partemental de l&rsquo;Eure et Loir (28)<\/em><\/strong><\/p>\n","protected":false},"excerpt":{"rendered":"<p>Les Pr\u00e9sidents de Comit\u00e9 D\u00e9partemental de l\u2019Eure-et-Loir De 1950 \u00e0 1962, le basket d\u00e9partemental \u00e9tait rattach\u00e9 \u00e0 la Ligue de l&rsquo;Ile de France et d\u00e9j\u00e0 en 1956, la F\u00e9d\u00e9ration \u00e9voquait [&hellip;]<\/p>\n","protected":false},"author":6,"featured_media":0,"parent":0,"menu_order":0,"comment_status":"closed","ping_status":"closed","template":"","meta":{"footnotes":""},"class_list":["post-629","page","type-page","status-publish","hentry"],"yoast_head":"<!-- This site is optimized with the Yoast SEO plugin v27.5 - https:\/\/yoast.com\/product\/yoast-seo-wordpress\/ -->\n<title>Pr\u00e9sidents du Comit\u00e9 du 28 - patrimoine<\/title>\n<meta name=\"description\" content=\"Patrimoine historique du basket en r\u00e9gion Centre-Val de Loire.\" \/>\n<meta name=\"robots\" content=\"index, follow, max-snippet:-1, max-image-preview:large, max-video-preview:-1\" \/>\n<link rel=\"canonical\" href=\"https:\/\/centrevaldeloirebasketballpatrimoine.org\/index.php\/28-3\/\" \/>\n<meta property=\"og:locale\" content=\"fr_FR\" \/>\n<meta property=\"og:type\" content=\"article\" \/>\n<meta property=\"og:title\" content=\"Pr\u00e9sidents du Comit\u00e9 du 28 - patrimoine\" \/>\n<meta property=\"og:description\" content=\"Patrimoine historique du basket en r\u00e9gion Centre-Val de Loire.\" \/>\n<meta property=\"og:url\" content=\"https:\/\/centrevaldeloirebasketballpatrimoine.org\/index.php\/28-3\/\" \/>\n<meta property=\"article:publisher\" content=\"https:\/\/www.facebook.com\/LigueBasketCentre\" \/>\n<meta property=\"article:modified_time\" content=\"2024-01-21T13:34:16+00:00\" \/>\n<meta property=\"og:image\" content=\"https:\/\/centrevaldeloirebasketballpatrimoine.org\/wp-content\/uploads\/2020\/02\/Silhouette-LDD-3.jpg\" \/>\n<meta name=\"twitter:card\" content=\"summary_large_image\" \/>\n<meta name=\"twitter:site\" content=\"@BasketCentre\" \/>\n<meta name=\"twitter:label1\" content=\"Dur\u00e9e de lecture estim\u00e9e\" \/>\n\t<meta name=\"twitter:data1\" content=\"5 minutes\" \/>\n<script type=\"application\/ld+json\" class=\"yoast-schema-graph\">{\"@context\":\"https:\\\/\\\/schema.org\",\"@graph\":[{\"@type\":\"WebPage\",\"@id\":\"https:\\\/\\\/centrevaldeloirebasketballpatrimoine.org\\\/index.php\\\/28-3\\\/\",\"url\":\"https:\\\/\\\/centrevaldeloirebasketballpatrimoine.org\\\/index.php\\\/28-3\\\/\",\"name\":\"Pr\u00e9sidents du Comit\u00e9 du 28 - patrimoine\",\"isPartOf\":{\"@id\":\"https:\\\/\\\/centrevaldeloirebasketballpatrimoine.org\\\/#website\"},\"primaryImageOfPage\":{\"@id\":\"https:\\\/\\\/centrevaldeloirebasketballpatrimoine.org\\\/index.php\\\/28-3\\\/#primaryimage\"},\"image\":{\"@id\":\"https:\\\/\\\/centrevaldeloirebasketballpatrimoine.org\\\/index.php\\\/28-3\\\/#primaryimage\"},\"thumbnailUrl\":\"https:\\\/\\\/centrevaldeloirebasketballpatrimoine.org\\\/wp-content\\\/uploads\\\/2020\\\/02\\\/Silhouette-LDD-3.jpg\",\"datePublished\":\"2019-12-17T15:35:47+00:00\",\"dateModified\":\"2024-01-21T13:34:16+00:00\",\"description\":\"Patrimoine historique du basket en r\u00e9gion Centre-Val de Loire.\",\"breadcrumb\":{\"@id\":\"https:\\\/\\\/centrevaldeloirebasketballpatrimoine.org\\\/index.php\\\/28-3\\\/#breadcrumb\"},\"inLanguage\":\"fr-FR\",\"potentialAction\":[{\"@type\":\"ReadAction\",\"target\":[\"https:\\\/\\\/centrevaldeloirebasketballpatrimoine.org\\\/index.php\\\/28-3\\\/\"]}]},{\"@type\":\"ImageObject\",\"inLanguage\":\"fr-FR\",\"@id\":\"https:\\\/\\\/centrevaldeloirebasketballpatrimoine.org\\\/index.php\\\/28-3\\\/#primaryimage\",\"url\":\"https:\\\/\\\/centrevaldeloirebasketballpatrimoine.org\\\/wp-content\\\/uploads\\\/2020\\\/02\\\/Silhouette-LDD-3.jpg\",\"contentUrl\":\"https:\\\/\\\/centrevaldeloirebasketballpatrimoine.org\\\/wp-content\\\/uploads\\\/2020\\\/02\\\/Silhouette-LDD-3.jpg\",\"width\":133,\"height\":175},{\"@type\":\"BreadcrumbList\",\"@id\":\"https:\\\/\\\/centrevaldeloirebasketballpatrimoine.org\\\/index.php\\\/28-3\\\/#breadcrumb\",\"itemListElement\":[{\"@type\":\"ListItem\",\"position\":1,\"name\":\"Accueil\",\"item\":\"https:\\\/\\\/centrevaldeloirebasketballpatrimoine.org\\\/\"},{\"@type\":\"ListItem\",\"position\":2,\"name\":\"Pr\u00e9sidents du Comit\u00e9 du 28\"}]},{\"@type\":\"WebSite\",\"@id\":\"https:\\\/\\\/centrevaldeloirebasketballpatrimoine.org\\\/#website\",\"url\":\"https:\\\/\\\/centrevaldeloirebasketballpatrimoine.org\\\/\",\"name\":\"\",\"description\":\"Site officiel Commission Patrimoine de la Ligue Centre-Val de Loire de BasketBall\",\"publisher\":{\"@id\":\"https:\\\/\\\/centrevaldeloirebasketballpatrimoine.org\\\/#organization\"},\"potentialAction\":[{\"@type\":\"SearchAction\",\"target\":{\"@type\":\"EntryPoint\",\"urlTemplate\":\"https:\\\/\\\/centrevaldeloirebasketballpatrimoine.org\\\/?s={search_term_string}\"},\"query-input\":{\"@type\":\"PropertyValueSpecification\",\"valueRequired\":true,\"valueName\":\"search_term_string\"}}],\"inLanguage\":\"fr-FR\"},{\"@type\":\"Organization\",\"@id\":\"https:\\\/\\\/centrevaldeloirebasketballpatrimoine.org\\\/#organization\",\"name\":\"Patrimoine Basket Ligue Centre-Val de Loire\",\"url\":\"https:\\\/\\\/centrevaldeloirebasketballpatrimoine.org\\\/\",\"logo\":{\"@type\":\"ImageObject\",\"inLanguage\":\"fr-FR\",\"@id\":\"https:\\\/\\\/centrevaldeloirebasketballpatrimoine.org\\\/#\\\/schema\\\/logo\\\/image\\\/\",\"url\":\"https:\\\/\\\/i0.wp.com\\\/centrevaldeloirebasketballpatrimoine.org\\\/wp-content\\\/uploads\\\/2019\\\/06\\\/LigueRegionale-CENTRE-VAL-DE-LOIRE-Vertical-694x1024.jpg?fit=694%2C1024&ssl=1\",\"contentUrl\":\"https:\\\/\\\/i0.wp.com\\\/centrevaldeloirebasketballpatrimoine.org\\\/wp-content\\\/uploads\\\/2019\\\/06\\\/LigueRegionale-CENTRE-VAL-DE-LOIRE-Vertical-694x1024.jpg?fit=694%2C1024&ssl=1\",\"width\":694,\"height\":1024,\"caption\":\"Patrimoine Basket Ligue Centre-Val de Loire\"},\"image\":{\"@id\":\"https:\\\/\\\/centrevaldeloirebasketballpatrimoine.org\\\/#\\\/schema\\\/logo\\\/image\\\/\"},\"sameAs\":[\"https:\\\/\\\/www.facebook.com\\\/LigueBasketCentre\",\"https:\\\/\\\/x.com\\\/BasketCentre\",\"https:\\\/\\\/www.instagram.com\\\/liguebasketcentre\\\/\",\"https:\\\/\\\/www.linkedin.com\\\/company\\\/ligue-du-centre-val-de-loire-de-basketball\"]}]}<\/script>\n<!-- \/ Yoast SEO plugin. -->","yoast_head_json":{"title":"Pr\u00e9sidents du Comit\u00e9 du 28 - patrimoine","description":"Patrimoine historique du basket en r\u00e9gion Centre-Val de Loire.","robots":{"index":"index","follow":"follow","max-snippet":"max-snippet:-1","max-image-preview":"max-image-preview:large","max-video-preview":"max-video-preview:-1"},"canonical":"https:\/\/centrevaldeloirebasketballpatrimoine.org\/index.php\/28-3\/","og_locale":"fr_FR","og_type":"article","og_title":"Pr\u00e9sidents du Comit\u00e9 du 28 - patrimoine","og_description":"Patrimoine historique du basket en r\u00e9gion Centre-Val de Loire.","og_url":"https:\/\/centrevaldeloirebasketballpatrimoine.org\/index.php\/28-3\/","article_publisher":"https:\/\/www.facebook.com\/LigueBasketCentre","article_modified_time":"2024-01-21T13:34:16+00:00","og_image":[{"url":"https:\/\/centrevaldeloirebasketballpatrimoine.org\/wp-content\/uploads\/2020\/02\/Silhouette-LDD-3.jpg","type":"","width":"","height":""}],"twitter_card":"summary_large_image","twitter_site":"@BasketCentre","twitter_misc":{"Dur\u00e9e de lecture estim\u00e9e":"5 minutes"},"schema":{"@context":"https:\/\/schema.org","@graph":[{"@type":"WebPage","@id":"https:\/\/centrevaldeloirebasketballpatrimoine.org\/index.php\/28-3\/","url":"https:\/\/centrevaldeloirebasketballpatrimoine.org\/index.php\/28-3\/","name":"Pr\u00e9sidents du Comit\u00e9 du 28 - patrimoine","isPartOf":{"@id":"https:\/\/centrevaldeloirebasketballpatrimoine.org\/#website"},"primaryImageOfPage":{"@id":"https:\/\/centrevaldeloirebasketballpatrimoine.org\/index.php\/28-3\/#primaryimage"},"image":{"@id":"https:\/\/centrevaldeloirebasketballpatrimoine.org\/index.php\/28-3\/#primaryimage"},"thumbnailUrl":"https:\/\/centrevaldeloirebasketballpatrimoine.org\/wp-content\/uploads\/2020\/02\/Silhouette-LDD-3.jpg","datePublished":"2019-12-17T15:35:47+00:00","dateModified":"2024-01-21T13:34:16+00:00","description":"Patrimoine historique du basket en r\u00e9gion Centre-Val de Loire.","breadcrumb":{"@id":"https:\/\/centrevaldeloirebasketballpatrimoine.org\/index.php\/28-3\/#breadcrumb"},"inLanguage":"fr-FR","potentialAction":[{"@type":"ReadAction","target":["https:\/\/centrevaldeloirebasketballpatrimoine.org\/index.php\/28-3\/"]}]},{"@type":"ImageObject","inLanguage":"fr-FR","@id":"https:\/\/centrevaldeloirebasketballpatrimoine.org\/index.php\/28-3\/#primaryimage","url":"https:\/\/centrevaldeloirebasketballpatrimoine.org\/wp-content\/uploads\/2020\/02\/Silhouette-LDD-3.jpg","contentUrl":"https:\/\/centrevaldeloirebasketballpatrimoine.org\/wp-content\/uploads\/2020\/02\/Silhouette-LDD-3.jpg","width":133,"height":175},{"@type":"BreadcrumbList","@id":"https:\/\/centrevaldeloirebasketballpatrimoine.org\/index.php\/28-3\/#breadcrumb","itemListElement":[{"@type":"ListItem","position":1,"name":"Accueil","item":"https:\/\/centrevaldeloirebasketballpatrimoine.org\/"},{"@type":"ListItem","position":2,"name":"Pr\u00e9sidents du Comit\u00e9 du 28"}]},{"@type":"WebSite","@id":"https:\/\/centrevaldeloirebasketballpatrimoine.org\/#website","url":"https:\/\/centrevaldeloirebasketballpatrimoine.org\/","name":"","description":"Site officiel Commission Patrimoine de la Ligue Centre-Val de Loire de BasketBall","publisher":{"@id":"https:\/\/centrevaldeloirebasketballpatrimoine.org\/#organization"},"potentialAction":[{"@type":"SearchAction","target":{"@type":"EntryPoint","urlTemplate":"https:\/\/centrevaldeloirebasketballpatrimoine.org\/?s={search_term_string}"},"query-input":{"@type":"PropertyValueSpecification","valueRequired":true,"valueName":"search_term_string"}}],"inLanguage":"fr-FR"},{"@type":"Organization","@id":"https:\/\/centrevaldeloirebasketballpatrimoine.org\/#organization","name":"Patrimoine Basket Ligue Centre-Val de Loire","url":"https:\/\/centrevaldeloirebasketballpatrimoine.org\/","logo":{"@type":"ImageObject","inLanguage":"fr-FR","@id":"https:\/\/centrevaldeloirebasketballpatrimoine.org\/#\/schema\/logo\/image\/","url":"https:\/\/i0.wp.com\/centrevaldeloirebasketballpatrimoine.org\/wp-content\/uploads\/2019\/06\/LigueRegionale-CENTRE-VAL-DE-LOIRE-Vertical-694x1024.jpg?fit=694%2C1024&ssl=1","contentUrl":"https:\/\/i0.wp.com\/centrevaldeloirebasketballpatrimoine.org\/wp-content\/uploads\/2019\/06\/LigueRegionale-CENTRE-VAL-DE-LOIRE-Vertical-694x1024.jpg?fit=694%2C1024&ssl=1","width":694,"height":1024,"caption":"Patrimoine Basket Ligue Centre-Val de Loire"},"image":{"@id":"https:\/\/centrevaldeloirebasketballpatrimoine.org\/#\/schema\/logo\/image\/"},"sameAs":["https:\/\/www.facebook.com\/LigueBasketCentre","https:\/\/x.com\/BasketCentre","https:\/\/www.instagram.com\/liguebasketcentre\/","https:\/\/www.linkedin.com\/company\/ligue-du-centre-val-de-loire-de-basketball"]}]}},"_links":{"self":[{"href":"https:\/\/centrevaldeloirebasketballpatrimoine.org\/index.php\/wp-json\/wp\/v2\/pages\/629","targetHints":{"allow":["GET"]}}],"collection":[{"href":"https:\/\/centrevaldeloirebasketballpatrimoine.org\/index.php\/wp-json\/wp\/v2\/pages"}],"about":[{"href":"https:\/\/centrevaldeloirebasketballpatrimoine.org\/index.php\/wp-json\/wp\/v2\/types\/page"}],"author":[{"embeddable":true,"href":"https:\/\/centrevaldeloirebasketballpatrimoine.org\/index.php\/wp-json\/wp\/v2\/users\/6"}],"replies":[{"embeddable":true,"href":"https:\/\/centrevaldeloirebasketballpatrimoine.org\/index.php\/wp-json\/wp\/v2\/comments?post=629"}],"version-history":[{"count":0,"href":"https:\/\/centrevaldeloirebasketballpatrimoine.org\/index.php\/wp-json\/wp\/v2\/pages\/629\/revisions"}],"wp:attachment":[{"href":"https:\/\/centrevaldeloirebasketballpatrimoine.org\/index.php\/wp-json\/wp\/v2\/media?parent=629"}],"curies":[{"name":"wp","href":"https:\/\/api.w.org\/{rel}","templated":true}]}}