{"id":57,"date":"2019-09-17T18:27:15","date_gmt":"2019-09-17T16:27:15","guid":{"rendered":"http:\/\/centrevaldeloirebasketballpatrimoine.org\/?page_id=57"},"modified":"2024-01-21T14:30:26","modified_gmt":"2024-01-21T13:30:26","slug":"les-presidents-de-la-ligue","status":"publish","type":"page","link":"https:\/\/centrevaldeloirebasketballpatrimoine.org\/index.php\/les-presidents-de-la-ligue\/","title":{"rendered":"Les Pr\u00e9sidents de la Ligue"},"content":{"rendered":"<div id=\"mega-menu-wrap-max_mega_menu_1\" class=\"mega-menu-wrap\"><div class=\"mega-menu-toggle\"><div class=\"mega-toggle-blocks-left\"><\/div><div class=\"mega-toggle-blocks-center\"><\/div><div class=\"mega-toggle-blocks-right\"><div class='mega-toggle-block mega-menu-toggle-block mega-toggle-block-1' id='mega-toggle-block-1' tabindex='0'><button class='mega-toggle-standard mega-toggle-label' aria-expanded='false'><span class='mega-toggle-label-closed'>MENU<\/span><span class='mega-toggle-label-open'>MENU<\/span><\/button><\/div><\/div><\/div><ul id=\"mega-menu-max_mega_menu_1\" class=\"mega-menu max-mega-menu mega-menu-horizontal mega-no-js\" data-event=\"hover_intent\" data-effect=\"fade_up\" data-effect-speed=\"200\" data-effect-mobile=\"disabled\" data-effect-speed-mobile=\"0\" data-mobile-force-width=\"false\" data-second-click=\"go\" data-document-click=\"collapse\" data-vertical-behaviour=\"standard\" data-breakpoint=\"600\" data-unbind=\"true\" data-mobile-state=\"collapse_all\" data-mobile-direction=\"vertical\" data-hover-intent-timeout=\"300\" data-hover-intent-interval=\"100\"><li class=\"mega-menu-item mega-menu-item-type-post_type mega-menu-item-object-page mega-align-bottom-left mega-menu-flyout mega-menu-item-131\" id=\"mega-menu-item-131\"><a class=\"mega-menu-link\" href=\"https:\/\/centrevaldeloirebasketballpatrimoine.org\/index.php\/les-presidents-de-la-ligue\/\" tabindex=\"0\">Pr\u00e9sidents Ligue<\/a><\/li><li class=\"mega-menu-item mega-menu-item-type-post_type mega-menu-item-object-page mega-menu-item-has-children mega-align-bottom-left mega-menu-flyout mega-menu-item-132\" id=\"mega-menu-item-132\"><a class=\"mega-menu-link\" href=\"https:\/\/centrevaldeloirebasketballpatrimoine.org\/index.php\/les-presidents-des-comites\/\" aria-expanded=\"false\" tabindex=\"0\">Pr\u00e9sidents Comit\u00e9s<span class=\"mega-indicator\" aria-hidden=\"true\"><\/span><\/a>\n<ul class=\"mega-sub-menu\">\n<li class=\"mega-menu-item mega-menu-item-type-post_type mega-menu-item-object-page mega-menu-item-627\" id=\"mega-menu-item-627\"><a class=\"mega-menu-link\" href=\"https:\/\/centrevaldeloirebasketballpatrimoine.org\/index.php\/18-3\/\">Pr\u00e9sidents du Comit\u00e9 du 18<\/a><\/li><li class=\"mega-menu-item mega-menu-item-type-post_type mega-menu-item-object-page mega-menu-item-631\" id=\"mega-menu-item-631\"><a class=\"mega-menu-link\" href=\"https:\/\/centrevaldeloirebasketballpatrimoine.org\/index.php\/28-3\/\">Pr\u00e9sidents du Comit\u00e9 du 28<\/a><\/li><li class=\"mega-menu-item mega-menu-item-type-post_type mega-menu-item-object-page mega-menu-item-638\" id=\"mega-menu-item-638\"><a class=\"mega-menu-link\" href=\"https:\/\/centrevaldeloirebasketballpatrimoine.org\/index.php\/36-3\/\">Pr\u00e9sidents du Comit\u00e9 du 36<\/a><\/li><li class=\"mega-menu-item mega-menu-item-type-post_type mega-menu-item-object-page mega-menu-item-637\" id=\"mega-menu-item-637\"><a class=\"mega-menu-link\" href=\"https:\/\/centrevaldeloirebasketballpatrimoine.org\/index.php\/37-3\/\">Pr\u00e9sidents du Comit\u00e9 du 37<\/a><\/li><li class=\"mega-menu-item mega-menu-item-type-post_type mega-menu-item-object-page mega-menu-item-644\" id=\"mega-menu-item-644\"><a class=\"mega-menu-link\" href=\"https:\/\/centrevaldeloirebasketballpatrimoine.org\/index.php\/41-3\/\">Pr\u00e9sidents du Comit\u00e9 du 41<\/a><\/li><li class=\"mega-menu-item mega-menu-item-type-post_type mega-menu-item-object-page mega-menu-item-643\" id=\"mega-menu-item-643\"><a class=\"mega-menu-link\" href=\"https:\/\/centrevaldeloirebasketballpatrimoine.org\/index.php\/45-3\/\">Pr\u00e9sidents du Comit\u00e9 du 45<\/a><\/li><\/ul>\n<\/li><li class=\"mega-menu-item mega-menu-item-type-post_type mega-menu-item-object-page mega-menu-item-has-children mega-align-bottom-left mega-menu-flyout mega-menu-item-130\" id=\"mega-menu-item-130\"><a class=\"mega-menu-link\" href=\"https:\/\/centrevaldeloirebasketballpatrimoine.org\/index.php\/les-joueuses-et-les-joueurs\/\" aria-expanded=\"false\" tabindex=\"0\">Joueurs<span class=\"mega-indicator\" aria-hidden=\"true\"><\/span><\/a>\n<ul class=\"mega-sub-menu\">\n<li class=\"mega-menu-item mega-menu-item-type-post_type mega-menu-item-object-page mega-menu-item-662\" id=\"mega-menu-item-662\"><a class=\"mega-menu-link\" href=\"https:\/\/centrevaldeloirebasketballpatrimoine.org\/index.php\/les-joueurs-nationaux\/\">Les Joueurs Nationaux<\/a><\/li><li class=\"mega-menu-item mega-menu-item-type-post_type mega-menu-item-object-page mega-menu-item-661\" id=\"mega-menu-item-661\"><a class=\"mega-menu-link\" href=\"https:\/\/centrevaldeloirebasketballpatrimoine.org\/index.php\/les-joueurs-internationaux\/\">Les Joueurs Internationaux<\/a><\/li><\/ul>\n<\/li><li class=\"mega-menu-item mega-menu-item-type-post_type mega-menu-item-object-page mega-menu-item-has-children mega-align-bottom-left mega-menu-flyout mega-menu-item-647\" id=\"mega-menu-item-647\"><a class=\"mega-menu-link\" href=\"https:\/\/centrevaldeloirebasketballpatrimoine.org\/index.php\/joueuses\/\" aria-expanded=\"false\" tabindex=\"0\">Joueuses<span class=\"mega-indicator\" aria-hidden=\"true\"><\/span><\/a>\n<ul class=\"mega-sub-menu\">\n<li class=\"mega-menu-item mega-menu-item-type-post_type mega-menu-item-object-page mega-menu-item-664\" id=\"mega-menu-item-664\"><a class=\"mega-menu-link\" href=\"https:\/\/centrevaldeloirebasketballpatrimoine.org\/index.php\/les-joueuses-nationales\/\">Les Joueuses Nationales<\/a><\/li><li class=\"mega-menu-item mega-menu-item-type-post_type mega-menu-item-object-page mega-menu-item-663\" id=\"mega-menu-item-663\"><a class=\"mega-menu-link\" href=\"https:\/\/centrevaldeloirebasketballpatrimoine.org\/index.php\/les-joueuses-internationales\/\">Les Joueuses Internationales<\/a><\/li><\/ul>\n<\/li><li class=\"mega-menu-item mega-menu-item-type-post_type mega-menu-item-object-page mega-menu-item-has-children mega-align-bottom-left mega-menu-flyout mega-menu-item-128\" id=\"mega-menu-item-128\"><a class=\"mega-menu-link\" href=\"https:\/\/centrevaldeloirebasketballpatrimoine.org\/index.php\/les-arbitres-et-les-officiels\/\" aria-expanded=\"false\" tabindex=\"0\">Arbitres<span class=\"mega-indicator\" aria-hidden=\"true\"><\/span><\/a>\n<ul class=\"mega-sub-menu\">\n<li class=\"mega-menu-item mega-menu-item-type-post_type mega-menu-item-object-page mega-menu-item-983\" id=\"mega-menu-item-983\"><a class=\"mega-menu-link\" href=\"https:\/\/centrevaldeloirebasketballpatrimoine.org\/index.php\/les-arbitres-nationaux\/\">Les Arbitres Nationaux<\/a><\/li><li class=\"mega-menu-item mega-menu-item-type-post_type mega-menu-item-object-page mega-menu-item-982\" id=\"mega-menu-item-982\"><a class=\"mega-menu-link\" href=\"https:\/\/centrevaldeloirebasketballpatrimoine.org\/index.php\/les-arbitres-internationaux\/\">Les Arbitres Internationaux<\/a><\/li><\/ul>\n<\/li><li class=\"mega-menu-item mega-menu-item-type-post_type mega-menu-item-object-page mega-menu-item-has-children mega-align-bottom-left mega-menu-flyout mega-menu-item-129\" id=\"mega-menu-item-129\"><a class=\"mega-menu-link\" href=\"https:\/\/centrevaldeloirebasketballpatrimoine.org\/index.php\/les-entraineurs\/\" aria-expanded=\"false\" tabindex=\"0\">Entraineurs<span class=\"mega-indicator\" aria-hidden=\"true\"><\/span><\/a>\n<ul class=\"mega-sub-menu\">\n<li class=\"mega-menu-item mega-menu-item-type-post_type mega-menu-item-object-page mega-menu-item-2152\" id=\"mega-menu-item-2152\"><a class=\"mega-menu-link\" href=\"https:\/\/centrevaldeloirebasketballpatrimoine.org\/index.php\/conseillers-techniques-regionaux\/\">Conseillers Techniques R\u00e9gionaux<\/a><\/li><\/ul>\n<\/li><li class=\"mega-menu-item mega-menu-item-type-post_type mega-menu-item-object-page mega-align-bottom-left mega-menu-flyout mega-menu-item-1713\" id=\"mega-menu-item-1713\"><a class=\"mega-menu-link\" href=\"https:\/\/centrevaldeloirebasketballpatrimoine.org\/index.php\/figures-marquantes\/\" tabindex=\"0\">Figures marquantes<\/a><\/li><li class=\"mega-menu-item mega-menu-item-type-post_type mega-menu-item-object-page mega-menu-item-1027\" id=\"mega-menu-item-1027\"><a class=\"mega-menu-link\" href=\"https:\/\/centrevaldeloirebasketballpatrimoine.org\/index.php\/les-officiels-nationaux\/\" tabindex=\"0\">Les Officiels Nationaux<\/a><\/li><\/ul><\/div>\n\n\n\n<div id=\"ez-toc-container\" class=\"ez-toc-v2_0_74 counter-hierarchy ez-toc-counter ez-toc-grey ez-toc-container-direction\">\n<p class=\"ez-toc-title\" style=\"cursor:inherit\">Table of Contents<\/p>\n<label for=\"ez-toc-cssicon-toggle-item-69f5b0fd17b30\" class=\"ez-toc-cssicon-toggle-label\"><span class=\"\"><span class=\"eztoc-hide\" style=\"display:none;\">Toggle<\/span><span class=\"ez-toc-icon-toggle-span\"><svg style=\"fill: #999;color:#999\" xmlns=\"http:\/\/www.w3.org\/2000\/svg\" class=\"list-377408\" width=\"20px\" height=\"20px\" viewBox=\"0 0 24 24\" fill=\"none\"><path d=\"M6 6H4v2h2V6zm14 0H8v2h12V6zM4 11h2v2H4v-2zm16 0H8v2h12v-2zM4 16h2v2H4v-2zm16 0H8v2h12v-2z\" fill=\"currentColor\"><\/path><\/svg><svg style=\"fill: #999;color:#999\" class=\"arrow-unsorted-368013\" xmlns=\"http:\/\/www.w3.org\/2000\/svg\" width=\"10px\" height=\"10px\" viewBox=\"0 0 24 24\" version=\"1.2\" baseProfile=\"tiny\"><path d=\"M18.2 9.3l-6.2-6.3-6.2 6.3c-.2.2-.3.4-.3.7s.1.5.3.7c.2.2.4.3.7.3h11c.3 0 .5-.1.7-.3.2-.2.3-.5.3-.7s-.1-.5-.3-.7zM5.8 14.7l6.2 6.3 6.2-6.3c.2-.2.3-.5.3-.7s-.1-.5-.3-.7c-.2-.2-.4-.3-.7-.3h-11c-.3 0-.5.1-.7.3-.2.2-.3.5-.3.7s.1.5.3.7z\"\/><\/svg><\/span><\/span><\/label><input type=\"checkbox\"  id=\"ez-toc-cssicon-toggle-item-69f5b0fd17b30\"  aria-label=\"Toggle\" \/><nav><ul class='ez-toc-list ez-toc-list-level-1 ' ><li class='ez-toc-page-1 ez-toc-heading-level-2'><a class=\"ez-toc-link ez-toc-heading-1\" href=\"https:\/\/centrevaldeloirebasketballpatrimoine.org\/index.php\/les-presidents-de-la-ligue\/#Les_Presidents_de_la_Ligue_du_Centre\" >Les Pr\u00e9sidents de la Ligue du Centre<\/a><ul class='ez-toc-list-level-3' ><li class='ez-toc-heading-level-3'><a class=\"ez-toc-link ez-toc-heading-2\" href=\"https:\/\/centrevaldeloirebasketballpatrimoine.org\/index.php\/les-presidents-de-la-ligue\/#Comite_de_lOrleanais\" >Comit\u00e9 de l\u2019Orl\u00e9anais<\/a><\/li><li class='ez-toc-page-1 ez-toc-heading-level-3'><a class=\"ez-toc-link ez-toc-heading-3\" href=\"https:\/\/centrevaldeloirebasketballpatrimoine.org\/index.php\/les-presidents-de-la-ligue\/#Cher_Indre_Indre_et_Loire_Loir_et_Cher_et_Loiret\" >(Cher, Indre, Indre et Loire, Loir et Cher et Loiret)<\/a><ul class='ez-toc-list-level-4' ><li class='ez-toc-heading-level-4'><a class=\"ez-toc-link ez-toc-heading-4\" href=\"https:\/\/centrevaldeloirebasketballpatrimoine.org\/index.php\/les-presidents-de-la-ligue\/#Robert_GALLON_de_1945_a_1952\" >Robert GALLON de 1945 \u00e0 1952<\/a><\/li><\/ul><\/li><li class='ez-toc-page-1 ez-toc-heading-level-3'><a class=\"ez-toc-link ez-toc-heading-5\" href=\"https:\/\/centrevaldeloirebasketballpatrimoine.org\/index.php\/les-presidents-de-la-ligue\/#Ligue_de_lOrleanais\" >Ligue de l\u2019Orl\u00e9anais<\/a><\/li><li class='ez-toc-page-1 ez-toc-heading-level-3'><a class=\"ez-toc-link ez-toc-heading-6\" href=\"https:\/\/centrevaldeloirebasketballpatrimoine.org\/index.php\/les-presidents-de-la-ligue\/#Cher_Loir_et_Cher_Loiret\" >(Cher, Loir et Cher, Loiret)<\/a><ul class='ez-toc-list-level-4' ><li class='ez-toc-heading-level-4'><a class=\"ez-toc-link ez-toc-heading-7\" href=\"https:\/\/centrevaldeloirebasketballpatrimoine.org\/index.php\/les-presidents-de-la-ligue\/#Pierre_MINOUFLET_de_1952_a_1960\" >Pierre MINOUFLET de 1952 \u00e0 1960<\/a><\/li><li class='ez-toc-page-1 ez-toc-heading-level-4'><a class=\"ez-toc-link ez-toc-heading-8\" href=\"https:\/\/centrevaldeloirebasketballpatrimoine.org\/index.php\/les-presidents-de-la-ligue\/#Marcel_JORIOT_de_1960_a_1962\" >Marcel JORIOT de 1960 \u00e0 1962<\/a><\/li><\/ul><\/li><li class='ez-toc-page-1 ez-toc-heading-level-3'><a class=\"ez-toc-link ez-toc-heading-9\" href=\"https:\/\/centrevaldeloirebasketballpatrimoine.org\/index.php\/les-presidents-de-la-ligue\/#Ligue_de_Touraine\" >Ligue de Touraine<\/a><\/li><li class='ez-toc-page-1 ez-toc-heading-level-3'><a class=\"ez-toc-link ez-toc-heading-10\" href=\"https:\/\/centrevaldeloirebasketballpatrimoine.org\/index.php\/les-presidents-de-la-ligue\/#Indre_et_Indre_et_Loire\" >(Indre et Indre et Loire)<\/a><ul class='ez-toc-list-level-4' ><li class='ez-toc-heading-level-4'><a class=\"ez-toc-link ez-toc-heading-11\" href=\"https:\/\/centrevaldeloirebasketballpatrimoine.org\/index.php\/les-presidents-de-la-ligue\/#Guy_MARIE_de_1957_a_1962\" >Guy MARIE de 1957 \u00e0 1962<\/a><\/li><\/ul><\/li><li class='ez-toc-page-1 ez-toc-heading-level-3'><a class=\"ez-toc-link ez-toc-heading-12\" href=\"https:\/\/centrevaldeloirebasketballpatrimoine.org\/index.php\/les-presidents-de-la-ligue\/#Region_Federale_du_Centre\" >R\u00e9gion F\u00e9d\u00e9rale du Centre<\/a><ul class='ez-toc-list-level-4' ><li class='ez-toc-heading-level-4'><a class=\"ez-toc-link ez-toc-heading-13\" href=\"https:\/\/centrevaldeloirebasketballpatrimoine.org\/index.php\/les-presidents-de-la-ligue\/#Marcel_JORIOT_de_1962_a_1966\" >Marcel JORIOT de 1962 \u00e0 1966<\/a><\/li><li class='ez-toc-page-1 ez-toc-heading-level-4'><a class=\"ez-toc-link ez-toc-heading-14\" href=\"https:\/\/centrevaldeloirebasketballpatrimoine.org\/index.php\/les-presidents-de-la-ligue\/#Guy_MARIE_de_1966_a_1967\" >Guy MARIE de 1966 \u00e0 1967<\/a><\/li><li class='ez-toc-page-1 ez-toc-heading-level-4'><a class=\"ez-toc-link ez-toc-heading-15\" href=\"https:\/\/centrevaldeloirebasketballpatrimoine.org\/index.php\/les-presidents-de-la-ligue\/#Marcel_JORIOT_de_1967_a_1976\" >Marcel JORIOT de 1967 \u00e0 1976<\/a><\/li><li class='ez-toc-page-1 ez-toc-heading-level-4'><a class=\"ez-toc-link ez-toc-heading-16\" href=\"https:\/\/centrevaldeloirebasketballpatrimoine.org\/index.php\/les-presidents-de-la-ligue\/#Andre_LARUELLE_de_1976_a_1980\" >Andr\u00e9 LARUELLE de 1976 \u00e0 1980<\/a><\/li><li class='ez-toc-page-1 ez-toc-heading-level-4'><a class=\"ez-toc-link ez-toc-heading-17\" href=\"https:\/\/centrevaldeloirebasketballpatrimoine.org\/index.php\/les-presidents-de-la-ligue\/#Roger_THILLOT_de_1980_a_1986\" >Roger THILLOT de 1980 \u00e0 1986<\/a><\/li><li class='ez-toc-page-1 ez-toc-heading-level-4'><a class=\"ez-toc-link ez-toc-heading-18\" href=\"https:\/\/centrevaldeloirebasketballpatrimoine.org\/index.php\/les-presidents-de-la-ligue\/#Jean-Claude_BOIS\" >Jean-Claude BOIS<\/a><\/li><li class='ez-toc-page-1 ez-toc-heading-level-4'><a class=\"ez-toc-link ez-toc-heading-19\" href=\"https:\/\/centrevaldeloirebasketballpatrimoine.org\/index.php\/les-presidents-de-la-ligue\/#Vice-President_delegue_saison_1985_1986\" >Vice-Pr\u00e9sident d\u00e9l\u00e9gu\u00e9 saison 1985 \/ 1986<\/a><\/li><li class='ez-toc-page-1 ez-toc-heading-level-4'><a class=\"ez-toc-link ez-toc-heading-20\" href=\"https:\/\/centrevaldeloirebasketballpatrimoine.org\/index.php\/les-presidents-de-la-ligue\/#Jean-Claude_BOIS_de_1986_a_1996\" >Jean-Claude BOIS de 1986 \u00e0 1996<\/a><\/li><li class='ez-toc-page-1 ez-toc-heading-level-4'><a class=\"ez-toc-link ez-toc-heading-21\" href=\"https:\/\/centrevaldeloirebasketballpatrimoine.org\/index.php\/les-presidents-de-la-ligue\/#Jacky_RAVIER_de_1996_a_2004\" >Jacky RAVIER de 1996 \u00e0 2004<\/a><\/li><li class='ez-toc-page-1 ez-toc-heading-level-4'><a class=\"ez-toc-link ez-toc-heading-22\" href=\"https:\/\/centrevaldeloirebasketballpatrimoine.org\/index.php\/les-presidents-de-la-ligue\/#Alain_HENAULT_de_2004_a_2012\" >Alain HENAULT de 2004 \u00e0 2012<\/a><\/li><li class='ez-toc-page-1 ez-toc-heading-level-4'><a class=\"ez-toc-link ez-toc-heading-23\" href=\"https:\/\/centrevaldeloirebasketballpatrimoine.org\/index.php\/les-presidents-de-la-ligue\/#Alain_BOYER_de_2012_a_2013\" >Alain BOYER de 2012 \u00e0 2013<\/a><\/li><li class='ez-toc-page-1 ez-toc-heading-level-4'><a class=\"ez-toc-link ez-toc-heading-24\" href=\"https:\/\/centrevaldeloirebasketballpatrimoine.org\/index.php\/les-presidents-de-la-ligue\/#Jannick_RIBAULT_de_2013_a_2020\" >Jannick RIBAULT de 2013 \u00e0 2020<\/a><\/li><li class='ez-toc-page-1 ez-toc-heading-level-4'><a class=\"ez-toc-link ez-toc-heading-25\" href=\"https:\/\/centrevaldeloirebasketballpatrimoine.org\/index.php\/les-presidents-de-la-ligue\/#Dominique_TILLAY_de_2020_a_aujourdhui\" >Dominique TILLAY de 2020 \u00e0 aujourd&rsquo;hui<\/a><\/li><\/ul><\/li><\/ul><\/li><\/ul><\/nav><\/div>\n<h2 class=\"wp-block-heading has-text-align-center\"><span class=\"ez-toc-section\" id=\"Les_Presidents_de_la_Ligue_du_Centre\"><\/span><strong>Les Pr\u00e9sidents de la Ligue du Centre<\/strong><span class=\"ez-toc-section-end\"><\/span><\/h2>\n\n\n\n<p>Le 8 juillet 1945, sous la Pr\u00e9sidence de Robert Gallon, est cr\u00e9\u00e9 le Comit\u00e9 de l\u2019Orl\u00e9anais regroupant les 5 d\u00e9partements du Cher, de l\u2019Indre, de l\u2019Indre et Loire, du Loir et Cher et du Loiret.<\/p>\n\n\n\n<p>En 1952, le basket r\u00e9gional s\u2019organise au sein de la \u00ab&nbsp;Ligue de l\u2019Orl\u00e9anais&nbsp;\u00bb. Une scission se produit en juin 1957 et la Ligue de Touraine regroupe les d\u00e9partements de l\u2019Indre, l\u2019Indre et Loire, tandis que la Ligue de l\u2019Orl\u00e9anais conserve le Cher, le Loir et Cher et le Loiret. <\/p>\n\n\n\n<p>1962 voit la cr\u00e9ation de la R\u00e9gion F\u00e9d\u00e9rale du Centre avec le regroupement des cinq d\u00e9partements pr\u00e9cit\u00e9s auxquels se joint l\u2019Eure et Loir s\u2019alignant ainsi sur le d\u00e9coupage administratif de la R\u00e9gion Centre. La R\u00e9gion F\u00e9d\u00e9rale prendra ensuite l\u2019appellation \u00ab Ligue du Centre&nbsp;\u00bb qui est devenue aujourd\u2019hui Ligue du Centre Val de Loire.<\/p>\n\n\n\n<h3 class=\"wp-block-heading has-text-align-center\"><span class=\"ez-toc-section\" id=\"Comite_de_lOrleanais\"><\/span><strong>Comit\u00e9 de l\u2019Orl\u00e9anais <\/strong><span class=\"ez-toc-section-end\"><\/span><\/h3>\n\n\n\n<h3 class=\"wp-block-heading has-text-align-center\"><span class=\"ez-toc-section\" id=\"Cher_Indre_Indre_et_Loire_Loir_et_Cher_et_Loiret\"><\/span><strong>(Cher, Indre, Indre et Loire, Loir et Cher et Loiret)<\/strong><span class=\"ez-toc-section-end\"><\/span><\/h3>\n\n\n\n<h4 class=\"wp-block-heading has-text-align-center\"><span class=\"ez-toc-section\" id=\"Robert_GALLON_de_1945_a_1952\"><\/span><strong>Robert GALLON<\/strong> de 1945 \u00e0 1952  <span class=\"ez-toc-section-end\"><\/span><\/h4>\n\n\n<div class=\"wp-block-image\">\n<figure class=\"aligncenter size-large\"><img decoding=\"async\" width=\"156\" height=\"174\" data-src=\"https:\/\/centrevaldeloirebasketballpatrimoine.org\/wp-content\/uploads\/2020\/04\/Robert-Gallon.jpg\" alt=\"\" class=\"wp-image-2222 lazyload\" src=\"data:image\/gif;base64,R0lGODlhAQABAAAAACH5BAEKAAEALAAAAAABAAEAAAICTAEAOw==\" style=\"--smush-placeholder-width: 156px; --smush-placeholder-aspect-ratio: 156\/174;\" \/><\/figure>\n<\/div>\n\n\n<hr class=\"wp-block-separator has-alpha-channel-opacity\"\/>\n\n\n\n<h3 class=\"wp-block-heading has-text-align-center\"><span class=\"ez-toc-section\" id=\"Ligue_de_lOrleanais\"><\/span><strong>Ligue de l\u2019Orl\u00e9anais <\/strong><span class=\"ez-toc-section-end\"><\/span><\/h3>\n\n\n\n<h3 class=\"wp-block-heading has-text-align-center\"><span class=\"ez-toc-section\" id=\"Cher_Loir_et_Cher_Loiret\"><\/span><strong>(Cher, Loir et Cher, Loiret)<\/strong><span class=\"ez-toc-section-end\"><\/span><\/h3>\n\n\n\n<h4 class=\"wp-block-heading has-text-align-center\"><span class=\"ez-toc-section\" id=\"Pierre_MINOUFLET_de_1952_a_1960\"><\/span><strong>Pierre MINOUFLET <\/strong>de 1952 \u00e0 1960<span class=\"ez-toc-section-end\"><\/span><\/h4>\n\n\n<div class=\"wp-block-image\">\n<figure class=\"aligncenter size-large is-resized\"><img decoding=\"async\" width=\"181\" height=\"248\" data-src=\"https:\/\/centrevaldeloirebasketballpatrimoine.org\/wp-content\/uploads\/2020\/01\/1-Pierre-MINOUFLET-1952-1960.jpg\" alt=\"\" class=\"wp-image-1120 lazyload\" style=\"--smush-placeholder-width: 181px; --smush-placeholder-aspect-ratio: 181\/248;width:123px;height:168px\" src=\"data:image\/gif;base64,R0lGODlhAQABAAAAACH5BAEKAAEALAAAAAABAAEAAAICTAEAOw==\" \/><\/figure>\n<\/div>\n\n\n<hr class=\"wp-block-separator has-alpha-channel-opacity\"\/>\n\n\n\n<h4 class=\"wp-block-heading has-text-align-center\"><span class=\"ez-toc-section\" id=\"Marcel_JORIOT_de_1960_a_1962\"><\/span><strong>Marcel JORIOT<\/strong> de 1960 \u00e0 1962<span class=\"ez-toc-section-end\"><\/span><\/h4>\n\n\n<div class=\"wp-block-image\">\n<figure class=\"aligncenter size-large is-resized\"><img decoding=\"async\" width=\"203\" height=\"138\" data-src=\"https:\/\/centrevaldeloirebasketballpatrimoine.org\/wp-content\/uploads\/2020\/01\/2-Marcel-JORIOT-1960-1962.jpg\" alt=\"\" class=\"wp-image-1121 lazyload\" style=\"--smush-placeholder-width: 203px; --smush-placeholder-aspect-ratio: 203\/138;width:194px;height:132px\" src=\"data:image\/gif;base64,R0lGODlhAQABAAAAACH5BAEKAAEALAAAAAABAAEAAAICTAEAOw==\" \/><\/figure>\n<\/div>\n\n\n<hr class=\"wp-block-separator has-alpha-channel-opacity\"\/>\n\n\n\n<h3 class=\"wp-block-heading has-text-align-center\"><span class=\"ez-toc-section\" id=\"Ligue_de_Touraine\"><\/span><strong>Ligue de Touraine <\/strong><span class=\"ez-toc-section-end\"><\/span><\/h3>\n\n\n\n<h3 class=\"wp-block-heading has-text-align-center\"><span class=\"ez-toc-section\" id=\"Indre_et_Indre_et_Loire\"><\/span><strong>(Indre et Indre et Loire)<\/strong><span class=\"ez-toc-section-end\"><\/span><\/h3>\n\n\n\n<h4 class=\"wp-block-heading has-text-align-center\"><span class=\"ez-toc-section\" id=\"Guy_MARIE_de_1957_a_1962\"><\/span><strong>Guy MARIE<\/strong> de 1957 \u00e0 1962<span class=\"ez-toc-section-end\"><\/span><\/h4>\n\n\n<div class=\"wp-block-image\">\n<figure class=\"aligncenter size-large is-resized\"><img decoding=\"async\" width=\"83\" height=\"90\" data-src=\"https:\/\/centrevaldeloirebasketballpatrimoine.org\/wp-content\/uploads\/2020\/01\/3-Guy-MARIE-1957-1962.jpg\" alt=\"\" class=\"wp-image-1123 lazyload\" style=\"--smush-placeholder-width: 83px; --smush-placeholder-aspect-ratio: 83\/90;width:108px;height:117px\" src=\"data:image\/gif;base64,R0lGODlhAQABAAAAACH5BAEKAAEALAAAAAABAAEAAAICTAEAOw==\" \/><\/figure>\n<\/div>\n\n\n<hr class=\"wp-block-separator has-alpha-channel-opacity\"\/>\n\n\n\n<h3 class=\"wp-block-heading has-text-align-center\"><span class=\"ez-toc-section\" id=\"Region_Federale_du_Centre\"><\/span><strong>R\u00e9gion F\u00e9d\u00e9rale du Centre <\/strong><span class=\"ez-toc-section-end\"><\/span><\/h3>\n\n\n\n<p class=\"has-text-align-center\"><strong>(Cher, Eure et Loir, Indre, Indre et Loire, Loir et Cher, Loiret)<\/strong><\/p>\n\n\n\n<h4 class=\"wp-block-heading has-text-align-center\"><span class=\"ez-toc-section\" id=\"Marcel_JORIOT_de_1962_a_1966\"><\/span> <strong>Marcel JORIOT<\/strong> de 1962 \u00e0 1966<span class=\"ez-toc-section-end\"><\/span><\/h4>\n\n\n<div class=\"wp-block-image\">\n<figure class=\"aligncenter size-large is-resized\"><img decoding=\"async\" width=\"203\" height=\"138\" data-src=\"https:\/\/centrevaldeloirebasketballpatrimoine.org\/wp-content\/uploads\/2020\/01\/2-Marcel-JORIOT-1960-1962.jpg\" alt=\"\" class=\"wp-image-1121 lazyload\" style=\"--smush-placeholder-width: 203px; --smush-placeholder-aspect-ratio: 203\/138;width:194px;height:132px\" src=\"data:image\/gif;base64,R0lGODlhAQABAAAAACH5BAEKAAEALAAAAAABAAEAAAICTAEAOw==\" \/><\/figure>\n<\/div>\n\n\n<hr class=\"wp-block-separator has-alpha-channel-opacity\"\/>\n\n\n\n<h4 class=\"wp-block-heading has-text-align-center\"><span class=\"ez-toc-section\" id=\"Guy_MARIE_de_1966_a_1967\"><\/span><strong>Guy MARIE <\/strong>de 1966 \u00e0 1967<span class=\"ez-toc-section-end\"><\/span><\/h4>\n\n\n<div class=\"wp-block-image\">\n<figure class=\"aligncenter size-large is-resized\"><img decoding=\"async\" width=\"83\" height=\"90\" data-src=\"https:\/\/centrevaldeloirebasketballpatrimoine.org\/wp-content\/uploads\/2020\/01\/3-Guy-MARIE-1957-1962.jpg\" alt=\"\" class=\"wp-image-1123 lazyload\" style=\"--smush-placeholder-width: 83px; --smush-placeholder-aspect-ratio: 83\/90;width:108px;height:117px\" src=\"data:image\/gif;base64,R0lGODlhAQABAAAAACH5BAEKAAEALAAAAAABAAEAAAICTAEAOw==\" \/><\/figure>\n<\/div>\n\n\n<hr class=\"wp-block-separator has-alpha-channel-opacity\"\/>\n\n\n\n<h4 class=\"wp-block-heading has-text-align-center\"><span class=\"ez-toc-section\" id=\"Marcel_JORIOT_de_1967_a_1976\"><\/span><strong>Marcel JORIOT<\/strong> de 1967 \u00e0 1976<span class=\"ez-toc-section-end\"><\/span><\/h4>\n\n\n<div class=\"wp-block-image\">\n<figure class=\"aligncenter size-large is-resized\"><img decoding=\"async\" width=\"203\" height=\"138\" data-src=\"https:\/\/centrevaldeloirebasketballpatrimoine.org\/wp-content\/uploads\/2020\/01\/2-Marcel-JORIOT-1960-1962.jpg\" alt=\"\" class=\"wp-image-1121 lazyload\" style=\"--smush-placeholder-width: 203px; --smush-placeholder-aspect-ratio: 203\/138;width:194px;height:132px\" src=\"data:image\/gif;base64,R0lGODlhAQABAAAAACH5BAEKAAEALAAAAAABAAEAAAICTAEAOw==\" \/><\/figure>\n<\/div>\n\n\n<hr class=\"wp-block-separator has-alpha-channel-opacity\"\/>\n\n\n\n<h4 class=\"wp-block-heading has-text-align-center\"><span class=\"ez-toc-section\" id=\"Andre_LARUELLE_de_1976_a_1980\"><\/span><strong>Andr\u00e9 LARUELLE<\/strong> de 1976 \u00e0 1980<span class=\"ez-toc-section-end\"><\/span><\/h4>\n\n\n<div class=\"wp-block-image\">\n<figure class=\"aligncenter size-large is-resized\"><img decoding=\"async\" width=\"174\" height=\"235\" data-src=\"https:\/\/centrevaldeloirebasketballpatrimoine.org\/wp-content\/uploads\/2020\/01\/4-Andr\u00e9-LARUELLE-1976-1980.jpg\" alt=\"\" class=\"wp-image-1125 lazyload\" style=\"--smush-placeholder-width: 174px; --smush-placeholder-aspect-ratio: 174\/235;width:101px;height:136px\" src=\"data:image\/gif;base64,R0lGODlhAQABAAAAACH5BAEKAAEALAAAAAABAAEAAAICTAEAOw==\" \/><\/figure>\n<\/div>\n\n\n<hr class=\"wp-block-separator has-alpha-channel-opacity\"\/>\n\n\n\n<h4 class=\"wp-block-heading has-text-align-center\"><span class=\"ez-toc-section\" id=\"Roger_THILLOT_de_1980_a_1986\"><\/span><strong>Roger THILLOT<\/strong> de 1980 \u00e0 1986<span class=\"ez-toc-section-end\"><\/span><\/h4>\n\n\n<div class=\"wp-block-image\">\n<figure class=\"aligncenter size-large is-resized\"><img decoding=\"async\" width=\"167\" height=\"199\" data-src=\"https:\/\/centrevaldeloirebasketballpatrimoine.org\/wp-content\/uploads\/2020\/01\/5-Roger-THILLOT-1980-1986.jpg\" alt=\"\" class=\"wp-image-1126 lazyload\" style=\"--smush-placeholder-width: 167px; --smush-placeholder-aspect-ratio: 167\/199;width:105px;height:125px\" src=\"data:image\/gif;base64,R0lGODlhAQABAAAAACH5BAEKAAEALAAAAAABAAEAAAICTAEAOw==\" \/><\/figure>\n<\/div>\n\n\n<hr class=\"wp-block-separator has-alpha-channel-opacity\"\/>\n\n\n\n<h4 class=\"wp-block-heading has-text-align-center\"><span class=\"ez-toc-section\" id=\"Jean-Claude_BOIS\"><\/span><strong>Jean-Claude BOIS<\/strong> <span class=\"ez-toc-section-end\"><\/span><\/h4>\n\n\n\n<h4 class=\"wp-block-heading has-text-align-center\"><span class=\"ez-toc-section\" id=\"Vice-President_delegue_saison_1985_1986\"><\/span>Vice-Pr\u00e9sident d\u00e9l\u00e9gu\u00e9 saison 1985 \/ 1986<span class=\"ez-toc-section-end\"><\/span><\/h4>\n\n\n<div class=\"wp-block-image\">\n<figure class=\"aligncenter size-large is-resized\"><img decoding=\"async\" width=\"184\" height=\"187\" data-src=\"https:\/\/centrevaldeloirebasketballpatrimoine.org\/wp-content\/uploads\/2020\/01\/6-Jean-Claude-BOIS.jpg\" alt=\"\" class=\"wp-image-1128 lazyload\" style=\"--smush-placeholder-width: 184px; --smush-placeholder-aspect-ratio: 184\/187;width:150px;height:152px\" src=\"data:image\/gif;base64,R0lGODlhAQABAAAAACH5BAEKAAEALAAAAAABAAEAAAICTAEAOw==\" \/><\/figure>\n<\/div>\n\n\n<hr class=\"wp-block-separator has-alpha-channel-opacity\"\/>\n\n\n\n<h4 class=\"wp-block-heading has-text-align-center\"><span class=\"ez-toc-section\" id=\"Jean-Claude_BOIS_de_1986_a_1996\"><\/span><strong>Jean-Claude BOIS<\/strong> de 1986 \u00e0 1996<span class=\"ez-toc-section-end\"><\/span><\/h4>\n\n\n<div class=\"wp-block-image\">\n<figure class=\"aligncenter size-large is-resized\"><img decoding=\"async\" width=\"184\" height=\"187\" data-src=\"https:\/\/centrevaldeloirebasketballpatrimoine.org\/wp-content\/uploads\/2020\/01\/6-Jean-Claude-BOIS.jpg\" alt=\"\" class=\"wp-image-1128 lazyload\" style=\"--smush-placeholder-width: 184px; --smush-placeholder-aspect-ratio: 184\/187;width:150px;height:152px\" src=\"data:image\/gif;base64,R0lGODlhAQABAAAAACH5BAEKAAEALAAAAAABAAEAAAICTAEAOw==\" \/><\/figure>\n<\/div>\n\n\n<hr class=\"wp-block-separator has-alpha-channel-opacity\"\/>\n\n\n\n<h4 class=\"wp-block-heading has-text-align-center\"><span class=\"ez-toc-section\" id=\"Jacky_RAVIER_de_1996_a_2004\"><\/span><strong>Jacky RAVIER<\/strong> de 1996 \u00e0 2004<span class=\"ez-toc-section-end\"><\/span><\/h4>\n\n\n<div class=\"wp-block-image\">\n<figure class=\"aligncenter size-large is-resized\"><img decoding=\"async\" width=\"182\" height=\"177\" data-src=\"https:\/\/centrevaldeloirebasketballpatrimoine.org\/wp-content\/uploads\/2020\/01\/7-Jacky-RAVIER.jpg\" alt=\"\" class=\"wp-image-1129 lazyload\" style=\"--smush-placeholder-width: 182px; --smush-placeholder-aspect-ratio: 182\/177;width:150px;height:146px\" src=\"data:image\/gif;base64,R0lGODlhAQABAAAAACH5BAEKAAEALAAAAAABAAEAAAICTAEAOw==\" \/><\/figure>\n<\/div>\n\n\n<hr class=\"wp-block-separator has-alpha-channel-opacity\"\/>\n\n\n\n<h4 class=\"wp-block-heading has-text-align-center\"><span class=\"ez-toc-section\" id=\"Alain_HENAULT_de_2004_a_2012\"><\/span><mark style=\"background-color:rgba(0, 0, 0, 0)\" class=\"has-inline-color has-black-color\"><strong>Alain HENAULT <\/strong>de 2004 \u00e0 2012<\/mark><span class=\"ez-toc-section-end\"><\/span><\/h4>\n\n\n<div class=\"wp-block-image\">\n<figure class=\"aligncenter size-large is-resized\"><img decoding=\"async\" width=\"171\" height=\"179\" data-src=\"https:\/\/centrevaldeloirebasketballpatrimoine.org\/wp-content\/uploads\/2020\/01\/8-Alain-HENAULT-2004-2012.jpg\" alt=\"\" class=\"wp-image-1130 lazyload\" style=\"--smush-placeholder-width: 171px; --smush-placeholder-aspect-ratio: 171\/179;width:138px;height:145px\" src=\"data:image\/gif;base64,R0lGODlhAQABAAAAACH5BAEKAAEALAAAAAABAAEAAAICTAEAOw==\" \/><\/figure>\n<\/div>\n\n\n<hr class=\"wp-block-separator has-alpha-channel-opacity\"\/>\n\n\n\n<h4 class=\"wp-block-heading has-text-align-center\"><span class=\"ez-toc-section\" id=\"Alain_BOYER_de_2012_a_2013\"><\/span><mark style=\"background-color:rgba(0, 0, 0, 0)\" class=\"has-inline-color has-primary-color\"><strong>Alain BOYER <\/strong>de 2012 \u00e0 2013<\/mark><span class=\"ez-toc-section-end\"><\/span><\/h4>\n\n\n<div class=\"wp-block-image\">\n<figure class=\"aligncenter size-large is-resized\"><img decoding=\"async\" width=\"86\" height=\"101\" data-src=\"https:\/\/centrevaldeloirebasketballpatrimoine.org\/wp-content\/uploads\/2020\/01\/9-Alain-BOYER-2012-2013.jpg\" alt=\"\" class=\"wp-image-1131 lazyload\" style=\"--smush-placeholder-width: 86px; --smush-placeholder-aspect-ratio: 86\/101;width:119px;height:140px\" src=\"data:image\/gif;base64,R0lGODlhAQABAAAAACH5BAEKAAEALAAAAAABAAEAAAICTAEAOw==\" \/><\/figure>\n<\/div>\n\n\n<hr class=\"wp-block-separator has-alpha-channel-opacity\"\/>\n\n\n\n<h4 class=\"wp-block-heading has-text-align-center\"><span class=\"ez-toc-section\" id=\"Jannick_RIBAULT_de_2013_a_2020\"><\/span><mark style=\"background-color:rgba(0, 0, 0, 0)\" class=\"has-inline-color has-primary-color\"><strong>Jannick RIBAUL<\/strong>T de 2013 \u00e0 2020<\/mark><span class=\"ez-toc-section-end\"><\/span><\/h4>\n\n\n<div class=\"wp-block-image\">\n<figure class=\"aligncenter size-large is-resized\"><img decoding=\"async\" width=\"188\" height=\"221\" data-src=\"https:\/\/centrevaldeloirebasketballpatrimoine.org\/wp-content\/uploads\/2020\/01\/10-Jannick-RIBAULT-2013-Aujourd\u2019hui.jpg\" alt=\"\" class=\"wp-image-1132 lazyload\" style=\"--smush-placeholder-width: 188px; --smush-placeholder-aspect-ratio: 188\/221;width:154px;height:181px\" src=\"data:image\/gif;base64,R0lGODlhAQABAAAAACH5BAEKAAEALAAAAAABAAEAAAICTAEAOw==\" \/><\/figure>\n<\/div>\n\n\n<hr class=\"wp-block-separator has-alpha-channel-opacity\"\/>\n\n\n\n<p><\/p>\n\n\n\n<h4 class=\"wp-block-heading has-text-align-center\"><span class=\"ez-toc-section\" id=\"Dominique_TILLAY_de_2020_a_aujourdhui\"><\/span><mark style=\"background-color:rgba(0, 0, 0, 0)\" class=\"has-inline-color has-primary-color\">Dominique TILLAY <strong>d<\/strong>e 2020 \u00e0 aujourd&rsquo;hui<\/mark><span class=\"ez-toc-section-end\"><\/span><\/h4>\n\n\n<div class=\"wp-block-image\">\n<figure class=\"aligncenter size-large is-resized\"><img decoding=\"async\" width=\"242\" height=\"332\" data-src=\"https:\/\/centrevaldeloirebasketballpatrimoine.org\/wp-content\/uploads\/2020\/11\/TILLAY-Dominique.jpg\" alt=\"\" class=\"wp-image-9874 lazyload\" style=\"--smush-placeholder-width: 242px; --smush-placeholder-aspect-ratio: 242\/332;width:154px;height:211px\" data-srcset=\"https:\/\/centrevaldeloirebasketballpatrimoine.org\/wp-content\/uploads\/2020\/11\/TILLAY-Dominique.jpg 242w, https:\/\/centrevaldeloirebasketballpatrimoine.org\/wp-content\/uploads\/2020\/11\/TILLAY-Dominique-219x300.jpg 219w\" data-sizes=\"(max-width: 242px) 100vw, 242px\" src=\"data:image\/gif;base64,R0lGODlhAQABAAAAACH5BAEKAAEALAAAAAABAAEAAAICTAEAOw==\" \/><\/figure>\n<\/div>\n\n\n<hr class=\"wp-block-separator has-alpha-channel-opacity\"\/>\n\n\n\n<p class=\"has-text-color has-small-font-size\" style=\"color:#a31400\"><strong><em>Sources : Le R\u00e9publicain du Centre, site web de la Mairie de Saint Jean de Braye, La Nouvelle R\u00e9publique, La R\u00e9publique du Centre, le site web du Comit\u00e9 D\u00e9partemental Olympique et Sportif (CDOS)<\/em><\/strong><\/p>\n","protected":false},"excerpt":{"rendered":"<p>Les Pr\u00e9sidents de la Ligue du Centre Le 8 juillet 1945, sous la Pr\u00e9sidence de Robert Gallon, est cr\u00e9\u00e9 le Comit\u00e9 de l\u2019Orl\u00e9anais regroupant les 5 d\u00e9partements du Cher, de [&hellip;]<\/p>\n","protected":false},"author":1,"featured_media":0,"parent":0,"menu_order":0,"comment_status":"closed","ping_status":"closed","template":"","meta":{"footnotes":""},"class_list":["post-57","page","type-page","status-publish","hentry"],"yoast_head":"<!-- This site is optimized with the Yoast SEO plugin v27.5 - https:\/\/yoast.com\/product\/yoast-seo-wordpress\/ -->\n<title>Les Pr\u00e9sidents de la Ligue - patrimoine<\/title>\n<meta name=\"description\" content=\"Patrimoine historique du basket en r\u00e9gion Centre-Val de Loire.\" \/>\n<meta name=\"robots\" content=\"index, follow, max-snippet:-1, max-image-preview:large, max-video-preview:-1\" \/>\n<link rel=\"canonical\" href=\"https:\/\/centrevaldeloirebasketballpatrimoine.org\/index.php\/les-presidents-de-la-ligue\/\" \/>\n<meta property=\"og:locale\" content=\"fr_FR\" \/>\n<meta property=\"og:type\" content=\"article\" \/>\n<meta property=\"og:title\" content=\"Les Pr\u00e9sidents de la Ligue - patrimoine\" \/>\n<meta property=\"og:description\" content=\"Patrimoine historique du basket en r\u00e9gion Centre-Val de Loire.\" \/>\n<meta property=\"og:url\" content=\"https:\/\/centrevaldeloirebasketballpatrimoine.org\/index.php\/les-presidents-de-la-ligue\/\" \/>\n<meta property=\"article:publisher\" content=\"https:\/\/www.facebook.com\/LigueBasketCentre\" \/>\n<meta property=\"article:modified_time\" content=\"2024-01-21T13:30:26+00:00\" \/>\n<meta property=\"og:image\" content=\"https:\/\/centrevaldeloirebasketballpatrimoine.org\/wp-content\/uploads\/2020\/04\/Robert-Gallon.jpg\" \/>\n<meta name=\"twitter:card\" content=\"summary_large_image\" \/>\n<meta name=\"twitter:site\" content=\"@BasketCentre\" \/>\n<meta name=\"twitter:label1\" content=\"Dur\u00e9e de lecture estim\u00e9e\" \/>\n\t<meta name=\"twitter:data1\" content=\"5 minutes\" \/>\n<script type=\"application\/ld+json\" class=\"yoast-schema-graph\">{\"@context\":\"https:\\\/\\\/schema.org\",\"@graph\":[{\"@type\":\"WebPage\",\"@id\":\"https:\\\/\\\/centrevaldeloirebasketballpatrimoine.org\\\/index.php\\\/les-presidents-de-la-ligue\\\/\",\"url\":\"https:\\\/\\\/centrevaldeloirebasketballpatrimoine.org\\\/index.php\\\/les-presidents-de-la-ligue\\\/\",\"name\":\"Les Pr\u00e9sidents de la Ligue - patrimoine\",\"isPartOf\":{\"@id\":\"https:\\\/\\\/centrevaldeloirebasketballpatrimoine.org\\\/#website\"},\"primaryImageOfPage\":{\"@id\":\"https:\\\/\\\/centrevaldeloirebasketballpatrimoine.org\\\/index.php\\\/les-presidents-de-la-ligue\\\/#primaryimage\"},\"image\":{\"@id\":\"https:\\\/\\\/centrevaldeloirebasketballpatrimoine.org\\\/index.php\\\/les-presidents-de-la-ligue\\\/#primaryimage\"},\"thumbnailUrl\":\"https:\\\/\\\/centrevaldeloirebasketballpatrimoine.org\\\/wp-content\\\/uploads\\\/2020\\\/04\\\/Robert-Gallon.jpg\",\"datePublished\":\"2019-09-17T16:27:15+00:00\",\"dateModified\":\"2024-01-21T13:30:26+00:00\",\"description\":\"Patrimoine historique du basket en r\u00e9gion Centre-Val de Loire.\",\"breadcrumb\":{\"@id\":\"https:\\\/\\\/centrevaldeloirebasketballpatrimoine.org\\\/index.php\\\/les-presidents-de-la-ligue\\\/#breadcrumb\"},\"inLanguage\":\"fr-FR\",\"potentialAction\":[{\"@type\":\"ReadAction\",\"target\":[\"https:\\\/\\\/centrevaldeloirebasketballpatrimoine.org\\\/index.php\\\/les-presidents-de-la-ligue\\\/\"]}]},{\"@type\":\"ImageObject\",\"inLanguage\":\"fr-FR\",\"@id\":\"https:\\\/\\\/centrevaldeloirebasketballpatrimoine.org\\\/index.php\\\/les-presidents-de-la-ligue\\\/#primaryimage\",\"url\":\"https:\\\/\\\/centrevaldeloirebasketballpatrimoine.org\\\/wp-content\\\/uploads\\\/2020\\\/04\\\/Robert-Gallon.jpg\",\"contentUrl\":\"https:\\\/\\\/centrevaldeloirebasketballpatrimoine.org\\\/wp-content\\\/uploads\\\/2020\\\/04\\\/Robert-Gallon.jpg\",\"width\":156,\"height\":174},{\"@type\":\"BreadcrumbList\",\"@id\":\"https:\\\/\\\/centrevaldeloirebasketballpatrimoine.org\\\/index.php\\\/les-presidents-de-la-ligue\\\/#breadcrumb\",\"itemListElement\":[{\"@type\":\"ListItem\",\"position\":1,\"name\":\"Accueil\",\"item\":\"https:\\\/\\\/centrevaldeloirebasketballpatrimoine.org\\\/\"},{\"@type\":\"ListItem\",\"position\":2,\"name\":\"Les Pr\u00e9sidents de la Ligue\"}]},{\"@type\":\"WebSite\",\"@id\":\"https:\\\/\\\/centrevaldeloirebasketballpatrimoine.org\\\/#website\",\"url\":\"https:\\\/\\\/centrevaldeloirebasketballpatrimoine.org\\\/\",\"name\":\"\",\"description\":\"Site officiel Commission Patrimoine de la Ligue Centre-Val de Loire de BasketBall\",\"publisher\":{\"@id\":\"https:\\\/\\\/centrevaldeloirebasketballpatrimoine.org\\\/#organization\"},\"potentialAction\":[{\"@type\":\"SearchAction\",\"target\":{\"@type\":\"EntryPoint\",\"urlTemplate\":\"https:\\\/\\\/centrevaldeloirebasketballpatrimoine.org\\\/?s={search_term_string}\"},\"query-input\":{\"@type\":\"PropertyValueSpecification\",\"valueRequired\":true,\"valueName\":\"search_term_string\"}}],\"inLanguage\":\"fr-FR\"},{\"@type\":\"Organization\",\"@id\":\"https:\\\/\\\/centrevaldeloirebasketballpatrimoine.org\\\/#organization\",\"name\":\"Patrimoine Basket Ligue Centre-Val de Loire\",\"url\":\"https:\\\/\\\/centrevaldeloirebasketballpatrimoine.org\\\/\",\"logo\":{\"@type\":\"ImageObject\",\"inLanguage\":\"fr-FR\",\"@id\":\"https:\\\/\\\/centrevaldeloirebasketballpatrimoine.org\\\/#\\\/schema\\\/logo\\\/image\\\/\",\"url\":\"https:\\\/\\\/i0.wp.com\\\/centrevaldeloirebasketballpatrimoine.org\\\/wp-content\\\/uploads\\\/2019\\\/06\\\/LigueRegionale-CENTRE-VAL-DE-LOIRE-Vertical-694x1024.jpg?fit=694%2C1024&ssl=1\",\"contentUrl\":\"https:\\\/\\\/i0.wp.com\\\/centrevaldeloirebasketballpatrimoine.org\\\/wp-content\\\/uploads\\\/2019\\\/06\\\/LigueRegionale-CENTRE-VAL-DE-LOIRE-Vertical-694x1024.jpg?fit=694%2C1024&ssl=1\",\"width\":694,\"height\":1024,\"caption\":\"Patrimoine Basket Ligue Centre-Val de Loire\"},\"image\":{\"@id\":\"https:\\\/\\\/centrevaldeloirebasketballpatrimoine.org\\\/#\\\/schema\\\/logo\\\/image\\\/\"},\"sameAs\":[\"https:\\\/\\\/www.facebook.com\\\/LigueBasketCentre\",\"https:\\\/\\\/x.com\\\/BasketCentre\",\"https:\\\/\\\/www.instagram.com\\\/liguebasketcentre\\\/\",\"https:\\\/\\\/www.linkedin.com\\\/company\\\/ligue-du-centre-val-de-loire-de-basketball\"]}]}<\/script>\n<!-- \/ Yoast SEO plugin. -->","yoast_head_json":{"title":"Les Pr\u00e9sidents de la Ligue - patrimoine","description":"Patrimoine historique du basket en r\u00e9gion Centre-Val de Loire.","robots":{"index":"index","follow":"follow","max-snippet":"max-snippet:-1","max-image-preview":"max-image-preview:large","max-video-preview":"max-video-preview:-1"},"canonical":"https:\/\/centrevaldeloirebasketballpatrimoine.org\/index.php\/les-presidents-de-la-ligue\/","og_locale":"fr_FR","og_type":"article","og_title":"Les Pr\u00e9sidents de la Ligue - patrimoine","og_description":"Patrimoine historique du basket en r\u00e9gion Centre-Val de Loire.","og_url":"https:\/\/centrevaldeloirebasketballpatrimoine.org\/index.php\/les-presidents-de-la-ligue\/","article_publisher":"https:\/\/www.facebook.com\/LigueBasketCentre","article_modified_time":"2024-01-21T13:30:26+00:00","og_image":[{"url":"https:\/\/centrevaldeloirebasketballpatrimoine.org\/wp-content\/uploads\/2020\/04\/Robert-Gallon.jpg","type":"","width":"","height":""}],"twitter_card":"summary_large_image","twitter_site":"@BasketCentre","twitter_misc":{"Dur\u00e9e de lecture estim\u00e9e":"5 minutes"},"schema":{"@context":"https:\/\/schema.org","@graph":[{"@type":"WebPage","@id":"https:\/\/centrevaldeloirebasketballpatrimoine.org\/index.php\/les-presidents-de-la-ligue\/","url":"https:\/\/centrevaldeloirebasketballpatrimoine.org\/index.php\/les-presidents-de-la-ligue\/","name":"Les Pr\u00e9sidents de la Ligue - patrimoine","isPartOf":{"@id":"https:\/\/centrevaldeloirebasketballpatrimoine.org\/#website"},"primaryImageOfPage":{"@id":"https:\/\/centrevaldeloirebasketballpatrimoine.org\/index.php\/les-presidents-de-la-ligue\/#primaryimage"},"image":{"@id":"https:\/\/centrevaldeloirebasketballpatrimoine.org\/index.php\/les-presidents-de-la-ligue\/#primaryimage"},"thumbnailUrl":"https:\/\/centrevaldeloirebasketballpatrimoine.org\/wp-content\/uploads\/2020\/04\/Robert-Gallon.jpg","datePublished":"2019-09-17T16:27:15+00:00","dateModified":"2024-01-21T13:30:26+00:00","description":"Patrimoine historique du basket en r\u00e9gion Centre-Val de Loire.","breadcrumb":{"@id":"https:\/\/centrevaldeloirebasketballpatrimoine.org\/index.php\/les-presidents-de-la-ligue\/#breadcrumb"},"inLanguage":"fr-FR","potentialAction":[{"@type":"ReadAction","target":["https:\/\/centrevaldeloirebasketballpatrimoine.org\/index.php\/les-presidents-de-la-ligue\/"]}]},{"@type":"ImageObject","inLanguage":"fr-FR","@id":"https:\/\/centrevaldeloirebasketballpatrimoine.org\/index.php\/les-presidents-de-la-ligue\/#primaryimage","url":"https:\/\/centrevaldeloirebasketballpatrimoine.org\/wp-content\/uploads\/2020\/04\/Robert-Gallon.jpg","contentUrl":"https:\/\/centrevaldeloirebasketballpatrimoine.org\/wp-content\/uploads\/2020\/04\/Robert-Gallon.jpg","width":156,"height":174},{"@type":"BreadcrumbList","@id":"https:\/\/centrevaldeloirebasketballpatrimoine.org\/index.php\/les-presidents-de-la-ligue\/#breadcrumb","itemListElement":[{"@type":"ListItem","position":1,"name":"Accueil","item":"https:\/\/centrevaldeloirebasketballpatrimoine.org\/"},{"@type":"ListItem","position":2,"name":"Les Pr\u00e9sidents de la Ligue"}]},{"@type":"WebSite","@id":"https:\/\/centrevaldeloirebasketballpatrimoine.org\/#website","url":"https:\/\/centrevaldeloirebasketballpatrimoine.org\/","name":"","description":"Site officiel Commission Patrimoine de la Ligue Centre-Val de Loire de BasketBall","publisher":{"@id":"https:\/\/centrevaldeloirebasketballpatrimoine.org\/#organization"},"potentialAction":[{"@type":"SearchAction","target":{"@type":"EntryPoint","urlTemplate":"https:\/\/centrevaldeloirebasketballpatrimoine.org\/?s={search_term_string}"},"query-input":{"@type":"PropertyValueSpecification","valueRequired":true,"valueName":"search_term_string"}}],"inLanguage":"fr-FR"},{"@type":"Organization","@id":"https:\/\/centrevaldeloirebasketballpatrimoine.org\/#organization","name":"Patrimoine Basket Ligue Centre-Val de Loire","url":"https:\/\/centrevaldeloirebasketballpatrimoine.org\/","logo":{"@type":"ImageObject","inLanguage":"fr-FR","@id":"https:\/\/centrevaldeloirebasketballpatrimoine.org\/#\/schema\/logo\/image\/","url":"https:\/\/i0.wp.com\/centrevaldeloirebasketballpatrimoine.org\/wp-content\/uploads\/2019\/06\/LigueRegionale-CENTRE-VAL-DE-LOIRE-Vertical-694x1024.jpg?fit=694%2C1024&ssl=1","contentUrl":"https:\/\/i0.wp.com\/centrevaldeloirebasketballpatrimoine.org\/wp-content\/uploads\/2019\/06\/LigueRegionale-CENTRE-VAL-DE-LOIRE-Vertical-694x1024.jpg?fit=694%2C1024&ssl=1","width":694,"height":1024,"caption":"Patrimoine Basket Ligue Centre-Val de Loire"},"image":{"@id":"https:\/\/centrevaldeloirebasketballpatrimoine.org\/#\/schema\/logo\/image\/"},"sameAs":["https:\/\/www.facebook.com\/LigueBasketCentre","https:\/\/x.com\/BasketCentre","https:\/\/www.instagram.com\/liguebasketcentre\/","https:\/\/www.linkedin.com\/company\/ligue-du-centre-val-de-loire-de-basketball"]}]}},"_links":{"self":[{"href":"https:\/\/centrevaldeloirebasketballpatrimoine.org\/index.php\/wp-json\/wp\/v2\/pages\/57","targetHints":{"allow":["GET"]}}],"collection":[{"href":"https:\/\/centrevaldeloirebasketballpatrimoine.org\/index.php\/wp-json\/wp\/v2\/pages"}],"about":[{"href":"https:\/\/centrevaldeloirebasketballpatrimoine.org\/index.php\/wp-json\/wp\/v2\/types\/page"}],"author":[{"embeddable":true,"href":"https:\/\/centrevaldeloirebasketballpatrimoine.org\/index.php\/wp-json\/wp\/v2\/users\/1"}],"replies":[{"embeddable":true,"href":"https:\/\/centrevaldeloirebasketballpatrimoine.org\/index.php\/wp-json\/wp\/v2\/comments?post=57"}],"version-history":[{"count":0,"href":"https:\/\/centrevaldeloirebasketballpatrimoine.org\/index.php\/wp-json\/wp\/v2\/pages\/57\/revisions"}],"wp:attachment":[{"href":"https:\/\/centrevaldeloirebasketballpatrimoine.org\/index.php\/wp-json\/wp\/v2\/media?parent=57"}],"curies":[{"name":"wp","href":"https:\/\/api.w.org\/{rel}","templated":true}]}}