{"id":1995,"date":"2020-04-06T14:20:32","date_gmt":"2020-04-06T12:20:32","guid":{"rendered":"https:\/\/centrevaldeloirebasketballpatrimoine.org\/?page_id=1995"},"modified":"2023-09-27T17:52:24","modified_gmt":"2023-09-27T15:52:24","slug":"academiciens-2018-2019","status":"publish","type":"page","link":"https:\/\/centrevaldeloirebasketballpatrimoine.org\/index.php\/academiciens-2018-2019\/","title":{"rendered":"Acad\u00e9miciens 2018-2021"},"content":{"rendered":"<div id=\"mega-menu-wrap-max_mega_menu_8\" class=\"mega-menu-wrap\"><div class=\"mega-menu-toggle\"><div class=\"mega-toggle-blocks-left\"><\/div><div class=\"mega-toggle-blocks-center\"><\/div><div class=\"mega-toggle-blocks-right\"><div class='mega-toggle-block mega-menu-toggle-block mega-toggle-block-1' id='mega-toggle-block-1' tabindex='0'><button class='mega-toggle-standard mega-toggle-label' aria-expanded='false'><span class='mega-toggle-label-closed'>MENU<\/span><span class='mega-toggle-label-open'>MENU<\/span><\/button><\/div><\/div><\/div><ul id=\"mega-menu-max_mega_menu_8\" class=\"mega-menu max-mega-menu mega-menu-horizontal mega-no-js\" data-event=\"hover_intent\" data-effect=\"fade_up\" data-effect-speed=\"200\" data-effect-mobile=\"disabled\" data-effect-speed-mobile=\"0\" data-mobile-force-width=\"false\" data-second-click=\"go\" data-document-click=\"collapse\" data-vertical-behaviour=\"standard\" data-breakpoint=\"600\" data-unbind=\"true\" data-mobile-state=\"collapse_all\" data-mobile-direction=\"vertical\" data-hover-intent-timeout=\"300\" data-hover-intent-interval=\"100\"><li class=\"mega-menu-item mega-menu-item-type-post_type mega-menu-item-object-page mega-align-bottom-left mega-menu-flyout mega-menu-item-1889\" id=\"mega-menu-item-1889\"><a class=\"mega-menu-link\" href=\"https:\/\/centrevaldeloirebasketballpatrimoine.org\/index.php\/historique\/\" tabindex=\"0\">Historique<\/a><\/li><li class=\"mega-menu-item mega-menu-item-type-post_type mega-menu-item-object-page mega-align-bottom-left mega-menu-flyout mega-menu-item-1888\" id=\"mega-menu-item-1888\"><a class=\"mega-menu-link\" href=\"https:\/\/centrevaldeloirebasketballpatrimoine.org\/index.php\/academiciens-2009-2014\/\" tabindex=\"0\">Acad\u00e9miciens 2009-2012<\/a><\/li><li class=\"mega-menu-item mega-menu-item-type-post_type mega-menu-item-object-page mega-align-bottom-left mega-menu-flyout mega-menu-item-1887\" id=\"mega-menu-item-1887\"><a class=\"mega-menu-link\" href=\"https:\/\/centrevaldeloirebasketballpatrimoine.org\/index.php\/academiciens-2014-2019\/\" tabindex=\"0\">Acad\u00e9miciens 2012-2014<\/a><\/li><li class=\"mega-menu-item mega-menu-item-type-post_type mega-menu-item-object-page mega-align-bottom-left mega-menu-flyout mega-menu-item-1980\" id=\"mega-menu-item-1980\"><a class=\"mega-menu-link\" href=\"https:\/\/centrevaldeloirebasketballpatrimoine.org\/index.php\/academiciens-2014-2016\/\" tabindex=\"0\">Acad\u00e9miciens 2014-2016<\/a><\/li><li class=\"mega-menu-item mega-menu-item-type-post_type mega-menu-item-object-page mega-align-bottom-left mega-menu-flyout mega-menu-item-2002\" id=\"mega-menu-item-2002\"><a class=\"mega-menu-link\" href=\"https:\/\/centrevaldeloirebasketballpatrimoine.org\/index.php\/academiciens-2016-2018\/\" tabindex=\"0\">Acad\u00e9miciens 2016-2018<\/a><\/li><li class=\"mega-menu-item mega-menu-item-type-post_type mega-menu-item-object-page mega-align-bottom-left mega-menu-flyout mega-menu-item-2001\" id=\"mega-menu-item-2001\"><a class=\"mega-menu-link\" href=\"https:\/\/centrevaldeloirebasketballpatrimoine.org\/index.php\/academiciens-2018-2019\/\" tabindex=\"0\">Acad\u00e9miciens 2018-2021<\/a><\/li><li class=\"mega-menu-item mega-menu-item-type-post_type mega-menu-item-object-page mega-align-bottom-left mega-menu-flyout mega-menu-item-44354\" id=\"mega-menu-item-44354\"><a class=\"mega-menu-link\" href=\"https:\/\/centrevaldeloirebasketballpatrimoine.org\/index.php\/academiciens-2021-2024-academiciens-ffbb-basket-francais\/\" tabindex=\"0\">Acad\u00e9miciens 2021-2024<\/a><\/li><li class=\"mega-menu-item mega-menu-item-type-post_type mega-menu-item-object-page mega-align-bottom-left mega-menu-flyout mega-menu-item-75407\" id=\"mega-menu-item-75407\"><a class=\"mega-menu-link\" href=\"https:\/\/centrevaldeloirebasketballpatrimoine.org\/index.php\/academiciens-2025-2028\/\" tabindex=\"0\">Acad\u00e9miciens 2025-2028<\/a><\/li><\/ul><\/div>\n\n\n\n<div id=\"ez-toc-container\" class=\"ez-toc-v2_0_74 counter-hierarchy ez-toc-counter ez-toc-grey ez-toc-container-direction\">\n<p class=\"ez-toc-title\" style=\"cursor:inherit\">Table of Contents<\/p>\n<label for=\"ez-toc-cssicon-toggle-item-69f39b2fb3f9d\" class=\"ez-toc-cssicon-toggle-label\"><span class=\"\"><span class=\"eztoc-hide\" style=\"display:none;\">Toggle<\/span><span class=\"ez-toc-icon-toggle-span\"><svg style=\"fill: #999;color:#999\" xmlns=\"http:\/\/www.w3.org\/2000\/svg\" class=\"list-377408\" width=\"20px\" height=\"20px\" viewBox=\"0 0 24 24\" fill=\"none\"><path d=\"M6 6H4v2h2V6zm14 0H8v2h12V6zM4 11h2v2H4v-2zm16 0H8v2h12v-2zM4 16h2v2H4v-2zm16 0H8v2h12v-2z\" fill=\"currentColor\"><\/path><\/svg><svg style=\"fill: #999;color:#999\" class=\"arrow-unsorted-368013\" xmlns=\"http:\/\/www.w3.org\/2000\/svg\" width=\"10px\" height=\"10px\" viewBox=\"0 0 24 24\" version=\"1.2\" baseProfile=\"tiny\"><path d=\"M18.2 9.3l-6.2-6.3-6.2 6.3c-.2.2-.3.4-.3.7s.1.5.3.7c.2.2.4.3.7.3h11c.3 0 .5-.1.7-.3.2-.2.3-.5.3-.7s-.1-.5-.3-.7zM5.8 14.7l6.2 6.3 6.2-6.3c.2-.2.3-.5.3-.7s-.1-.5-.3-.7c-.2-.2-.4-.3-.7-.3h-11c-.3 0-.5.1-.7.3-.2.2-.3.5-.3.7s.1.5.3.7z\"\/><\/svg><\/span><\/span><\/label><input type=\"checkbox\"  id=\"ez-toc-cssicon-toggle-item-69f39b2fb3f9d\"  aria-label=\"Toggle\" \/><nav><ul class='ez-toc-list ez-toc-list-level-1 ' ><li class='ez-toc-page-1 ez-toc-heading-level-2'><a class=\"ez-toc-link ez-toc-heading-1\" href=\"https:\/\/centrevaldeloirebasketballpatrimoine.org\/index.php\/academiciens-2018-2019\/#Promotion_20182019\" >Promotion 2018\/2019<\/a><\/li><li class='ez-toc-page-1 ez-toc-heading-level-2'><a class=\"ez-toc-link ez-toc-heading-2\" href=\"https:\/\/centrevaldeloirebasketballpatrimoine.org\/index.php\/academiciens-2018-2019\/#Marraine_Madame_Yannick_Souvre\" >Marraine Madame Yannick Souvr\u00e9<\/a><ul class='ez-toc-list-level-3' ><li class='ez-toc-heading-level-3'><a class=\"ez-toc-link ez-toc-heading-3\" href=\"https:\/\/centrevaldeloirebasketballpatrimoine.org\/index.php\/academiciens-2018-2019\/#Madame_Yannick_Souvre\" >Madame Yannick Souvr\u00e9<\/a><\/li><\/ul><\/li><li class='ez-toc-page-1 ez-toc-heading-level-2'><a class=\"ez-toc-link ez-toc-heading-4\" href=\"https:\/\/centrevaldeloirebasketballpatrimoine.org\/index.php\/academiciens-2018-2019\/#Academiciens_20182019\" >Acad\u00e9miciens 2018\/2019<\/a><ul class='ez-toc-list-level-3' ><li class='ez-toc-heading-level-3'><a class=\"ez-toc-link ez-toc-heading-5\" href=\"https:\/\/centrevaldeloirebasketballpatrimoine.org\/index.php\/academiciens-2018-2019\/#Monsieur_Jean_Chapeau\" >Monsieur Jean Chapeau<\/a><\/li><li class='ez-toc-page-1 ez-toc-heading-level-3'><a class=\"ez-toc-link ez-toc-heading-6\" href=\"https:\/\/centrevaldeloirebasketballpatrimoine.org\/index.php\/academiciens-2018-2019\/#Monsieur_Michel_Aucante\" >Monsieur Michel Aucante<\/a><\/li><li class='ez-toc-page-1 ez-toc-heading-level-3'><a class=\"ez-toc-link ez-toc-heading-7\" href=\"https:\/\/centrevaldeloirebasketballpatrimoine.org\/index.php\/academiciens-2018-2019\/#Monsieur_Jackie_Delanneau\" >Monsieur Jackie Delanneau<\/a><\/li><li class='ez-toc-page-1 ez-toc-heading-level-3'><a class=\"ez-toc-link ez-toc-heading-8\" href=\"https:\/\/centrevaldeloirebasketballpatrimoine.org\/index.php\/academiciens-2018-2019\/#Monsieur_Jannick_Ribault\" >Monsieur Jannick Ribault<\/a><\/li><li class='ez-toc-page-1 ez-toc-heading-level-3'><a class=\"ez-toc-link ez-toc-heading-9\" href=\"https:\/\/centrevaldeloirebasketballpatrimoine.org\/index.php\/academiciens-2018-2019\/#Monsieur_Christian_Metrot\" >Monsieur Christian M\u00e9trot<\/a><\/li><\/ul><\/li><li class='ez-toc-page-1 ez-toc-heading-level-2'><a class=\"ez-toc-link ez-toc-heading-10\" href=\"https:\/\/centrevaldeloirebasketballpatrimoine.org\/index.php\/academiciens-2018-2019\/#Promotion_2019-2020\" >Promotion 2019-2020<\/a><\/li><li class='ez-toc-page-1 ez-toc-heading-level-2'><a class=\"ez-toc-link ez-toc-heading-11\" href=\"https:\/\/centrevaldeloirebasketballpatrimoine.org\/index.php\/academiciens-2018-2019\/#Academiciens_2019-2020\" >Acad\u00e9miciens 2019-2020<\/a><\/li><li class='ez-toc-page-1 ez-toc-heading-level-2'><a class=\"ez-toc-link ez-toc-heading-12\" href=\"https:\/\/centrevaldeloirebasketballpatrimoine.org\/index.php\/academiciens-2018-2019\/#Christian_Tersac\" >Christian Tersac<\/a><\/li><li class='ez-toc-page-1 ez-toc-heading-level-2'><a class=\"ez-toc-link ez-toc-heading-13\" href=\"https:\/\/centrevaldeloirebasketballpatrimoine.org\/index.php\/academiciens-2018-2019\/#Claude_Boisseau\" >Claude Boisseau<\/a><\/li><li class='ez-toc-page-1 ez-toc-heading-level-2'><a class=\"ez-toc-link ez-toc-heading-14\" href=\"https:\/\/centrevaldeloirebasketballpatrimoine.org\/index.php\/academiciens-2018-2019\/#Claude_Floride\" >Claude Floride<\/a><\/li><li class='ez-toc-page-1 ez-toc-heading-level-2'><a class=\"ez-toc-link ez-toc-heading-15\" href=\"https:\/\/centrevaldeloirebasketballpatrimoine.org\/index.php\/academiciens-2018-2019\/#Colette_Courtin\" >Colette Courtin<\/a><\/li><li class='ez-toc-page-1 ez-toc-heading-level-2'><a class=\"ez-toc-link ez-toc-heading-16\" href=\"https:\/\/centrevaldeloirebasketballpatrimoine.org\/index.php\/academiciens-2018-2019\/#Saison_2020_-2021_pas_de_promotion_a_cause_du_Covid\" >Saison 2020 -2021 : pas de promotion \u00e0 cause du Covid<\/a><\/li><li class='ez-toc-page-1 ez-toc-heading-level-2'><a class=\"ez-toc-link ez-toc-heading-17\" href=\"https:\/\/centrevaldeloirebasketballpatrimoine.org\/index.php\/academiciens-2018-2019\/#Promotion_2021-2022\" >Promotion 2021-2022<\/a><\/li><li class='ez-toc-page-1 ez-toc-heading-level-2'><a class=\"ez-toc-link ez-toc-heading-18\" href=\"https:\/\/centrevaldeloirebasketballpatrimoine.org\/index.php\/academiciens-2018-2019\/#Parrain\" >Parrain<\/a><\/li><li class='ez-toc-page-1 ez-toc-heading-level-2'><a class=\"ez-toc-link ez-toc-heading-19\" href=\"https:\/\/centrevaldeloirebasketballpatrimoine.org\/index.php\/academiciens-2018-2019\/#Max_Mamie\" >Max Mamie<\/a><\/li><li class='ez-toc-page-1 ez-toc-heading-level-2'><a class=\"ez-toc-link ez-toc-heading-20\" href=\"https:\/\/centrevaldeloirebasketballpatrimoine.org\/index.php\/academiciens-2018-2019\/#Academiciens_2021-2022\" >Acad\u00e9miciens 2021-2022<\/a><\/li><li class='ez-toc-page-1 ez-toc-heading-level-2'><a class=\"ez-toc-link ez-toc-heading-21\" href=\"https:\/\/centrevaldeloirebasketballpatrimoine.org\/index.php\/academiciens-2018-2019\/#Alain_Henault\" >Alain H\u00e9nault<\/a><\/li><li class='ez-toc-page-1 ez-toc-heading-level-2'><a class=\"ez-toc-link ez-toc-heading-22\" href=\"https:\/\/centrevaldeloirebasketballpatrimoine.org\/index.php\/academiciens-2018-2019\/#Gerard_Halin\" >G\u00e9rard Halin<\/a><\/li><li class='ez-toc-page-1 ez-toc-heading-level-2'><a class=\"ez-toc-link ez-toc-heading-23\" href=\"https:\/\/centrevaldeloirebasketballpatrimoine.org\/index.php\/academiciens-2018-2019\/#Jacky_Bavouset\" >Jacky Bavouset<\/a><\/li><li class='ez-toc-page-1 ez-toc-heading-level-2'><a class=\"ez-toc-link ez-toc-heading-24\" href=\"https:\/\/centrevaldeloirebasketballpatrimoine.org\/index.php\/academiciens-2018-2019\/#Huguette_Despinoy\" >Huguette Despinoy<\/a><\/li><li class='ez-toc-page-1 ez-toc-heading-level-2'><a class=\"ez-toc-link ez-toc-heading-25\" href=\"https:\/\/centrevaldeloirebasketballpatrimoine.org\/index.php\/academiciens-2018-2019\/#Tours_Metropole_Basket\" >Tours M\u00e9tropole Basket<\/a><\/li><\/ul><\/nav><\/div>\n<h2 class=\"wp-block-heading\"><span class=\"ez-toc-section\" id=\"Promotion_20182019\"><\/span><strong>Promotion 2018\/20<\/strong>19<span class=\"ez-toc-section-end\"><\/span><\/h2>\n\n\n\n<h2 class=\"wp-block-heading\"><span class=\"ez-toc-section\" id=\"Marraine_Madame_Yannick_Souvre\"><\/span>Marraine Madame Yannick Souvr\u00e9<span class=\"ez-toc-section-end\"><\/span><\/h2>\n\n\n<div class=\"wp-block-image\">\n<figure class=\"aligncenter size-full is-resized\"><img decoding=\"async\" data-src=\"https:\/\/centrevaldeloirebasketballpatrimoine.org\/wp-content\/uploads\/2022\/05\/1000-Yannick-Souvre.jpg\" alt=\"\" class=\"wp-image-28518 lazyload\" style=\"--smush-placeholder-width: 117px; --smush-placeholder-aspect-ratio: 117\/155;width:117px;height:155px\" width=\"117\" height=\"155\" src=\"data:image\/gif;base64,R0lGODlhAQABAAAAACH5BAEKAAEALAAAAAABAAEAAAICTAEAOw==\" \/><figcaption class=\"wp-element-caption\"><strong><em>Yannick Souvr\u00e9<\/em><\/strong><\/figcaption><\/figure>\n<\/div>\n\n\n<h3 class=\"wp-block-heading\"><span class=\"ez-toc-section\" id=\"Madame_Yannick_Souvre\"><\/span><strong>Madame Yannick Souvr\u00e9<\/strong><span class=\"ez-toc-section-end\"><\/span><\/h3>\n\n\n\n<p>Elle commence le Basketball \u00e0 Tournefeuille, puis rejoint\nle club de Mirande \u00e0 15 ans. Elle n\u2019a pas encore 20 ans lorsqu\u2019elle remporte\nses deux premiers titres de Championne de France.<\/p>\n\n\n\n<p>1985&nbsp;: elle d\u00e9bute en \u00e9quipe de France cadette.<\/p>\n\n\n\n<p>1989&nbsp;: elle porte le maillot des Bleues lors du\nChampionnat d\u2019Europe en Bulgarie.<\/p>\n\n\n\n<p>1993&nbsp;: elle devient vice-championne d\u2019Europe avec\nl\u2019\u00e9quipe de France et rejoint Bourges.<\/p>\n\n\n\n<p>1994&nbsp;: elle participe au Championnat du Monde \u00e0\nSydney.<\/p>\n\n\n\n<p>1995&nbsp;: lors de la deuxi\u00e8me saison avec Bourges, elle\ndevient Championne de France et remporte le premier titre europ\u00e9en de\nl\u2019histoire du Basket f\u00e9minin Fran\u00e7ais&nbsp;: la coupe Ronchetti.<\/p>\n\n\n\n<p>1997&nbsp;: elle gagne l\u2019Euroligue, le titre de MVP du\nFinal Four et son 3<sup>\u00e8me<\/sup> titre cons\u00e9cutif de Championne de France.<\/p>\n\n\n\n<p>1998&nbsp;: elle remporte encore l\u2019Euroligue, dont le\nFinal Four se d\u00e9roule \u00e0 Bourges dans un Prado survolt\u00e9. Elle est \u00e9lue meilleure\njoueuse du Championnat de France.<\/p>\n\n\n\n<p>1999 : elle obtient de nouveau la m\u00e9daille d\u2019argent au Championnat d\u2019Europe en Pologne avec l\u2019\u00e9quipe de France.<\/p>\n\n\n\n<p>2000&nbsp;: elle gagne son 6<sup>\u00e8me<\/sup> titre\ncons\u00e9cutif de Championne de France&nbsp;!<\/p>\n\n\n\n<p>Elle participe aux Jeux Olympiques de Sydney o\u00f9 la France\nse classera 5<sup>\u00e8me<\/sup> et premi\u00e8re nation europ\u00e9enne.<\/p>\n\n\n\n<p>2001&nbsp;: elle devient championne d\u2019Europe avec\nl\u2019\u00e9quipe de France apr\u00e8s une victoire 73-68 contre la Russie. Elle ajoute une\nnouvelle fois l\u2019Euroligue \u00e0 son palmar\u00e8s avec Bourges.<\/p>\n\n\n\n<p>2002&nbsp;: Elle dispute une derni\u00e8re fois les\nChampionnats du Monde et prend sa retraite internationale apr\u00e8s 251 s\u00e9lections\nen \u00e9quipe de France dont elle est capitaine depuis 1977.<\/p>\n\n\n\n<p>Elle devient dirigeante \u00e0 la FIBA \u00e0 Munich puis rentre en France pour rejoindre le Comit\u00e9 Directeur de la F\u00e9d\u00e9ration et actuellement prendre le poste de Directrice de la Ligue Professionnelle F\u00e9minine<\/p>\n\n\n\n<h2 class=\"wp-block-heading\"><span class=\"ez-toc-section\" id=\"Academiciens_20182019\"><\/span><strong>Acad\u00e9miciens 2018\/20<\/strong>19<span class=\"ez-toc-section-end\"><\/span><\/h2>\n\n\n\n<h3 class=\"wp-block-heading\"><span class=\"ez-toc-section\" id=\"Monsieur_Jean_Chapeau\"><\/span><strong>Monsieur Jean Chapeau<\/strong><span class=\"ez-toc-section-end\"><\/span><\/h3>\n\n\n<div class=\"wp-block-image\">\n<figure class=\"aligncenter size-full is-resized\"><img decoding=\"async\" data-src=\"https:\/\/centrevaldeloirebasketballpatrimoine.org\/wp-content\/uploads\/2022\/05\/1001-Jean-Chapeau.jpg\" alt=\"\" class=\"wp-image-28519 lazyload\" style=\"--smush-placeholder-width: 118px; --smush-placeholder-aspect-ratio: 118\/101;width:118px;height:101px\" width=\"118\" height=\"101\" src=\"data:image\/gif;base64,R0lGODlhAQABAAAAACH5BAEKAAEALAAAAAABAAEAAAICTAEAOw==\" \/><figcaption class=\"wp-element-caption\"><em><strong>Jean Chapeau<\/strong><\/em><\/figcaption><\/figure>\n<\/div>\n\n\n<p>1943&nbsp;: signe sa\npremi\u00e8re licence \u00e0 l\u2019AS Cabane o\u00f9 il joua en minimes, cadets et juniors.<\/p>\n\n\n\n<p>Lors de sa deuxi\u00e8me ann\u00e9e de\njuniors, il \u00e9volue en excellence nationale contre l\u2019ABC Nantes, le CEP Lorient,\nl\u2019Alsace de Bagnolet ou Villeurbanne.<\/p>\n\n\n\n<p>1954-55, il effectue son\nservice militaire au bataillon de Joinville, o\u00f9 il devient international\nmilitaire et international FSF.<\/p>\n\n\n\n<p>1957&nbsp;: il est Champion de France Honneur avec le CES Tours dont il est un joueur majeur, mettant le feu aux parquets lors des rencontres notamment contre l\u2019ASPO, Tours.<\/p>\n\n\n\n<p>Il arr\u00eate de jouer \u00e0 40 ans\net devient entra\u00eeneur des f\u00e9minines du CES Tours&nbsp;: poussines, benjamines,\nminimes et cadettes.<\/p>\n\n\n\n<p>Avec elles il obtient de\nnombreux titres d\u00e9partementaux, r\u00e9gionaux et f\u00e9d\u00e9raux. Il entra\u00eene aussi\nquelques clubs de l\u2019Indre et Loire.<\/p>\n\n\n\n<p>2001-2002&nbsp;: il est\nresponsable mini-poussins du CES Tours et travaille \u00e9troitement avec&nbsp;&nbsp; pour l\u2019\u00e9cole de mini Basket.<\/p>\n\n\n\n<p>&nbsp;Il fait partie du Conseil d\u2019Honneur du Comit\u00e9\nd\u2019Indre et Loire.<\/p>\n\n\n\n<h3 class=\"wp-block-heading\"><span class=\"ez-toc-section\" id=\"Monsieur_Michel_Aucante\"><\/span><strong>Monsieur Michel Aucante<\/strong><span class=\"ez-toc-section-end\"><\/span><\/h3>\n\n\n<div class=\"wp-block-image\">\n<figure class=\"aligncenter size-full is-resized\"><img decoding=\"async\" data-src=\"https:\/\/centrevaldeloirebasketballpatrimoine.org\/wp-content\/uploads\/2022\/05\/1002-Michel-Aucante.jpg\" alt=\"\" class=\"wp-image-28521 lazyload\" style=\"--smush-placeholder-width: 113px; --smush-placeholder-aspect-ratio: 113\/90;width:113px;height:90px\" width=\"113\" height=\"90\" data-srcset=\"https:\/\/centrevaldeloirebasketballpatrimoine.org\/wp-content\/uploads\/2022\/05\/1002-Michel-Aucante.jpg 809w, https:\/\/centrevaldeloirebasketballpatrimoine.org\/wp-content\/uploads\/2022\/05\/1002-Michel-Aucante-300x239.jpg 300w, https:\/\/centrevaldeloirebasketballpatrimoine.org\/wp-content\/uploads\/2022\/05\/1002-Michel-Aucante-768x612.jpg 768w\" data-sizes=\"(max-width: 113px) 100vw, 113px\" src=\"data:image\/gif;base64,R0lGODlhAQABAAAAACH5BAEKAAEALAAAAAABAAEAAAICTAEAOw==\" \/><figcaption class=\"wp-element-caption\"><strong><em>Michel Aucante<\/em><\/strong><\/figcaption><\/figure>\n<\/div>\n\n\n<p>N\u00e9 le 23 octobre 1946, il\ncommence le Basket \u00e0 8 ans \u00e0 Billy et remporte de nombreux titres de Champion\ndu Loir et Cher, de la Ligue, que ce soit sous l\u2019\u00e9gide de la FFBB, de l\u2019USEP ou\nde l\u2019UFOLEP.<\/p>\n\n\n\n<p>Il est nomm\u00e9 instituteur au\nCES de Vineuil de 1966 \u00e0 1970.<\/p>\n\n\n\n<p>1974&nbsp;: il est \u00e9lu au\nComit\u00e9 D\u00e9partemental du Loir et Cher et prend en charge les commissions\ntechniques et jeunes.<\/p>\n\n\n\n<p>1976&nbsp;: il cr\u00e9\u00e9 le Blois\nEtudiant Club.<\/p>\n\n\n\n<p>1977&nbsp;: il cr\u00e9\u00e9 une\nsection Basket \u00e0 Saint Sulpice dans le club de l\u2019USC et prend la Pr\u00e9sidence.<\/p>\n\n\n\n<p>1978&nbsp;: il est nomm\u00e9 Conseiller P\u00e9dagogique D\u00e9partemental \u00e0 la Direction d\u00e9partementale de la Jeunesse et des sports. Il continue le Basket comme joueur puis comme entra\u00eeneur en RM3et RM2. Il est \u00e0 l\u2019origine de la construction d\u2019un gymnase qui portera son nom, inaugur\u00e9 en 1982.<\/p>\n\n\n\n<p>1983&nbsp;: il cr\u00e9\u00e9 le CDOS\ndu Loir et Cher. Avec l\u2019USC Basket, il va conna\u00eetre une augmentation des\neffectifs passant de 30 \u00e0 130 licenci\u00e9s en 1986, aussi bien dans les cat\u00e9gories\nmasculines que f\u00e9minines.<\/p>\n\n\n\n<p>1993&nbsp;: avec le Ligue,\nil met en place le Festival des Jeunes et la F\u00eate du Mini-Basket\u2026<\/p>\n\n\n\n<h3 class=\"wp-block-heading\"><span class=\"ez-toc-section\" id=\"Monsieur_Jackie_Delanneau\"><\/span><strong>Monsieur Jackie Delanneau<\/strong><span class=\"ez-toc-section-end\"><\/span><\/h3>\n\n\n<div class=\"wp-block-image\">\n<figure class=\"aligncenter size-large is-resized\"><img decoding=\"async\" data-src=\"https:\/\/centrevaldeloirebasketballpatrimoine.org\/wp-content\/uploads\/2022\/05\/Jackie-Delanneau-1024x681.jpg\" alt=\"\" class=\"wp-image-28543 lazyload\" style=\"--smush-placeholder-width: 113px; --smush-placeholder-aspect-ratio: 113\/75;width:113px;height:75px\" width=\"113\" height=\"75\" data-srcset=\"https:\/\/centrevaldeloirebasketballpatrimoine.org\/wp-content\/uploads\/2022\/05\/Jackie-Delanneau-1024x681.jpg 1024w, https:\/\/centrevaldeloirebasketballpatrimoine.org\/wp-content\/uploads\/2022\/05\/Jackie-Delanneau-300x200.jpg 300w, https:\/\/centrevaldeloirebasketballpatrimoine.org\/wp-content\/uploads\/2022\/05\/Jackie-Delanneau-768x511.jpg 768w, https:\/\/centrevaldeloirebasketballpatrimoine.org\/wp-content\/uploads\/2022\/05\/Jackie-Delanneau-1536x1022.jpg 1536w, https:\/\/centrevaldeloirebasketballpatrimoine.org\/wp-content\/uploads\/2022\/05\/Jackie-Delanneau-2048x1363.jpg 2048w\" data-sizes=\"(max-width: 113px) 100vw, 113px\" src=\"data:image\/gif;base64,R0lGODlhAQABAAAAACH5BAEKAAEALAAAAAABAAEAAAICTAEAOw==\" \/><figcaption class=\"wp-element-caption\"><strong><em>Jackie Delanneau<\/em><\/strong><\/figcaption><\/figure>\n<\/div>\n\n\n<p>N\u00e9 le 17 janvier 1945, il\nsigne sa premi\u00e8re licence \u00e0 Argenton. Il prend ensuite une licence \u00e0 Sainte\nMaure pr\u00e8s de Ch\u00e2teauroux. Apr\u00e8s fusion, il fait partie de l\u2019Entente-Beaulieu-St\nChristophe-St Maur.<\/p>\n\n\n\n<p>1964&nbsp;: il devient\narbitre d\u00e9partemental, 1966 r\u00e9gional et f\u00e9d\u00e9ral en 1972 pour officier en\nChampionnat de France.<\/p>\n\n\n\n<p>1965&nbsp;: il est \u00e9lu au\nComit\u00e9 de l\u2019Indre. <\/p>\n\n\n\n<p>1967&nbsp;: il prend des\nfonctions dans les commissions jeunes, mini-basket et discipline du Comit\u00e9 de\nl\u2019Indre.<\/p>\n\n\n\n<p>1971&nbsp;: il devient\nPr\u00e9sident des arbitres marqueurs et chronom\u00e9treurs. Il participe \u00e0 la\ncommission statuts et r\u00e8glements dont il sera le Pr\u00e9sident en 1972.<\/p>\n\n\n\n<p>Il quitte le Comit\u00e9 de\nl\u2019Indre en 1986. Il est \u00e9lu au Bureau Directeur de l\u2019Entente Beaulieu-St Maur\nde 1976 \u00e0 1990. <\/p>\n\n\n\n<p>Avec son \u00e9pouse il a deux enfants qui pratiquent le Basket au club de La Ch\u00e2tre.<\/p>\n\n\n\n<p>Pendant toutes ces p\u00e9riodes,\nil arbitre ou organise de nombreuses manifestations partout dans l\u2019Indre.<\/p>\n\n\n\n<h3 class=\"wp-block-heading\"><span class=\"ez-toc-section\" id=\"Monsieur_Jannick_Ribault\"><\/span><strong>Monsieur Jannick Ribault<\/strong><span class=\"ez-toc-section-end\"><\/span><\/h3>\n\n\n<div class=\"wp-block-image\">\n<figure class=\"aligncenter size-full is-resized\"><img decoding=\"async\" data-src=\"https:\/\/centrevaldeloirebasketballpatrimoine.org\/wp-content\/uploads\/2022\/05\/1003-Jannick-Ribault.jpg\" alt=\"\" class=\"wp-image-28522 lazyload\" style=\"--smush-placeholder-width: 116px; --smush-placeholder-aspect-ratio: 116\/138;width:116px;height:138px\" width=\"116\" height=\"138\" src=\"data:image\/gif;base64,R0lGODlhAQABAAAAACH5BAEKAAEALAAAAAABAAEAAAICTAEAOw==\" \/><figcaption class=\"wp-element-caption\"><em><strong>Jannick Ribault<\/strong><\/em><\/figcaption><\/figure>\n<\/div>\n\n\n<p>N\u00e9 le 14 octobre 1952, il\nprend sa premi\u00e8re licence de Basket en 1966. Minime, cadet, senior, il jouera\ntoujours pour le m\u00eame club en RM3, RM2 et en pr\u00e9-national.<\/p>\n\n\n\n<p>1970&nbsp;: il entra\u00eene les\nbenjamins. Il arbitre pendant 45 ans. Il d\u00e9butera en d\u00e9partemental puis en\nr\u00e9gional et enfin en f\u00e9d\u00e9ral.<\/p>\n\n\n\n<p>1976 \u00e0 1982&nbsp;: il\nentra\u00eene l\u2019\u00e9quipe f\u00e9minine qui acc\u00e8de \u00e0 la pr\u00e9-nationale.<\/p>\n\n\n\n<p>1985&nbsp;; il arr\u00eate sa\ncarri\u00e8re de joueur.<\/p>\n\n\n\n<p>Elu successivement au Comit\u00e9\nd\u00e9partemental d\u2019Eure et Loir et \u00e0 la Ligue du Centre il devient Pr\u00e9sident de\ncette Ligue en 2016<\/p>\n\n\n\n<h3 class=\"wp-block-heading\"><span class=\"ez-toc-section\" id=\"Monsieur_Christian_Metrot\"><\/span><strong>Monsieur Christian M\u00e9trot<\/strong><span class=\"ez-toc-section-end\"><\/span><\/h3>\n\n\n<div class=\"wp-block-image\">\n<figure class=\"aligncenter size-full is-resized\"><img decoding=\"async\" data-src=\"https:\/\/centrevaldeloirebasketballpatrimoine.org\/wp-content\/uploads\/2022\/05\/1004-Christian-Metrot.jpg\" alt=\"\" class=\"wp-image-28523 lazyload\" style=\"--smush-placeholder-width: 113px; --smush-placeholder-aspect-ratio: 113\/143;width:113px;height:143px\" width=\"113\" height=\"143\" src=\"data:image\/gif;base64,R0lGODlhAQABAAAAACH5BAEKAAEALAAAAAABAAEAAAICTAEAOw==\" \/><figcaption class=\"wp-element-caption\"><em><strong>Christian M\u00e9trot<\/strong><\/em><\/figcaption><\/figure>\n<\/div>\n\n\n<p>N\u00e9 le 13 janvier 1949, il\nprend la pr\u00e9sidence du CAJO de Vierzon en 1992. Il y restera 25 ans jusqu\u2019en\n2017.<\/p>\n\n\n\n<p>1992-2000&nbsp;: il \u0153uvre\npour b\u00e2tir une \u00e9quipe senior masculin qui \u00e9voluera entre RM et RM2.<\/p>\n\n\n\n<p>Homme de c\u0153ur il poursuit le\ntravail pour que les jeunes du quartier de Sellier puissent int\u00e9grer les\n\u00e9quipes sup\u00e9rieures.<\/p>\n\n\n\n<p>1996&nbsp;: il rejoint le\nComit\u00e9 du Cher. Durant 3 mandats sous la pr\u00e9sidence de G\u00e9rard Cacard il devient\nvice-pr\u00e9sident de 2000 \u00e0 2008.<\/p>\n\n\n\n<p>2000-2010&nbsp;: il renforce\nl\u2019encadrement du club. Le CAJO dispose alors d\u2019une \u00e9quipe en PNM et une en NF3.<\/p>\n\n\n\n<p>Connu, reconnu et appr\u00e9ci\u00e9\ndes milieux sportifs et associatifs vierzonnais, ce passionn\u00e9 sait g\u00e9rer toutes\nles situations et n\u2019abandonne jamais face aux difficult\u00e9s.<\/p>\n\n\n\n<p>Il re\u00e7oit de nombreuses\ndistinctions&nbsp;:<\/p>\n\n\n\n<p>1997 : Lettre de f\u00e9licitation FFBB&nbsp;&nbsp;<\/p>\n\n\n\n<p>2004 : M\u00e9daille de bronze FFBB<\/p>\n\n\n\n<p>2011 : M\u00e9daille d\u2019argent FFBB<\/p>\n\n\n\n<p>2017 : M\u00e9daille Jeunesse et des Sports<\/p>\n\n\n\n<p>2018 : M\u00e9daille d\u2019or FFBB<\/p>\n\n\n\n<hr class=\"wp-block-separator has-css-opacity\"\/>\n\n\n\n<h2 class=\"wp-block-heading\"><span class=\"ez-toc-section\" id=\"Promotion_2019-2020\"><\/span>Promotion 2019-2020<span class=\"ez-toc-section-end\"><\/span><\/h2>\n\n\n\n<h2 class=\"wp-block-heading\"><span class=\"ez-toc-section\" id=\"Academiciens_2019-2020\"><\/span>Acad\u00e9miciens 2019-2020<span class=\"ez-toc-section-end\"><\/span><\/h2>\n\n\n\n<h2 class=\"wp-block-heading\"><span class=\"ez-toc-section\" id=\"Christian_Tersac\"><\/span>Christian Tersac<span class=\"ez-toc-section-end\"><\/span><\/h2>\n\n\n<div class=\"wp-block-image\">\n<figure class=\"aligncenter size-full is-resized\"><img decoding=\"async\" data-src=\"https:\/\/centrevaldeloirebasketballpatrimoine.org\/wp-content\/uploads\/2022\/05\/Scan.jpg\" alt=\"\" class=\"wp-image-28540 lazyload\" style=\"--smush-placeholder-width: 121px; --smush-placeholder-aspect-ratio: 121\/126;width:121px;height:126px\" width=\"121\" height=\"126\" src=\"data:image\/gif;base64,R0lGODlhAQABAAAAACH5BAEKAAEALAAAAAABAAEAAAICTAEAOw==\" \/><figcaption class=\"wp-element-caption\"><em><strong>Christian Tersac<\/strong><\/em><\/figcaption><\/figure>\n<\/div>\n\n\n<p>N\u00e9 en Tunisie en 1936. Il d\u00e9couvre le Basket mais pratique d&rsquo;autres activit\u00e9s sportives, notamment le tennis.<\/p>\n\n\n\n<p>Il pratique le Basket au sein du club de St Germain Sportif de 1946 \u00e0 1952.<\/p>\n\n\n\n<p>Sa famille est de retour en France en 1952, plus pr\u00e9cis\u00e9ment \u00e0 Bourgueil.<\/p>\n\n\n\n<p>Entre 1952 et 1955, il remporte le crit\u00e9rium du jeune Basketteur UFOLEP, alors qu&rsquo;il porte le maillot du club SS Bourgueil, club au sein duquel il commence \u00e0 se faire un nom.<\/p>\n\n\n\n<p>Recrut\u00e9 par l&rsquo;ASPO Tours \u00e0 l&rsquo;or\u00e9e de la saison 1955-1956, il \u00e9volue avec l&rsquo;\u00e9quipe 1\u00e8re en championnat d&rsquo;Excellence, avec les Kobzik, Le Moing, Thi\u00e9lin, V\u00e9drennes, Marzat, Martin et Chillou.<\/p>\n\n\n\n<p>En 1964, il est nomm\u00e9 assistant d\u00e9partemental \u00e0 la DDJS de Tours. Il d\u00e9veloppe durant de nombreuses ann\u00e9es le basket, et notamment le mini-basket au sein des territoires.<\/p>\n\n\n\n<p>Dans les ann\u00e9es 1970, il fait partie de l&rsquo;encadrement sportif de la grande ASPO Tours et est membre du Comit\u00e9 directeur de Tours BC.<\/p>\n\n\n\n<p>Membre du Comit\u00e9 directeur d&rsquo;Indre et Loire, il deviendra Pr\u00e9sident de celui-ci en 1980.<\/p>\n\n\n\n<p>Il est Vice-pr\u00e9sident de la Ligue du Centre de basket sous la pr\u00e9sidence de Jean-Claude Bois.<\/p>\n\n\n\n<p>Lors de la derni\u00e8re Assembl\u00e9e G\u00e9n\u00e9rale en tant que Pr\u00e9sident du Comit\u00e9 37, Yvan Mainini, Pr\u00e9sident de la FFBB \u00e0 l&rsquo;\u00e9poque, s&rsquo;est d\u00e9plac\u00e9 personnellement pour saluer son engagement.<\/p>\n\n\n\n<p>Il devient membre de la commission patrimoine de la FFBB \u00e0 sa cr\u00e9ation en 2008. Il contribue en 2009 \u00e0 la cr\u00e9ation de l&rsquo;Acad\u00e9mie r\u00e9gionale de Basket.<\/p>\n\n\n\n<hr class=\"wp-block-separator has-css-opacity\"\/>\n\n\n\n<h2 class=\"wp-block-heading\"><span class=\"ez-toc-section\" id=\"Claude_Boisseau\"><\/span>Claude Boisseau<span class=\"ez-toc-section-end\"><\/span><\/h2>\n\n\n<div class=\"wp-block-image\">\n<figure class=\"aligncenter size-full is-resized\"><img decoding=\"async\" data-src=\"https:\/\/centrevaldeloirebasketballpatrimoine.org\/wp-content\/uploads\/2022\/05\/C-Boisseau.jpg\" alt=\"\" class=\"wp-image-28555 lazyload\" style=\"--smush-placeholder-width: 115px; --smush-placeholder-aspect-ratio: 115\/108;width:115px;height:108px\" width=\"115\" height=\"108\" src=\"data:image\/gif;base64,R0lGODlhAQABAAAAACH5BAEKAAEALAAAAAABAAEAAAICTAEAOw==\" \/><figcaption class=\"wp-element-caption\"><strong><em>Claude Boisseau<\/em><\/strong><\/figcaption><\/figure>\n<\/div>\n\n\n<p>Il d\u00e9bute sa carri\u00e8re de basketteur \u00e0 l&rsquo;Olympique Club Orl\u00e9anais (OCO).<\/p>\n\n\n\n<p>Il joue en Cadets en Juniors et en Seniors sur le fameux terrain du Moulin de l&rsquo;H\u00f4pital \u00e0 Orl\u00e9ans.<\/p>\n\n\n\n<p>Joueur de tr\u00e8s bon niveau il rejoint l&rsquo;ASPO Tours qui \u00e9volue \u00e0 l&rsquo;\u00e9poque en Nationale 1. Il y reste deux saisons avant de revenir \u00e0 l&rsquo;OCO.<\/p>\n\n\n\n<p>Il recrute de tr\u00e8s bons joueurs am\u00e9ricains (Gray, Fields, Cox&#8230;) et permet \u00e0 l&rsquo;OCO de r\u00e9aliser des prouesses en Coupe de France.<\/p>\n\n\n\n<p>Attir\u00e9 par l&rsquo;entra\u00eenement, il effectuera de nombreux stages \u00e0 l&rsquo;INS et r\u00e9ussira l&rsquo;examen d&rsquo;entra\u00eeneur 3\u00e8me degr\u00e9 dirig\u00e9 par Robert Busnel.<\/p>\n\n\n\n<p>Afin de se perfectionner, il effectue de nombreux stages aux USA.<\/p>\n\n\n\n<p>Etant professeur d&rsquo;\u00e9ducation physique au coll\u00e8ge de Beaugency depuis 1957, en 1962 il postule pour devenir cadre technique r\u00e9gional (CTR).<\/p>\n\n\n\n<p>Sa candidature re\u00e7oit un avis favorable de la direction jeunesse et sports et il est nomm\u00e9 CTR de la R\u00e9gion F\u00e9d\u00e9rale du Centre.<\/p>\n\n\n\n<p>Pendant 30 ans il va oeuvrer pour le Basket r\u00e9gional.<\/p>\n\n\n\n<p>Il est responsable de la formation de cadres et de la formation du joueur et de la joueuse. Vaste programme&#8230;<\/p>\n\n\n\n<p>Il entra\u00eenera m\u00eame l&rsquo;US Orl\u00e9ans qui joue en Nationale 2.<\/p>\n\n\n\n<p>De 1988 \u00e0 1992, il participera \u00e0 l&rsquo;encadrement  de l&rsquo;\u00e9quipe de France masculine.<\/p>\n\n\n\n<p>En juillet 1992, c&rsquo;est l&rsquo;heure de la retraite.<\/p>\n\n\n\n<p>Il sera nomm\u00e9 Chevalier dans l&rsquo;ordre des palmes acad\u00e9miques.<\/p>\n\n\n\n<hr class=\"wp-block-separator has-css-opacity\"\/>\n\n\n\n<h2 class=\"wp-block-heading\"><span class=\"ez-toc-section\" id=\"Claude_Floride\"><\/span>Claude Floride<span class=\"ez-toc-section-end\"><\/span><\/h2>\n\n\n<div class=\"wp-block-image\">\n<figure class=\"aligncenter size-full is-resized\"><img decoding=\"async\" data-src=\"https:\/\/centrevaldeloirebasketballpatrimoine.org\/wp-content\/uploads\/2022\/05\/Claude-Floride.jpg\" alt=\"\" class=\"wp-image-28558 lazyload\" style=\"--smush-placeholder-width: 116px; --smush-placeholder-aspect-ratio: 116\/147;width:116px;height:147px\" width=\"116\" height=\"147\" data-srcset=\"https:\/\/centrevaldeloirebasketballpatrimoine.org\/wp-content\/uploads\/2022\/05\/Claude-Floride.jpg 618w, https:\/\/centrevaldeloirebasketballpatrimoine.org\/wp-content\/uploads\/2022\/05\/Claude-Floride-237x300.jpg 237w\" data-sizes=\"(max-width: 116px) 100vw, 116px\" src=\"data:image\/gif;base64,R0lGODlhAQABAAAAACH5BAEKAAEALAAAAAABAAEAAAICTAEAOw==\" \/><figcaption class=\"wp-element-caption\"><em><strong>Claude Floride<\/strong><\/em><\/figcaption><\/figure>\n<\/div>\n\n\n<p>N\u00e9 le 24 f\u00e9vrier 1946 \u00e0 La Fert\u00e9 St Aubin au sein d&rsquo;une famille de la premi\u00e8re g\u00e9n\u00e9ration de Basketteurs.<\/p>\n\n\n\n<p>Il d\u00e9couvre le basket au d\u00e9but des ann\u00e9es 1960 lorsqu&rsquo;il est \u00e9l\u00e8ve au Coll\u00e8ge de Beaugency gr\u00e2ce \u00e0 son professeur de sport : Claude Boisseau.<\/p>\n\n\n\n<p>Il int\u00e8gre le club de l&rsquo;Olympique Club Orl\u00e9anais (OCO) o\u00f9 il fait tr\u00e8s vite ses preuves.<\/p>\n\n\n\n<p>Retenu en s\u00e9lection Espoirs d\u00e9partementale et r\u00e9gionale de sa g\u00e9n\u00e9ration, Claude Floride fut, avec ses camarades de l&rsquo;OCO, Champion du Loiret cadets 1962-1963.<\/p>\n\n\n\n<p>En 1963-1964, il int\u00e8gre l&rsquo;\u00e9quipe premi\u00e8re du Club \u00e9voluant au niveau national.<\/p>\n\n\n\n<p>Du haut de son 1,74 m\u00e8tre, il a tr\u00e8s souvent lutt\u00e9 et malmen\u00e9 des adversaires mesurant deux m\u00e8tres ou plus.<\/p>\n\n\n\n<p>Champion de France FFBB de Nationale 3 en 1982.<\/p>\n\n\n\n<p>Il r\u00e9alise durant sa carri\u00e8re de joueur de 1963 \u00e0 1982, 19 saisons cons\u00e9cutives en Championnat de France.<\/p>\n\n\n\n<hr class=\"wp-block-separator has-css-opacity\"\/>\n\n\n\n<h2 class=\"wp-block-heading\"><span class=\"ez-toc-section\" id=\"Colette_Courtin\"><\/span>Colette Courtin<span class=\"ez-toc-section-end\"><\/span><\/h2>\n\n\n<div class=\"wp-block-image\">\n<figure class=\"aligncenter size-full is-resized\"><img decoding=\"async\" data-src=\"https:\/\/centrevaldeloirebasketballpatrimoine.org\/wp-content\/uploads\/2022\/05\/Colette-3.jpg\" alt=\"\" class=\"wp-image-28568 lazyload\" style=\"--smush-placeholder-width: 115px; --smush-placeholder-aspect-ratio: 115\/121;width:115px;height:121px\" width=\"115\" height=\"121\" src=\"data:image\/gif;base64,R0lGODlhAQABAAAAACH5BAEKAAEALAAAAAABAAEAAAICTAEAOw==\" \/><figcaption class=\"wp-element-caption\"><strong><em>Colette Courtin<\/em><\/strong><\/figcaption><\/figure>\n<\/div>\n\n\n<p>N\u00e9e \u00e0 Orl\u00e9ans le 17 d\u00e9cembre 1930, elle commence tr\u00e8s t\u00f4t \u00e0 pratiquer le sport, en natation, en volley-ball et en athl\u00e9tisme, avant de se licencier en Basket en 1947 \u00e0 L&rsquo;Olympique Club Orl\u00e9anais (OCO).<\/p>\n\n\n\n<p>Joueuse, elle fr\u00e9quentera deux clubs de haut niveau l&rsquo;OCO et l&rsquo;AAJ Blois de 1955 \u00e0 1960.<\/p>\n\n\n\n<p>Simultan\u00e9ment elle r\u00e9alisera une carri\u00e8re d&rsquo;arbitre de Basket-ball qui la m\u00e8nera au plus haut niveau fran\u00e7ais.<\/p>\n\n\n\n<p>Malheureusement \u00e0 cette \u00e9poque il n&rsquo;y avait pas de place pour les femmes arbitres au niveau international, sinon elle aurait \u00e9t\u00e9 sans aucun doute la premi\u00e8re nomm\u00e9e.<\/p>\n\n\n\n<p>Dans ses loisirs elle pratiquera aussi le judo, le tennis et le tennis de table et assurera des responsabilit\u00e9s dans chacun de ces sports.<\/p>\n\n\n\n<p>Au haut niveau elle a \u00e9t\u00e9 s\u00e9lectionn\u00e9e quatre fois dans la grande Equipe de France de Basket seniors , ce qui en fait la joueuse originaire de la Ligue du Centre Val de Loire la plus cap\u00e9e.<\/p>\n\n\n\n<p>Elle a re\u00e7u la m\u00e9daille de bronze de la FFBB et la m\u00e9daille d&rsquo;Or de la Jeunesse et des Sports.<\/p>\n\n\n\n<hr class=\"wp-block-separator has-css-opacity\"\/>\n\n\n\n<p><strong><em><a rel=\"noreferrer noopener\" href=\"https:\/\/centrevaldeloirebasketballpatrimoine.org\/index.php\/ligue\/\" target=\"_blank\">NB&nbsp;: Existe aussi en vid\u00e9o dans l\u2019onglet <\/a><\/em><\/strong><em><strong><a rel=\"noreferrer noopener\" href=\"https:\/\/centrevaldeloirebasketballpatrimoine.org\/index.php\/ligue\/\" target=\"_blank\">m\u00e9diath\u00e8que EN <\/a><\/strong><\/em><strong><em><a rel=\"noreferrer noopener\" href=\"https:\/\/centrevaldeloirebasketballpatrimoine.org\/index.php\/ligue\/\" target=\"_blank\">CLIQUANT ICI<\/a><\/em><\/strong><\/p>\n\n\n\n<p class=\"has-text-color has-small-font-size\" style=\"color:#a30000\"><strong><em>Sources&nbsp;: Ligue du Centre-Val de Loire de Basketball<\/em><\/strong><\/p>\n\n\n\n<hr class=\"wp-block-separator has-alpha-channel-opacity\"\/>\n\n\n\n<h2 class=\"wp-block-heading\"><span class=\"ez-toc-section\" id=\"Saison_2020_-2021_pas_de_promotion_a_cause_du_Covid\"><\/span><em><strong>Saison 2020 -2021 : pas de promotion \u00e0 cause du Covid<\/strong><\/em><span class=\"ez-toc-section-end\"><\/span><\/h2>\n\n\n\n<hr class=\"wp-block-separator has-alpha-channel-opacity\"\/>\n\n\n\n<h2 class=\"wp-block-heading\"><span class=\"ez-toc-section\" id=\"Promotion_2021-2022\"><\/span>Promotion 2021-2022<span class=\"ez-toc-section-end\"><\/span><\/h2>\n\n\n\n<h2 class=\"wp-block-heading\"><span class=\"ez-toc-section\" id=\"Parrain\"><\/span>Parrain<span class=\"ez-toc-section-end\"><\/span><\/h2>\n\n\n\n<h2 class=\"wp-block-heading\"><span class=\"ez-toc-section\" id=\"Max_Mamie\"><\/span>Max Mamie<span class=\"ez-toc-section-end\"><\/span><\/h2>\n\n\n<div class=\"wp-block-image\">\n<figure class=\"aligncenter size-full is-resized\"><img decoding=\"async\" data-src=\"https:\/\/centrevaldeloirebasketballpatrimoine.org\/wp-content\/uploads\/2023\/03\/220.jpg\" alt=\"\" class=\"wp-image-44032 lazyload\" style=\"--smush-placeholder-width: 134px; --smush-placeholder-aspect-ratio: 134\/156;width:134px;height:156px\" width=\"134\" height=\"156\" src=\"data:image\/gif;base64,R0lGODlhAQABAAAAACH5BAEKAAEALAAAAAABAAEAAAICTAEAOw==\" \/><\/figure>\n<\/div>\n\n\n<p>Il a commenc\u00e9 le Basketball loin de la M\u00e9tropole.<\/p>\n\n\n\n<p>Tr\u00e8s impliqu\u00e9 dans la formation, il a \u00e9t\u00e9 professeur de math\u00e9matiques. Il a d\u00e9but\u00e9 en tant que joueur aux Antilles.<\/p>\n\n\n\n<p>Il a \u00e9t\u00e9 arbitre international.<\/p>\n\n\n\n<p>Il a jou\u00e9 au basket et entra\u00een\u00e9 au Cercle La\u00efque des Tourelles \u00e0 Orl\u00e9ans.<\/p>\n\n\n\n<p>Il a \u00e9t\u00e9 membre de la CFAMC.<\/p>\n\n\n\n<p>Il a \u00e9t\u00e9 commissaire FIBA.<\/p>\n\n\n\n<p>Il est Acad\u00e9miciens de la FFBB.<\/p>\n\n\n\n<h2 class=\"wp-block-heading\"><span class=\"ez-toc-section\" id=\"Academiciens_2021-2022\"><\/span>Acad\u00e9miciens 2021-2022<span class=\"ez-toc-section-end\"><\/span><\/h2>\n\n\n\n<h2 class=\"wp-block-heading\"><span class=\"ez-toc-section\" id=\"Alain_Henault\"><\/span>Alain H\u00e9nault<span class=\"ez-toc-section-end\"><\/span><\/h2>\n\n\n<div class=\"wp-block-image\">\n<figure class=\"aligncenter size-full\"><img decoding=\"async\" width=\"138\" height=\"148\" data-src=\"https:\/\/centrevaldeloirebasketballpatrimoine.org\/wp-content\/uploads\/2023\/03\/205.jpg\" alt=\"\" class=\"wp-image-44033 lazyload\" src=\"data:image\/gif;base64,R0lGODlhAQABAAAAACH5BAEKAAEALAAAAAABAAEAAAICTAEAOw==\" style=\"--smush-placeholder-width: 138px; --smush-placeholder-aspect-ratio: 138\/148;\" \/><\/figure>\n<\/div>\n\n\n<p>Il d\u00e9bute le basket comme joueur dans la premi\u00e8re  \u00e9quipe du club qui vient d&rsquo;\u00eatre cr\u00e9\u00e9 en 1970, St Avertin Sports.<\/p>\n\n\n\n<p>Les premiers entra\u00eenements se d\u00e9roulaient dans la cour de l&rsquo;\u00e9cole L\u00e9on BRULON puis dans le gymnase du m\u00eame nom.<\/p>\n\n\n\n<p>Plus tard, il entra\u00eene l&rsquo;\u00e9quipe seniors fille de ce m\u00eame club.<\/p>\n\n\n\n<p>A l&rsquo;\u00e2ge de 14 ans Michel Asti\u00e9 lui donne le go\u00fbt \u00e0 l&rsquo;arbitrage.<\/p>\n\n\n\n<p>Sous sa houlette, les samedis apr\u00e8s-midi, il arbitrait les rencontres du Championnat D\u00e9partemental Benjamin.<\/p>\n\n\n\n<p>Rapidement, avec l&rsquo;aide de nombreux et talentueux arbitres nationaux et internationaux d&rsquo;Indre et Loire, avec qui il arbitrait le soir en semaine les rencontres des Championnats Corporatif, il a dirig\u00e9 des matchs au niveau r\u00e9gional et national.<\/p>\n\n\n\n<p>Lors de sa premi\u00e8re saison en championnat de France en 1975, il participe \u00e0 un stage r\u00e9serv\u00e9 aux jeunes arbitres \u00e0 Vichy puis en fin de saison, au stage des arbitres de nationale 2.<\/p>\n\n\n\n<p>En 1976, \u00e0 Challans il officie avec Jacky Ravier pour arbitrer son premier match en Nationale 1, le plus haut niveau de l&rsquo;\u00e9poque et sera d\u00e9sign\u00e9 \u00e0 Monaco avec Jean-Claude Bois.<\/p>\n\n\n\n<p>Il a mis fin \u00e0 l&rsquo;arbitrage \u00e0 la fin de la saison 1987-1988.<\/p>\n\n\n\n<p>En 1972, il est \u00e9lu \u00e0 la Ligue du CVL et devient Pr\u00e9sident de la CRAMC jusqu&rsquo;en 2004, ann\u00e9e o\u00f9 il sera  \u00e9lu Pr\u00e9sident de la Ligue du CVL. En 2012 apr\u00e8s deux mandats remplis, il c\u00e8de sa place.<\/p>\n\n\n\n<p>Lors de l&rsquo;AG de la FFBB, il lui sera remis le coq de bronze.<\/p>\n\n\n\n<hr class=\"wp-block-separator has-alpha-channel-opacity\"\/>\n\n\n\n<h2 class=\"wp-block-heading\"><span class=\"ez-toc-section\" id=\"Gerard_Halin\"><\/span>G\u00e9rard Halin<span class=\"ez-toc-section-end\"><\/span><\/h2>\n\n\n<div class=\"wp-block-image\">\n<figure class=\"aligncenter size-full\"><img decoding=\"async\" width=\"141\" height=\"230\" data-src=\"https:\/\/centrevaldeloirebasketballpatrimoine.org\/wp-content\/uploads\/2023\/03\/201.jpg\" alt=\"\" class=\"wp-image-44034 lazyload\" src=\"data:image\/gif;base64,R0lGODlhAQABAAAAACH5BAEKAAEALAAAAAABAAEAAAICTAEAOw==\" style=\"--smush-placeholder-width: 141px; --smush-placeholder-aspect-ratio: 141\/230;\" \/><\/figure>\n<\/div>\n\n\n<p>D\u00e9but \u00e0 14 ans en minimes au CJF gr\u00e2ce \u00e0 son instituteur de l&rsquo;\u00e9poque Camille Devaux, qui lui fait d\u00e9couvrir le Basket ( il aurait pu \u00e9galement s&rsquo;orienter vers le foot en tant que gardien de but, mais il a choisi le Basket !).<\/p>\n\n\n\n<p>Il a jou\u00e9:<\/p>\n\n\n\n<ul class=\"wp-block-list\">\n<li>de 1963 \u00e0 1985 au CJF jusqu&rsquo;en N2 de l&rsquo;\u00e9poque (\u00e9quivalent PROB)<\/li>\n\n\n\n<li>puis \u00e0 l&rsquo;USO et \u00e0 l&rsquo;OB (N4, r\u00e9gion&#8230;) o\u00f9 il a distill\u00e9 ses passes et ses tirs (tr\u00e8s) longues distances jusqu&rsquo;\u00e0 pr\u00e8s de 50 ans (le St\u00e9phen CURRY de l&rsquo;\u00e9poque !).<\/li>\n\n\n\n<li>il a coach\u00e9 les seniors filles et  gar\u00e7ons \u00e0 l&rsquo;USO en N3, au CJF et aussi \u00e0 l&rsquo;Entente. Puis il est revenu AU CJF en tant que pr\u00e9sident dans les ann\u00e9es 90.<\/li>\n\n\n\n<li>C&rsquo;est pr\u00e8s de 40 ans au service du Basket avec toutes les casquettes possibles : Joueur, entra\u00eeneur, dirigeant..sauf arbitre !<\/li>\n<\/ul>\n\n\n\n<hr class=\"wp-block-separator has-alpha-channel-opacity\"\/>\n\n\n\n<h2 class=\"wp-block-heading\"><span class=\"ez-toc-section\" id=\"Jacky_Bavouset\"><\/span>Jacky Bavouset<span class=\"ez-toc-section-end\"><\/span><\/h2>\n\n\n<div class=\"wp-block-image\">\n<figure class=\"aligncenter size-full\"><img decoding=\"async\" width=\"120\" height=\"151\" data-src=\"https:\/\/centrevaldeloirebasketballpatrimoine.org\/wp-content\/uploads\/2023\/03\/210.jpg\" alt=\"\" class=\"wp-image-44035 lazyload\" src=\"data:image\/gif;base64,R0lGODlhAQABAAAAACH5BAEKAAEALAAAAAABAAEAAAICTAEAOw==\" style=\"--smush-placeholder-width: 120px; --smush-placeholder-aspect-ratio: 120\/151;\" \/><\/figure>\n<\/div>\n\n\n<p>Il est originaire d&rsquo;Argenton sur Creuse o\u00f9 il a pratiqu\u00e9 l&rsquo;athl\u00e9tisme tout en \u00e9tant correspondant \u00e0 la r\u00e9daction de la Nouvelle R\u00e9publique. Il arrive \u00e0 Bourges en 1973, comme jeune stagiaire avec le bac en poche.<\/p>\n\n\n\n<p>A l&rsquo;\u00e9poque, le sport dominant \u00e9tait le football. Le FC Bourges jouait en 2\u00e8me division.<\/p>\n\n\n\n<p>Dans le d\u00e9partement du Cher l&rsquo;impact du Basket n&rsquo;\u00e9tait pas exceptionnel ! Il y avait bien la Grappe de Chavignol qui \u00e9voluait en nationale avec son fameux tournoi de P\u00e2ques au milieu des vignes du Sancerrois.<\/p>\n\n\n\n<p>Les gar\u00e7ons du CJM Bourges acc\u00e8deront \u00e0 la nationale 2 mais seront r\u00e9trograd\u00e9s en fin de saison<\/p>\n\n\n\n<p>Sous la houlette de Patrick Dorie puis de Pierre Fosset le Basket f\u00e9minin commen\u00e7a \u00e0 faire parler de lui.<\/p>\n\n\n\n<p>En 1995, il accompagna les filles du CJM Bourges en finale de la coupe Ronchetti.<\/p>\n\n\n\n<p>Devenu journaliste titulaire, puis responsable du service des sports, il \u00e9tait toujours volontaire pour effectuer des longs d\u00e9placements en Europe.<\/p>\n\n\n\n<p>Au Prado, les rencontres internationales se multipliaient. Sa vie de journaliste \u00e0 la NR s&rsquo;en trouva modifi\u00e9e. <\/p>\n\n\n\n<p>Avec Martine son \u00e9pouse et collaboratrice, ils profit\u00e8rent de nombreux d\u00e9placements en Europe pour enrichir leur culture.<\/p>\n\n\n\n<p>Avec ses copains du Berry R\u00e9publicain, il organisait sur place le d\u00e9jeuner de presse auquel se joignait les dirigeants du Bourges Basket. Il n&rsquo;en oubliait pas pour autant le foot, le rugby, le v\u00e9lo avec Paris Bourges.<\/p>\n\n\n\n<p>En 2007, il re\u00e7u la m\u00e9daille d&rsquo;Or de la jeunesse et des sports.<\/p>\n\n\n\n<p>H\u00e9las deux ans plus tard la NR d\u00e9cidait de fermer son \u00e9dition du Cher. Il continua comme correspondant pour la NR du 36, 37 41 79 et 86.<\/p>\n\n\n\n<p>Pour tout ceux qui ont fr\u00e9quent\u00e9 le Prado ils ont reconnu celui dont la silhouette se tient r\u00e9guli\u00e8rement dans la tribune derri\u00e8re la table de marque.<\/p>\n\n\n\n<hr class=\"wp-block-separator has-alpha-channel-opacity\"\/>\n\n\n\n<h2 class=\"wp-block-heading\"><span class=\"ez-toc-section\" id=\"Huguette_Despinoy\"><\/span>Huguette Despinoy<span class=\"ez-toc-section-end\"><\/span><\/h2>\n\n\n<div class=\"wp-block-image\">\n<figure class=\"aligncenter size-full\"><img decoding=\"async\" width=\"142\" height=\"182\" data-src=\"https:\/\/centrevaldeloirebasketballpatrimoine.org\/wp-content\/uploads\/2023\/03\/210-1.jpg\" alt=\"\" class=\"wp-image-44036 lazyload\" src=\"data:image\/gif;base64,R0lGODlhAQABAAAAACH5BAEKAAEALAAAAAABAAEAAAICTAEAOw==\" style=\"--smush-placeholder-width: 142px; --smush-placeholder-aspect-ratio: 142\/182;\" \/><\/figure>\n<\/div>\n\n\n<p>Elle \u00e9tait licenci\u00e9e au CS Bourges depuis 1980.<\/p>\n\n\n\n<p>Elle avait \u00e9t\u00e9 au Comit\u00e9 du Cher de Basket pendant 10 ans. Elle avait si\u00e9g\u00e9 \u00e0 la CDO et s&rsquo;occupait de la formation des OTM depuis plus de 28 ans, elle avait particip\u00e9 \u00e0 la formation des OTM de la Ligue CVL.<\/p>\n\n\n\n<p>Elle \u00e9tait r\u00e9partitrice HN pour la Ligue CVL et r\u00e9partitrice de de la zone Sud-Ouest pour la F\u00e9d\u00e9ration Fran\u00e7aise de Basket.<\/p>\n\n\n\n<p>Elle a beaucoup oeuvr\u00e9 pour le d\u00e9veloppement du basket dans la R\u00e9gion CVL.<\/p>\n\n\n\n<hr class=\"wp-block-separator has-alpha-channel-opacity\"\/>\n\n\n\n<h2 class=\"wp-block-heading\"><span class=\"ez-toc-section\" id=\"Tours_Metropole_Basket\"><\/span>Tours M\u00e9tropole Basket<span class=\"ez-toc-section-end\"><\/span><\/h2>\n\n\n<div class=\"wp-block-image\">\n<figure class=\"aligncenter size-full\"><img decoding=\"async\" width=\"323\" height=\"223\" data-src=\"https:\/\/centrevaldeloirebasketballpatrimoine.org\/wp-content\/uploads\/2023\/03\/210-2.jpg\" alt=\"\" class=\"wp-image-44037 lazyload\" data-srcset=\"https:\/\/centrevaldeloirebasketballpatrimoine.org\/wp-content\/uploads\/2023\/03\/210-2.jpg 323w, https:\/\/centrevaldeloirebasketballpatrimoine.org\/wp-content\/uploads\/2023\/03\/210-2-300x207.jpg 300w\" data-sizes=\"(max-width: 323px) 100vw, 323px\" src=\"data:image\/gif;base64,R0lGODlhAQABAAAAACH5BAEKAAEALAAAAAABAAEAAAICTAEAOw==\" style=\"--smush-placeholder-width: 323px; --smush-placeholder-aspect-ratio: 323\/223;\" \/><\/figure>\n<\/div>\n\n\n<p>N\u00e9e en 2014 d&rsquo;un rapprochement du Touraine Basket Club et le Patronage La\u00efque La Riche Lamartine Tours Basket, le club se donne pour objectif la mont\u00e9e en PRO B.<\/p>\n\n\n\n<p>Une premi\u00e8re \u00e9tape est franchie au printemps 2018, avec l&rsquo;accession du club pr\u00e9sid\u00e9 par Bruno de l&rsquo;Espinay et manag\u00e9 par Romain R\u00e9gnard de Nationale 2 en Nationale 1.<\/p>\n\n\n\n<p>L&rsquo;\u00e9quipe entra\u00een\u00e9e par Pierre Tavano et emmen\u00e9e par Ahmed Doumbia, son capitaine, r\u00e9alise en 2020-2021 une saison pleine; Elle permet au Basket tourangeau de retrouver le championnat de France PRO B, vingt trois ans apr\u00e8s l&rsquo;avoir quitt\u00e9.<\/p>\n\n\n\n<hr class=\"wp-block-separator has-alpha-channel-opacity\"\/>\n","protected":false},"excerpt":{"rendered":"<p>Promotion 2018\/2019 Marraine Madame Yannick Souvr\u00e9 Madame Yannick Souvr\u00e9 Elle commence le Basketball \u00e0 Tournefeuille, puis rejoint le club de Mirande \u00e0 15 ans. Elle n\u2019a pas encore 20 ans [&hellip;]<\/p>\n","protected":false},"author":6,"featured_media":0,"parent":0,"menu_order":0,"comment_status":"closed","ping_status":"closed","template":"","meta":{"footnotes":""},"class_list":["post-1995","page","type-page","status-publish","hentry"],"yoast_head":"<!-- This site is optimized with the Yoast SEO plugin v27.5 - https:\/\/yoast.com\/product\/yoast-seo-wordpress\/ -->\n<title>Acad\u00e9miciens 2018-2021 - patrimoine<\/title>\n<meta name=\"description\" content=\"Patrimoine historique du basket en r\u00e9gion Centre-Val de Loire.\" \/>\n<meta name=\"robots\" content=\"index, follow, max-snippet:-1, max-image-preview:large, max-video-preview:-1\" \/>\n<link rel=\"canonical\" href=\"https:\/\/centrevaldeloirebasketballpatrimoine.org\/index.php\/academiciens-2018-2019\/\" \/>\n<meta property=\"og:locale\" content=\"fr_FR\" \/>\n<meta property=\"og:type\" content=\"article\" \/>\n<meta property=\"og:title\" content=\"Acad\u00e9miciens 2018-2021 - patrimoine\" \/>\n<meta property=\"og:description\" content=\"Patrimoine historique du basket en r\u00e9gion Centre-Val de Loire.\" \/>\n<meta property=\"og:url\" content=\"https:\/\/centrevaldeloirebasketballpatrimoine.org\/index.php\/academiciens-2018-2019\/\" \/>\n<meta property=\"article:publisher\" content=\"https:\/\/www.facebook.com\/LigueBasketCentre\" \/>\n<meta property=\"article:modified_time\" content=\"2023-09-27T15:52:24+00:00\" \/>\n<meta property=\"og:image\" content=\"https:\/\/centrevaldeloirebasketballpatrimoine.org\/wp-content\/uploads\/2022\/05\/1000-Yannick-Souvre.jpg\" \/>\n<meta name=\"twitter:card\" content=\"summary_large_image\" \/>\n<meta name=\"twitter:site\" content=\"@BasketCentre\" \/>\n<meta name=\"twitter:label1\" content=\"Dur\u00e9e de lecture estim\u00e9e\" \/>\n\t<meta name=\"twitter:data1\" content=\"18 minutes\" \/>\n<script type=\"application\/ld+json\" class=\"yoast-schema-graph\">{\"@context\":\"https:\\\/\\\/schema.org\",\"@graph\":[{\"@type\":\"WebPage\",\"@id\":\"https:\\\/\\\/centrevaldeloirebasketballpatrimoine.org\\\/index.php\\\/academiciens-2018-2019\\\/\",\"url\":\"https:\\\/\\\/centrevaldeloirebasketballpatrimoine.org\\\/index.php\\\/academiciens-2018-2019\\\/\",\"name\":\"Acad\u00e9miciens 2018-2021 - patrimoine\",\"isPartOf\":{\"@id\":\"https:\\\/\\\/centrevaldeloirebasketballpatrimoine.org\\\/#website\"},\"primaryImageOfPage\":{\"@id\":\"https:\\\/\\\/centrevaldeloirebasketballpatrimoine.org\\\/index.php\\\/academiciens-2018-2019\\\/#primaryimage\"},\"image\":{\"@id\":\"https:\\\/\\\/centrevaldeloirebasketballpatrimoine.org\\\/index.php\\\/academiciens-2018-2019\\\/#primaryimage\"},\"thumbnailUrl\":\"https:\\\/\\\/centrevaldeloirebasketballpatrimoine.org\\\/wp-content\\\/uploads\\\/2022\\\/05\\\/1000-Yannick-Souvre.jpg\",\"datePublished\":\"2020-04-06T12:20:32+00:00\",\"dateModified\":\"2023-09-27T15:52:24+00:00\",\"description\":\"Patrimoine historique du basket en r\u00e9gion Centre-Val de Loire.\",\"breadcrumb\":{\"@id\":\"https:\\\/\\\/centrevaldeloirebasketballpatrimoine.org\\\/index.php\\\/academiciens-2018-2019\\\/#breadcrumb\"},\"inLanguage\":\"fr-FR\",\"potentialAction\":[{\"@type\":\"ReadAction\",\"target\":[\"https:\\\/\\\/centrevaldeloirebasketballpatrimoine.org\\\/index.php\\\/academiciens-2018-2019\\\/\"]}]},{\"@type\":\"ImageObject\",\"inLanguage\":\"fr-FR\",\"@id\":\"https:\\\/\\\/centrevaldeloirebasketballpatrimoine.org\\\/index.php\\\/academiciens-2018-2019\\\/#primaryimage\",\"url\":\"https:\\\/\\\/centrevaldeloirebasketballpatrimoine.org\\\/wp-content\\\/uploads\\\/2022\\\/05\\\/1000-Yannick-Souvre.jpg\",\"contentUrl\":\"https:\\\/\\\/centrevaldeloirebasketballpatrimoine.org\\\/wp-content\\\/uploads\\\/2022\\\/05\\\/1000-Yannick-Souvre.jpg\",\"width\":127,\"height\":168},{\"@type\":\"BreadcrumbList\",\"@id\":\"https:\\\/\\\/centrevaldeloirebasketballpatrimoine.org\\\/index.php\\\/academiciens-2018-2019\\\/#breadcrumb\",\"itemListElement\":[{\"@type\":\"ListItem\",\"position\":1,\"name\":\"Accueil\",\"item\":\"https:\\\/\\\/centrevaldeloirebasketballpatrimoine.org\\\/\"},{\"@type\":\"ListItem\",\"position\":2,\"name\":\"Acad\u00e9miciens 2018-2021\"}]},{\"@type\":\"WebSite\",\"@id\":\"https:\\\/\\\/centrevaldeloirebasketballpatrimoine.org\\\/#website\",\"url\":\"https:\\\/\\\/centrevaldeloirebasketballpatrimoine.org\\\/\",\"name\":\"\",\"description\":\"Site officiel Commission Patrimoine de la Ligue Centre-Val de Loire de BasketBall\",\"publisher\":{\"@id\":\"https:\\\/\\\/centrevaldeloirebasketballpatrimoine.org\\\/#organization\"},\"potentialAction\":[{\"@type\":\"SearchAction\",\"target\":{\"@type\":\"EntryPoint\",\"urlTemplate\":\"https:\\\/\\\/centrevaldeloirebasketballpatrimoine.org\\\/?s={search_term_string}\"},\"query-input\":{\"@type\":\"PropertyValueSpecification\",\"valueRequired\":true,\"valueName\":\"search_term_string\"}}],\"inLanguage\":\"fr-FR\"},{\"@type\":\"Organization\",\"@id\":\"https:\\\/\\\/centrevaldeloirebasketballpatrimoine.org\\\/#organization\",\"name\":\"Patrimoine Basket Ligue Centre-Val de Loire\",\"url\":\"https:\\\/\\\/centrevaldeloirebasketballpatrimoine.org\\\/\",\"logo\":{\"@type\":\"ImageObject\",\"inLanguage\":\"fr-FR\",\"@id\":\"https:\\\/\\\/centrevaldeloirebasketballpatrimoine.org\\\/#\\\/schema\\\/logo\\\/image\\\/\",\"url\":\"https:\\\/\\\/i0.wp.com\\\/centrevaldeloirebasketballpatrimoine.org\\\/wp-content\\\/uploads\\\/2019\\\/06\\\/LigueRegionale-CENTRE-VAL-DE-LOIRE-Vertical-694x1024.jpg?fit=694%2C1024&ssl=1\",\"contentUrl\":\"https:\\\/\\\/i0.wp.com\\\/centrevaldeloirebasketballpatrimoine.org\\\/wp-content\\\/uploads\\\/2019\\\/06\\\/LigueRegionale-CENTRE-VAL-DE-LOIRE-Vertical-694x1024.jpg?fit=694%2C1024&ssl=1\",\"width\":694,\"height\":1024,\"caption\":\"Patrimoine Basket Ligue Centre-Val de Loire\"},\"image\":{\"@id\":\"https:\\\/\\\/centrevaldeloirebasketballpatrimoine.org\\\/#\\\/schema\\\/logo\\\/image\\\/\"},\"sameAs\":[\"https:\\\/\\\/www.facebook.com\\\/LigueBasketCentre\",\"https:\\\/\\\/x.com\\\/BasketCentre\",\"https:\\\/\\\/www.instagram.com\\\/liguebasketcentre\\\/\",\"https:\\\/\\\/www.linkedin.com\\\/company\\\/ligue-du-centre-val-de-loire-de-basketball\"]}]}<\/script>\n<!-- \/ Yoast SEO plugin. -->","yoast_head_json":{"title":"Acad\u00e9miciens 2018-2021 - patrimoine","description":"Patrimoine historique du basket en r\u00e9gion Centre-Val de Loire.","robots":{"index":"index","follow":"follow","max-snippet":"max-snippet:-1","max-image-preview":"max-image-preview:large","max-video-preview":"max-video-preview:-1"},"canonical":"https:\/\/centrevaldeloirebasketballpatrimoine.org\/index.php\/academiciens-2018-2019\/","og_locale":"fr_FR","og_type":"article","og_title":"Acad\u00e9miciens 2018-2021 - patrimoine","og_description":"Patrimoine historique du basket en r\u00e9gion Centre-Val de Loire.","og_url":"https:\/\/centrevaldeloirebasketballpatrimoine.org\/index.php\/academiciens-2018-2019\/","article_publisher":"https:\/\/www.facebook.com\/LigueBasketCentre","article_modified_time":"2023-09-27T15:52:24+00:00","og_image":[{"url":"https:\/\/centrevaldeloirebasketballpatrimoine.org\/wp-content\/uploads\/2022\/05\/1000-Yannick-Souvre.jpg","type":"","width":"","height":""}],"twitter_card":"summary_large_image","twitter_site":"@BasketCentre","twitter_misc":{"Dur\u00e9e de lecture estim\u00e9e":"18 minutes"},"schema":{"@context":"https:\/\/schema.org","@graph":[{"@type":"WebPage","@id":"https:\/\/centrevaldeloirebasketballpatrimoine.org\/index.php\/academiciens-2018-2019\/","url":"https:\/\/centrevaldeloirebasketballpatrimoine.org\/index.php\/academiciens-2018-2019\/","name":"Acad\u00e9miciens 2018-2021 - patrimoine","isPartOf":{"@id":"https:\/\/centrevaldeloirebasketballpatrimoine.org\/#website"},"primaryImageOfPage":{"@id":"https:\/\/centrevaldeloirebasketballpatrimoine.org\/index.php\/academiciens-2018-2019\/#primaryimage"},"image":{"@id":"https:\/\/centrevaldeloirebasketballpatrimoine.org\/index.php\/academiciens-2018-2019\/#primaryimage"},"thumbnailUrl":"https:\/\/centrevaldeloirebasketballpatrimoine.org\/wp-content\/uploads\/2022\/05\/1000-Yannick-Souvre.jpg","datePublished":"2020-04-06T12:20:32+00:00","dateModified":"2023-09-27T15:52:24+00:00","description":"Patrimoine historique du basket en r\u00e9gion Centre-Val de Loire.","breadcrumb":{"@id":"https:\/\/centrevaldeloirebasketballpatrimoine.org\/index.php\/academiciens-2018-2019\/#breadcrumb"},"inLanguage":"fr-FR","potentialAction":[{"@type":"ReadAction","target":["https:\/\/centrevaldeloirebasketballpatrimoine.org\/index.php\/academiciens-2018-2019\/"]}]},{"@type":"ImageObject","inLanguage":"fr-FR","@id":"https:\/\/centrevaldeloirebasketballpatrimoine.org\/index.php\/academiciens-2018-2019\/#primaryimage","url":"https:\/\/centrevaldeloirebasketballpatrimoine.org\/wp-content\/uploads\/2022\/05\/1000-Yannick-Souvre.jpg","contentUrl":"https:\/\/centrevaldeloirebasketballpatrimoine.org\/wp-content\/uploads\/2022\/05\/1000-Yannick-Souvre.jpg","width":127,"height":168},{"@type":"BreadcrumbList","@id":"https:\/\/centrevaldeloirebasketballpatrimoine.org\/index.php\/academiciens-2018-2019\/#breadcrumb","itemListElement":[{"@type":"ListItem","position":1,"name":"Accueil","item":"https:\/\/centrevaldeloirebasketballpatrimoine.org\/"},{"@type":"ListItem","position":2,"name":"Acad\u00e9miciens 2018-2021"}]},{"@type":"WebSite","@id":"https:\/\/centrevaldeloirebasketballpatrimoine.org\/#website","url":"https:\/\/centrevaldeloirebasketballpatrimoine.org\/","name":"","description":"Site officiel Commission Patrimoine de la Ligue Centre-Val de Loire de BasketBall","publisher":{"@id":"https:\/\/centrevaldeloirebasketballpatrimoine.org\/#organization"},"potentialAction":[{"@type":"SearchAction","target":{"@type":"EntryPoint","urlTemplate":"https:\/\/centrevaldeloirebasketballpatrimoine.org\/?s={search_term_string}"},"query-input":{"@type":"PropertyValueSpecification","valueRequired":true,"valueName":"search_term_string"}}],"inLanguage":"fr-FR"},{"@type":"Organization","@id":"https:\/\/centrevaldeloirebasketballpatrimoine.org\/#organization","name":"Patrimoine Basket Ligue Centre-Val de Loire","url":"https:\/\/centrevaldeloirebasketballpatrimoine.org\/","logo":{"@type":"ImageObject","inLanguage":"fr-FR","@id":"https:\/\/centrevaldeloirebasketballpatrimoine.org\/#\/schema\/logo\/image\/","url":"https:\/\/i0.wp.com\/centrevaldeloirebasketballpatrimoine.org\/wp-content\/uploads\/2019\/06\/LigueRegionale-CENTRE-VAL-DE-LOIRE-Vertical-694x1024.jpg?fit=694%2C1024&ssl=1","contentUrl":"https:\/\/i0.wp.com\/centrevaldeloirebasketballpatrimoine.org\/wp-content\/uploads\/2019\/06\/LigueRegionale-CENTRE-VAL-DE-LOIRE-Vertical-694x1024.jpg?fit=694%2C1024&ssl=1","width":694,"height":1024,"caption":"Patrimoine Basket Ligue Centre-Val de Loire"},"image":{"@id":"https:\/\/centrevaldeloirebasketballpatrimoine.org\/#\/schema\/logo\/image\/"},"sameAs":["https:\/\/www.facebook.com\/LigueBasketCentre","https:\/\/x.com\/BasketCentre","https:\/\/www.instagram.com\/liguebasketcentre\/","https:\/\/www.linkedin.com\/company\/ligue-du-centre-val-de-loire-de-basketball"]}]}},"_links":{"self":[{"href":"https:\/\/centrevaldeloirebasketballpatrimoine.org\/index.php\/wp-json\/wp\/v2\/pages\/1995","targetHints":{"allow":["GET"]}}],"collection":[{"href":"https:\/\/centrevaldeloirebasketballpatrimoine.org\/index.php\/wp-json\/wp\/v2\/pages"}],"about":[{"href":"https:\/\/centrevaldeloirebasketballpatrimoine.org\/index.php\/wp-json\/wp\/v2\/types\/page"}],"author":[{"embeddable":true,"href":"https:\/\/centrevaldeloirebasketballpatrimoine.org\/index.php\/wp-json\/wp\/v2\/users\/6"}],"replies":[{"embeddable":true,"href":"https:\/\/centrevaldeloirebasketballpatrimoine.org\/index.php\/wp-json\/wp\/v2\/comments?post=1995"}],"version-history":[{"count":0,"href":"https:\/\/centrevaldeloirebasketballpatrimoine.org\/index.php\/wp-json\/wp\/v2\/pages\/1995\/revisions"}],"wp:attachment":[{"href":"https:\/\/centrevaldeloirebasketballpatrimoine.org\/index.php\/wp-json\/wp\/v2\/media?parent=1995"}],"curies":[{"name":"wp","href":"https:\/\/api.w.org\/{rel}","templated":true}]}}