{"id":1861,"date":"2020-03-25T14:42:18","date_gmt":"2020-03-25T13:42:18","guid":{"rendered":"https:\/\/centrevaldeloirebasketballpatrimoine.org\/?page_id=1861"},"modified":"2022-05-13T18:12:13","modified_gmt":"2022-05-13T16:12:13","slug":"academiciens-2009-2014","status":"publish","type":"page","link":"https:\/\/centrevaldeloirebasketballpatrimoine.org\/index.php\/academiciens-2009-2014\/","title":{"rendered":"Acad\u00e9miciens 2009-2012"},"content":{"rendered":"<div id=\"mega-menu-wrap-max_mega_menu_8\" class=\"mega-menu-wrap\"><div class=\"mega-menu-toggle\"><div class=\"mega-toggle-blocks-left\"><\/div><div class=\"mega-toggle-blocks-center\"><\/div><div class=\"mega-toggle-blocks-right\"><div class='mega-toggle-block mega-menu-toggle-block mega-toggle-block-1' id='mega-toggle-block-1' tabindex='0'><button class='mega-toggle-standard mega-toggle-label' aria-expanded='false'><span class='mega-toggle-label-closed'>MENU<\/span><span class='mega-toggle-label-open'>MENU<\/span><\/button><\/div><\/div><\/div><ul id=\"mega-menu-max_mega_menu_8\" class=\"mega-menu max-mega-menu mega-menu-horizontal mega-no-js\" data-event=\"hover_intent\" data-effect=\"fade_up\" data-effect-speed=\"200\" data-effect-mobile=\"disabled\" data-effect-speed-mobile=\"0\" data-mobile-force-width=\"false\" data-second-click=\"go\" data-document-click=\"collapse\" data-vertical-behaviour=\"standard\" data-breakpoint=\"600\" data-unbind=\"true\" data-mobile-state=\"collapse_all\" data-mobile-direction=\"vertical\" data-hover-intent-timeout=\"300\" data-hover-intent-interval=\"100\"><li class=\"mega-menu-item mega-menu-item-type-post_type mega-menu-item-object-page mega-align-bottom-left mega-menu-flyout mega-menu-item-1889\" id=\"mega-menu-item-1889\"><a class=\"mega-menu-link\" href=\"https:\/\/centrevaldeloirebasketballpatrimoine.org\/index.php\/historique\/\" tabindex=\"0\">Historique<\/a><\/li><li class=\"mega-menu-item mega-menu-item-type-post_type mega-menu-item-object-page mega-align-bottom-left mega-menu-flyout mega-menu-item-1888\" id=\"mega-menu-item-1888\"><a class=\"mega-menu-link\" href=\"https:\/\/centrevaldeloirebasketballpatrimoine.org\/index.php\/academiciens-2009-2014\/\" tabindex=\"0\">Acad\u00e9miciens 2009-2012<\/a><\/li><li class=\"mega-menu-item mega-menu-item-type-post_type mega-menu-item-object-page mega-align-bottom-left mega-menu-flyout mega-menu-item-1887\" id=\"mega-menu-item-1887\"><a class=\"mega-menu-link\" href=\"https:\/\/centrevaldeloirebasketballpatrimoine.org\/index.php\/academiciens-2014-2019\/\" tabindex=\"0\">Acad\u00e9miciens 2012-2014<\/a><\/li><li class=\"mega-menu-item mega-menu-item-type-post_type mega-menu-item-object-page mega-align-bottom-left mega-menu-flyout mega-menu-item-1980\" id=\"mega-menu-item-1980\"><a class=\"mega-menu-link\" href=\"https:\/\/centrevaldeloirebasketballpatrimoine.org\/index.php\/academiciens-2014-2016\/\" tabindex=\"0\">Acad\u00e9miciens 2014-2016<\/a><\/li><li class=\"mega-menu-item mega-menu-item-type-post_type mega-menu-item-object-page mega-align-bottom-left mega-menu-flyout mega-menu-item-2002\" id=\"mega-menu-item-2002\"><a class=\"mega-menu-link\" href=\"https:\/\/centrevaldeloirebasketballpatrimoine.org\/index.php\/academiciens-2016-2018\/\" tabindex=\"0\">Acad\u00e9miciens 2016-2018<\/a><\/li><li class=\"mega-menu-item mega-menu-item-type-post_type mega-menu-item-object-page mega-align-bottom-left mega-menu-flyout mega-menu-item-2001\" id=\"mega-menu-item-2001\"><a class=\"mega-menu-link\" href=\"https:\/\/centrevaldeloirebasketballpatrimoine.org\/index.php\/academiciens-2018-2019\/\" tabindex=\"0\">Acad\u00e9miciens 2018-2021<\/a><\/li><li class=\"mega-menu-item mega-menu-item-type-post_type mega-menu-item-object-page mega-align-bottom-left mega-menu-flyout mega-menu-item-44354\" id=\"mega-menu-item-44354\"><a class=\"mega-menu-link\" href=\"https:\/\/centrevaldeloirebasketballpatrimoine.org\/index.php\/academiciens-2021-2024-academiciens-ffbb-basket-francais\/\" tabindex=\"0\">Acad\u00e9miciens 2021-2024<\/a><\/li><li class=\"mega-menu-item mega-menu-item-type-post_type mega-menu-item-object-page mega-align-bottom-left mega-menu-flyout mega-menu-item-75407\" id=\"mega-menu-item-75407\"><a class=\"mega-menu-link\" href=\"https:\/\/centrevaldeloirebasketballpatrimoine.org\/index.php\/academiciens-2025-2028\/\" tabindex=\"0\">Acad\u00e9miciens 2025-2028<\/a><\/li><\/ul><\/div>\n\n\n\n<div id=\"ez-toc-container\" class=\"ez-toc-v2_0_74 counter-hierarchy ez-toc-counter ez-toc-grey ez-toc-container-direction\">\n<p class=\"ez-toc-title\" style=\"cursor:inherit\">Table of Contents<\/p>\n<label for=\"ez-toc-cssicon-toggle-item-69f742a7a45bd\" class=\"ez-toc-cssicon-toggle-label\"><span class=\"\"><span class=\"eztoc-hide\" style=\"display:none;\">Toggle<\/span><span class=\"ez-toc-icon-toggle-span\"><svg style=\"fill: #999;color:#999\" xmlns=\"http:\/\/www.w3.org\/2000\/svg\" class=\"list-377408\" width=\"20px\" height=\"20px\" viewBox=\"0 0 24 24\" fill=\"none\"><path d=\"M6 6H4v2h2V6zm14 0H8v2h12V6zM4 11h2v2H4v-2zm16 0H8v2h12v-2zM4 16h2v2H4v-2zm16 0H8v2h12v-2z\" fill=\"currentColor\"><\/path><\/svg><svg style=\"fill: #999;color:#999\" class=\"arrow-unsorted-368013\" xmlns=\"http:\/\/www.w3.org\/2000\/svg\" width=\"10px\" height=\"10px\" viewBox=\"0 0 24 24\" version=\"1.2\" baseProfile=\"tiny\"><path d=\"M18.2 9.3l-6.2-6.3-6.2 6.3c-.2.2-.3.4-.3.7s.1.5.3.7c.2.2.4.3.7.3h11c.3 0 .5-.1.7-.3.2-.2.3-.5.3-.7s-.1-.5-.3-.7zM5.8 14.7l6.2 6.3 6.2-6.3c.2-.2.3-.5.3-.7s-.1-.5-.3-.7c-.2-.2-.4-.3-.7-.3h-11c-.3 0-.5.1-.7.3-.2.2-.3.5-.3.7s.1.5.3.7z\"\/><\/svg><\/span><\/span><\/label><input type=\"checkbox\"  id=\"ez-toc-cssicon-toggle-item-69f742a7a45bd\"  aria-label=\"Toggle\" \/><nav><ul class='ez-toc-list ez-toc-list-level-1 ' ><li class='ez-toc-page-1 ez-toc-heading-level-2'><a class=\"ez-toc-link ez-toc-heading-1\" href=\"https:\/\/centrevaldeloirebasketballpatrimoine.org\/index.php\/academiciens-2009-2014\/#Promotion_20092010\" >Promotion\n2009\/2010<\/a><ul class='ez-toc-list-level-3' ><li class='ez-toc-heading-level-3'><a class=\"ez-toc-link ez-toc-heading-2\" href=\"https:\/\/centrevaldeloirebasketballpatrimoine.org\/index.php\/academiciens-2009-2014\/#Parrain_Gerard_Bosc\" >Parrain&nbsp;:\nG\u00e9rard Bosc<\/a><\/li><li class='ez-toc-page-1 ez-toc-heading-level-3'><a class=\"ez-toc-link ez-toc-heading-3\" href=\"https:\/\/centrevaldeloirebasketballpatrimoine.org\/index.php\/academiciens-2009-2014\/#Monsieur_Gerard_Bosc\" >Monsieur G\u00e9rard Bosc<\/a><\/li><\/ul><\/li><li class='ez-toc-page-1 ez-toc-heading-level-2'><a class=\"ez-toc-link ez-toc-heading-4\" href=\"https:\/\/centrevaldeloirebasketballpatrimoine.org\/index.php\/academiciens-2009-2014\/#Academiciens_20092010\" >Acad\u00e9miciens\n2009\/2010<\/a><ul class='ez-toc-list-level-3' ><li class='ez-toc-heading-level-3'><a class=\"ez-toc-link ez-toc-heading-5\" href=\"https:\/\/centrevaldeloirebasketballpatrimoine.org\/index.php\/academiciens-2009-2014\/#Madame_Simone_Mircq\" >Madame Simone Mircq<\/a><\/li><li class='ez-toc-page-1 ez-toc-heading-level-3'><a class=\"ez-toc-link ez-toc-heading-6\" href=\"https:\/\/centrevaldeloirebasketballpatrimoine.org\/index.php\/academiciens-2009-2014\/#Monsieur_Jean-Louis_Forest\" >Monsieur Jean-Louis Forest&nbsp;<\/a><\/li><li class='ez-toc-page-1 ez-toc-heading-level-3'><a class=\"ez-toc-link ez-toc-heading-7\" href=\"https:\/\/centrevaldeloirebasketballpatrimoine.org\/index.php\/academiciens-2009-2014\/#Madame_Martine_Bienvenu\" >Madame Martine Bienvenu<\/a><\/li><li class='ez-toc-page-1 ez-toc-heading-level-3'><a class=\"ez-toc-link ez-toc-heading-8\" href=\"https:\/\/centrevaldeloirebasketballpatrimoine.org\/index.php\/academiciens-2009-2014\/#Monsieur_Andre_Aucante\" >Monsieur Andr\u00e9 Aucante<\/a><\/li><li class='ez-toc-page-1 ez-toc-heading-level-3'><a class=\"ez-toc-link ez-toc-heading-9\" href=\"https:\/\/centrevaldeloirebasketballpatrimoine.org\/index.php\/academiciens-2009-2014\/#Monsieur_Pierre_Monnier\" >Monsieur Pierre Monnier<\/a><\/li><\/ul><\/li><li class='ez-toc-page-1 ez-toc-heading-level-2'><a class=\"ez-toc-link ez-toc-heading-10\" href=\"https:\/\/centrevaldeloirebasketballpatrimoine.org\/index.php\/academiciens-2009-2014\/#Promotion_20102011\" >Promotion\n2010\/2011<\/a><ul class='ez-toc-list-level-3' ><li class='ez-toc-heading-level-3'><a class=\"ez-toc-link ez-toc-heading-11\" href=\"https:\/\/centrevaldeloirebasketballpatrimoine.org\/index.php\/academiciens-2009-2014\/#Parrain_Jean_Degros\" >Parrain\nJean Degros<\/a><\/li><li class='ez-toc-page-1 ez-toc-heading-level-3'><a class=\"ez-toc-link ez-toc-heading-12\" href=\"https:\/\/centrevaldeloirebasketballpatrimoine.org\/index.php\/academiciens-2009-2014\/#Monsieur_Jean_Degros\" >Monsieur Jean Degros<\/a><\/li><\/ul><\/li><li class='ez-toc-page-1 ez-toc-heading-level-2'><a class=\"ez-toc-link ez-toc-heading-13\" href=\"https:\/\/centrevaldeloirebasketballpatrimoine.org\/index.php\/academiciens-2009-2014\/#Academiciens_2010-2011\" >Acad\u00e9miciens\n2010-2011<\/a><ul class='ez-toc-list-level-3' ><li class='ez-toc-heading-level-3'><a class=\"ez-toc-link ez-toc-heading-14\" href=\"https:\/\/centrevaldeloirebasketballpatrimoine.org\/index.php\/academiciens-2009-2014\/#Monsieur_Marcel_Joriot\" >Monsieur Marcel Joriot<\/a><\/li><li class='ez-toc-page-1 ez-toc-heading-level-3'><a class=\"ez-toc-link ez-toc-heading-15\" href=\"https:\/\/centrevaldeloirebasketballpatrimoine.org\/index.php\/academiciens-2009-2014\/#Madame_Christine_Lamotte\" >Madame Christine Lamotte<\/a><\/li><li class='ez-toc-page-1 ez-toc-heading-level-3'><a class=\"ez-toc-link ez-toc-heading-16\" href=\"https:\/\/centrevaldeloirebasketballpatrimoine.org\/index.php\/academiciens-2009-2014\/#Monsieur_Jean_Lefevre\" >Monsieur Jean Lef\u00e8vre<\/a><\/li><li class='ez-toc-page-1 ez-toc-heading-level-3'><a class=\"ez-toc-link ez-toc-heading-17\" href=\"https:\/\/centrevaldeloirebasketballpatrimoine.org\/index.php\/academiciens-2009-2014\/#Madame_Claude_Marionneau\" >Madame Claude Marionneau<\/a><ul class='ez-toc-list-level-4' ><li class='ez-toc-heading-level-4'><a class=\"ez-toc-link ez-toc-heading-18\" href=\"https:\/\/centrevaldeloirebasketballpatrimoine.org\/index.php\/academiciens-2009-2014\/#ASPO_Tours_Seniors_masculins\" >ASPO Tours&nbsp;: (Seniors masculins)<\/a><\/li><\/ul><\/li><\/ul><\/li><li class='ez-toc-page-1 ez-toc-heading-level-2'><a class=\"ez-toc-link ez-toc-heading-19\" href=\"https:\/\/centrevaldeloirebasketballpatrimoine.org\/index.php\/academiciens-2009-2014\/#Promotion_20112012\" >Promotion\n2011\/2012<\/a><ul class='ez-toc-list-level-3' ><li class='ez-toc-heading-level-3'><a class=\"ez-toc-link ez-toc-heading-20\" href=\"https:\/\/centrevaldeloirebasketballpatrimoine.org\/index.php\/academiciens-2009-2014\/#Parrain_Michel_Rat\" >Parrain : Michel Rat<\/a><\/li><li class='ez-toc-page-1 ez-toc-heading-level-3'><a class=\"ez-toc-link ez-toc-heading-21\" href=\"https:\/\/centrevaldeloirebasketballpatrimoine.org\/index.php\/academiciens-2009-2014\/#Monsieur_Michel_Rat\" >Monsieur Michel Rat<\/a><\/li><\/ul><\/li><li class='ez-toc-page-1 ez-toc-heading-level-2'><a class=\"ez-toc-link ez-toc-heading-22\" href=\"https:\/\/centrevaldeloirebasketballpatrimoine.org\/index.php\/academiciens-2009-2014\/#Academiciens\" >Acad\u00e9miciens<\/a><ul class='ez-toc-list-level-3' ><li class='ez-toc-heading-level-3'><a class=\"ez-toc-link ez-toc-heading-23\" href=\"https:\/\/centrevaldeloirebasketballpatrimoine.org\/index.php\/academiciens-2009-2014\/#Monsieur_Andre_Laruelle\" >Monsieur Andr\u00e9 Laruelle<\/a><\/li><li class='ez-toc-page-1 ez-toc-heading-level-3'><a class=\"ez-toc-link ez-toc-heading-24\" href=\"https:\/\/centrevaldeloirebasketballpatrimoine.org\/index.php\/academiciens-2009-2014\/#Madame_Claudine_Echard\" >Madame Claudine Echard<\/a><\/li><li class='ez-toc-page-1 ez-toc-heading-level-3'><a class=\"ez-toc-link ez-toc-heading-25\" href=\"https:\/\/centrevaldeloirebasketballpatrimoine.org\/index.php\/academiciens-2009-2014\/#Monsieur_Raymond_Auger\" >Monsieur Raymond Auger<\/a><\/li><li class='ez-toc-page-1 ez-toc-heading-level-3'><a class=\"ez-toc-link ez-toc-heading-26\" href=\"https:\/\/centrevaldeloirebasketballpatrimoine.org\/index.php\/academiciens-2009-2014\/#Monsieur_Jean_Compagnon\" >Monsieur Jean Compagnon<\/a><ul class='ez-toc-list-level-4' ><li class='ez-toc-heading-level-4'><a class=\"ez-toc-link ez-toc-heading-27\" href=\"https:\/\/centrevaldeloirebasketballpatrimoine.org\/index.php\/academiciens-2009-2014\/#CJM_Bourges_1998\" >CJM Bourges 1998<\/a><\/li><\/ul><\/li><\/ul><\/li><\/ul><\/nav><\/div>\n<h2 class=\"wp-block-heading\"><span class=\"ez-toc-section\" id=\"Promotion_20092010\"><\/span><strong>Promotion\n2009\/2010<\/strong><span class=\"ez-toc-section-end\"><\/span><\/h2>\n\n\n\n<h3 class=\"wp-block-heading\"><span class=\"ez-toc-section\" id=\"Parrain_Gerard_Bosc\"><\/span><strong>Parrain&nbsp;:\nG\u00e9rard Bosc<\/strong><span class=\"ez-toc-section-end\"><\/span><\/h3>\n\n\n\n<div class=\"wp-block-image\"><figure class=\"aligncenter size-full is-resized\"><img decoding=\"async\" data-src=\"https:\/\/centrevaldeloirebasketballpatrimoine.org\/wp-content\/uploads\/2022\/05\/100-Gerard-Bosc.jpg\" alt=\"\" class=\"wp-image-28450 lazyload\" width=\"121\" height=\"117\" data-srcset=\"https:\/\/centrevaldeloirebasketballpatrimoine.org\/wp-content\/uploads\/2022\/05\/100-Gerard-Bosc.jpg 875w, https:\/\/centrevaldeloirebasketballpatrimoine.org\/wp-content\/uploads\/2022\/05\/100-Gerard-Bosc-300x289.jpg 300w, https:\/\/centrevaldeloirebasketballpatrimoine.org\/wp-content\/uploads\/2022\/05\/100-Gerard-Bosc-768x741.jpg 768w\" data-sizes=\"(max-width: 121px) 100vw, 121px\" src=\"data:image\/gif;base64,R0lGODlhAQABAAAAACH5BAEKAAEALAAAAAABAAEAAAICTAEAOw==\" style=\"--smush-placeholder-width: 121px; --smush-placeholder-aspect-ratio: 121\/117;\" \/><figcaption><em><strong>G\u00e9rard Bosc<\/strong><\/em><\/figcaption><\/figure><\/div>\n\n\n\n<h3 class=\"wp-block-heading\"><span class=\"ez-toc-section\" id=\"Monsieur_Gerard_Bosc\"><\/span><strong>Monsieur G\u00e9rard Bosc<\/strong><span class=\"ez-toc-section-end\"><\/span><\/h3>\n\n\n\n<p>Joueur \u00e0 Toulouse et\nentra\u00een\u00e9 par Jo\u00eb Jaunay<\/p>\n\n\n\n<p>Professeur d\u2019\u00e9ducation\nphysique<\/p>\n\n\n\n<p>Conseiller technique r\u00e9gional de Basse Normandie<\/p>\n\n\n\n<p>Entra\u00eeneur du Caen BC&nbsp;de Reims et de Charenton en premi\u00e8re division nationale, Entra\u00eeneur des \u00e9quipes de France Cadets et Juniors et Espoirs<\/p>\n\n\n\n<p>Fondateur et Pr\u00e9sident de\nl\u2019Union G\u00e9n\u00e9rale des Entra\u00eeneurs de Basketball<\/p>\n\n\n\n<p>Co- fondateur et Pr\u00e9sident du mus\u00e9e du Basket, Directeur Technique National 1993\/1996.<\/p>\n\n\n\n<p>Pr\u00e9sident de l\u2019Acad\u00e9mie du\nBasketball fran\u00e7ais<\/p>\n\n\n\n<h2 class=\"wp-block-heading\"><span class=\"ez-toc-section\" id=\"Academiciens_20092010\"><\/span><strong>Acad\u00e9miciens\n2009\/2010<\/strong><span class=\"ez-toc-section-end\"><\/span><\/h2>\n\n\n\n<h3 class=\"wp-block-heading\"><span class=\"ez-toc-section\" id=\"Madame_Simone_Mircq\"><\/span><strong>Madame Simone Mircq<\/strong><span class=\"ez-toc-section-end\"><\/span><\/h3>\n\n\n\n<div class=\"wp-block-image\"><figure class=\"aligncenter size-full\"><img decoding=\"async\" width=\"104\" height=\"227\" data-src=\"https:\/\/centrevaldeloirebasketballpatrimoine.org\/wp-content\/uploads\/2022\/05\/102-Simone-Mircq.jpg\" alt=\"\" class=\"wp-image-28452 lazyload\" src=\"data:image\/gif;base64,R0lGODlhAQABAAAAACH5BAEKAAEALAAAAAABAAEAAAICTAEAOw==\" style=\"--smush-placeholder-width: 104px; --smush-placeholder-aspect-ratio: 104\/227;\" \/><figcaption><em><strong>Simone Mircq<\/strong><\/em><\/figcaption><\/figure><\/div>\n\n\n\n<p>Elle d\u00e9bute le Basket \u00e0 13\nans. Joueuse \u00e0 l\u2019AAJ Blois elle fut internationale de 1951 \u00e0 1954. En 1959,\nelle signe \u00e0 l\u2019ASPO Tours.<\/p>\n\n\n\n<p>Elle est d\u00e9c\u00e9d\u00e9e en 2009.<\/p>\n\n\n\n<h3 class=\"wp-block-heading\"><span class=\"ez-toc-section\" id=\"Monsieur_Jean-Louis_Forest\"><\/span><strong>Monsieur Jean-Louis Forest&nbsp;<\/strong><span class=\"ez-toc-section-end\"><\/span><\/h3>\n\n\n\n<div class=\"wp-block-image\"><figure class=\"aligncenter size-full is-resized\"><img decoding=\"async\" data-src=\"https:\/\/centrevaldeloirebasketballpatrimoine.org\/wp-content\/uploads\/2022\/05\/101-Jean-Louis-Forest.jpg\" alt=\"\" class=\"wp-image-28453 lazyload\" width=\"111\" height=\"130\" data-srcset=\"https:\/\/centrevaldeloirebasketballpatrimoine.org\/wp-content\/uploads\/2022\/05\/101-Jean-Louis-Forest.jpg 379w, https:\/\/centrevaldeloirebasketballpatrimoine.org\/wp-content\/uploads\/2022\/05\/101-Jean-Louis-Forest-256x300.jpg 256w\" data-sizes=\"(max-width: 111px) 100vw, 111px\" src=\"data:image\/gif;base64,R0lGODlhAQABAAAAACH5BAEKAAEALAAAAAABAAEAAAICTAEAOw==\" style=\"--smush-placeholder-width: 111px; --smush-placeholder-aspect-ratio: 111\/130;\" \/><figcaption><strong><em>Jean-Louis Forest<\/em><\/strong><\/figcaption><\/figure><\/div>\n\n\n\n<p>Journaliste sportif \u00e0 La\nNouvelle R\u00e9publique de 1946 \u00e0 1972 puis r\u00e9dacteur du service des sports.\nPr\u00e9sident de la conf\u00e9d\u00e9ration internationale des d\u00e9port\u00e9s du travail.<\/p>\n\n\n\n<h3 class=\"wp-block-heading\"><span class=\"ez-toc-section\" id=\"Madame_Martine_Bienvenu\"><\/span><strong>Madame Martine Bienvenu<\/strong><span class=\"ez-toc-section-end\"><\/span><\/h3>\n\n\n\n<div class=\"wp-block-image\"><figure class=\"aligncenter size-full is-resized\"><img decoding=\"async\" data-src=\"https:\/\/centrevaldeloirebasketballpatrimoine.org\/wp-content\/uploads\/2022\/05\/103-Martine-Bienvenu.jpg\" alt=\"\" class=\"wp-image-28454 lazyload\" width=\"110\" height=\"210\" src=\"data:image\/gif;base64,R0lGODlhAQABAAAAACH5BAEKAAEALAAAAAABAAEAAAICTAEAOw==\" style=\"--smush-placeholder-width: 110px; --smush-placeholder-aspect-ratio: 110\/210;\" \/><figcaption><strong><em>Martine Bienvenu<\/em><\/strong><\/figcaption><\/figure><\/div>\n\n\n\n<p>A 14 ans elle joue son\npremier match en NF2 \u00e0 l\u2019US Vierzon. Internationale cadette et junior. Championne\nde France de NF4 avec le CJM Bourges et Championne de France de NF2 avec La\nBerrichonne.<\/p>\n\n\n\n<h3 class=\"wp-block-heading\"><span class=\"ez-toc-section\" id=\"Monsieur_Andre_Aucante\"><\/span>Monsieur Andr\u00e9 Aucante<span class=\"ez-toc-section-end\"><\/span><\/h3>\n\n\n\n<div class=\"wp-block-image\"><figure class=\"aligncenter size-full is-resized\"><img decoding=\"async\" data-src=\"https:\/\/centrevaldeloirebasketballpatrimoine.org\/wp-content\/uploads\/2022\/05\/104-Andre-Aucante.jpg\" alt=\"\" class=\"wp-image-28455 lazyload\" width=\"117\" height=\"148\" src=\"data:image\/gif;base64,R0lGODlhAQABAAAAACH5BAEKAAEALAAAAAABAAEAAAICTAEAOw==\" style=\"--smush-placeholder-width: 117px; --smush-placeholder-aspect-ratio: 117\/148;\" \/><figcaption><strong><em>Andr\u00e9 Aucante<\/em><\/strong><\/figcaption><\/figure><\/div>\n\n\n\n<p>En 1954 il cr\u00e9\u00e9 le club GS Billy dont il sera le Pr\u00e9sident pendant 41 ans. Elu au Comit\u00e9 D\u00e9partemental du Loir-et-Cher il y restera pendant&nbsp;38 ans.<\/p>\n\n\n\n<p>Personnage incontournable du\nBasket Solognot.<\/p>\n\n\n\n<h3 class=\"wp-block-heading\"><span class=\"ez-toc-section\" id=\"Monsieur_Pierre_Monnier\"><\/span><strong>Monsieur Pierre Monnier<\/strong><span class=\"ez-toc-section-end\"><\/span><\/h3>\n\n\n\n<div class=\"wp-block-image\"><figure class=\"aligncenter size-full is-resized\"><img decoding=\"async\" data-src=\"https:\/\/centrevaldeloirebasketballpatrimoine.org\/wp-content\/uploads\/2022\/05\/106-Pierrot.jpg\" alt=\"\" class=\"wp-image-28456 lazyload\" width=\"115\" height=\"122\" src=\"data:image\/gif;base64,R0lGODlhAQABAAAAACH5BAEKAAEALAAAAAABAAEAAAICTAEAOw==\" style=\"--smush-placeholder-width: 115px; --smush-placeholder-aspect-ratio: 115\/122;\" \/><figcaption><strong><em>Pierre Monnier<\/em><\/strong><\/figcaption><\/figure><\/div>\n\n\n\n<p>En 1968, en Suisse \u00e0 Macolin\n\u00ab&nbsp;Pierrot&nbsp;\u00bb devient arbitre international. Il officiera aux\nChampionnats d\u2019Europe juniors et seniors et au Championnat du Monde militaire \u00e0\nWashington.<\/p>\n\n\n\n<p>Entra\u00eeneur, dirigeant,\nPr\u00e9sident de CDAMC, il fut \u00e9lu au Comit\u00e9 D\u00e9partemental, \u00e0 la Ligue du Centre,\net membre de la CFAMC.<\/p>\n\n\n\n<p>Il est d\u00e9c\u00e9d\u00e9 en 2018.<\/p>\n\n\n\n<hr class=\"wp-block-separator\"\/>\n\n\n\n<h2 class=\"wp-block-heading\"><span class=\"ez-toc-section\" id=\"Promotion_20102011\"><\/span><strong>Promotion\n2010\/2011<\/strong><span class=\"ez-toc-section-end\"><\/span><\/h2>\n\n\n\n<h3 class=\"wp-block-heading\"><span class=\"ez-toc-section\" id=\"Parrain_Jean_Degros\"><\/span><strong>Parrain\nJean Degros<\/strong><span class=\"ez-toc-section-end\"><\/span><\/h3>\n\n\n\n<div class=\"wp-block-image\"><figure class=\"aligncenter size-full is-resized\"><img decoding=\"async\" data-src=\"https:\/\/centrevaldeloirebasketballpatrimoine.org\/wp-content\/uploads\/2022\/05\/200-Jean-Degros.jpg\" alt=\"\" class=\"wp-image-28458 lazyload\" width=\"118\" height=\"147\" src=\"data:image\/gif;base64,R0lGODlhAQABAAAAACH5BAEKAAEALAAAAAABAAEAAAICTAEAOw==\" style=\"--smush-placeholder-width: 118px; --smush-placeholder-aspect-ratio: 118\/147;\" \/><figcaption><strong><em>Jean Degros<\/em><\/strong><\/figcaption><\/figure><\/div>\n\n\n\n<h3 class=\"wp-block-heading\"><span class=\"ez-toc-section\" id=\"Monsieur_Jean_Degros\"><\/span><strong>Monsieur Jean Degros<\/strong> <span class=\"ez-toc-section-end\"><\/span><\/h3>\n\n\n\n<p>Enfant du Nord, il r\u00e9alise\nla majeure partie de sa carri\u00e8re \u00e0 l\u2019AS Denain- Voltaire. Il remporte la Coupe\nde France en 1960 et le titre de Champion de France en 1965.<\/p>\n\n\n\n<p>S\u00e9lectionn\u00e9 \u00e0 18 ans en\n\u00e9quipe de France il porte le brassard de capitaine pendant sept ans.\nS\u00e9lectionn\u00e9 en \u00e9quipe d\u2019Europe en 1966.<\/p>\n\n\n\n<p>Elu Acad\u00e9micien national en\n2007. <\/p>\n\n\n\n<h2 class=\"wp-block-heading\"><span class=\"ez-toc-section\" id=\"Academiciens_2010-2011\"><\/span><strong>Acad\u00e9miciens\n2010-2011<\/strong><span class=\"ez-toc-section-end\"><\/span><\/h2>\n\n\n\n<h3 class=\"wp-block-heading\"><span class=\"ez-toc-section\" id=\"Monsieur_Marcel_Joriot\"><\/span><strong>Monsieur Marcel Joriot<\/strong><span class=\"ez-toc-section-end\"><\/span><\/h3>\n\n\n\n<div class=\"wp-block-image\"><figure class=\"aligncenter size-full is-resized\"><img decoding=\"async\" data-src=\"https:\/\/centrevaldeloirebasketballpatrimoine.org\/wp-content\/uploads\/2022\/05\/201-Marcel-Joriot.jpg\" alt=\"\" class=\"wp-image-28460 lazyload\" width=\"115\" height=\"147\" src=\"data:image\/gif;base64,R0lGODlhAQABAAAAACH5BAEKAAEALAAAAAABAAEAAAICTAEAOw==\" style=\"--smush-placeholder-width: 115px; --smush-placeholder-aspect-ratio: 115\/147;\" \/><figcaption><strong><em>Marcel Joriot<\/em><\/strong><\/figcaption><\/figure><\/div>\n\n\n\n<p>Instituteur puis directeur\nd\u2019\u00e9cole \u00e0 Fleury. Prisonnier pendant la 2\u00e8me guerre mondiale. Conseiller\np\u00e9dagogique \u00e0 la Direction des sports du Loiret jusqu\u2019en 1969<\/p>\n\n\n\n<p>Maire de Saint Jean de Braye\nde 1971 \u00e0 1983 Cr\u00e9ateur de la SMOC<\/p>\n\n\n\n<p>Conseiller G\u00e9n\u00e9ral du Loiret\nen 1973<\/p>\n\n\n\n<p>En 1936, il cr\u00e9\u00e9 la section\nmasculine du CJF les Aubrais. Pr\u00e9sident du Club de 1936 \u00e0 1954. En 1962 il\ndevient le premier Pr\u00e9sident de la Ligue du Centre de Basket et le restera\njusqu\u2019en 1976<\/p>\n\n\n\n<p>Elu au Comit\u00e9 Directeur de\nLa FFBB<\/p>\n\n\n\n<p>D\u00e9c\u00e9d\u00e9 en 2001<\/p>\n\n\n\n<h3 class=\"wp-block-heading\"><span class=\"ez-toc-section\" id=\"Madame_Christine_Lamotte\"><\/span><strong>Madame Christine Lamotte<\/strong><span class=\"ez-toc-section-end\"><\/span><\/h3>\n\n\n\n<p>Espoir nationale en 1972, Tournoi Pr\u00e9-europ\u00e9en juniors en 1973, internationale junior en 1973. Elle dispute 10 rencontres avec l\u2019Equipe de France juniors<\/p>\n\n\n\n<h3 class=\"wp-block-heading\"><span class=\"ez-toc-section\" id=\"Monsieur_Jean_Lefevre\"><\/span><strong>Monsieur Jean Lef\u00e8vre<\/strong><span class=\"ez-toc-section-end\"><\/span><\/h3>\n\n\n\n<div class=\"wp-block-image\"><figure class=\"aligncenter size-full is-resized\"><img decoding=\"async\" data-src=\"https:\/\/centrevaldeloirebasketballpatrimoine.org\/wp-content\/uploads\/2022\/05\/203-Jean-Lefevre.jpg\" alt=\"\" class=\"wp-image-28461 lazyload\" width=\"114\" height=\"153\" src=\"data:image\/gif;base64,R0lGODlhAQABAAAAACH5BAEKAAEALAAAAAABAAEAAAICTAEAOw==\" style=\"--smush-placeholder-width: 114px; --smush-placeholder-aspect-ratio: 114\/153;\" \/><figcaption><strong><em>Jean Lef\u00e8vre<\/em><\/strong><\/figcaption><\/figure><\/div>\n\n\n\n<p>1<sup>\u00e8re<\/sup> licence en 1950. 1960 \u00e0 1978 joueur \u00e0 l\u2019Amicale Sportive des Travailleurs Fran\u00e7ais de Chartres. En 1978, il cr\u00e9\u00e9 la section Basket \u00e0 Barjouville dont il sera le Pr\u00e9sident pendant 24 ans.<\/p>\n\n\n\n<p>Depuis 2005, il est le tr\u00e9sorier\ndu club de Barjouville. En 1964, il est \u00e9lu au Comit\u00e9 d\u00e9partemental o\u00f9 il\noccupera tous les postes cl\u00e9s avant de devenir Pr\u00e9sident. De 1984 \u00e0 2000 il est\n\u00e9lu \u00e0 la Ligue du Centre.<\/p>\n\n\n\n<h3 class=\"wp-block-heading\"><span class=\"ez-toc-section\" id=\"Madame_Claude_Marionneau\"><\/span><strong>Madame Claude Marionneau<\/strong><span class=\"ez-toc-section-end\"><\/span><\/h3>\n\n\n\n<div class=\"wp-block-image\"><figure class=\"aligncenter size-full is-resized\"><img decoding=\"async\" data-src=\"https:\/\/centrevaldeloirebasketballpatrimoine.org\/wp-content\/uploads\/2022\/05\/205-Claude-Marionneau.jpg\" alt=\"\" class=\"wp-image-28462 lazyload\" width=\"123\" height=\"203\" data-srcset=\"https:\/\/centrevaldeloirebasketballpatrimoine.org\/wp-content\/uploads\/2022\/05\/205-Claude-Marionneau.jpg 218w, https:\/\/centrevaldeloirebasketballpatrimoine.org\/wp-content\/uploads\/2022\/05\/205-Claude-Marionneau-182x300.jpg 182w\" data-sizes=\"(max-width: 123px) 100vw, 123px\" src=\"data:image\/gif;base64,R0lGODlhAQABAAAAACH5BAEKAAEALAAAAAABAAEAAAICTAEAOw==\" style=\"--smush-placeholder-width: 123px; --smush-placeholder-aspect-ratio: 123\/203;\" \/><figcaption><strong><em>Claude Marionneau<\/em><\/strong><\/figcaption><\/figure><\/div>\n\n\n\n<p>En 1955, elle cr\u00e9e la\nsection Basket de l\u2019AS Monts. A partir de 1969, l\u2019\u00e9quipe entreprenait une\nodyss\u00e9e m\u00e9morable. D\u00e8s la premi\u00e8re saison en f\u00e9d\u00e9rale l\u2019\u00e9quipe obtenait la\nm\u00e9daille de bronze. En 1975, derni\u00e8re saison pour Orga-Monts ou elle occupa\ntoutes les fonctions<\/p>\n\n\n\n<h4 class=\"wp-block-heading\"><span class=\"ez-toc-section\" id=\"ASPO_Tours_Seniors_masculins\"><\/span><strong>ASPO Tours&nbsp;<\/strong>: (Seniors masculins)<span class=\"ez-toc-section-end\"><\/span><\/h4>\n\n\n\n<p>Cette \u00e9quipe a, cette\nann\u00e9e-l\u00e0, r\u00e9alis\u00e9 la saison des records en Championnat de France. Meilleur\nmarqueur, score le plus \u00e9lev\u00e9, plus grand nombre de paniers marqu\u00e9s\u2026<\/p>\n\n\n\n<p>Elle fut sacr\u00e9e Championne\nde France avec 7 points d\u2019avance.<\/p>\n\n\n\n<p>La m\u00eame saison elle participa \u00e0 la finale de la Coupe des Coupes d\u2019Europe \u00e0 Turin.<\/p>\n\n\n\n<div class=\"wp-block-image\"><figure class=\"aligncenter size-large is-resized\"><img decoding=\"async\" data-src=\"https:\/\/centrevaldeloirebasketballpatrimoine.org\/wp-content\/uploads\/2020\/03\/Acad\u00e9mie-Photo-1-1024x727.jpg\" alt=\"\" class=\"wp-image-1900 lazyload\" width=\"633\" height=\"449\" data-srcset=\"https:\/\/centrevaldeloirebasketballpatrimoine.org\/wp-content\/uploads\/2020\/03\/Acad\u00e9mie-Photo-1-1024x727.jpg 1024w, https:\/\/centrevaldeloirebasketballpatrimoine.org\/wp-content\/uploads\/2020\/03\/Acad\u00e9mie-Photo-1-300x213.jpg 300w, https:\/\/centrevaldeloirebasketballpatrimoine.org\/wp-content\/uploads\/2020\/03\/Acad\u00e9mie-Photo-1-768x545.jpg 768w, https:\/\/centrevaldeloirebasketballpatrimoine.org\/wp-content\/uploads\/2020\/03\/Acad\u00e9mie-Photo-1.jpg 1259w\" data-sizes=\"(max-width: 633px) 100vw, 633px\" src=\"data:image\/gif;base64,R0lGODlhAQABAAAAACH5BAEKAAEALAAAAAABAAEAAAICTAEAOw==\" style=\"--smush-placeholder-width: 633px; --smush-placeholder-aspect-ratio: 633\/449;\" \/><\/figure><\/div>\n\n\n\n<hr class=\"wp-block-separator\"\/>\n\n\n\n<h2 class=\"wp-block-heading\"><span class=\"ez-toc-section\" id=\"Promotion_20112012\"><\/span><strong>Promotion\n2011\/2012<\/strong><span class=\"ez-toc-section-end\"><\/span><\/h2>\n\n\n\n<h3 class=\"wp-block-heading\"><span class=\"ez-toc-section\" id=\"Parrain_Michel_Rat\"><\/span><strong>Parrain : Michel Rat<\/strong><span class=\"ez-toc-section-end\"><\/span><\/h3>\n\n\n\n<div class=\"wp-block-image\"><figure class=\"aligncenter size-full is-resized\"><img decoding=\"async\" data-src=\"https:\/\/centrevaldeloirebasketballpatrimoine.org\/wp-content\/uploads\/2022\/05\/300-Michel-Rat.jpg\" alt=\"\" class=\"wp-image-28464 lazyload\" width=\"119\" height=\"104\" src=\"data:image\/gif;base64,R0lGODlhAQABAAAAACH5BAEKAAEALAAAAAABAAEAAAICTAEAOw==\" style=\"--smush-placeholder-width: 119px; --smush-placeholder-aspect-ratio: 119\/104;\" \/><figcaption><em><strong>Michel Rat<\/strong><\/em><\/figcaption><\/figure><\/div>\n\n\n\n<h3 class=\"wp-block-heading\"><span class=\"ez-toc-section\" id=\"Monsieur_Michel_Rat\"><\/span><strong>Monsieur Michel Rat<\/strong><span class=\"ez-toc-section-end\"><\/span><\/h3>\n\n\n\n<p>Signe une licence au PUC en\n1956, et entre&nbsp;&nbsp; \u00e0 l\u2019ENSEP o\u00f9 se faisait\nla formation des professeurs d\u2019EPS.<\/p>\n\n\n\n<p>A la sortie il reprend son\nactivit\u00e9 Basket au PUC&nbsp;: joueur et entra\u00eeneur des filles.<\/p>\n\n\n\n<p>International universitaire en 1959, il entre en \u00e9quipe de France pour une longue p\u00e9riode&nbsp;: 1959 \u00e0 1967 avec 81 s\u00e9lections. En 1982, la F\u00e9d\u00e9ration lui confie la formation des espoirs nationaux qui deviendra le Centre F\u00e9d\u00e9ral.<\/p>\n\n\n\n<p>&nbsp;Elu depuis de nombreuses ann\u00e9es \u00e0 la Ligue d\u2019\u00cele de France, il&nbsp; participe activement \u00e0 la Commission du Patrimoine de l\u2019Ile de France.<\/p>\n\n\n\n<p>Il est membre du Conseil\nd\u2019Honneur de la F\u00e9d\u00e9ration<\/p>\n\n\n\n<h2 class=\"wp-block-heading\"><span class=\"ez-toc-section\" id=\"Academiciens\"><\/span><strong>Acad\u00e9miciens<\/strong><span class=\"ez-toc-section-end\"><\/span><\/h2>\n\n\n\n<h3 class=\"wp-block-heading\"><span class=\"ez-toc-section\" id=\"Monsieur_Andre_Laruelle\"><\/span><strong>Monsieur Andr\u00e9 Laruelle<\/strong><span class=\"ez-toc-section-end\"><\/span><\/h3>\n\n\n\n<div class=\"wp-block-image\"><figure class=\"aligncenter size-full is-resized\"><img decoding=\"async\" data-src=\"https:\/\/centrevaldeloirebasketballpatrimoine.org\/wp-content\/uploads\/2022\/05\/301-Andre-Laruelle.jpg\" alt=\"\" class=\"wp-image-28465 lazyload\" width=\"115\" height=\"149\" src=\"data:image\/gif;base64,R0lGODlhAQABAAAAACH5BAEKAAEALAAAAAABAAEAAAICTAEAOw==\" style=\"--smush-placeholder-width: 115px; --smush-placeholder-aspect-ratio: 115\/149;\" \/><figcaption><strong><em>Andr\u00e9 Laruelle<\/em><\/strong><\/figcaption><\/figure><\/div>\n\n\n\n<p>N\u00e9 \u00e0 Eguzon (36) en 1932, Joueur \u00e0 l\u2019ASPTT Orl\u00e9ans, devient m\u00e9decin en 1957. Dirigeant puis Pr\u00e9sident du CLTO qu\u2019il porte vers les sommets de l\u2019amateurisme avec plus de 300 licenci\u00e9s.<\/p>\n\n\n\n<p>Coach de l\u2019\u00e9quipe premi\u00e8re\ndu CLTO en Nationale 4 puis en Nationale 3 de 1976 \u00e0 1982. Membre de la COMED\n(Commission M\u00e9dicale de la FFBB). Pr\u00e9sident de la Ligue du Centre de 1976 \u00e0\n1980.<\/p>\n\n\n\n<h3 class=\"wp-block-heading\"><span class=\"ez-toc-section\" id=\"Madame_Claudine_Echard\"><\/span><strong>Madame Claudine Echard<\/strong><span class=\"ez-toc-section-end\"><\/span><\/h3>\n\n\n\n<div class=\"wp-block-image\"><figure class=\"aligncenter size-full is-resized\"><img decoding=\"async\" data-src=\"https:\/\/centrevaldeloirebasketballpatrimoine.org\/wp-content\/uploads\/2022\/05\/302-Claudine-Echard.jpg\" alt=\"\" class=\"wp-image-28467 lazyload\" width=\"121\" height=\"80\" data-srcset=\"https:\/\/centrevaldeloirebasketballpatrimoine.org\/wp-content\/uploads\/2022\/05\/302-Claudine-Echard.jpg 311w, https:\/\/centrevaldeloirebasketballpatrimoine.org\/wp-content\/uploads\/2022\/05\/302-Claudine-Echard-300x198.jpg 300w\" data-sizes=\"(max-width: 121px) 100vw, 121px\" src=\"data:image\/gif;base64,R0lGODlhAQABAAAAACH5BAEKAAEALAAAAAABAAEAAAICTAEAOw==\" style=\"--smush-placeholder-width: 121px; --smush-placeholder-aspect-ratio: 121\/80;\" \/><figcaption><strong><em>Claudine Echard<\/em><\/strong><\/figcaption><\/figure><\/div>\n\n\n\n<p>N\u00e9e le 2 mars 1946, un seul club depuis 1960, Joueuse jusqu\u2019en 1973, en Championnat R\u00e9gional et en Championnat de France.<\/p>\n\n\n\n<p>Secr\u00e9taire G\u00e9n\u00e9rale de son\nclub jusqu\u2019en 2008. Secr\u00e9taire G\u00e9n\u00e9rale du Comit\u00e9 D\u00e9partemental, Pr\u00e9sidente d\u2019Honneur\ndu Comit\u00e9 depuis 2008, Membre de la Ligue du Centre pendant plusieurs ann\u00e9es.<\/p>\n\n\n\n<h3 class=\"wp-block-heading\"><span class=\"ez-toc-section\" id=\"Monsieur_Raymond_Auger\"><\/span><strong>Monsieur Raymond Auger<\/strong><span class=\"ez-toc-section-end\"><\/span><\/h3>\n\n\n\n<div class=\"wp-block-image\"><figure class=\"aligncenter size-full is-resized\"><img decoding=\"async\" data-src=\"https:\/\/centrevaldeloirebasketballpatrimoine.org\/wp-content\/uploads\/2022\/05\/303-Raymond-Auger.jpg\" alt=\"\" class=\"wp-image-28468 lazyload\" width=\"115\" height=\"140\" src=\"data:image\/gif;base64,R0lGODlhAQABAAAAACH5BAEKAAEALAAAAAABAAEAAAICTAEAOw==\" style=\"--smush-placeholder-width: 115px; --smush-placeholder-aspect-ratio: 115\/140;\" \/><figcaption><strong><em>Raymond Auger<\/em><\/strong><\/figcaption><\/figure><\/div>\n\n\n\n<p>N\u00e9 le 5 ao\u00fbt 1923. Cr\u00e9ation du CJF Les Aubrais, Joueur de 1936 \u00e0 1956, Entra\u00eeneur de 1953 \u00e0 1982, Entra\u00eeneur de l\u2019\u00e9quipe Championne de France Cadets en 1971<\/p>\n\n\n\n<p>En 1982, il est entraineur de l\u2019\u00e9quipe fanion du CJF Les Aubrais qui acc\u00e8de en Nationale 2 dans la salle L\u00e9o Lagrange contre les grands noms du Basket Fran\u00e7ais&nbsp;: Vichy, Orthez, Clermont, Limoges, Cholet.<\/p>\n\n\n\n<p>Sans oublier les derbies\nm\u00e9morables face \u00e0 l\u2019US Orl\u00e9ans.<\/p>\n\n\n\n<h3 class=\"wp-block-heading\"><span class=\"ez-toc-section\" id=\"Monsieur_Jean_Compagnon\"><\/span><strong>Monsieur Jean Compagnon<\/strong><span class=\"ez-toc-section-end\"><\/span><\/h3>\n\n\n\n<div class=\"wp-block-image\"><figure class=\"aligncenter size-full is-resized\"><img decoding=\"async\" data-src=\"https:\/\/centrevaldeloirebasketballpatrimoine.org\/wp-content\/uploads\/2022\/05\/304-Jean-Compagnon.jpg\" alt=\"\" class=\"wp-image-28469 lazyload\" width=\"116\" height=\"165\" src=\"data:image\/gif;base64,R0lGODlhAQABAAAAACH5BAEKAAEALAAAAAABAAEAAAICTAEAOw==\" style=\"--smush-placeholder-width: 116px; --smush-placeholder-aspect-ratio: 116\/165;\" \/><figcaption><strong><em>Jean Compagnon<\/em><\/strong><\/figcaption><\/figure><\/div>\n\n\n\n<p>Licenci\u00e9 depuis 1945 \u00e0 TOURS.&nbsp; Champion de France Honneur National en 1956, International FSCF et FSGT, arbitre international en 1968, Pr\u00e9sident du Comit\u00e9 d\u00e9partemental, \u00e9lu \u00e0 la Ligue du Centre, Membre du Comit\u00e9 Directeur FFBB, Pr\u00e9sident de la CFAMC, Pr\u00e9sident D\u00e9l\u00e9gu\u00e9 du Conseil d\u2019Honneur de la FFBB.<\/p>\n\n\n\n<h4 class=\"wp-block-heading\"><span class=\"ez-toc-section\" id=\"CJM_Bourges_1998\"><\/span><strong>CJM Bourges 1998<\/strong><span class=\"ez-toc-section-end\"><\/span><\/h4>\n\n\n\n<ul class=\"wp-block-list\"><li>Champion de France F\u00e9minines pour la 4\u00e8me fois<\/li><\/ul>\n\n\n\n<ul class=\"wp-block-list\"><li>Finaliste du Tournoi de la F\u00e9d\u00e9ration<\/li><\/ul>\n\n\n\n<ul class=\"wp-block-list\"><li>Vainqueur de l\u2019EUROLIGUE<\/li><\/ul>\n\n\n\n<div class=\"wp-block-image\"><figure class=\"aligncenter size-large\"><img decoding=\"async\" width=\"596\" height=\"452\" data-src=\"https:\/\/centrevaldeloirebasketballpatrimoine.org\/wp-content\/uploads\/2020\/03\/Acad\u00e9mie-Photo-2.jpg\" alt=\"\" class=\"wp-image-1903 lazyload\" data-srcset=\"https:\/\/centrevaldeloirebasketballpatrimoine.org\/wp-content\/uploads\/2020\/03\/Acad\u00e9mie-Photo-2.jpg 596w, https:\/\/centrevaldeloirebasketballpatrimoine.org\/wp-content\/uploads\/2020\/03\/Acad\u00e9mie-Photo-2-300x228.jpg 300w, https:\/\/centrevaldeloirebasketballpatrimoine.org\/wp-content\/uploads\/2020\/03\/Acad\u00e9mie-Photo-2-80x60.jpg 80w\" data-sizes=\"(max-width: 596px) 100vw, 596px\" src=\"data:image\/gif;base64,R0lGODlhAQABAAAAACH5BAEKAAEALAAAAAABAAEAAAICTAEAOw==\" style=\"--smush-placeholder-width: 596px; --smush-placeholder-aspect-ratio: 596\/452;\" \/><\/figure><\/div>\n\n\n\n<hr class=\"wp-block-separator\"\/>\n\n\n\n<p><strong><em><a rel=\"noreferrer noopener\" href=\"https:\/\/centrevaldeloirebasketballpatrimoine.org\/index.php\/ligue\/\" target=\"_blank\">NB&nbsp;: Existe aussi en vid\u00e9o dans l\u2019onglet <\/a><\/em><\/strong><em><strong><a rel=\"noreferrer noopener\" href=\"https:\/\/centrevaldeloirebasketballpatrimoine.org\/index.php\/ligue\/\" target=\"_blank\">m\u00e9diath\u00e8que EN <\/a><\/strong><\/em><strong><em><a rel=\"noreferrer noopener\" href=\"https:\/\/centrevaldeloirebasketballpatrimoine.org\/index.php\/ligue\/\" target=\"_blank\">CLIQUANT ICI<\/a><\/em><\/strong><\/p>\n\n\n\n<p class=\"has-text-color has-small-font-size\" style=\"color:#a30000\"><strong><em>Sources&nbsp;: Ligue du Centre-Val de Loire de Basketball<\/em><\/strong><\/p>\n","protected":false},"excerpt":{"rendered":"<p>Promotion 2009\/2010 Parrain&nbsp;: G\u00e9rard Bosc Monsieur G\u00e9rard Bosc Joueur \u00e0 Toulouse et entra\u00een\u00e9 par Jo\u00eb Jaunay Professeur d\u2019\u00e9ducation physique Conseiller technique r\u00e9gional de Basse Normandie Entra\u00eeneur du Caen BC&nbsp;de Reims [&hellip;]<\/p>\n","protected":false},"author":6,"featured_media":0,"parent":0,"menu_order":0,"comment_status":"closed","ping_status":"closed","template":"","meta":{"footnotes":""},"class_list":["post-1861","page","type-page","status-publish","hentry"],"yoast_head":"<!-- This site is optimized with the Yoast SEO plugin v27.5 - https:\/\/yoast.com\/product\/yoast-seo-wordpress\/ -->\n<title>Acad\u00e9miciens 2009-2012 - patrimoine<\/title>\n<meta name=\"description\" content=\"Patrimoine historique du basket en r\u00e9gion Centre-Val de Loire.\" \/>\n<meta name=\"robots\" content=\"index, follow, max-snippet:-1, max-image-preview:large, max-video-preview:-1\" \/>\n<link rel=\"canonical\" href=\"https:\/\/centrevaldeloirebasketballpatrimoine.org\/index.php\/academiciens-2009-2014\/\" \/>\n<meta property=\"og:locale\" content=\"fr_FR\" \/>\n<meta property=\"og:type\" content=\"article\" \/>\n<meta property=\"og:title\" content=\"Acad\u00e9miciens 2009-2012 - patrimoine\" \/>\n<meta property=\"og:description\" content=\"Patrimoine historique du basket en r\u00e9gion Centre-Val de Loire.\" \/>\n<meta property=\"og:url\" content=\"https:\/\/centrevaldeloirebasketballpatrimoine.org\/index.php\/academiciens-2009-2014\/\" \/>\n<meta property=\"article:publisher\" content=\"https:\/\/www.facebook.com\/LigueBasketCentre\" \/>\n<meta property=\"article:modified_time\" content=\"2022-05-13T16:12:13+00:00\" \/>\n<meta property=\"og:image\" content=\"https:\/\/centrevaldeloirebasketballpatrimoine.org\/wp-content\/uploads\/2022\/05\/100-Gerard-Bosc.jpg\" \/>\n<meta name=\"twitter:card\" content=\"summary_large_image\" \/>\n<meta name=\"twitter:site\" content=\"@BasketCentre\" \/>\n<meta name=\"twitter:label1\" content=\"Dur\u00e9e de lecture estim\u00e9e\" \/>\n\t<meta name=\"twitter:data1\" content=\"9 minutes\" \/>\n<script type=\"application\/ld+json\" class=\"yoast-schema-graph\">{\"@context\":\"https:\\\/\\\/schema.org\",\"@graph\":[{\"@type\":\"WebPage\",\"@id\":\"https:\\\/\\\/centrevaldeloirebasketballpatrimoine.org\\\/index.php\\\/academiciens-2009-2014\\\/\",\"url\":\"https:\\\/\\\/centrevaldeloirebasketballpatrimoine.org\\\/index.php\\\/academiciens-2009-2014\\\/\",\"name\":\"Acad\u00e9miciens 2009-2012 - patrimoine\",\"isPartOf\":{\"@id\":\"https:\\\/\\\/centrevaldeloirebasketballpatrimoine.org\\\/#website\"},\"primaryImageOfPage\":{\"@id\":\"https:\\\/\\\/centrevaldeloirebasketballpatrimoine.org\\\/index.php\\\/academiciens-2009-2014\\\/#primaryimage\"},\"image\":{\"@id\":\"https:\\\/\\\/centrevaldeloirebasketballpatrimoine.org\\\/index.php\\\/academiciens-2009-2014\\\/#primaryimage\"},\"thumbnailUrl\":\"https:\\\/\\\/centrevaldeloirebasketballpatrimoine.org\\\/wp-content\\\/uploads\\\/2022\\\/05\\\/100-Gerard-Bosc.jpg\",\"datePublished\":\"2020-03-25T13:42:18+00:00\",\"dateModified\":\"2022-05-13T16:12:13+00:00\",\"description\":\"Patrimoine historique du basket en r\u00e9gion Centre-Val de Loire.\",\"breadcrumb\":{\"@id\":\"https:\\\/\\\/centrevaldeloirebasketballpatrimoine.org\\\/index.php\\\/academiciens-2009-2014\\\/#breadcrumb\"},\"inLanguage\":\"fr-FR\",\"potentialAction\":[{\"@type\":\"ReadAction\",\"target\":[\"https:\\\/\\\/centrevaldeloirebasketballpatrimoine.org\\\/index.php\\\/academiciens-2009-2014\\\/\"]}]},{\"@type\":\"ImageObject\",\"inLanguage\":\"fr-FR\",\"@id\":\"https:\\\/\\\/centrevaldeloirebasketballpatrimoine.org\\\/index.php\\\/academiciens-2009-2014\\\/#primaryimage\",\"url\":\"https:\\\/\\\/centrevaldeloirebasketballpatrimoine.org\\\/wp-content\\\/uploads\\\/2022\\\/05\\\/100-Gerard-Bosc.jpg\",\"contentUrl\":\"https:\\\/\\\/centrevaldeloirebasketballpatrimoine.org\\\/wp-content\\\/uploads\\\/2022\\\/05\\\/100-Gerard-Bosc.jpg\",\"width\":875,\"height\":844},{\"@type\":\"BreadcrumbList\",\"@id\":\"https:\\\/\\\/centrevaldeloirebasketballpatrimoine.org\\\/index.php\\\/academiciens-2009-2014\\\/#breadcrumb\",\"itemListElement\":[{\"@type\":\"ListItem\",\"position\":1,\"name\":\"Accueil\",\"item\":\"https:\\\/\\\/centrevaldeloirebasketballpatrimoine.org\\\/\"},{\"@type\":\"ListItem\",\"position\":2,\"name\":\"Acad\u00e9miciens 2009-2012\"}]},{\"@type\":\"WebSite\",\"@id\":\"https:\\\/\\\/centrevaldeloirebasketballpatrimoine.org\\\/#website\",\"url\":\"https:\\\/\\\/centrevaldeloirebasketballpatrimoine.org\\\/\",\"name\":\"\",\"description\":\"Site officiel Commission Patrimoine de la Ligue Centre-Val de Loire de BasketBall\",\"publisher\":{\"@id\":\"https:\\\/\\\/centrevaldeloirebasketballpatrimoine.org\\\/#organization\"},\"potentialAction\":[{\"@type\":\"SearchAction\",\"target\":{\"@type\":\"EntryPoint\",\"urlTemplate\":\"https:\\\/\\\/centrevaldeloirebasketballpatrimoine.org\\\/?s={search_term_string}\"},\"query-input\":{\"@type\":\"PropertyValueSpecification\",\"valueRequired\":true,\"valueName\":\"search_term_string\"}}],\"inLanguage\":\"fr-FR\"},{\"@type\":\"Organization\",\"@id\":\"https:\\\/\\\/centrevaldeloirebasketballpatrimoine.org\\\/#organization\",\"name\":\"Patrimoine Basket Ligue Centre-Val de Loire\",\"url\":\"https:\\\/\\\/centrevaldeloirebasketballpatrimoine.org\\\/\",\"logo\":{\"@type\":\"ImageObject\",\"inLanguage\":\"fr-FR\",\"@id\":\"https:\\\/\\\/centrevaldeloirebasketballpatrimoine.org\\\/#\\\/schema\\\/logo\\\/image\\\/\",\"url\":\"https:\\\/\\\/i0.wp.com\\\/centrevaldeloirebasketballpatrimoine.org\\\/wp-content\\\/uploads\\\/2019\\\/06\\\/LigueRegionale-CENTRE-VAL-DE-LOIRE-Vertical-694x1024.jpg?fit=694%2C1024&ssl=1\",\"contentUrl\":\"https:\\\/\\\/i0.wp.com\\\/centrevaldeloirebasketballpatrimoine.org\\\/wp-content\\\/uploads\\\/2019\\\/06\\\/LigueRegionale-CENTRE-VAL-DE-LOIRE-Vertical-694x1024.jpg?fit=694%2C1024&ssl=1\",\"width\":694,\"height\":1024,\"caption\":\"Patrimoine Basket Ligue Centre-Val de Loire\"},\"image\":{\"@id\":\"https:\\\/\\\/centrevaldeloirebasketballpatrimoine.org\\\/#\\\/schema\\\/logo\\\/image\\\/\"},\"sameAs\":[\"https:\\\/\\\/www.facebook.com\\\/LigueBasketCentre\",\"https:\\\/\\\/x.com\\\/BasketCentre\",\"https:\\\/\\\/www.instagram.com\\\/liguebasketcentre\\\/\",\"https:\\\/\\\/www.linkedin.com\\\/company\\\/ligue-du-centre-val-de-loire-de-basketball\"]}]}<\/script>\n<!-- \/ Yoast SEO plugin. -->","yoast_head_json":{"title":"Acad\u00e9miciens 2009-2012 - patrimoine","description":"Patrimoine historique du basket en r\u00e9gion Centre-Val de Loire.","robots":{"index":"index","follow":"follow","max-snippet":"max-snippet:-1","max-image-preview":"max-image-preview:large","max-video-preview":"max-video-preview:-1"},"canonical":"https:\/\/centrevaldeloirebasketballpatrimoine.org\/index.php\/academiciens-2009-2014\/","og_locale":"fr_FR","og_type":"article","og_title":"Acad\u00e9miciens 2009-2012 - patrimoine","og_description":"Patrimoine historique du basket en r\u00e9gion Centre-Val de Loire.","og_url":"https:\/\/centrevaldeloirebasketballpatrimoine.org\/index.php\/academiciens-2009-2014\/","article_publisher":"https:\/\/www.facebook.com\/LigueBasketCentre","article_modified_time":"2022-05-13T16:12:13+00:00","og_image":[{"url":"https:\/\/centrevaldeloirebasketballpatrimoine.org\/wp-content\/uploads\/2022\/05\/100-Gerard-Bosc.jpg","type":"","width":"","height":""}],"twitter_card":"summary_large_image","twitter_site":"@BasketCentre","twitter_misc":{"Dur\u00e9e de lecture estim\u00e9e":"9 minutes"},"schema":{"@context":"https:\/\/schema.org","@graph":[{"@type":"WebPage","@id":"https:\/\/centrevaldeloirebasketballpatrimoine.org\/index.php\/academiciens-2009-2014\/","url":"https:\/\/centrevaldeloirebasketballpatrimoine.org\/index.php\/academiciens-2009-2014\/","name":"Acad\u00e9miciens 2009-2012 - patrimoine","isPartOf":{"@id":"https:\/\/centrevaldeloirebasketballpatrimoine.org\/#website"},"primaryImageOfPage":{"@id":"https:\/\/centrevaldeloirebasketballpatrimoine.org\/index.php\/academiciens-2009-2014\/#primaryimage"},"image":{"@id":"https:\/\/centrevaldeloirebasketballpatrimoine.org\/index.php\/academiciens-2009-2014\/#primaryimage"},"thumbnailUrl":"https:\/\/centrevaldeloirebasketballpatrimoine.org\/wp-content\/uploads\/2022\/05\/100-Gerard-Bosc.jpg","datePublished":"2020-03-25T13:42:18+00:00","dateModified":"2022-05-13T16:12:13+00:00","description":"Patrimoine historique du basket en r\u00e9gion Centre-Val de Loire.","breadcrumb":{"@id":"https:\/\/centrevaldeloirebasketballpatrimoine.org\/index.php\/academiciens-2009-2014\/#breadcrumb"},"inLanguage":"fr-FR","potentialAction":[{"@type":"ReadAction","target":["https:\/\/centrevaldeloirebasketballpatrimoine.org\/index.php\/academiciens-2009-2014\/"]}]},{"@type":"ImageObject","inLanguage":"fr-FR","@id":"https:\/\/centrevaldeloirebasketballpatrimoine.org\/index.php\/academiciens-2009-2014\/#primaryimage","url":"https:\/\/centrevaldeloirebasketballpatrimoine.org\/wp-content\/uploads\/2022\/05\/100-Gerard-Bosc.jpg","contentUrl":"https:\/\/centrevaldeloirebasketballpatrimoine.org\/wp-content\/uploads\/2022\/05\/100-Gerard-Bosc.jpg","width":875,"height":844},{"@type":"BreadcrumbList","@id":"https:\/\/centrevaldeloirebasketballpatrimoine.org\/index.php\/academiciens-2009-2014\/#breadcrumb","itemListElement":[{"@type":"ListItem","position":1,"name":"Accueil","item":"https:\/\/centrevaldeloirebasketballpatrimoine.org\/"},{"@type":"ListItem","position":2,"name":"Acad\u00e9miciens 2009-2012"}]},{"@type":"WebSite","@id":"https:\/\/centrevaldeloirebasketballpatrimoine.org\/#website","url":"https:\/\/centrevaldeloirebasketballpatrimoine.org\/","name":"","description":"Site officiel Commission Patrimoine de la Ligue Centre-Val de Loire de BasketBall","publisher":{"@id":"https:\/\/centrevaldeloirebasketballpatrimoine.org\/#organization"},"potentialAction":[{"@type":"SearchAction","target":{"@type":"EntryPoint","urlTemplate":"https:\/\/centrevaldeloirebasketballpatrimoine.org\/?s={search_term_string}"},"query-input":{"@type":"PropertyValueSpecification","valueRequired":true,"valueName":"search_term_string"}}],"inLanguage":"fr-FR"},{"@type":"Organization","@id":"https:\/\/centrevaldeloirebasketballpatrimoine.org\/#organization","name":"Patrimoine Basket Ligue Centre-Val de Loire","url":"https:\/\/centrevaldeloirebasketballpatrimoine.org\/","logo":{"@type":"ImageObject","inLanguage":"fr-FR","@id":"https:\/\/centrevaldeloirebasketballpatrimoine.org\/#\/schema\/logo\/image\/","url":"https:\/\/i0.wp.com\/centrevaldeloirebasketballpatrimoine.org\/wp-content\/uploads\/2019\/06\/LigueRegionale-CENTRE-VAL-DE-LOIRE-Vertical-694x1024.jpg?fit=694%2C1024&ssl=1","contentUrl":"https:\/\/i0.wp.com\/centrevaldeloirebasketballpatrimoine.org\/wp-content\/uploads\/2019\/06\/LigueRegionale-CENTRE-VAL-DE-LOIRE-Vertical-694x1024.jpg?fit=694%2C1024&ssl=1","width":694,"height":1024,"caption":"Patrimoine Basket Ligue Centre-Val de Loire"},"image":{"@id":"https:\/\/centrevaldeloirebasketballpatrimoine.org\/#\/schema\/logo\/image\/"},"sameAs":["https:\/\/www.facebook.com\/LigueBasketCentre","https:\/\/x.com\/BasketCentre","https:\/\/www.instagram.com\/liguebasketcentre\/","https:\/\/www.linkedin.com\/company\/ligue-du-centre-val-de-loire-de-basketball"]}]}},"_links":{"self":[{"href":"https:\/\/centrevaldeloirebasketballpatrimoine.org\/index.php\/wp-json\/wp\/v2\/pages\/1861","targetHints":{"allow":["GET"]}}],"collection":[{"href":"https:\/\/centrevaldeloirebasketballpatrimoine.org\/index.php\/wp-json\/wp\/v2\/pages"}],"about":[{"href":"https:\/\/centrevaldeloirebasketballpatrimoine.org\/index.php\/wp-json\/wp\/v2\/types\/page"}],"author":[{"embeddable":true,"href":"https:\/\/centrevaldeloirebasketballpatrimoine.org\/index.php\/wp-json\/wp\/v2\/users\/6"}],"replies":[{"embeddable":true,"href":"https:\/\/centrevaldeloirebasketballpatrimoine.org\/index.php\/wp-json\/wp\/v2\/comments?post=1861"}],"version-history":[{"count":0,"href":"https:\/\/centrevaldeloirebasketballpatrimoine.org\/index.php\/wp-json\/wp\/v2\/pages\/1861\/revisions"}],"wp:attachment":[{"href":"https:\/\/centrevaldeloirebasketballpatrimoine.org\/index.php\/wp-json\/wp\/v2\/media?parent=1861"}],"curies":[{"name":"wp","href":"https:\/\/api.w.org\/{rel}","templated":true}]}}