{"id":1034,"date":"2020-01-08T18:08:35","date_gmt":"2020-01-08T17:08:35","guid":{"rendered":"https:\/\/centrevaldeloirebasketballpatrimoine.org\/?page_id=1034"},"modified":"2022-06-20T14:08:51","modified_gmt":"2022-06-20T12:08:51","slug":"les-officiels-nationaux-du-37","status":"publish","type":"page","link":"https:\/\/centrevaldeloirebasketballpatrimoine.org\/index.php\/les-officiels-nationaux-du-37\/","title":{"rendered":"Les Officiels Nationaux du 37"},"content":{"rendered":"\n<h2 class=\"has-text-align-center wp-block-heading\">Benjamin Baumard<\/h2>\n\n\n<div class=\"wp-block-image is-style-rounded\">\n<figure class=\"aligncenter size-full is-resized\"><img decoding=\"async\" data-src=\"https:\/\/centrevaldeloirebasketballpatrimoine.org\/wp-content\/uploads\/2022\/06\/Benjamin.jpg\" alt=\"\" class=\"wp-image-29448 lazyload\" width=\"125\" height=\"204\" data-srcset=\"https:\/\/centrevaldeloirebasketballpatrimoine.org\/wp-content\/uploads\/2022\/06\/Benjamin.jpg 186w, https:\/\/centrevaldeloirebasketballpatrimoine.org\/wp-content\/uploads\/2022\/06\/Benjamin-184x300.jpg 184w\" data-sizes=\"(max-width: 125px) 100vw, 125px\" src=\"data:image\/gif;base64,R0lGODlhAQABAAAAACH5BAEKAAEALAAAAAABAAEAAAICTAEAOw==\" style=\"--smush-placeholder-width: 125px; --smush-placeholder-aspect-ratio: 125\/204;\" \/><figcaption><strong><em>Benjamin Baumard<\/em><\/strong><\/figcaption><\/figure>\n<\/div>\n\n\n<p>Il commence \u00e0 jouer au Basket en Poussins au sein de l&rsquo;Avenir Sportif Jocondien (37).<\/p>\n\n\n\n<p>En parall\u00e8le, une b\u00e9n\u00e9vole du Club sollicite r\u00e9guli\u00e8rement les jeunes du Club \u00e0 s&rsquo;investir pour arbitrer les rencontres jeunes ainsi qu&rsquo;\u00e0 tenir les tables de marque.<\/p>\n\n\n\n<p>C&rsquo;est elle, Annick, qui le forme \u00e0 la tenue de la feuille de marque dans les gradins pendant les rencontres qui se d\u00e9roulaient dans le gymnase.<\/p>\n\n\n\n<p>Il participe ensuite \u00e0 la formation dispens\u00e9e par son Comit\u00e9 D\u00e9partemental et obtient le statut d&rsquo;Officiel de Table de Marque.<\/p>\n\n\n\n<p>En 2005, il sera nomm\u00e9 OTM niveau F\u00e9d\u00e9ral<\/p>\n\n\n<div class=\"wp-block-image\">\n<figure class=\"aligncenter size-full is-resized\"><img decoding=\"async\" data-src=\"https:\/\/centrevaldeloirebasketballpatrimoine.org\/wp-content\/uploads\/2022\/06\/104-Marqueur-chronometreur-federal.jpg\" alt=\"\" class=\"wp-image-29449 lazyload\" width=\"111\" height=\"130\" src=\"data:image\/gif;base64,R0lGODlhAQABAAAAACH5BAEKAAEALAAAAAABAAEAAAICTAEAOw==\" style=\"--smush-placeholder-width: 111px; --smush-placeholder-aspect-ratio: 111\/130;\" \/><\/figure>\n<\/div>\n\n\n<p>puis en 2009, OTM de Haut Niveau.<\/p>\n\n\n\n<p>Plus tard, il endosse la responsabilit\u00e9 des OTM de la Zone Centre qui comprend \u00e0 l&rsquo;\u00e9poque : Les Ligues du Centre Val de Loire, D&rsquo;Auvergne, du Lyonnais et de la Bourgogne. <\/p>\n\n\n\n<p>Il participe de nombreuses fois \u00e0 des \u00e9v\u00e8nements de tr\u00e8s Haut Niveau.<\/p>\n\n\n\n<p>L&rsquo;Euroleague \u00e0 Orl\u00e9ans, plusieurs Leader&rsquo;s Cup \u00e0 Disney et finales de Coupes de France \u00e0 l&rsquo;Accor Ar\u00e9na de Bercy,<\/p>\n\n\n<div class=\"wp-block-image\">\n<figure class=\"aligncenter size-large is-resized\"><img decoding=\"async\" data-src=\"https:\/\/centrevaldeloirebasketballpatrimoine.org\/wp-content\/uploads\/2022\/06\/2013-Finale-CDF-accors-Arena-1-1024x666.jpg\" alt=\"\" class=\"wp-image-29453 lazyload\" width=\"433\" height=\"281\" data-srcset=\"https:\/\/centrevaldeloirebasketballpatrimoine.org\/wp-content\/uploads\/2022\/06\/2013-Finale-CDF-accors-Arena-1-1024x666.jpg 1024w, https:\/\/centrevaldeloirebasketballpatrimoine.org\/wp-content\/uploads\/2022\/06\/2013-Finale-CDF-accors-Arena-1-300x195.jpg 300w, https:\/\/centrevaldeloirebasketballpatrimoine.org\/wp-content\/uploads\/2022\/06\/2013-Finale-CDF-accors-Arena-1-768x500.jpg 768w, https:\/\/centrevaldeloirebasketballpatrimoine.org\/wp-content\/uploads\/2022\/06\/2013-Finale-CDF-accors-Arena-1.jpg 1233w\" data-sizes=\"(max-width: 433px) 100vw, 433px\" src=\"data:image\/gif;base64,R0lGODlhAQABAAAAACH5BAEKAAEALAAAAAABAAEAAAICTAEAOw==\" style=\"--smush-placeholder-width: 433px; --smush-placeholder-aspect-ratio: 433\/281;\" \/><figcaption><strong><em>Finale de Coupe de France \u00e0 Bercy<\/em><\/strong><\/figcaption><\/figure>\n<\/div>\n\n<div class=\"wp-block-image\">\n<figure class=\"aligncenter size-large is-resized\"><img decoding=\"async\" data-src=\"https:\/\/centrevaldeloirebasketballpatrimoine.org\/wp-content\/uploads\/2022\/06\/Accor-Arena-1024x665.jpg\" alt=\"\" class=\"wp-image-29458 lazyload\" width=\"435\" height=\"282\" data-srcset=\"https:\/\/centrevaldeloirebasketballpatrimoine.org\/wp-content\/uploads\/2022\/06\/Accor-Arena-1024x665.jpg 1024w, https:\/\/centrevaldeloirebasketballpatrimoine.org\/wp-content\/uploads\/2022\/06\/Accor-Arena-300x195.jpg 300w, https:\/\/centrevaldeloirebasketballpatrimoine.org\/wp-content\/uploads\/2022\/06\/Accor-Arena-768x499.jpg 768w, https:\/\/centrevaldeloirebasketballpatrimoine.org\/wp-content\/uploads\/2022\/06\/Accor-Arena.jpg 1240w\" data-sizes=\"(max-width: 435px) 100vw, 435px\" src=\"data:image\/gif;base64,R0lGODlhAQABAAAAACH5BAEKAAEALAAAAAABAAEAAAICTAEAOw==\" style=\"--smush-placeholder-width: 435px; --smush-placeholder-aspect-ratio: 435\/282;\" \/><figcaption><strong><em>Vue de l&rsquo;Accor Ar\u00e9na de Bercy<\/em><\/strong><\/figcaption><\/figure>\n<\/div>\n\n\n<p>l&rsquo;Eurobasket F\u00e9minin en 2013 et l&rsquo;Eurobasket Masculin en 2015.<\/p>\n\n\n<div class=\"wp-block-image\">\n<figure class=\"aligncenter size-full is-resized\"><img decoding=\"async\" data-src=\"https:\/\/centrevaldeloirebasketballpatrimoine.org\/wp-content\/uploads\/2022\/06\/2015-France-Lituanie.jpg\" alt=\"\" class=\"wp-image-29454 lazyload\" width=\"430\" height=\"254\" data-srcset=\"https:\/\/centrevaldeloirebasketballpatrimoine.org\/wp-content\/uploads\/2022\/06\/2015-France-Lituanie.jpg 943w, https:\/\/centrevaldeloirebasketballpatrimoine.org\/wp-content\/uploads\/2022\/06\/2015-France-Lituanie-300x178.jpg 300w, https:\/\/centrevaldeloirebasketballpatrimoine.org\/wp-content\/uploads\/2022\/06\/2015-France-Lituanie-768x455.jpg 768w\" data-sizes=\"(max-width: 430px) 100vw, 430px\" src=\"data:image\/gif;base64,R0lGODlhAQABAAAAACH5BAEKAAEALAAAAAABAAEAAAICTAEAOw==\" style=\"--smush-placeholder-width: 430px; --smush-placeholder-aspect-ratio: 430\/254;\" \/><figcaption><strong><em>Eurobasket Masculin en 2015<\/em><\/strong><\/figcaption><\/figure>\n<\/div>\n\n\n<p>Il convient d&rsquo;ajouter \u00e0 son palmar\u00e8s:<\/p>\n\n\n\n<p>Plusieurs Tournois Qualificatifs pour les Jeux Olympiques, un Eurobasket Jeunes, de nombreux matches amicaux des \u00e9quipes de France, l&rsquo;Eurocup Masculine au Mans, l&rsquo;Euroleague et l&rsquo;Eurocup F\u00e9minine \u00e0 Bourges, sans oublier de nombreuses rencontres des Championnats Nationaux.<\/p>\n\n\n\n<p>Prochainement, il se rendra \u00e0 Rouen pour officier lors de la rencontre France-Pays Bas.<\/p>\n\n\n\n<hr class=\"wp-block-separator has-alpha-channel-opacity\"\/>\n\n\n\n<h2 class=\"has-text-align-center wp-block-heading\">Nicole Thomas<\/h2>\n\n\n<div class=\"wp-block-image is-style-rounded\">\n<figure class=\"aligncenter size-full\"><img decoding=\"async\" width=\"212\" height=\"206\" data-src=\"https:\/\/centrevaldeloirebasketballpatrimoine.org\/wp-content\/uploads\/2022\/06\/NT.jpg\" alt=\"\" class=\"wp-image-29650 lazyload\" src=\"data:image\/gif;base64,R0lGODlhAQABAAAAACH5BAEKAAEALAAAAAABAAEAAAICTAEAOw==\" style=\"--smush-placeholder-width: 212px; --smush-placeholder-aspect-ratio: 212\/206;\" \/><figcaption><em><strong>Nicole Thomas<\/strong><\/em><\/figcaption><\/figure>\n<\/div>\n\n\n<p>Elle commence le Basket au coll\u00e8ge en 1964 \u00e0 l&rsquo;\u00e2ge de 11 ans.<\/p>\n\n\n\n<p>En 19968\/69, elle signe une licence \u00e0 l&rsquo;ASPO Tours. Elle joue dans l&rsquo;\u00e9quipe d\u00e9partementale, suit la formation d&rsquo;entra\u00eeneur et prend en charge l&rsquo;encadrement d&rsquo;une \u00e9quipe de jeunes jusqu&rsquo;en 1971\/72.<\/p>\n\n\n\n<p>Apr\u00e8s une interruption de toutes activit\u00e9s sportives, au d\u00e9but des ann\u00e9es 80, elle se tourne vers la fonction de marqueur chronom\u00e9treur.<\/p>\n\n\n\n<p>Elle passe les diff\u00e9rents \u00e9chelons, d\u00e9partemental, r\u00e9gional et f\u00e9d\u00e9ral.<\/p>\n\n\n<div class=\"wp-block-image\">\n<figure class=\"aligncenter size-full is-resized\"><img decoding=\"async\" data-src=\"https:\/\/centrevaldeloirebasketballpatrimoine.org\/wp-content\/uploads\/2022\/06\/104-Marqueur-chronometreur-federal-1.jpg\" alt=\"\" class=\"wp-image-29651 lazyload\" width=\"172\" height=\"204\" src=\"data:image\/gif;base64,R0lGODlhAQABAAAAACH5BAEKAAEALAAAAAABAAEAAAICTAEAOw==\" style=\"--smush-placeholder-width: 172px; --smush-placeholder-aspect-ratio: 172\/204;\" \/><\/figure>\n<\/div>\n\n\n<p>Elle officiera pendant plusieurs ann\u00e9es au plus Haut Niveau sur les diff\u00e9rents Championnats et Tournois Nationaux et Internationaux qui se d\u00e9rouleront \u00e0 TOURS et sa banlieue mais aussi \u00e0 BOURGES, ORLEANS et LE MANS.<\/p>\n\n\n<div class=\"wp-block-image\">\n<figure class=\"aligncenter size-full is-resized\"><img decoding=\"async\" data-src=\"https:\/\/centrevaldeloirebasketballpatrimoine.org\/wp-content\/uploads\/2022\/06\/NT1.jpg\" alt=\"\" class=\"wp-image-29652 lazyload\" width=\"567\" height=\"342\" data-srcset=\"https:\/\/centrevaldeloirebasketballpatrimoine.org\/wp-content\/uploads\/2022\/06\/NT1.jpg 368w, https:\/\/centrevaldeloirebasketballpatrimoine.org\/wp-content\/uploads\/2022\/06\/NT1-300x181.jpg 300w\" data-sizes=\"(max-width: 567px) 100vw, 567px\" src=\"data:image\/gif;base64,R0lGODlhAQABAAAAACH5BAEKAAEALAAAAAABAAEAAAICTAEAOw==\" style=\"--smush-placeholder-width: 567px; --smush-placeholder-aspect-ratio: 567\/342;\" \/><figcaption><strong><em>Au centre : Nicole Thomas<\/em><\/strong><\/figcaption><\/figure>\n<\/div>\n\n<div class=\"wp-block-image\">\n<figure class=\"aligncenter size-full is-resized\"><img decoding=\"async\" data-src=\"https:\/\/centrevaldeloirebasketballpatrimoine.org\/wp-content\/uploads\/2022\/06\/NT2.jpg\" alt=\"\" class=\"wp-image-29653 lazyload\" width=\"571\" height=\"319\" data-srcset=\"https:\/\/centrevaldeloirebasketballpatrimoine.org\/wp-content\/uploads\/2022\/06\/NT2.jpg 400w, https:\/\/centrevaldeloirebasketballpatrimoine.org\/wp-content\/uploads\/2022\/06\/NT2-300x168.jpg 300w, https:\/\/centrevaldeloirebasketballpatrimoine.org\/wp-content\/uploads\/2022\/06\/NT2-135x75.jpg 135w, https:\/\/centrevaldeloirebasketballpatrimoine.org\/wp-content\/uploads\/2022\/06\/NT2-270x150.jpg 270w\" data-sizes=\"(max-width: 571px) 100vw, 571px\" src=\"data:image\/gif;base64,R0lGODlhAQABAAAAACH5BAEKAAEALAAAAAABAAEAAAICTAEAOw==\" style=\"--smush-placeholder-width: 571px; --smush-placeholder-aspect-ratio: 571\/319;\" \/><figcaption><strong><em>De G \u00e0 D : Nicole Thomas, Philippe Boutet, Bernard Estoup<\/em><\/strong><\/figcaption><\/figure>\n<\/div>\n\n\n<p>Apr\u00e8s avoir mis fin \u00e0 cette activit\u00e9, de 1992 \u00e0 1998, elle devient membre du Comit\u00e9 D\u00e9partemental d&rsquo;Indre et Loire \u00e0 la t\u00eate de la Commission de Discipline puis de la Tr\u00e9sorerie.<\/p>\n\n\n\n<p>Ensuite, elle int\u00e8gre le Conseil d&rsquo;Honneur et met un terme \u00e0 toutes ses fonctions sportives en 2010\/2011.<\/p>\n\n\n\n<hr class=\"wp-block-separator has-alpha-channel-opacity\"\/>\n","protected":false},"excerpt":{"rendered":"<p>Benjamin Baumard Il commence \u00e0 jouer au Basket en Poussins au sein de l&rsquo;Avenir Sportif Jocondien (37). En parall\u00e8le, une b\u00e9n\u00e9vole du Club sollicite r\u00e9guli\u00e8rement les jeunes du Club \u00e0 [&hellip;]<\/p>\n","protected":false},"author":6,"featured_media":0,"parent":0,"menu_order":0,"comment_status":"closed","ping_status":"closed","template":"","meta":{"footnotes":""},"class_list":["post-1034","page","type-page","status-publish","hentry"],"yoast_head":"<!-- This site is optimized with the Yoast SEO plugin v27.5 - https:\/\/yoast.com\/product\/yoast-seo-wordpress\/ -->\n<title>Les Officiels Nationaux du 37 - patrimoine<\/title>\n<meta name=\"description\" content=\"Patrimoine historique du basket en r\u00e9gion Centre-Val de Loire.\" \/>\n<meta name=\"robots\" content=\"index, follow, max-snippet:-1, max-image-preview:large, max-video-preview:-1\" \/>\n<link rel=\"canonical\" href=\"https:\/\/centrevaldeloirebasketballpatrimoine.org\/index.php\/les-officiels-nationaux-du-37\/\" \/>\n<meta property=\"og:locale\" content=\"fr_FR\" \/>\n<meta property=\"og:type\" content=\"article\" \/>\n<meta property=\"og:title\" content=\"Les Officiels Nationaux du 37 - patrimoine\" \/>\n<meta property=\"og:description\" content=\"Patrimoine historique du basket en r\u00e9gion Centre-Val de Loire.\" \/>\n<meta property=\"og:url\" content=\"https:\/\/centrevaldeloirebasketballpatrimoine.org\/index.php\/les-officiels-nationaux-du-37\/\" \/>\n<meta property=\"article:publisher\" content=\"https:\/\/www.facebook.com\/LigueBasketCentre\" \/>\n<meta property=\"article:modified_time\" content=\"2022-06-20T12:08:51+00:00\" \/>\n<meta property=\"og:image\" content=\"https:\/\/centrevaldeloirebasketballpatrimoine.org\/wp-content\/uploads\/2022\/06\/Benjamin.jpg\" \/>\n<meta name=\"twitter:card\" content=\"summary_large_image\" \/>\n<meta name=\"twitter:site\" content=\"@BasketCentre\" \/>\n<meta name=\"twitter:label1\" content=\"Dur\u00e9e de lecture estim\u00e9e\" \/>\n\t<meta name=\"twitter:data1\" content=\"4 minutes\" \/>\n<script type=\"application\/ld+json\" class=\"yoast-schema-graph\">{\"@context\":\"https:\\\/\\\/schema.org\",\"@graph\":[{\"@type\":\"WebPage\",\"@id\":\"https:\\\/\\\/centrevaldeloirebasketballpatrimoine.org\\\/index.php\\\/les-officiels-nationaux-du-37\\\/\",\"url\":\"https:\\\/\\\/centrevaldeloirebasketballpatrimoine.org\\\/index.php\\\/les-officiels-nationaux-du-37\\\/\",\"name\":\"Les Officiels Nationaux du 37 - patrimoine\",\"isPartOf\":{\"@id\":\"https:\\\/\\\/centrevaldeloirebasketballpatrimoine.org\\\/#website\"},\"primaryImageOfPage\":{\"@id\":\"https:\\\/\\\/centrevaldeloirebasketballpatrimoine.org\\\/index.php\\\/les-officiels-nationaux-du-37\\\/#primaryimage\"},\"image\":{\"@id\":\"https:\\\/\\\/centrevaldeloirebasketballpatrimoine.org\\\/index.php\\\/les-officiels-nationaux-du-37\\\/#primaryimage\"},\"thumbnailUrl\":\"https:\\\/\\\/centrevaldeloirebasketballpatrimoine.org\\\/wp-content\\\/uploads\\\/2022\\\/06\\\/Benjamin.jpg\",\"datePublished\":\"2020-01-08T17:08:35+00:00\",\"dateModified\":\"2022-06-20T12:08:51+00:00\",\"description\":\"Patrimoine historique du basket en r\u00e9gion Centre-Val de Loire.\",\"breadcrumb\":{\"@id\":\"https:\\\/\\\/centrevaldeloirebasketballpatrimoine.org\\\/index.php\\\/les-officiels-nationaux-du-37\\\/#breadcrumb\"},\"inLanguage\":\"fr-FR\",\"potentialAction\":[{\"@type\":\"ReadAction\",\"target\":[\"https:\\\/\\\/centrevaldeloirebasketballpatrimoine.org\\\/index.php\\\/les-officiels-nationaux-du-37\\\/\"]}]},{\"@type\":\"ImageObject\",\"inLanguage\":\"fr-FR\",\"@id\":\"https:\\\/\\\/centrevaldeloirebasketballpatrimoine.org\\\/index.php\\\/les-officiels-nationaux-du-37\\\/#primaryimage\",\"url\":\"https:\\\/\\\/centrevaldeloirebasketballpatrimoine.org\\\/wp-content\\\/uploads\\\/2022\\\/06\\\/Benjamin.jpg\",\"contentUrl\":\"https:\\\/\\\/centrevaldeloirebasketballpatrimoine.org\\\/wp-content\\\/uploads\\\/2022\\\/06\\\/Benjamin.jpg\",\"width\":186,\"height\":303},{\"@type\":\"BreadcrumbList\",\"@id\":\"https:\\\/\\\/centrevaldeloirebasketballpatrimoine.org\\\/index.php\\\/les-officiels-nationaux-du-37\\\/#breadcrumb\",\"itemListElement\":[{\"@type\":\"ListItem\",\"position\":1,\"name\":\"Accueil\",\"item\":\"https:\\\/\\\/centrevaldeloirebasketballpatrimoine.org\\\/\"},{\"@type\":\"ListItem\",\"position\":2,\"name\":\"Les Officiels Nationaux du 37\"}]},{\"@type\":\"WebSite\",\"@id\":\"https:\\\/\\\/centrevaldeloirebasketballpatrimoine.org\\\/#website\",\"url\":\"https:\\\/\\\/centrevaldeloirebasketballpatrimoine.org\\\/\",\"name\":\"\",\"description\":\"Site officiel Commission Patrimoine de la Ligue Centre-Val de Loire de BasketBall\",\"publisher\":{\"@id\":\"https:\\\/\\\/centrevaldeloirebasketballpatrimoine.org\\\/#organization\"},\"potentialAction\":[{\"@type\":\"SearchAction\",\"target\":{\"@type\":\"EntryPoint\",\"urlTemplate\":\"https:\\\/\\\/centrevaldeloirebasketballpatrimoine.org\\\/?s={search_term_string}\"},\"query-input\":{\"@type\":\"PropertyValueSpecification\",\"valueRequired\":true,\"valueName\":\"search_term_string\"}}],\"inLanguage\":\"fr-FR\"},{\"@type\":\"Organization\",\"@id\":\"https:\\\/\\\/centrevaldeloirebasketballpatrimoine.org\\\/#organization\",\"name\":\"Patrimoine Basket Ligue Centre-Val de Loire\",\"url\":\"https:\\\/\\\/centrevaldeloirebasketballpatrimoine.org\\\/\",\"logo\":{\"@type\":\"ImageObject\",\"inLanguage\":\"fr-FR\",\"@id\":\"https:\\\/\\\/centrevaldeloirebasketballpatrimoine.org\\\/#\\\/schema\\\/logo\\\/image\\\/\",\"url\":\"https:\\\/\\\/i0.wp.com\\\/centrevaldeloirebasketballpatrimoine.org\\\/wp-content\\\/uploads\\\/2019\\\/06\\\/LigueRegionale-CENTRE-VAL-DE-LOIRE-Vertical-694x1024.jpg?fit=694%2C1024&ssl=1\",\"contentUrl\":\"https:\\\/\\\/i0.wp.com\\\/centrevaldeloirebasketballpatrimoine.org\\\/wp-content\\\/uploads\\\/2019\\\/06\\\/LigueRegionale-CENTRE-VAL-DE-LOIRE-Vertical-694x1024.jpg?fit=694%2C1024&ssl=1\",\"width\":694,\"height\":1024,\"caption\":\"Patrimoine Basket Ligue Centre-Val de Loire\"},\"image\":{\"@id\":\"https:\\\/\\\/centrevaldeloirebasketballpatrimoine.org\\\/#\\\/schema\\\/logo\\\/image\\\/\"},\"sameAs\":[\"https:\\\/\\\/www.facebook.com\\\/LigueBasketCentre\",\"https:\\\/\\\/x.com\\\/BasketCentre\",\"https:\\\/\\\/www.instagram.com\\\/liguebasketcentre\\\/\",\"https:\\\/\\\/www.linkedin.com\\\/company\\\/ligue-du-centre-val-de-loire-de-basketball\"]}]}<\/script>\n<!-- \/ Yoast SEO plugin. -->","yoast_head_json":{"title":"Les Officiels Nationaux du 37 - patrimoine","description":"Patrimoine historique du basket en r\u00e9gion Centre-Val de Loire.","robots":{"index":"index","follow":"follow","max-snippet":"max-snippet:-1","max-image-preview":"max-image-preview:large","max-video-preview":"max-video-preview:-1"},"canonical":"https:\/\/centrevaldeloirebasketballpatrimoine.org\/index.php\/les-officiels-nationaux-du-37\/","og_locale":"fr_FR","og_type":"article","og_title":"Les Officiels Nationaux du 37 - patrimoine","og_description":"Patrimoine historique du basket en r\u00e9gion Centre-Val de Loire.","og_url":"https:\/\/centrevaldeloirebasketballpatrimoine.org\/index.php\/les-officiels-nationaux-du-37\/","article_publisher":"https:\/\/www.facebook.com\/LigueBasketCentre","article_modified_time":"2022-06-20T12:08:51+00:00","og_image":[{"url":"https:\/\/centrevaldeloirebasketballpatrimoine.org\/wp-content\/uploads\/2022\/06\/Benjamin.jpg","type":"","width":"","height":""}],"twitter_card":"summary_large_image","twitter_site":"@BasketCentre","twitter_misc":{"Dur\u00e9e de lecture estim\u00e9e":"4 minutes"},"schema":{"@context":"https:\/\/schema.org","@graph":[{"@type":"WebPage","@id":"https:\/\/centrevaldeloirebasketballpatrimoine.org\/index.php\/les-officiels-nationaux-du-37\/","url":"https:\/\/centrevaldeloirebasketballpatrimoine.org\/index.php\/les-officiels-nationaux-du-37\/","name":"Les Officiels Nationaux du 37 - patrimoine","isPartOf":{"@id":"https:\/\/centrevaldeloirebasketballpatrimoine.org\/#website"},"primaryImageOfPage":{"@id":"https:\/\/centrevaldeloirebasketballpatrimoine.org\/index.php\/les-officiels-nationaux-du-37\/#primaryimage"},"image":{"@id":"https:\/\/centrevaldeloirebasketballpatrimoine.org\/index.php\/les-officiels-nationaux-du-37\/#primaryimage"},"thumbnailUrl":"https:\/\/centrevaldeloirebasketballpatrimoine.org\/wp-content\/uploads\/2022\/06\/Benjamin.jpg","datePublished":"2020-01-08T17:08:35+00:00","dateModified":"2022-06-20T12:08:51+00:00","description":"Patrimoine historique du basket en r\u00e9gion Centre-Val de Loire.","breadcrumb":{"@id":"https:\/\/centrevaldeloirebasketballpatrimoine.org\/index.php\/les-officiels-nationaux-du-37\/#breadcrumb"},"inLanguage":"fr-FR","potentialAction":[{"@type":"ReadAction","target":["https:\/\/centrevaldeloirebasketballpatrimoine.org\/index.php\/les-officiels-nationaux-du-37\/"]}]},{"@type":"ImageObject","inLanguage":"fr-FR","@id":"https:\/\/centrevaldeloirebasketballpatrimoine.org\/index.php\/les-officiels-nationaux-du-37\/#primaryimage","url":"https:\/\/centrevaldeloirebasketballpatrimoine.org\/wp-content\/uploads\/2022\/06\/Benjamin.jpg","contentUrl":"https:\/\/centrevaldeloirebasketballpatrimoine.org\/wp-content\/uploads\/2022\/06\/Benjamin.jpg","width":186,"height":303},{"@type":"BreadcrumbList","@id":"https:\/\/centrevaldeloirebasketballpatrimoine.org\/index.php\/les-officiels-nationaux-du-37\/#breadcrumb","itemListElement":[{"@type":"ListItem","position":1,"name":"Accueil","item":"https:\/\/centrevaldeloirebasketballpatrimoine.org\/"},{"@type":"ListItem","position":2,"name":"Les Officiels Nationaux du 37"}]},{"@type":"WebSite","@id":"https:\/\/centrevaldeloirebasketballpatrimoine.org\/#website","url":"https:\/\/centrevaldeloirebasketballpatrimoine.org\/","name":"","description":"Site officiel Commission Patrimoine de la Ligue Centre-Val de Loire de BasketBall","publisher":{"@id":"https:\/\/centrevaldeloirebasketballpatrimoine.org\/#organization"},"potentialAction":[{"@type":"SearchAction","target":{"@type":"EntryPoint","urlTemplate":"https:\/\/centrevaldeloirebasketballpatrimoine.org\/?s={search_term_string}"},"query-input":{"@type":"PropertyValueSpecification","valueRequired":true,"valueName":"search_term_string"}}],"inLanguage":"fr-FR"},{"@type":"Organization","@id":"https:\/\/centrevaldeloirebasketballpatrimoine.org\/#organization","name":"Patrimoine Basket Ligue Centre-Val de Loire","url":"https:\/\/centrevaldeloirebasketballpatrimoine.org\/","logo":{"@type":"ImageObject","inLanguage":"fr-FR","@id":"https:\/\/centrevaldeloirebasketballpatrimoine.org\/#\/schema\/logo\/image\/","url":"https:\/\/i0.wp.com\/centrevaldeloirebasketballpatrimoine.org\/wp-content\/uploads\/2019\/06\/LigueRegionale-CENTRE-VAL-DE-LOIRE-Vertical-694x1024.jpg?fit=694%2C1024&ssl=1","contentUrl":"https:\/\/i0.wp.com\/centrevaldeloirebasketballpatrimoine.org\/wp-content\/uploads\/2019\/06\/LigueRegionale-CENTRE-VAL-DE-LOIRE-Vertical-694x1024.jpg?fit=694%2C1024&ssl=1","width":694,"height":1024,"caption":"Patrimoine Basket Ligue Centre-Val de Loire"},"image":{"@id":"https:\/\/centrevaldeloirebasketballpatrimoine.org\/#\/schema\/logo\/image\/"},"sameAs":["https:\/\/www.facebook.com\/LigueBasketCentre","https:\/\/x.com\/BasketCentre","https:\/\/www.instagram.com\/liguebasketcentre\/","https:\/\/www.linkedin.com\/company\/ligue-du-centre-val-de-loire-de-basketball"]}]}},"_links":{"self":[{"href":"https:\/\/centrevaldeloirebasketballpatrimoine.org\/index.php\/wp-json\/wp\/v2\/pages\/1034","targetHints":{"allow":["GET"]}}],"collection":[{"href":"https:\/\/centrevaldeloirebasketballpatrimoine.org\/index.php\/wp-json\/wp\/v2\/pages"}],"about":[{"href":"https:\/\/centrevaldeloirebasketballpatrimoine.org\/index.php\/wp-json\/wp\/v2\/types\/page"}],"author":[{"embeddable":true,"href":"https:\/\/centrevaldeloirebasketballpatrimoine.org\/index.php\/wp-json\/wp\/v2\/users\/6"}],"replies":[{"embeddable":true,"href":"https:\/\/centrevaldeloirebasketballpatrimoine.org\/index.php\/wp-json\/wp\/v2\/comments?post=1034"}],"version-history":[{"count":0,"href":"https:\/\/centrevaldeloirebasketballpatrimoine.org\/index.php\/wp-json\/wp\/v2\/pages\/1034\/revisions"}],"wp:attachment":[{"href":"https:\/\/centrevaldeloirebasketballpatrimoine.org\/index.php\/wp-json\/wp\/v2\/media?parent=1034"}],"curies":[{"name":"wp","href":"https:\/\/api.w.org\/{rel}","templated":true}]}}