{"id":1014,"date":"2020-01-08T17:47:48","date_gmt":"2020-01-08T16:47:48","guid":{"rendered":"https:\/\/centrevaldeloirebasketballpatrimoine.org\/?page_id=1014"},"modified":"2025-01-17T12:07:56","modified_gmt":"2025-01-17T11:07:56","slug":"les-arbitres-nationaux-du-45","status":"publish","type":"page","link":"https:\/\/centrevaldeloirebasketballpatrimoine.org\/index.php\/les-arbitres-nationaux-du-45\/","title":{"rendered":"Les Arbitres Nationaux du 45"},"content":{"rendered":"\n<hr class=\"wp-block-separator has-css-opacity\"\/>\n\n\n\n<div id=\"ez-toc-container\" class=\"ez-toc-v2_0_74 counter-hierarchy ez-toc-counter ez-toc-grey ez-toc-container-direction\">\n<p class=\"ez-toc-title\" style=\"cursor:inherit\">Table of Contents<\/p>\n<label for=\"ez-toc-cssicon-toggle-item-69f4572c0a57b\" class=\"ez-toc-cssicon-toggle-label\"><span class=\"\"><span class=\"eztoc-hide\" style=\"display:none;\">Toggle<\/span><span class=\"ez-toc-icon-toggle-span\"><svg style=\"fill: #999;color:#999\" xmlns=\"http:\/\/www.w3.org\/2000\/svg\" class=\"list-377408\" width=\"20px\" height=\"20px\" viewBox=\"0 0 24 24\" fill=\"none\"><path d=\"M6 6H4v2h2V6zm14 0H8v2h12V6zM4 11h2v2H4v-2zm16 0H8v2h12v-2zM4 16h2v2H4v-2zm16 0H8v2h12v-2z\" fill=\"currentColor\"><\/path><\/svg><svg style=\"fill: #999;color:#999\" class=\"arrow-unsorted-368013\" xmlns=\"http:\/\/www.w3.org\/2000\/svg\" width=\"10px\" height=\"10px\" viewBox=\"0 0 24 24\" version=\"1.2\" baseProfile=\"tiny\"><path d=\"M18.2 9.3l-6.2-6.3-6.2 6.3c-.2.2-.3.4-.3.7s.1.5.3.7c.2.2.4.3.7.3h11c.3 0 .5-.1.7-.3.2-.2.3-.5.3-.7s-.1-.5-.3-.7zM5.8 14.7l6.2 6.3 6.2-6.3c.2-.2.3-.5.3-.7s-.1-.5-.3-.7c-.2-.2-.4-.3-.7-.3h-11c-.3 0-.5.1-.7.3-.2.2-.3.5-.3.7s.1.5.3.7z\"\/><\/svg><\/span><\/span><\/label><input type=\"checkbox\"  id=\"ez-toc-cssicon-toggle-item-69f4572c0a57b\"  aria-label=\"Toggle\" \/><nav><ul class='ez-toc-list ez-toc-list-level-1 ' ><li class='ez-toc-page-1 ez-toc-heading-level-2'><a class=\"ez-toc-link ez-toc-heading-1\" href=\"https:\/\/centrevaldeloirebasketballpatrimoine.org\/index.php\/les-arbitres-nationaux-du-45\/#Jacques_Boue\" >Jacques Bou\u00e9<\/a><\/li><li class='ez-toc-page-1 ez-toc-heading-level-2'><a class=\"ez-toc-link ez-toc-heading-2\" href=\"https:\/\/centrevaldeloirebasketballpatrimoine.org\/index.php\/les-arbitres-nationaux-du-45\/#Colette_Courtin\" >Colette Courtin<\/a><\/li><li class='ez-toc-page-1 ez-toc-heading-level-2'><a class=\"ez-toc-link ez-toc-heading-3\" href=\"https:\/\/centrevaldeloirebasketballpatrimoine.org\/index.php\/les-arbitres-nationaux-du-45\/#Claude_Courtin\" >Claude Courtin<\/a><\/li><li class='ez-toc-page-1 ez-toc-heading-level-2'><a class=\"ez-toc-link ez-toc-heading-4\" href=\"https:\/\/centrevaldeloirebasketballpatrimoine.org\/index.php\/les-arbitres-nationaux-du-45\/#Aurore_Filzaine\" >Aurore Filzaine<\/a><\/li><li class='ez-toc-page-1 ez-toc-heading-level-2'><a class=\"ez-toc-link ez-toc-heading-5\" href=\"https:\/\/centrevaldeloirebasketballpatrimoine.org\/index.php\/les-arbitres-nationaux-du-45\/#Rene_Maury\" >Ren\u00e9 Maury<\/a><\/li><li class='ez-toc-page-1 ez-toc-heading-level-2'><a class=\"ez-toc-link ez-toc-heading-6\" href=\"https:\/\/centrevaldeloirebasketballpatrimoine.org\/index.php\/les-arbitres-nationaux-du-45\/#Jacky_Moizan\" >Jacky Moizan<\/a><\/li><li class='ez-toc-page-1 ez-toc-heading-level-2'><a class=\"ez-toc-link ez-toc-heading-7\" href=\"https:\/\/centrevaldeloirebasketballpatrimoine.org\/index.php\/les-arbitres-nationaux-du-45\/#Christian_Leveque\" >Christian L\u00e9v\u00eaque<\/a><\/li><li class='ez-toc-page-1 ez-toc-heading-level-2'><a class=\"ez-toc-link ez-toc-heading-8\" href=\"https:\/\/centrevaldeloirebasketballpatrimoine.org\/index.php\/les-arbitres-nationaux-du-45\/#Liliane_Marche\" >Liliane March\u00e9<\/a><\/li><li class='ez-toc-page-1 ez-toc-heading-level-2'><a class=\"ez-toc-link ez-toc-heading-9\" href=\"https:\/\/centrevaldeloirebasketballpatrimoine.org\/index.php\/les-arbitres-nationaux-du-45\/#Frederique_Marche\" >Fr\u00e9d\u00e9rique March\u00e9<\/a><\/li><\/ul><\/nav><\/div>\n<h2 class=\"wp-block-heading has-text-align-center\"><span class=\"ez-toc-section\" id=\"Jacques_Boue\"><\/span>Jacques Bou\u00e9<span class=\"ez-toc-section-end\"><\/span><\/h2>\n\n\n<div class=\"wp-block-image\">\n<figure class=\"aligncenter size-large is-resized\"><img decoding=\"async\" width=\"439\" height=\"463\" data-src=\"https:\/\/centrevaldeloirebasketballpatrimoine.org\/wp-content\/uploads\/2021\/03\/1-Jako-3.jpg\" alt=\"\" class=\"wp-image-14877 lazyload\" style=\"--smush-placeholder-width: 439px; --smush-placeholder-aspect-ratio: 439\/463;width:186px;height:196px\" data-srcset=\"https:\/\/centrevaldeloirebasketballpatrimoine.org\/wp-content\/uploads\/2021\/03\/1-Jako-3.jpg 439w, https:\/\/centrevaldeloirebasketballpatrimoine.org\/wp-content\/uploads\/2021\/03\/1-Jako-3-284x300.jpg 284w\" data-sizes=\"(max-width: 439px) 100vw, 439px\" src=\"data:image\/gif;base64,R0lGODlhAQABAAAAACH5BAEKAAEALAAAAAABAAEAAAICTAEAOw==\" \/><\/figure>\n<\/div>\n\n\n<p>Il d\u00e9bute le Basket \u00e0 l&rsquo;Abeille de Gien \u00e0 l&rsquo;\u00e2ge de 8 ans et y restera jusqu&rsquo;\u00e0 13 ans.<\/p>\n\n\n\n<p>Il jouera ensuite \u00e0 St Jean de Braye puis au CLTO en Cadets.<\/p>\n\n\n\n<p>Il fera une carri\u00e8re de joueur en Championnat de France au CLTO, au CJF Les Aubrais avant de terminer \u00e0 l&rsquo;Entente Orl\u00e9anaise lors de sa cr\u00e9ation.<\/p>\n\n\n<div class=\"wp-block-image\">\n<figure class=\"aligncenter size-large is-resized\"><img decoding=\"async\" width=\"876\" height=\"890\" data-src=\"https:\/\/centrevaldeloirebasketballpatrimoine.org\/wp-content\/uploads\/2021\/03\/10-Jako.jpg\" alt=\"\" class=\"wp-image-14879 lazyload\" style=\"--smush-placeholder-width: 876px; --smush-placeholder-aspect-ratio: 876\/890;width:235px;height:239px\" data-srcset=\"https:\/\/centrevaldeloirebasketballpatrimoine.org\/wp-content\/uploads\/2021\/03\/10-Jako.jpg 876w, https:\/\/centrevaldeloirebasketballpatrimoine.org\/wp-content\/uploads\/2021\/03\/10-Jako-295x300.jpg 295w, https:\/\/centrevaldeloirebasketballpatrimoine.org\/wp-content\/uploads\/2021\/03\/10-Jako-768x780.jpg 768w\" data-sizes=\"(max-width: 876px) 100vw, 876px\" src=\"data:image\/gif;base64,R0lGODlhAQABAAAAACH5BAEKAAEALAAAAAABAAEAAAICTAEAOw==\" \/><\/figure>\n<\/div>\n\n\n<p class=\"has-text-align-center\"><em><strong>Jacques Bou\u00e9 au CLTO<\/strong><\/em><\/p>\n\n\n\n<p>Il se tourne vers l&rsquo;arbitrage tout \u00e0 fait par hasard.<\/p>\n\n\n\n<p>Apr\u00e8s un soir d&rsquo;entra\u00eenement \u00e0 L\u00e9o Lagrange, il accompagne Gilles Guillaumat (CTD de l&rsquo;\u00e9poque) \u00e0 une r\u00e9union d&rsquo;arbitres salle de la gare \u00e0 Orl\u00e9ans.<\/p>\n\n\n\n<p>Cette soir\u00e9e \u00e9tait anim\u00e9e par G\u00e9rard Mallet.<\/p>\n\n\n\n<p><strong><em>C&rsquo;est le d\u00e9but d&rsquo;une Belle Aventure !<\/em><\/strong><\/p>\n\n\n<div class=\"wp-block-image\">\n<figure class=\"aligncenter size-large is-resized\"><img decoding=\"async\" width=\"151\" height=\"102\" data-src=\"https:\/\/centrevaldeloirebasketballpatrimoine.org\/wp-content\/uploads\/2021\/03\/3-Jako.jpg\" alt=\"\" class=\"wp-image-14866 lazyload\" style=\"--smush-placeholder-width: 151px; --smush-placeholder-aspect-ratio: 151\/102;width:238px;height:161px\" src=\"data:image\/gif;base64,R0lGODlhAQABAAAAACH5BAEKAAEALAAAAAABAAEAAAICTAEAOw==\" \/><\/figure>\n<\/div>\n\n\n<p>En 1986, il effectue son premier match officiel avec Liliane March\u00e9.<\/p>\n\n\n\n<p>De 1988 \u00e0 1990, il passe les niveaux pour acc\u00e9der \u00e0 l&rsquo;arbitrage de Haut Niveau (NM2 puis NM1).<\/p>\n\n\n\n<p>De 1997 \u00e0 2003 il officiera sur les rencontres de PRO B.<\/p>\n\n\n\n<p>De 2003 \u00e0 2012 il dirigera les rencontres de PRO A (1er match au Mans)<\/p>\n\n\n<div class=\"wp-block-image\">\n<figure class=\"aligncenter size-large is-resized\"><img decoding=\"async\" width=\"477\" height=\"607\" data-src=\"https:\/\/centrevaldeloirebasketballpatrimoine.org\/wp-content\/uploads\/2021\/03\/6-Jako.jpg\" alt=\"\" class=\"wp-image-14881 lazyload\" style=\"--smush-placeholder-width: 477px; --smush-placeholder-aspect-ratio: 477\/607;width:249px;height:317px\" data-srcset=\"https:\/\/centrevaldeloirebasketballpatrimoine.org\/wp-content\/uploads\/2021\/03\/6-Jako.jpg 477w, https:\/\/centrevaldeloirebasketballpatrimoine.org\/wp-content\/uploads\/2021\/03\/6-Jako-236x300.jpg 236w\" data-sizes=\"(max-width: 477px) 100vw, 477px\" src=\"data:image\/gif;base64,R0lGODlhAQABAAAAACH5BAEKAAEALAAAAAABAAEAAAICTAEAOw==\" \/><\/figure>\n<\/div>\n\n\n<p class=\"has-text-align-center\"><em><strong>Jacques Bou\u00e9 bien entour\u00e9 : A gauche Herv\u00e9 Dubuisson, A droite Jean Degros<\/strong><\/em><\/p>\n\n\n\n<p>De 2013 \u00e0 2016 il dirigera les matchs de PRO B.<\/p>\n\n\n\n<p>Apr\u00e8s 30 ans d&rsquo;arbitrage dont 20 ans de Haut Niveau, il met fin \u00e0 sa carri\u00e8re d&rsquo;arbitre le 17 Mai 2016 \u00e0 Roanne.<\/p>\n\n\n<div class=\"wp-block-image\">\n<figure class=\"aligncenter size-large is-resized\"><img decoding=\"async\" width=\"177\" height=\"114\" data-src=\"https:\/\/centrevaldeloirebasketballpatrimoine.org\/wp-content\/uploads\/2021\/03\/4-Jako.jpg\" alt=\"\" class=\"wp-image-14867 lazyload\" style=\"--smush-placeholder-width: 177px; --smush-placeholder-aspect-ratio: 177\/114;width:257px;height:166px\" src=\"data:image\/gif;base64,R0lGODlhAQABAAAAACH5BAEKAAEALAAAAAABAAEAAAICTAEAOw==\" \/><\/figure>\n<\/div>\n\n\n<p class=\"has-text-align-center\"><em><strong>Mon dernier match<\/strong><\/em><\/p>\n\n\n<div class=\"wp-block-image\">\n<figure class=\"aligncenter size-large is-resized\"><img decoding=\"async\" width=\"354\" height=\"474\" data-src=\"https:\/\/centrevaldeloirebasketballpatrimoine.org\/wp-content\/uploads\/2021\/03\/7-Jako.jpg\" alt=\"\" class=\"wp-image-14882 lazyload\" style=\"--smush-placeholder-width: 354px; --smush-placeholder-aspect-ratio: 354\/474;width:271px;height:363px\" data-srcset=\"https:\/\/centrevaldeloirebasketballpatrimoine.org\/wp-content\/uploads\/2021\/03\/7-Jako.jpg 354w, https:\/\/centrevaldeloirebasketballpatrimoine.org\/wp-content\/uploads\/2021\/03\/7-Jako-224x300.jpg 224w\" data-sizes=\"(max-width: 354px) 100vw, 354px\" src=\"data:image\/gif;base64,R0lGODlhAQABAAAAACH5BAEKAAEALAAAAAABAAEAAAICTAEAOw==\" \/><\/figure>\n<\/div>\n\n\n<p class=\"has-text-align-center\"><em><strong>Corine a bien m\u00e9rit\u00e9 sa gerbe de fleurs&#8230;<\/strong><\/em><\/p>\n\n\n\n<p>Durant toute cette p\u00e9riode, il participe \u00e0 l&rsquo;encadrement et \u00e0 la formation des jeunes arbitres.<\/p>\n\n\n\n<p>En 2017, une nouvelle aventure commence comme Commissaire et Observateur sur le Haut Niveau.<\/p>\n\n\n\n<hr class=\"wp-block-separator has-css-opacity\"\/>\n\n\n\n<h2 class=\"wp-block-heading has-text-align-center\"><span class=\"ez-toc-section\" id=\"Colette_Courtin\"><\/span><strong>Colette Courtin<\/strong><span class=\"ez-toc-section-end\"><\/span><\/h2>\n\n\n<div class=\"wp-block-image\">\n<figure class=\"aligncenter size-large is-resized\"><img decoding=\"async\" width=\"226\" height=\"237\" data-src=\"https:\/\/centrevaldeloirebasketballpatrimoine.org\/wp-content\/uploads\/2021\/03\/1-Colette-1.jpg\" alt=\"\" class=\"wp-image-15183 lazyload\" style=\"--smush-placeholder-width: 226px; --smush-placeholder-aspect-ratio: 226\/237;width:160px;height:168px\" src=\"data:image\/gif;base64,R0lGODlhAQABAAAAACH5BAEKAAEALAAAAAABAAEAAAICTAEAOw==\" \/><\/figure>\n<\/div>\n\n\n<p>Elle signe sa premi\u00e8re licence de Basket \u00e0 l&rsquo;Olympique Club Orl\u00e9anais (OCO) en 1947.<\/p>\n\n\n\n<p>En 1950, elle est nomm\u00e9e arbitre D\u00e9partemental.<\/p>\n\n\n<div class=\"wp-block-image\">\n<figure class=\"aligncenter size-large\"><img decoding=\"async\" width=\"433\" height=\"297\" data-src=\"https:\/\/centrevaldeloirebasketballpatrimoine.org\/wp-content\/uploads\/2021\/03\/2-Colette-1.jpg\" alt=\"\" class=\"wp-image-15185 lazyload\" data-srcset=\"https:\/\/centrevaldeloirebasketballpatrimoine.org\/wp-content\/uploads\/2021\/03\/2-Colette-1.jpg 433w, https:\/\/centrevaldeloirebasketballpatrimoine.org\/wp-content\/uploads\/2021\/03\/2-Colette-1-300x206.jpg 300w\" data-sizes=\"(max-width: 433px) 100vw, 433px\" src=\"data:image\/gif;base64,R0lGODlhAQABAAAAACH5BAEKAAEALAAAAAABAAEAAAICTAEAOw==\" style=\"--smush-placeholder-width: 433px; --smush-placeholder-aspect-ratio: 433\/297;\" \/><\/figure>\n<\/div>\n\n<div class=\"wp-block-image\">\n<figure class=\"aligncenter size-large\"><img decoding=\"async\" width=\"434\" height=\"297\" data-src=\"https:\/\/centrevaldeloirebasketballpatrimoine.org\/wp-content\/uploads\/2021\/03\/3-Colette.jpg\" alt=\"\" class=\"wp-image-15186 lazyload\" data-srcset=\"https:\/\/centrevaldeloirebasketballpatrimoine.org\/wp-content\/uploads\/2021\/03\/3-Colette.jpg 434w, https:\/\/centrevaldeloirebasketballpatrimoine.org\/wp-content\/uploads\/2021\/03\/3-Colette-300x205.jpg 300w\" data-sizes=\"(max-width: 434px) 100vw, 434px\" src=\"data:image\/gif;base64,R0lGODlhAQABAAAAACH5BAEKAAEALAAAAAABAAEAAAICTAEAOw==\" style=\"--smush-placeholder-width: 434px; --smush-placeholder-aspect-ratio: 434\/297;\" \/><\/figure>\n<\/div>\n\n\n<p>En 1963, elle est nomm\u00e9e arbitre R\u00e9gional<\/p>\n\n\n<div class=\"wp-block-image\">\n<figure class=\"aligncenter size-large is-resized\"><img decoding=\"async\" width=\"217\" height=\"231\" data-src=\"https:\/\/centrevaldeloirebasketballpatrimoine.org\/wp-content\/uploads\/2021\/03\/Arbitre-Regional-FFBB.jpg\" alt=\"\" class=\"wp-image-15187 lazyload\" style=\"--smush-placeholder-width: 217px; --smush-placeholder-aspect-ratio: 217\/231;width:207px;height:220px\" src=\"data:image\/gif;base64,R0lGODlhAQABAAAAACH5BAEKAAEALAAAAAABAAEAAAICTAEAOw==\" \/><\/figure>\n<\/div>\n\n\n<p>Elle officie tr\u00e8s r\u00e9guli\u00e8rement en Championnat de France et est nomm\u00e9e arbitre F\u00e9d\u00e9ral stagiaire en 1965 puis arbitre F\u00e9d\u00e9ral en 1966.<\/p>\n\n\n<div class=\"wp-block-image\">\n<figure class=\"aligncenter size-large\"><img decoding=\"async\" width=\"473\" height=\"309\" data-src=\"https:\/\/centrevaldeloirebasketballpatrimoine.org\/wp-content\/uploads\/2021\/03\/4-Colette.jpg\" alt=\"\" class=\"wp-image-15188 lazyload\" data-srcset=\"https:\/\/centrevaldeloirebasketballpatrimoine.org\/wp-content\/uploads\/2021\/03\/4-Colette.jpg 473w, https:\/\/centrevaldeloirebasketballpatrimoine.org\/wp-content\/uploads\/2021\/03\/4-Colette-300x196.jpg 300w\" data-sizes=\"(max-width: 473px) 100vw, 473px\" src=\"data:image\/gif;base64,R0lGODlhAQABAAAAACH5BAEKAAEALAAAAAABAAEAAAICTAEAOw==\" style=\"--smush-placeholder-width: 473px; --smush-placeholder-aspect-ratio: 473\/309;\" \/><\/figure>\n<\/div>\n\n<div class=\"wp-block-image\">\n<figure class=\"aligncenter size-large\"><img decoding=\"async\" width=\"313\" height=\"470\" data-src=\"https:\/\/centrevaldeloirebasketballpatrimoine.org\/wp-content\/uploads\/2021\/03\/5-Colette.jpg\" alt=\"\" class=\"wp-image-15189 lazyload\" data-srcset=\"https:\/\/centrevaldeloirebasketballpatrimoine.org\/wp-content\/uploads\/2021\/03\/5-Colette.jpg 313w, https:\/\/centrevaldeloirebasketballpatrimoine.org\/wp-content\/uploads\/2021\/03\/5-Colette-200x300.jpg 200w\" data-sizes=\"(max-width: 313px) 100vw, 313px\" src=\"data:image\/gif;base64,R0lGODlhAQABAAAAACH5BAEKAAEALAAAAAABAAEAAAICTAEAOw==\" style=\"--smush-placeholder-width: 313px; --smush-placeholder-aspect-ratio: 313\/470;\" \/><\/figure>\n<\/div>\n\n\n<p>Elle officiera au plus haut niveau fran\u00e7ais jusqu&rsquo;en 1971.<\/p>\n\n\n\n<p>A cette \u00e9poque, il n&rsquo;y avait pas de place pour les f\u00e9minines \u00e0 l&rsquo;arbitrage international.<\/p>\n\n\n\n<p>Nul doute qu&rsquo;elle e\u00fbt \u00e9t\u00e9 la premi\u00e8re femme \u00e0 m\u00e9riter cette distinction.<\/p>\n\n\n\n<p>En 1978, elle est nomm\u00e9e arbitre honoraire.<\/p>\n\n\n<div class=\"wp-block-image\">\n<figure class=\"aligncenter size-large\"><img decoding=\"async\" width=\"467\" height=\"310\" data-src=\"https:\/\/centrevaldeloirebasketballpatrimoine.org\/wp-content\/uploads\/2021\/03\/6-Colette.jpg\" alt=\"\" class=\"wp-image-15194 lazyload\" data-srcset=\"https:\/\/centrevaldeloirebasketballpatrimoine.org\/wp-content\/uploads\/2021\/03\/6-Colette.jpg 467w, https:\/\/centrevaldeloirebasketballpatrimoine.org\/wp-content\/uploads\/2021\/03\/6-Colette-300x199.jpg 300w\" data-sizes=\"(max-width: 467px) 100vw, 467px\" src=\"data:image\/gif;base64,R0lGODlhAQABAAAAACH5BAEKAAEALAAAAAABAAEAAAICTAEAOw==\" style=\"--smush-placeholder-width: 467px; --smush-placeholder-aspect-ratio: 467\/310;\" \/><\/figure>\n<\/div>\n\n<div class=\"wp-block-image\">\n<figure class=\"aligncenter size-large\"><img decoding=\"async\" width=\"303\" height=\"472\" data-src=\"https:\/\/centrevaldeloirebasketballpatrimoine.org\/wp-content\/uploads\/2021\/03\/7-Colette.jpg\" alt=\"\" class=\"wp-image-15195 lazyload\" data-srcset=\"https:\/\/centrevaldeloirebasketballpatrimoine.org\/wp-content\/uploads\/2021\/03\/7-Colette.jpg 303w, https:\/\/centrevaldeloirebasketballpatrimoine.org\/wp-content\/uploads\/2021\/03\/7-Colette-193x300.jpg 193w\" data-sizes=\"(max-width: 303px) 100vw, 303px\" src=\"data:image\/gif;base64,R0lGODlhAQABAAAAACH5BAEKAAEALAAAAAABAAEAAAICTAEAOw==\" style=\"--smush-placeholder-width: 303px; --smush-placeholder-aspect-ratio: 303\/472;\" \/><\/figure>\n<\/div>\n\n\n<p><strong><em><a href=\"https:\/\/centrevaldeloirebasketballpatrimoine.org\/index.php\/45-7\/\" target=\"_blank\" rel=\"noreferrer noopener\">NB: Pour d\u00e9couvrir la carri\u00e8re de joueuse de Colette Courtin CLIQUER ICI<\/a><\/em><\/strong><\/p>\n\n\n\n<p><\/p>\n\n\n\n<hr class=\"wp-block-separator has-css-opacity\"\/>\n\n\n\n<h2 class=\"wp-block-heading has-text-align-center\"><span class=\"ez-toc-section\" id=\"Claude_Courtin\"><\/span>Claude Courtin<span class=\"ez-toc-section-end\"><\/span><\/h2>\n\n\n<div class=\"wp-block-image\">\n<figure class=\"aligncenter size-large\"><img decoding=\"async\" width=\"115\" height=\"129\" data-src=\"https:\/\/centrevaldeloirebasketballpatrimoine.org\/wp-content\/uploads\/2021\/03\/Coco-2-2.jpg\" alt=\"\" class=\"wp-image-15324 lazyload\" src=\"data:image\/gif;base64,R0lGODlhAQABAAAAACH5BAEKAAEALAAAAAABAAEAAAICTAEAOw==\" style=\"--smush-placeholder-width: 115px; --smush-placeholder-aspect-ratio: 115\/129;\" \/><\/figure>\n<\/div>\n\n\n<p><\/p>\n\n\n\n<p class=\"has-text-align-center\"><strong>En 1937, il signe sa premi\u00e8re licence de Basket au S.C.A. Orl\u00e9ans.<\/strong><\/p>\n\n\n\n<p class=\"has-text-align-center\">L&rsquo;entra\u00eeneur \u00e9tait Monsieur Bernard Toulet.<\/p>\n\n\n<div class=\"wp-block-image\">\n<figure class=\"aligncenter size-large is-resized\"><img decoding=\"async\" width=\"597\" height=\"452\" data-src=\"https:\/\/centrevaldeloirebasketballpatrimoine.org\/wp-content\/uploads\/2021\/03\/Coco-1ere-licence-recto.jpg\" alt=\"\" class=\"wp-image-15258 lazyload\" style=\"--smush-placeholder-width: 597px; --smush-placeholder-aspect-ratio: 597\/452;width:477px;height:361px\" data-srcset=\"https:\/\/centrevaldeloirebasketballpatrimoine.org\/wp-content\/uploads\/2021\/03\/Coco-1ere-licence-recto.jpg 597w, https:\/\/centrevaldeloirebasketballpatrimoine.org\/wp-content\/uploads\/2021\/03\/Coco-1ere-licence-recto-300x227.jpg 300w, https:\/\/centrevaldeloirebasketballpatrimoine.org\/wp-content\/uploads\/2021\/03\/Coco-1ere-licence-recto-80x60.jpg 80w\" data-sizes=\"(max-width: 597px) 100vw, 597px\" src=\"data:image\/gif;base64,R0lGODlhAQABAAAAACH5BAEKAAEALAAAAAABAAEAAAICTAEAOw==\" \/><\/figure>\n<\/div>\n\n\n<p class=\"has-text-align-center\"><strong>En 1940, il signe une licence \u00e0 l&rsquo;Olympique Club Orl\u00e9anais (O.C.O.)<\/strong><\/p>\n\n\n\n<p class=\"has-text-align-center\"><strong>En 1943, il remporte le Crit\u00e9rium du Jeune Basketteur du Loiret<em> dans la cat\u00e9gorie Juniors<\/em>.<\/strong><\/p>\n\n\n<div class=\"wp-block-image\">\n<figure class=\"aligncenter size-large\"><img decoding=\"async\" width=\"342\" height=\"865\" data-src=\"https:\/\/centrevaldeloirebasketballpatrimoine.org\/wp-content\/uploads\/2021\/03\/Capture2-2.jpg\" alt=\"\" class=\"wp-image-15323 lazyload\" data-srcset=\"https:\/\/centrevaldeloirebasketballpatrimoine.org\/wp-content\/uploads\/2021\/03\/Capture2-2.jpg 342w, https:\/\/centrevaldeloirebasketballpatrimoine.org\/wp-content\/uploads\/2021\/03\/Capture2-2-119x300.jpg 119w\" data-sizes=\"(max-width: 342px) 100vw, 342px\" src=\"data:image\/gif;base64,R0lGODlhAQABAAAAACH5BAEKAAEALAAAAAABAAEAAAICTAEAOw==\" style=\"--smush-placeholder-width: 342px; --smush-placeholder-aspect-ratio: 342\/865;\" \/><\/figure>\n<\/div>\n\n\n<p class=\"has-text-align-center\"><strong>La m\u00eame ann\u00e9e avec les Juniors de l&rsquo;O.C.O. il est 1\/2 finaliste de la Coupe de France Juniors.<\/strong><\/p>\n\n\n<div class=\"wp-block-image\">\n<figure class=\"aligncenter size-large\"><img decoding=\"async\" width=\"454\" height=\"869\" data-src=\"https:\/\/centrevaldeloirebasketballpatrimoine.org\/wp-content\/uploads\/2021\/03\/Capture-10.jpg\" alt=\"\" class=\"wp-image-15320 lazyload\" data-srcset=\"https:\/\/centrevaldeloirebasketballpatrimoine.org\/wp-content\/uploads\/2021\/03\/Capture-10.jpg 454w, https:\/\/centrevaldeloirebasketballpatrimoine.org\/wp-content\/uploads\/2021\/03\/Capture-10-157x300.jpg 157w\" data-sizes=\"(max-width: 454px) 100vw, 454px\" src=\"data:image\/gif;base64,R0lGODlhAQABAAAAACH5BAEKAAEALAAAAAABAAEAAAICTAEAOw==\" style=\"--smush-placeholder-width: 454px; --smush-placeholder-aspect-ratio: 454\/869;\" \/><\/figure>\n<\/div>\n\n\n<p class=\"has-text-align-center\"><strong>En 1\/2 finale les Juniors de l&rsquo;O.C.O. s&rsquo;inclinent face au Racing 37 \u00e0 15<\/strong>.<\/p>\n\n\n<div class=\"wp-block-image\">\n<figure class=\"aligncenter size-large\"><img decoding=\"async\" width=\"395\" height=\"861\" data-src=\"https:\/\/centrevaldeloirebasketballpatrimoine.org\/wp-content\/uploads\/2021\/03\/Capture1-3.jpg\" alt=\"\" class=\"wp-image-15322 lazyload\" data-srcset=\"https:\/\/centrevaldeloirebasketballpatrimoine.org\/wp-content\/uploads\/2021\/03\/Capture1-3.jpg 395w, https:\/\/centrevaldeloirebasketballpatrimoine.org\/wp-content\/uploads\/2021\/03\/Capture1-3-138x300.jpg 138w\" data-sizes=\"(max-width: 395px) 100vw, 395px\" src=\"data:image\/gif;base64,R0lGODlhAQABAAAAACH5BAEKAAEALAAAAAABAAEAAAICTAEAOw==\" style=\"--smush-placeholder-width: 395px; --smush-placeholder-aspect-ratio: 395\/861;\" \/><\/figure>\n<\/div>\n\n\n<p class=\"has-text-align-left\">En 1954, il r\u00e9ussit l&rsquo;examen d&rsquo;arbitre d\u00e9partemental.<\/p>\n\n\n<div class=\"wp-block-image\">\n<figure class=\"aligncenter size-large is-resized\"><img decoding=\"async\" width=\"424\" height=\"296\" data-src=\"https:\/\/centrevaldeloirebasketballpatrimoine.org\/wp-content\/uploads\/2021\/03\/Coco-Arbitre-Dep-recto.jpg\" alt=\"\" class=\"wp-image-15263 lazyload\" style=\"--smush-placeholder-width: 424px; --smush-placeholder-aspect-ratio: 424\/296;width:471px;height:329px\" data-srcset=\"https:\/\/centrevaldeloirebasketballpatrimoine.org\/wp-content\/uploads\/2021\/03\/Coco-Arbitre-Dep-recto.jpg 424w, https:\/\/centrevaldeloirebasketballpatrimoine.org\/wp-content\/uploads\/2021\/03\/Coco-Arbitre-Dep-recto-300x209.jpg 300w\" data-sizes=\"(max-width: 424px) 100vw, 424px\" src=\"data:image\/gif;base64,R0lGODlhAQABAAAAACH5BAEKAAEALAAAAAABAAEAAAICTAEAOw==\" \/><\/figure>\n<\/div>\n\n<div class=\"wp-block-image\">\n<figure class=\"aligncenter size-large is-resized\"><img decoding=\"async\" width=\"435\" height=\"298\" data-src=\"https:\/\/centrevaldeloirebasketballpatrimoine.org\/wp-content\/uploads\/2021\/03\/Coco-Arbitre-Dep-verso.jpg\" alt=\"\" class=\"wp-image-15265 lazyload\" style=\"--smush-placeholder-width: 435px; --smush-placeholder-aspect-ratio: 435\/298;width:456px;height:312px\" data-srcset=\"https:\/\/centrevaldeloirebasketballpatrimoine.org\/wp-content\/uploads\/2021\/03\/Coco-Arbitre-Dep-verso.jpg 435w, https:\/\/centrevaldeloirebasketballpatrimoine.org\/wp-content\/uploads\/2021\/03\/Coco-Arbitre-Dep-verso-300x206.jpg 300w\" data-sizes=\"(max-width: 435px) 100vw, 435px\" src=\"data:image\/gif;base64,R0lGODlhAQABAAAAACH5BAEKAAEALAAAAAABAAEAAAICTAEAOw==\" \/><\/figure>\n<\/div>\n\n\n<p>En 1957, il est nomm\u00e9 arbitre r\u00e9gional.<\/p>\n\n\n<div class=\"wp-block-image\">\n<figure class=\"aligncenter size-large\"><img decoding=\"async\" width=\"217\" height=\"231\" data-src=\"https:\/\/centrevaldeloirebasketballpatrimoine.org\/wp-content\/uploads\/2021\/03\/Arbitre-Regional-FFBB-1.jpg\" alt=\"\" class=\"wp-image-15269 lazyload\" src=\"data:image\/gif;base64,R0lGODlhAQABAAAAACH5BAEKAAEALAAAAAABAAEAAAICTAEAOw==\" style=\"--smush-placeholder-width: 217px; --smush-placeholder-aspect-ratio: 217\/231;\" \/><\/figure>\n<\/div>\n\n\n<p>En 1959, il est nomm\u00e9 arbitre inter-r\u00e9gional.<\/p>\n\n\n<div class=\"wp-block-image\">\n<figure class=\"aligncenter size-large\"><img decoding=\"async\" width=\"225\" height=\"233\" data-src=\"https:\/\/centrevaldeloirebasketballpatrimoine.org\/wp-content\/uploads\/2021\/03\/Arbitre-inter-Regional-FFBB.jpg\" alt=\"\" class=\"wp-image-15270 lazyload\" src=\"data:image\/gif;base64,R0lGODlhAQABAAAAACH5BAEKAAEALAAAAAABAAEAAAICTAEAOw==\" style=\"--smush-placeholder-width: 225px; --smush-placeholder-aspect-ratio: 225\/233;\" \/><\/figure>\n<\/div>\n\n\n<p>En 1961, il acc\u00e8de au niveau d&rsquo;arbitre f\u00e9d\u00e9ral.<\/p>\n\n\n<div class=\"wp-block-image\">\n<figure class=\"aligncenter size-large\"><img decoding=\"async\" width=\"459\" height=\"304\" data-src=\"https:\/\/centrevaldeloirebasketballpatrimoine.org\/wp-content\/uploads\/2021\/03\/Coco-Arbitre-Federal-recto.jpg\" alt=\"\" class=\"wp-image-15271 lazyload\" data-srcset=\"https:\/\/centrevaldeloirebasketballpatrimoine.org\/wp-content\/uploads\/2021\/03\/Coco-Arbitre-Federal-recto.jpg 459w, https:\/\/centrevaldeloirebasketballpatrimoine.org\/wp-content\/uploads\/2021\/03\/Coco-Arbitre-Federal-recto-300x199.jpg 300w\" data-sizes=\"(max-width: 459px) 100vw, 459px\" src=\"data:image\/gif;base64,R0lGODlhAQABAAAAACH5BAEKAAEALAAAAAABAAEAAAICTAEAOw==\" style=\"--smush-placeholder-width: 459px; --smush-placeholder-aspect-ratio: 459\/304;\" \/><\/figure>\n<\/div>\n\n<div class=\"wp-block-image\">\n<figure class=\"aligncenter size-large\"><img decoding=\"async\" width=\"308\" height=\"461\" data-src=\"https:\/\/centrevaldeloirebasketballpatrimoine.org\/wp-content\/uploads\/2021\/03\/Coco-Arbitre-Federal-verso.jpg\" alt=\"\" class=\"wp-image-15272 lazyload\" data-srcset=\"https:\/\/centrevaldeloirebasketballpatrimoine.org\/wp-content\/uploads\/2021\/03\/Coco-Arbitre-Federal-verso.jpg 308w, https:\/\/centrevaldeloirebasketballpatrimoine.org\/wp-content\/uploads\/2021\/03\/Coco-Arbitre-Federal-verso-200x300.jpg 200w\" data-sizes=\"(max-width: 308px) 100vw, 308px\" src=\"data:image\/gif;base64,R0lGODlhAQABAAAAACH5BAEKAAEALAAAAAABAAEAAAICTAEAOw==\" style=\"--smush-placeholder-width: 308px; --smush-placeholder-aspect-ratio: 308\/461;\" \/><\/figure>\n<\/div>\n\n\n<p>De 1964 \u00e0 1977, il officiera r\u00e9guli\u00e8rement en Championnat de France dans les cat\u00e9gories Nationale 2 <\/p>\n\n\n\n<p>et Nationale 3.<\/p>\n\n\n\n<p>Il cessera l&rsquo;arbitrage en 1983 pour se consacrer aux fonctions de Marqueurs Chronom\u00e9treurs.<\/p>\n\n\n\n<p>Durant toute sa carri\u00e8re, il resta fid\u00e8le \u00e0 l&rsquo;O.C.O.<\/p>\n\n\n\n<figure class=\"wp-block-image size-large\"><img decoding=\"async\" width=\"1024\" height=\"711\" data-src=\"https:\/\/centrevaldeloirebasketballpatrimoine.org\/wp-content\/uploads\/2021\/03\/Coco-cartes-de-membre-actif-OCO-1024x711.jpg\" alt=\"\" class=\"wp-image-15273 lazyload\" data-srcset=\"https:\/\/centrevaldeloirebasketballpatrimoine.org\/wp-content\/uploads\/2021\/03\/Coco-cartes-de-membre-actif-OCO-1024x711.jpg 1024w, https:\/\/centrevaldeloirebasketballpatrimoine.org\/wp-content\/uploads\/2021\/03\/Coco-cartes-de-membre-actif-OCO-300x208.jpg 300w, https:\/\/centrevaldeloirebasketballpatrimoine.org\/wp-content\/uploads\/2021\/03\/Coco-cartes-de-membre-actif-OCO-768x533.jpg 768w, https:\/\/centrevaldeloirebasketballpatrimoine.org\/wp-content\/uploads\/2021\/03\/Coco-cartes-de-membre-actif-OCO.jpg 1165w\" data-sizes=\"(max-width: 1024px) 100vw, 1024px\" src=\"data:image\/gif;base64,R0lGODlhAQABAAAAACH5BAEKAAEALAAAAAABAAEAAAICTAEAOw==\" style=\"--smush-placeholder-width: 1024px; --smush-placeholder-aspect-ratio: 1024\/711;\" \/><\/figure>\n\n\n\n<p><em><a href=\"https:\/\/centrevaldeloirebasketballpatrimoine.org\/index.php\/les-officiels-nationaux-du-45\/\" target=\"_blank\" rel=\"noreferrer noopener\">NB : Pour d\u00e9couvrir la carri\u00e8re de Marqueur Chronom\u00e9treur de Claude Courtin CLIQUER ICI<\/a><\/em><\/p>\n\n\n\n<p><\/p>\n\n\n\n<hr class=\"wp-block-separator has-css-opacity\"\/>\n\n\n\n<h2 class=\"wp-block-heading has-text-align-center\"><span class=\"ez-toc-section\" id=\"Aurore_Filzaine\"><\/span>Aurore Filzaine<span class=\"ez-toc-section-end\"><\/span><\/h2>\n\n\n<div class=\"wp-block-image\">\n<figure class=\"aligncenter size-full is-resized\"><img decoding=\"async\" width=\"675\" height=\"474\" data-src=\"https:\/\/centrevaldeloirebasketballpatrimoine.org\/wp-content\/uploads\/2022\/05\/Aurore-Filzaine-4.jpg\" alt=\"\" class=\"wp-image-28698 lazyload\" style=\"--smush-placeholder-width: 675px; --smush-placeholder-aspect-ratio: 675\/474;width:194px;height:136px\" data-srcset=\"https:\/\/centrevaldeloirebasketballpatrimoine.org\/wp-content\/uploads\/2022\/05\/Aurore-Filzaine-4.jpg 675w, https:\/\/centrevaldeloirebasketballpatrimoine.org\/wp-content\/uploads\/2022\/05\/Aurore-Filzaine-4-300x211.jpg 300w\" data-sizes=\"(max-width: 675px) 100vw, 675px\" src=\"data:image\/gif;base64,R0lGODlhAQABAAAAACH5BAEKAAEALAAAAAABAAEAAAICTAEAOw==\" \/><figcaption class=\"wp-element-caption\"><strong><em>Aurore Filzaine<\/em><\/strong><\/figcaption><\/figure>\n<\/div>\n\n\n<p>Aurore d\u00e9couvre le Basket en CE2 avec Madame Garnier qui la motive pour venir jouer \u00e0 l&rsquo;ASC Pougues avec ses copines.<\/p>\n\n\n\n<p>Elle signe sa premi\u00e8re licence en 1987. Son entra\u00eeneur est  Bruno Pillon.<\/p>\n\n\n\n<p>Elle restera licenci\u00e9e \u00e0 ce club jusqu&rsquo;en 2006.<\/p>\n\n\n\n<p>En 1991, \u00e0 12 ans, elle commence \u00e0 prendre le sifflet pour d\u00e9panner son club l&rsquo;ASC Pougues les Eaux lors des rencontres de jeunes.<\/p>\n\n\n\n<p>En 1992, elle siffle lors d&rsquo;une rencontre seniors pour pallier l&rsquo;absence d&rsquo;arbitres d\u00e9sign\u00e9s.<\/p>\n\n\n\n<p> En 1993, elle commence sa formation d&rsquo;arbitre d\u00e9partemental encadr\u00e9e par St\u00e9phane Fel, Rony Leffet et Philippe Mailhabiau.<\/p>\n\n\n\n<p>En 1994, elle est nomm\u00e9e arbitre d\u00e9partemental.<\/p>\n\n\n<div class=\"wp-block-image\">\n<figure class=\"aligncenter size-full is-resized\"><img decoding=\"async\" width=\"196\" height=\"215\" data-src=\"https:\/\/centrevaldeloirebasketballpatrimoine.org\/wp-content\/uploads\/2022\/05\/1-ecusson-departemental-1.jpg\" alt=\"\" class=\"wp-image-28693 lazyload\" style=\"--smush-placeholder-width: 196px; --smush-placeholder-aspect-ratio: 196\/215;width:118px;height:130px\" src=\"data:image\/gif;base64,R0lGODlhAQABAAAAACH5BAEKAAEALAAAAAABAAEAAAICTAEAOw==\" \/><\/figure>\n<\/div>\n\n\n<p>Elle continue \u00e0 jouer tout en arbitrant.<\/p>\n\n\n\n<p>En 1995, elle r\u00e9ussit les tests et est nomm\u00e9e arbitre r\u00e9gional.<\/p>\n\n\n<div class=\"wp-block-image\">\n<figure class=\"aligncenter size-full is-resized\"><img decoding=\"async\" width=\"208\" height=\"207\" data-src=\"https:\/\/centrevaldeloirebasketballpatrimoine.org\/wp-content\/uploads\/2022\/05\/2-ecusson-regional-1.jpg\" alt=\"\" class=\"wp-image-28695 lazyload\" style=\"--smush-placeholder-width: 208px; --smush-placeholder-aspect-ratio: 208\/207;width:114px;height:113px\" data-srcset=\"https:\/\/centrevaldeloirebasketballpatrimoine.org\/wp-content\/uploads\/2022\/05\/2-ecusson-regional-1.jpg 208w, https:\/\/centrevaldeloirebasketballpatrimoine.org\/wp-content\/uploads\/2022\/05\/2-ecusson-regional-1-150x150.jpg 150w\" data-sizes=\"(max-width: 208px) 100vw, 208px\" src=\"data:image\/gif;base64,R0lGODlhAQABAAAAACH5BAEKAAEALAAAAAABAAEAAAICTAEAOw==\" \/><\/figure>\n<\/div>\n\n\n<p>En 1998, la Ligue de Bourgogne la propose pour participer \u00e0 la formation des arbitres de Haut Niveau.<\/p>\n\n\n\n<p>De 1999 \u00e0 2003, elle int\u00e8gre la fili\u00e8re dite \u00ab\u00a0Haut Niveau\u00a0\u00bb et est valid\u00e9e HN3.<\/p>\n\n\n<div class=\"wp-block-image\">\n<figure class=\"aligncenter size-full is-resized\"><img decoding=\"async\" width=\"216\" height=\"230\" data-src=\"https:\/\/centrevaldeloirebasketballpatrimoine.org\/wp-content\/uploads\/2022\/05\/4-Arbitre-federal-3.jpg\" alt=\"\" class=\"wp-image-28696 lazyload\" style=\"--smush-placeholder-width: 216px; --smush-placeholder-aspect-ratio: 216\/230;width:101px;height:107px\" src=\"data:image\/gif;base64,R0lGODlhAQABAAAAACH5BAEKAAEALAAAAAABAAEAAAICTAEAOw==\" \/><\/figure>\n<\/div>\n\n\n<p>Le 18 mai 2008, elle arbitre la finale de la Coupe des France Cadettes Valenciennes \/ Mondeville. C&rsquo;est un moment inoubliable dans sa carri\u00e8re.<\/p>\n\n\n\n<p>Cette ann\u00e9e l\u00e0, elle participe \u00e0 un Camp FIBA \u00e0 Lubjana.<\/p>\n\n\n\n<p>En 2011, elle acc\u00e8de \u00e0 la PROB.<\/p>\n\n\n\n<p>Les ann\u00e9es suivantes, elle officiera en NM1, LFB et participera \u00e0 9 \u00e9ditions de l&rsquo;OPEN de la Ligue F\u00e9minine de Basket.<\/p>\n\n\n<div class=\"wp-block-image\">\n<figure class=\"aligncenter size-full is-resized\"><img decoding=\"async\" width=\"604\" height=\"649\" data-src=\"https:\/\/centrevaldeloirebasketballpatrimoine.org\/wp-content\/uploads\/2022\/05\/Aurore-Filzaine-1.jpg\" alt=\"\" class=\"wp-image-28700 lazyload\" style=\"--smush-placeholder-width: 604px; --smush-placeholder-aspect-ratio: 604\/649;width:200px;height:215px\" data-srcset=\"https:\/\/centrevaldeloirebasketballpatrimoine.org\/wp-content\/uploads\/2022\/05\/Aurore-Filzaine-1.jpg 604w, https:\/\/centrevaldeloirebasketballpatrimoine.org\/wp-content\/uploads\/2022\/05\/Aurore-Filzaine-1-279x300.jpg 279w\" data-sizes=\"(max-width: 604px) 100vw, 604px\" src=\"data:image\/gif;base64,R0lGODlhAQABAAAAACH5BAEKAAEALAAAAAABAAEAAAICTAEAOw==\" \/><figcaption class=\"wp-element-caption\"><em><strong>Aurore Filzaine<\/strong><\/em><\/figcaption><\/figure>\n<\/div>\n\n\n<p>En 2022, elle arbitre la Finale de la Coupe de France F\u00e9minine \u00e0 l&rsquo;Accor Ar\u00e9na de Paris devant 15000 spectateurs.<\/p>\n\n\n\n<p>Ce fut un moment inoubliable et magique dans sa carri\u00e8re.<\/p>\n\n\n<div class=\"wp-block-image\">\n<figure class=\"aligncenter size-full is-resized\"><img decoding=\"async\" width=\"608\" height=\"758\" data-src=\"https:\/\/centrevaldeloirebasketballpatrimoine.org\/wp-content\/uploads\/2022\/05\/Aurore-Filzaine-2.jpg\" alt=\"\" class=\"wp-image-28701 lazyload\" style=\"--smush-placeholder-width: 608px; --smush-placeholder-aspect-ratio: 608\/758;width:212px;height:264px\" data-srcset=\"https:\/\/centrevaldeloirebasketballpatrimoine.org\/wp-content\/uploads\/2022\/05\/Aurore-Filzaine-2.jpg 608w, https:\/\/centrevaldeloirebasketballpatrimoine.org\/wp-content\/uploads\/2022\/05\/Aurore-Filzaine-2-241x300.jpg 241w\" data-sizes=\"(max-width: 608px) 100vw, 608px\" src=\"data:image\/gif;base64,R0lGODlhAQABAAAAACH5BAEKAAEALAAAAAABAAEAAAICTAEAOw==\" \/><figcaption class=\"wp-element-caption\"><strong><em>Le trio f\u00e9minin \u00e0 l&rsquo;Accor Ar\u00e8na<\/em><\/strong><\/figcaption><\/figure>\n<\/div>\n\n<div class=\"wp-block-image\">\n<figure class=\"aligncenter size-full is-resized\"><img decoding=\"async\" width=\"858\" height=\"809\" data-src=\"https:\/\/centrevaldeloirebasketballpatrimoine.org\/wp-content\/uploads\/2022\/05\/Aurore-Filzaine-3.jpg\" alt=\"\" class=\"wp-image-28702 lazyload\" style=\"--smush-placeholder-width: 858px; --smush-placeholder-aspect-ratio: 858\/809;width:225px;height:212px\" data-srcset=\"https:\/\/centrevaldeloirebasketballpatrimoine.org\/wp-content\/uploads\/2022\/05\/Aurore-Filzaine-3.jpg 858w, https:\/\/centrevaldeloirebasketballpatrimoine.org\/wp-content\/uploads\/2022\/05\/Aurore-Filzaine-3-300x283.jpg 300w, https:\/\/centrevaldeloirebasketballpatrimoine.org\/wp-content\/uploads\/2022\/05\/Aurore-Filzaine-3-768x724.jpg 768w\" data-sizes=\"(max-width: 858px) 100vw, 858px\" src=\"data:image\/gif;base64,R0lGODlhAQABAAAAACH5BAEKAAEALAAAAAABAAEAAAICTAEAOw==\" \/><figcaption class=\"wp-element-caption\"><strong><em>Solidarit\u00e9 !<\/em><\/strong><\/figcaption><\/figure>\n<\/div>\n\n\n<hr class=\"wp-block-separator has-alpha-channel-opacity\"\/>\n\n\n\n<h2 class=\"wp-block-heading has-text-align-center\"><span class=\"ez-toc-section\" id=\"Rene_Maury\"><\/span>Ren\u00e9 Maury<span class=\"ez-toc-section-end\"><\/span><\/h2>\n\n\n\n<p><\/p>\n\n\n<div class=\"wp-block-image\">\n<figure class=\"aligncenter size-large is-resized\"><img decoding=\"async\" width=\"73\" height=\"65\" data-src=\"https:\/\/centrevaldeloirebasketballpatrimoine.org\/wp-content\/uploads\/2021\/03\/Rene-Maury-1955.jpg\" alt=\"\" class=\"wp-image-14891 lazyload\" style=\"--smush-placeholder-width: 73px; --smush-placeholder-aspect-ratio: 73\/65;width:163px;height:145px\" src=\"data:image\/gif;base64,R0lGODlhAQABAAAAACH5BAEKAAEALAAAAAABAAEAAAICTAEAOw==\" \/><\/figure>\n<\/div>\n\n\n<p>Ren\u00e9 Maury signe sa premi\u00e8re licence en 1942, pour l&rsquo;\u00e9quipe Minimes  de la Laurentia Orl\u00e9anaise qui dispute ses rencontres sur un terrain rue Basse d&rsquo;Ingr\u00e9 \u00e0 Orl\u00e9ans. (\u00e0 deux pas de sa r\u00e9sidence rue des Beaumonts).<\/p>\n\n\n\n<p>Il entre au Centre des apprentis  SNCF d&rsquo;Orl\u00e9ans en 1943.<\/p>\n\n\n\n<p> Il restera \u00e0 la Laurentia Orl\u00e9anaise jusqu&rsquo;en 1947, date \u00e0 laquelle il est appel\u00e9 par l&rsquo;USOP Orl\u00e9ans (le club cheminots) une des \u00e9quipes phares du d\u00e9partement.<\/p>\n\n\n<div class=\"wp-block-image\">\n<figure class=\"aligncenter size-large is-resized\"><img decoding=\"async\" width=\"1024\" height=\"670\" data-src=\"https:\/\/centrevaldeloirebasketballpatrimoine.org\/wp-content\/uploads\/2021\/03\/Rene-Maury-USOPO-1950-1024x670.jpg\" alt=\"\" class=\"wp-image-14892 lazyload\" style=\"--smush-placeholder-width: 1024px; --smush-placeholder-aspect-ratio: 1024\/670;width:456px;height:298px\" data-srcset=\"https:\/\/centrevaldeloirebasketballpatrimoine.org\/wp-content\/uploads\/2021\/03\/Rene-Maury-USOPO-1950-1024x670.jpg 1024w, https:\/\/centrevaldeloirebasketballpatrimoine.org\/wp-content\/uploads\/2021\/03\/Rene-Maury-USOPO-1950-300x196.jpg 300w, https:\/\/centrevaldeloirebasketballpatrimoine.org\/wp-content\/uploads\/2021\/03\/Rene-Maury-USOPO-1950-768x503.jpg 768w, https:\/\/centrevaldeloirebasketballpatrimoine.org\/wp-content\/uploads\/2021\/03\/Rene-Maury-USOPO-1950.jpg 1129w\" data-sizes=\"(max-width: 1024px) 100vw, 1024px\" src=\"data:image\/gif;base64,R0lGODlhAQABAAAAACH5BAEKAAEALAAAAAABAAEAAAICTAEAOw==\" \/><\/figure>\n<\/div>\n\n\n<p class=\"has-text-align-center\"><em><strong>L&rsquo;\u00e9quipe premi\u00e8re de l&rsquo;USOPO en 1950<\/strong><\/em><\/p>\n\n\n\n<p>Ses qualit\u00e9s de joueur et de meneur d&rsquo;hommes firent de lui le capitaine entra\u00eeneur de cette \u00e9quipe.<\/p>\n\n\n<div class=\"wp-block-image\">\n<figure class=\"aligncenter size-large is-resized\"><img decoding=\"async\" width=\"1024\" height=\"713\" data-src=\"https:\/\/centrevaldeloirebasketballpatrimoine.org\/wp-content\/uploads\/2021\/03\/Rene-Maury-1952-1024x713.jpg\" alt=\"\" class=\"wp-image-14893 lazyload\" style=\"--smush-placeholder-width: 1024px; --smush-placeholder-aspect-ratio: 1024\/713;width:489px;height:340px\" data-srcset=\"https:\/\/centrevaldeloirebasketballpatrimoine.org\/wp-content\/uploads\/2021\/03\/Rene-Maury-1952-1024x713.jpg 1024w, https:\/\/centrevaldeloirebasketballpatrimoine.org\/wp-content\/uploads\/2021\/03\/Rene-Maury-1952-300x209.jpg 300w, https:\/\/centrevaldeloirebasketballpatrimoine.org\/wp-content\/uploads\/2021\/03\/Rene-Maury-1952-768x535.jpg 768w, https:\/\/centrevaldeloirebasketballpatrimoine.org\/wp-content\/uploads\/2021\/03\/Rene-Maury-1952.jpg 1237w\" data-sizes=\"(max-width: 1024px) 100vw, 1024px\" src=\"data:image\/gif;base64,R0lGODlhAQABAAAAACH5BAEKAAEALAAAAAABAAEAAAICTAEAOw==\" \/><\/figure>\n<\/div>\n\n\n<p class=\"has-text-align-center\"><em><strong>L\u00a0\u00bb\u00e9quipe premi\u00e8re de l&rsquo;USOPO en 1952<\/strong><\/em><\/p>\n\n\n\n<p>Il mena m\u00eame son \u00e9quipe en 16\u00e8me de finale de la Coupe de France.<\/p>\n\n\n\n<p>Apr\u00e8s un match courageux face \u00e0 Villeurbanne les Cheminots s&rsquo;inclineront les armes \u00e0 la main !<\/p>\n\n\n<div class=\"wp-block-image\">\n<figure class=\"aligncenter size-large is-resized\"><img decoding=\"async\" width=\"643\" height=\"421\" data-src=\"https:\/\/centrevaldeloirebasketballpatrimoine.org\/wp-content\/uploads\/2021\/03\/16-1954-USOPO-ASVEL.png\" alt=\"\" class=\"wp-image-14894 lazyload\" style=\"--smush-placeholder-width: 643px; --smush-placeholder-aspect-ratio: 643\/421;width:519px;height:339px\" data-srcset=\"https:\/\/centrevaldeloirebasketballpatrimoine.org\/wp-content\/uploads\/2021\/03\/16-1954-USOPO-ASVEL.png 643w, https:\/\/centrevaldeloirebasketballpatrimoine.org\/wp-content\/uploads\/2021\/03\/16-1954-USOPO-ASVEL-300x196.png 300w\" data-sizes=\"(max-width: 643px) 100vw, 643px\" src=\"data:image\/gif;base64,R0lGODlhAQABAAAAACH5BAEKAAEALAAAAAABAAEAAAICTAEAOw==\" \/><\/figure>\n<\/div>\n\n\n<p class=\"has-text-align-center\"><em><strong>Les \u00e9quipes de l&rsquo;ASVEL et de l&rsquo;USOPO \u00e0 la salle des f\u00eates d&rsquo;Orl\u00e9ans.<\/strong><\/em><\/p>\n\n\n\n<p>Brillant joueur il fut s\u00e9lectionn\u00e9 dans l&rsquo;\u00e9quipe de France des Cheminots en 1955.<\/p>\n\n\n<div class=\"wp-block-image\">\n<figure class=\"aligncenter size-large is-resized\"><img decoding=\"async\" width=\"1024\" height=\"703\" data-src=\"https:\/\/centrevaldeloirebasketballpatrimoine.org\/wp-content\/uploads\/2021\/03\/Capture-1024x703.jpg\" alt=\"\" class=\"wp-image-14898 lazyload\" style=\"--smush-placeholder-width: 1024px; --smush-placeholder-aspect-ratio: 1024\/703;width:519px;height:355px\" data-srcset=\"https:\/\/centrevaldeloirebasketballpatrimoine.org\/wp-content\/uploads\/2021\/03\/Capture-1024x703.jpg 1024w, https:\/\/centrevaldeloirebasketballpatrimoine.org\/wp-content\/uploads\/2021\/03\/Capture-300x206.jpg 300w, https:\/\/centrevaldeloirebasketballpatrimoine.org\/wp-content\/uploads\/2021\/03\/Capture-768x527.jpg 768w, https:\/\/centrevaldeloirebasketballpatrimoine.org\/wp-content\/uploads\/2021\/03\/Capture.jpg 1223w\" data-sizes=\"(max-width: 1024px) 100vw, 1024px\" src=\"data:image\/gif;base64,R0lGODlhAQABAAAAACH5BAEKAAEALAAAAAABAAEAAAICTAEAOw==\" \/><\/figure>\n<\/div>\n\n\n<p class=\"has-text-align-center\"><em><strong>La s\u00e9lection nationale des Cheminots (USCF)<\/strong><\/em><\/p>\n\n\n\n<p>Il ne quittera l&rsquo;USOPO qu&rsquo;\u00e0 la dissolution du club pour rejoindre un groupe de copains au Cercle La\u00efque des Tourelles d&rsquo;Orl\u00e9ans.<\/p>\n\n\n\n<p>Parall\u00e8lement \u00e0 son activit\u00e9 de joueur il se consacra \u00e0 l&rsquo;arbitrage.<\/p>\n\n\n\n<p>Tr\u00e8s vite il arbitra les rencontres de Nationale 1 (Jeep Elite d&rsquo;aujourd&rsquo;hui).<\/p>\n\n\n\n<p>Malheureusement, le 14 ao\u00fbt 1985, il d\u00fb s&rsquo;incliner face \u00e0 une longue maladie. <\/p>\n\n\n\n<p>Il a laiss\u00e9 l&rsquo;image d&rsquo;un homme int\u00e8gre et exigeant avec lui et avec ses co\u00e9quipiers.<\/p>\n\n\n\n<p><\/p>\n\n\n\n<hr class=\"wp-block-separator has-css-opacity\"\/>\n\n\n\n<p><\/p>\n\n\n\n<p><\/p>\n\n\n\n<p><\/p>\n\n\n\n<p><\/p>\n\n\n\n<p><\/p>\n\n\n\n<p><\/p>\n\n\n\n<h2 class=\"wp-block-heading has-text-align-center\"><span class=\"ez-toc-section\" id=\"Jacky_Moizan\"><\/span>Jacky Moizan<span class=\"ez-toc-section-end\"><\/span><\/h2>\n\n\n<div class=\"wp-block-image is-style-rounded\">\n<figure class=\"aligncenter size-large\"><img decoding=\"async\" width=\"129\" height=\"134\" data-src=\"https:\/\/centrevaldeloirebasketballpatrimoine.org\/wp-content\/uploads\/2021\/03\/11-Moizan.jpg\" alt=\"\" class=\"wp-image-14887 lazyload\" src=\"data:image\/gif;base64,R0lGODlhAQABAAAAACH5BAEKAAEALAAAAAABAAEAAAICTAEAOw==\" style=\"--smush-placeholder-width: 129px; --smush-placeholder-aspect-ratio: 129\/134;\" \/><\/figure>\n<\/div>\n\n\n<p class=\"has-text-align-center\"><em><strong>Jacky Moizan<\/strong><\/em><\/p>\n\n\n\n<p>Il commence le Basket en 1966 \u00e0 l&rsquo;Abeille de Gien.<\/p>\n\n\n\n<p>Apr\u00e8s avoir remport\u00e9 plusieurs titres d\u00e9partementaux et r\u00e9gionaux dans les cat\u00e9gories jeunes, il est s\u00e9lectionn\u00e9 dans l&rsquo;\u00e9quipe Cadets de la R\u00e9gion Centre o\u00f9 il c\u00f4toiera entre autres Georges Vestris et Patrick Josnard. <\/p>\n\n\n\n<p class=\"has-text-align-center\"><strong><em>L&rsquo;\u00e9quipe des Cadets de l&rsquo;Abeille de Gien saison 1975 &#8211; 1976<\/em><\/strong><\/p>\n\n\n<div class=\"wp-block-image\">\n<figure class=\"aligncenter size-large is-resized\"><img decoding=\"async\" width=\"1024\" height=\"769\" data-src=\"https:\/\/centrevaldeloirebasketballpatrimoine.org\/wp-content\/uploads\/2022\/07\/11-39-1024x769.jpg\" alt=\"\" class=\"wp-image-30503 lazyload\" style=\"--smush-placeholder-width: 1024px; --smush-placeholder-aspect-ratio: 1024\/769;width:522px;height:391px\" data-srcset=\"https:\/\/centrevaldeloirebasketballpatrimoine.org\/wp-content\/uploads\/2022\/07\/11-39-1024x769.jpg 1024w, https:\/\/centrevaldeloirebasketballpatrimoine.org\/wp-content\/uploads\/2022\/07\/11-39-300x225.jpg 300w, https:\/\/centrevaldeloirebasketballpatrimoine.org\/wp-content\/uploads\/2022\/07\/11-39-768x577.jpg 768w, https:\/\/centrevaldeloirebasketballpatrimoine.org\/wp-content\/uploads\/2022\/07\/11-39-360x270.jpg 360w, https:\/\/centrevaldeloirebasketballpatrimoine.org\/wp-content\/uploads\/2022\/07\/11-39-80x60.jpg 80w, https:\/\/centrevaldeloirebasketballpatrimoine.org\/wp-content\/uploads\/2022\/07\/11-39.jpg 1518w\" data-sizes=\"(max-width: 1024px) 100vw, 1024px\" src=\"data:image\/gif;base64,R0lGODlhAQABAAAAACH5BAEKAAEALAAAAAABAAEAAAICTAEAOw==\" \/><\/figure>\n<\/div>\n\n\n<p class=\"has-text-align-center\"><strong>Debout de gauche \u00e0 droite : Panchout (manager), Goureau, Josnard, Raimbault, Moizan<\/strong><\/p>\n\n\n\n<p class=\"has-text-align-center\"><strong>Accroupis : Simonot, Panchout B, Bazin, Tissier, Morin, Henrique<\/strong><\/p>\n\n\n\n<p>Parti faire ses \u00e9tudes \u00e0 Orl\u00e9ans, il prend une licence \u00e0 Boigny sur Bionne et d\u00e9cide rapidement de se consacrer principalement \u00e0 l&rsquo;arbitrage.<\/p>\n\n\n\n<p>Il suivra les cours d&rsquo;arbitrage organis\u00e9 par le Comit\u00e9 du Loiret et anim\u00e9s par Jacky Ravier.<\/p>\n\n\n\n<p>En 1976, il est nomm\u00e9 arbitre d\u00e9partemental puis passe rapidement les \u00e9preuves r\u00e9gionales et interr\u00e9gionales ce qui lui permet d&rsquo;officier en Championnat de France.<\/p>\n\n\n\n<p>En 1978, il acc\u00e8dera au 2\u00e8me niveau national ( la PRO B d&rsquo;aujourd&rsquo;hui).<\/p>\n\n\n\n<p>Il y restera une vingtaine d&rsquo;ann\u00e9es en ayant la fiert\u00e9 de repr\u00e9senter chaque<\/p>\n\n\n\n<p> weekend la Ligue du Centre et le Comit\u00e9 du Loiret.<\/p>\n\n\n\n<p>Apr\u00e8s avoir arbitr\u00e9 les finales du Championnat Libanais, il tire sa r\u00e9v\u00e9rence en officiant sur les finales inter-r\u00e9gion Guadeloupe, Martinique et Guyane.<\/p>\n\n\n\n<hr class=\"wp-block-separator has-css-opacity\"\/>\n\n\n\n<p><\/p>\n\n\n\n<p><\/p>\n\n\n\n<p><\/p>\n\n\n\n<p><\/p>\n\n\n\n<p><\/p>\n\n\n\n<p><\/p>\n\n\n\n<p><\/p>\n\n\n\n<h2 class=\"wp-block-heading has-text-align-center\"><span class=\"ez-toc-section\" id=\"Christian_Leveque\"><\/span>Christian L\u00e9v\u00eaque<span class=\"ez-toc-section-end\"><\/span><\/h2>\n\n\n<div class=\"wp-block-image\">\n<figure class=\"aligncenter size-large is-resized\"><img decoding=\"async\" width=\"575\" height=\"676\" data-src=\"https:\/\/centrevaldeloirebasketballpatrimoine.org\/wp-content\/uploads\/2021\/02\/Christian-Leveque.jpg\" alt=\"\" class=\"wp-image-14748 lazyload\" style=\"--smush-placeholder-width: 575px; --smush-placeholder-aspect-ratio: 575\/676;width:147px;height:173px\" data-srcset=\"https:\/\/centrevaldeloirebasketballpatrimoine.org\/wp-content\/uploads\/2021\/02\/Christian-Leveque.jpg 575w, https:\/\/centrevaldeloirebasketballpatrimoine.org\/wp-content\/uploads\/2021\/02\/Christian-Leveque-255x300.jpg 255w\" data-sizes=\"(max-width: 575px) 100vw, 575px\" src=\"data:image\/gif;base64,R0lGODlhAQABAAAAACH5BAEKAAEALAAAAAABAAEAAAICTAEAOw==\" \/><\/figure>\n<\/div>\n\n\n<p class=\"has-text-align-center\">Il d\u00e9bute le Basket \u00e0 15 ans \u00e0 l&rsquo;Arago d&rsquo;Orl\u00e9ans.<\/p>\n\n\n<div class=\"wp-block-image\">\n<figure class=\"aligncenter size-large is-resized\"><img decoding=\"async\" width=\"843\" height=\"632\" data-src=\"https:\/\/centrevaldeloirebasketballpatrimoine.org\/wp-content\/uploads\/2021\/02\/Arago-1ere.jpg\" alt=\"\" class=\"wp-image-14749 lazyload\" style=\"--smush-placeholder-width: 843px; --smush-placeholder-aspect-ratio: 843\/632;width:370px;height:277px\" data-srcset=\"https:\/\/centrevaldeloirebasketballpatrimoine.org\/wp-content\/uploads\/2021\/02\/Arago-1ere.jpg 843w, https:\/\/centrevaldeloirebasketballpatrimoine.org\/wp-content\/uploads\/2021\/02\/Arago-1ere-300x225.jpg 300w, https:\/\/centrevaldeloirebasketballpatrimoine.org\/wp-content\/uploads\/2021\/02\/Arago-1ere-768x576.jpg 768w, https:\/\/centrevaldeloirebasketballpatrimoine.org\/wp-content\/uploads\/2021\/02\/Arago-1ere-360x270.jpg 360w, https:\/\/centrevaldeloirebasketballpatrimoine.org\/wp-content\/uploads\/2021\/02\/Arago-1ere-80x60.jpg 80w\" data-sizes=\"(max-width: 843px) 100vw, 843px\" src=\"data:image\/gif;base64,R0lGODlhAQABAAAAACH5BAEKAAEALAAAAAABAAEAAAICTAEAOw==\" \/><\/figure>\n<\/div>\n\n\n<p class=\"has-text-align-center\"><em><strong>Equipe 1\u00e8re de l&rsquo;Arago qui acc\u00e8de au Championnat de France.<\/strong><\/em><\/p>\n\n\n\n<p class=\"has-text-align-left\">Il fait partie de l&rsquo;\u00e9quipe seniors de l&rsquo;Arago qui acc\u00e8de au Championnat de France. (accroupi 1er \u00e0 gauche)<\/p>\n\n\n\n<p>En 1964, il passe l&rsquo;examen d&rsquo;arbitre d\u00e9partemental.<\/p>\n\n\n\n<p>En 1972, il passe r\u00e9gional, en 1973 inter-r\u00e9gional et en 1975 il est nomm\u00e9 arbitre f\u00e9d\u00e9ral.<\/p>\n\n\n<div class=\"wp-block-image\">\n<figure class=\"aligncenter size-large is-resized\"><img decoding=\"async\" width=\"631\" height=\"413\" data-src=\"https:\/\/centrevaldeloirebasketballpatrimoine.org\/wp-content\/uploads\/2021\/02\/PBLA-1983-1.jpg\" alt=\"\" class=\"wp-image-14751 lazyload\" style=\"--smush-placeholder-width: 631px; --smush-placeholder-aspect-ratio: 631\/413;width:385px;height:252px\" data-srcset=\"https:\/\/centrevaldeloirebasketballpatrimoine.org\/wp-content\/uploads\/2021\/02\/PBLA-1983-1.jpg 631w, https:\/\/centrevaldeloirebasketballpatrimoine.org\/wp-content\/uploads\/2021\/02\/PBLA-1983-1-300x196.jpg 300w\" data-sizes=\"(max-width: 631px) 100vw, 631px\" src=\"data:image\/gif;base64,R0lGODlhAQABAAAAACH5BAEKAAEALAAAAAABAAEAAAICTAEAOw==\" \/><\/figure>\n<\/div>\n\n\n<p class=\"has-text-align-center\"><strong>1983- <em>Equipe masculine  des Pieds Blancs Les Aydes <\/em>(N\u00b011 Christian L\u00e9v\u00eaque)<\/strong><\/p>\n\n\n\n<p>Il progresse rapidement et officie r\u00e9guli\u00e8rement sur les rencontres de Nationale Masculine 2<\/p>\n\n\n\n<p> et de Nationale F\u00e9minine 1.<\/p>\n\n\n<div class=\"wp-block-image\">\n<figure class=\"aligncenter size-large is-resized\"><img decoding=\"async\" width=\"641\" height=\"825\" data-src=\"https:\/\/centrevaldeloirebasketballpatrimoine.org\/wp-content\/uploads\/2021\/02\/Arbitre-reg.jpg\" alt=\"\" class=\"wp-image-14752 lazyload\" style=\"--smush-placeholder-width: 641px; --smush-placeholder-aspect-ratio: 641\/825;width:282px;height:363px\" data-srcset=\"https:\/\/centrevaldeloirebasketballpatrimoine.org\/wp-content\/uploads\/2021\/02\/Arbitre-reg.jpg 641w, https:\/\/centrevaldeloirebasketballpatrimoine.org\/wp-content\/uploads\/2021\/02\/Arbitre-reg-233x300.jpg 233w\" data-sizes=\"(max-width: 641px) 100vw, 641px\" src=\"data:image\/gif;base64,R0lGODlhAQABAAAAACH5BAEKAAEALAAAAAABAAEAAAICTAEAOw==\" \/><\/figure>\n<\/div>\n\n\n<p>Il met fin \u00e0 sa carri\u00e8re d&rsquo;arbitre en 1993 et se consacre \u00e0 l&rsquo;entra\u00eenement des \u00e9quipes des Pieds Blancs Les Aydes.<\/p>\n\n\n<div class=\"wp-block-image\">\n<figure class=\"aligncenter size-large is-resized\"><img decoding=\"async\" width=\"635\" height=\"423\" data-src=\"https:\/\/centrevaldeloirebasketballpatrimoine.org\/wp-content\/uploads\/2021\/02\/PBLA-1980-3.jpg\" alt=\"\" class=\"wp-image-14759 lazyload\" style=\"--smush-placeholder-width: 635px; --smush-placeholder-aspect-ratio: 635\/423;width:479px;height:319px\" data-srcset=\"https:\/\/centrevaldeloirebasketballpatrimoine.org\/wp-content\/uploads\/2021\/02\/PBLA-1980-3.jpg 635w, https:\/\/centrevaldeloirebasketballpatrimoine.org\/wp-content\/uploads\/2021\/02\/PBLA-1980-3-300x200.jpg 300w\" data-sizes=\"(max-width: 635px) 100vw, 635px\" src=\"data:image\/gif;base64,R0lGODlhAQABAAAAACH5BAEKAAEALAAAAAABAAEAAAICTAEAOw==\" \/><\/figure>\n<\/div>\n\n<div class=\"wp-block-image\">\n<figure class=\"aligncenter size-large is-resized\"><img decoding=\"async\" width=\"838\" height=\"629\" data-src=\"https:\/\/centrevaldeloirebasketballpatrimoine.org\/wp-content\/uploads\/2021\/02\/PBLA-hampion.jpg\" alt=\"\" class=\"wp-image-14754 lazyload\" style=\"--smush-placeholder-width: 838px; --smush-placeholder-aspect-ratio: 838\/629;width:494px;height:371px\" data-srcset=\"https:\/\/centrevaldeloirebasketballpatrimoine.org\/wp-content\/uploads\/2021\/02\/PBLA-hampion.jpg 838w, https:\/\/centrevaldeloirebasketballpatrimoine.org\/wp-content\/uploads\/2021\/02\/PBLA-hampion-300x225.jpg 300w, https:\/\/centrevaldeloirebasketballpatrimoine.org\/wp-content\/uploads\/2021\/02\/PBLA-hampion-768x576.jpg 768w, https:\/\/centrevaldeloirebasketballpatrimoine.org\/wp-content\/uploads\/2021\/02\/PBLA-hampion-360x270.jpg 360w, https:\/\/centrevaldeloirebasketballpatrimoine.org\/wp-content\/uploads\/2021\/02\/PBLA-hampion-80x60.jpg 80w\" data-sizes=\"(max-width: 838px) 100vw, 838px\" src=\"data:image\/gif;base64,R0lGODlhAQABAAAAACH5BAEKAAEALAAAAAABAAEAAAICTAEAOw==\" \/><\/figure>\n<\/div>\n\n\n<hr class=\"wp-block-separator has-css-opacity\"\/>\n\n\n\n<p><\/p>\n\n\n\n<p><\/p>\n\n\n\n<p><\/p>\n\n\n\n<h2 class=\"wp-block-heading has-text-align-center\"><span class=\"ez-toc-section\" id=\"Liliane_Marche\"><\/span>Liliane March\u00e9<span class=\"ez-toc-section-end\"><\/span><\/h2>\n\n\n<div class=\"wp-block-image\">\n<figure class=\"aligncenter size-large is-resized\"><img decoding=\"async\" width=\"634\" height=\"640\" data-src=\"https:\/\/centrevaldeloirebasketballpatrimoine.org\/wp-content\/uploads\/2020\/12\/1LM.jpg\" alt=\"\" class=\"wp-image-11377 lazyload\" style=\"--smush-placeholder-width: 634px; --smush-placeholder-aspect-ratio: 634\/640;width:634px;height:640px\" data-srcset=\"https:\/\/centrevaldeloirebasketballpatrimoine.org\/wp-content\/uploads\/2020\/12\/1LM.jpg 634w, https:\/\/centrevaldeloirebasketballpatrimoine.org\/wp-content\/uploads\/2020\/12\/1LM-297x300.jpg 297w, https:\/\/centrevaldeloirebasketballpatrimoine.org\/wp-content\/uploads\/2020\/12\/1LM-150x150.jpg 150w\" data-sizes=\"(max-width: 634px) 100vw, 634px\" src=\"data:image\/gif;base64,R0lGODlhAQABAAAAACH5BAEKAAEALAAAAAABAAEAAAICTAEAOw==\" \/><\/figure>\n<\/div>\n\n<div class=\"wp-block-image\">\n<figure class=\"aligncenter size-large\"><img decoding=\"async\" width=\"633\" height=\"660\" data-src=\"https:\/\/centrevaldeloirebasketballpatrimoine.org\/wp-content\/uploads\/2020\/12\/2L-1.jpg\" alt=\"\" class=\"wp-image-11390 lazyload\" data-srcset=\"https:\/\/centrevaldeloirebasketballpatrimoine.org\/wp-content\/uploads\/2020\/12\/2L-1.jpg 633w, https:\/\/centrevaldeloirebasketballpatrimoine.org\/wp-content\/uploads\/2020\/12\/2L-1-288x300.jpg 288w\" data-sizes=\"(max-width: 633px) 100vw, 633px\" src=\"data:image\/gif;base64,R0lGODlhAQABAAAAACH5BAEKAAEALAAAAAABAAEAAAICTAEAOw==\" style=\"--smush-placeholder-width: 633px; --smush-placeholder-aspect-ratio: 633\/660;\" \/><\/figure>\n<\/div>\n\n<div class=\"wp-block-image\">\n<figure class=\"aligncenter size-large\"><img decoding=\"async\" width=\"630\" height=\"782\" data-src=\"https:\/\/centrevaldeloirebasketballpatrimoine.org\/wp-content\/uploads\/2020\/12\/3L-1.jpg\" alt=\"\" class=\"wp-image-11388 lazyload\" data-srcset=\"https:\/\/centrevaldeloirebasketballpatrimoine.org\/wp-content\/uploads\/2020\/12\/3L-1.jpg 630w, https:\/\/centrevaldeloirebasketballpatrimoine.org\/wp-content\/uploads\/2020\/12\/3L-1-242x300.jpg 242w\" data-sizes=\"(max-width: 630px) 100vw, 630px\" src=\"data:image\/gif;base64,R0lGODlhAQABAAAAACH5BAEKAAEALAAAAAABAAEAAAICTAEAOw==\" style=\"--smush-placeholder-width: 630px; --smush-placeholder-aspect-ratio: 630\/782;\" \/><\/figure>\n<\/div>\n\n<div class=\"wp-block-image\">\n<figure class=\"aligncenter size-large\"><img decoding=\"async\" width=\"634\" height=\"607\" data-src=\"https:\/\/centrevaldeloirebasketballpatrimoine.org\/wp-content\/uploads\/2020\/12\/4L.jpg\" alt=\"\" class=\"wp-image-11389 lazyload\" data-srcset=\"https:\/\/centrevaldeloirebasketballpatrimoine.org\/wp-content\/uploads\/2020\/12\/4L.jpg 634w, https:\/\/centrevaldeloirebasketballpatrimoine.org\/wp-content\/uploads\/2020\/12\/4L-300x287.jpg 300w\" data-sizes=\"(max-width: 634px) 100vw, 634px\" src=\"data:image\/gif;base64,R0lGODlhAQABAAAAACH5BAEKAAEALAAAAAABAAEAAAICTAEAOw==\" style=\"--smush-placeholder-width: 634px; --smush-placeholder-aspect-ratio: 634\/607;\" \/><\/figure>\n<\/div>\n\n<div class=\"wp-block-image\">\n<figure class=\"aligncenter size-large is-resized\"><img decoding=\"async\" width=\"634\" height=\"584\" data-src=\"https:\/\/centrevaldeloirebasketballpatrimoine.org\/wp-content\/uploads\/2020\/12\/5LM.jpg\" alt=\"\" class=\"wp-image-11381 lazyload\" style=\"--smush-placeholder-width: 634px; --smush-placeholder-aspect-ratio: 634\/584;width:634px;height:584px\" data-srcset=\"https:\/\/centrevaldeloirebasketballpatrimoine.org\/wp-content\/uploads\/2020\/12\/5LM.jpg 634w, https:\/\/centrevaldeloirebasketballpatrimoine.org\/wp-content\/uploads\/2020\/12\/5LM-300x276.jpg 300w\" data-sizes=\"(max-width: 634px) 100vw, 634px\" src=\"data:image\/gif;base64,R0lGODlhAQABAAAAACH5BAEKAAEALAAAAAABAAEAAAICTAEAOw==\" \/><\/figure>\n<\/div>\n\n<div class=\"wp-block-image\">\n<figure class=\"aligncenter size-large is-resized\"><img decoding=\"async\" width=\"635\" height=\"656\" data-src=\"https:\/\/centrevaldeloirebasketballpatrimoine.org\/wp-content\/uploads\/2020\/12\/6LM.jpg\" alt=\"\" class=\"wp-image-11382 lazyload\" style=\"--smush-placeholder-width: 635px; --smush-placeholder-aspect-ratio: 635\/656;width:635px;height:656px\" data-srcset=\"https:\/\/centrevaldeloirebasketballpatrimoine.org\/wp-content\/uploads\/2020\/12\/6LM.jpg 635w, https:\/\/centrevaldeloirebasketballpatrimoine.org\/wp-content\/uploads\/2020\/12\/6LM-290x300.jpg 290w\" data-sizes=\"(max-width: 635px) 100vw, 635px\" src=\"data:image\/gif;base64,R0lGODlhAQABAAAAACH5BAEKAAEALAAAAAABAAEAAAICTAEAOw==\" \/><\/figure>\n<\/div>\n\n\n<hr class=\"wp-block-separator has-css-opacity\"\/>\n\n\n\n<p><\/p>\n\n\n\n<h2 class=\"wp-block-heading has-text-align-center\"><span class=\"ez-toc-section\" id=\"Frederique_Marche\"><\/span>Fr\u00e9d\u00e9rique March\u00e9<span class=\"ez-toc-section-end\"><\/span><\/h2>\n\n\n<div class=\"wp-block-image\">\n<figure class=\"aligncenter size-large is-resized\"><img decoding=\"async\" width=\"419\" height=\"409\" data-src=\"https:\/\/centrevaldeloirebasketballpatrimoine.org\/wp-content\/uploads\/2021\/03\/1-F.-Marche.jpg\" alt=\"\" class=\"wp-image-14903 lazyload\" style=\"--smush-placeholder-width: 419px; --smush-placeholder-aspect-ratio: 419\/409;width:159px;height:155px\" data-srcset=\"https:\/\/centrevaldeloirebasketballpatrimoine.org\/wp-content\/uploads\/2021\/03\/1-F.-Marche.jpg 419w, https:\/\/centrevaldeloirebasketballpatrimoine.org\/wp-content\/uploads\/2021\/03\/1-F.-Marche-300x293.jpg 300w\" data-sizes=\"(max-width: 419px) 100vw, 419px\" src=\"data:image\/gif;base64,R0lGODlhAQABAAAAACH5BAEKAAEALAAAAAABAAEAAAICTAEAOw==\" \/><\/figure>\n<\/div>\n\n\n<p class=\"has-text-align-center\">Elle signe sa premi\u00e8re licence en 1972 \u00e0 l&rsquo;USM Montargis.<\/p>\n\n\n\n<p class=\"has-text-align-center\">En 1980 elle mute au Cercle Jules Ferry Les Aubrais.<\/p>\n\n\n<div class=\"wp-block-image\">\n<figure class=\"aligncenter size-large is-resized\"><img decoding=\"async\" width=\"1024\" height=\"838\" data-src=\"https:\/\/centrevaldeloirebasketballpatrimoine.org\/wp-content\/uploads\/2021\/03\/7-F.-Marche-1024x838.jpg\" alt=\"\" class=\"wp-image-14904 lazyload\" style=\"--smush-placeholder-width: 1024px; --smush-placeholder-aspect-ratio: 1024\/838;width:411px;height:336px\" data-srcset=\"https:\/\/centrevaldeloirebasketballpatrimoine.org\/wp-content\/uploads\/2021\/03\/7-F.-Marche-1024x838.jpg 1024w, https:\/\/centrevaldeloirebasketballpatrimoine.org\/wp-content\/uploads\/2021\/03\/7-F.-Marche-300x245.jpg 300w, https:\/\/centrevaldeloirebasketballpatrimoine.org\/wp-content\/uploads\/2021\/03\/7-F.-Marche-768x628.jpg 768w, https:\/\/centrevaldeloirebasketballpatrimoine.org\/wp-content\/uploads\/2021\/03\/7-F.-Marche.jpg 1144w\" data-sizes=\"(max-width: 1024px) 100vw, 1024px\" src=\"data:image\/gif;base64,R0lGODlhAQABAAAAACH5BAEKAAEALAAAAAABAAEAAAICTAEAOw==\" \/><\/figure>\n<\/div>\n\n\n<p class=\"has-text-align-center\"><em><strong>Accroupis: F. March\u00e9 3\u00e8me en partant de la Gauche<\/strong><\/em><\/p>\n\n\n\n<p class=\"has-text-align-center\">Alors qu&rsquo;elle est Cadette elle s&rsquo;initie \u00e0 l&rsquo;arbitrage et devient arbitre d\u00e9partemental.<\/p>\n\n\n<div class=\"wp-block-image\">\n<figure class=\"aligncenter size-large is-resized\"><img decoding=\"async\" width=\"575\" height=\"727\" data-src=\"https:\/\/centrevaldeloirebasketballpatrimoine.org\/wp-content\/uploads\/2021\/03\/2-F.-Marche.jpg\" alt=\"\" class=\"wp-image-14905 lazyload\" style=\"--smush-placeholder-width: 575px; --smush-placeholder-aspect-ratio: 575\/727;width:62px;height:79px\" data-srcset=\"https:\/\/centrevaldeloirebasketballpatrimoine.org\/wp-content\/uploads\/2021\/03\/2-F.-Marche.jpg 575w, https:\/\/centrevaldeloirebasketballpatrimoine.org\/wp-content\/uploads\/2021\/03\/2-F.-Marche-237x300.jpg 237w\" data-sizes=\"(max-width: 575px) 100vw, 575px\" src=\"data:image\/gif;base64,R0lGODlhAQABAAAAACH5BAEKAAEALAAAAAABAAEAAAICTAEAOw==\" \/><\/figure>\n<\/div>\n\n\n<p class=\"has-text-align-center\">En 1981, elle mute \u00e0 l&rsquo;USM Saran avant de rejoindre l&rsquo;AS Asch\u00e8res le March\u00e9 en 1985.<\/p>\n\n\n\n<p class=\"has-text-align-center\">Cette m\u00eame ann\u00e9e, elle r\u00e9ussit l&rsquo;examen d&rsquo;arbitre r\u00e9gional.<\/p>\n\n\n<div class=\"wp-block-image\">\n<figure class=\"aligncenter size-large is-resized\"><img decoding=\"async\" width=\"641\" height=\"727\" data-src=\"https:\/\/centrevaldeloirebasketballpatrimoine.org\/wp-content\/uploads\/2021\/03\/3-F.-Marche.jpg\" alt=\"\" class=\"wp-image-14906 lazyload\" style=\"--smush-placeholder-width: 641px; --smush-placeholder-aspect-ratio: 641\/727;width:72px;height:82px\" data-srcset=\"https:\/\/centrevaldeloirebasketballpatrimoine.org\/wp-content\/uploads\/2021\/03\/3-F.-Marche.jpg 641w, https:\/\/centrevaldeloirebasketballpatrimoine.org\/wp-content\/uploads\/2021\/03\/3-F.-Marche-265x300.jpg 265w\" data-sizes=\"(max-width: 641px) 100vw, 641px\" src=\"data:image\/gif;base64,R0lGODlhAQABAAAAACH5BAEKAAEALAAAAAABAAEAAAICTAEAOw==\" \/><\/figure>\n<\/div>\n\n\n<p class=\"has-text-align-center\">En 1987, elle rejoint l&rsquo;USM Olivet o\u00f9 elle jouera en Championnat R\u00e9gional.<\/p>\n\n\n<div class=\"wp-block-image\">\n<figure class=\"aligncenter size-large is-resized\"><img decoding=\"async\" width=\"1024\" height=\"722\" data-src=\"https:\/\/centrevaldeloirebasketballpatrimoine.org\/wp-content\/uploads\/2021\/03\/6-F.-Marche-1024x722.jpg\" alt=\"\" class=\"wp-image-14907 lazyload\" style=\"--smush-placeholder-width: 1024px; --smush-placeholder-aspect-ratio: 1024\/722;width:440px;height:310px\" data-srcset=\"https:\/\/centrevaldeloirebasketballpatrimoine.org\/wp-content\/uploads\/2021\/03\/6-F.-Marche-1024x722.jpg 1024w, https:\/\/centrevaldeloirebasketballpatrimoine.org\/wp-content\/uploads\/2021\/03\/6-F.-Marche-300x212.jpg 300w, https:\/\/centrevaldeloirebasketballpatrimoine.org\/wp-content\/uploads\/2021\/03\/6-F.-Marche-768x542.jpg 768w, https:\/\/centrevaldeloirebasketballpatrimoine.org\/wp-content\/uploads\/2021\/03\/6-F.-Marche.jpg 1080w\" data-sizes=\"(max-width: 1024px) 100vw, 1024px\" src=\"data:image\/gif;base64,R0lGODlhAQABAAAAACH5BAEKAAEALAAAAAABAAEAAAICTAEAOw==\" \/><\/figure>\n<\/div>\n\n\n<p class=\"has-text-align-center\">Continuant sa progression dans l&rsquo;arbitrage, elle r\u00e9ussit l&rsquo;examen d&rsquo;arbitre inter-r\u00e9gional.<\/p>\n\n\n<div class=\"wp-block-image\">\n<figure class=\"aligncenter size-large is-resized\"><img decoding=\"async\" width=\"550\" height=\"747\" data-src=\"https:\/\/centrevaldeloirebasketballpatrimoine.org\/wp-content\/uploads\/2021\/03\/4-F.-Marche.jpg\" alt=\"\" class=\"wp-image-14908 lazyload\" style=\"--smush-placeholder-width: 550px; --smush-placeholder-aspect-ratio: 550\/747;width:74px;height:100px\" data-srcset=\"https:\/\/centrevaldeloirebasketballpatrimoine.org\/wp-content\/uploads\/2021\/03\/4-F.-Marche.jpg 550w, https:\/\/centrevaldeloirebasketballpatrimoine.org\/wp-content\/uploads\/2021\/03\/4-F.-Marche-221x300.jpg 221w\" data-sizes=\"(max-width: 550px) 100vw, 550px\" src=\"data:image\/gif;base64,R0lGODlhAQABAAAAACH5BAEKAAEALAAAAAABAAEAAAICTAEAOw==\" \/><\/figure>\n<\/div>\n\n\n<p>En 1988, elle passe avec succ\u00e8s les \u00e9preuves d&rsquo;arbitre f\u00e9d\u00e9ral et officie r\u00e9guli\u00e8rement en Championnat de France.<\/p>\n\n\n<div class=\"wp-block-image\">\n<figure class=\"aligncenter size-large is-resized\"><img decoding=\"async\" width=\"642\" height=\"787\" data-src=\"https:\/\/centrevaldeloirebasketballpatrimoine.org\/wp-content\/uploads\/2021\/03\/5-F.-Marche.jpg\" alt=\"\" class=\"wp-image-14909 lazyload\" style=\"--smush-placeholder-width: 642px; --smush-placeholder-aspect-ratio: 642\/787;width:79px;height:97px\" data-srcset=\"https:\/\/centrevaldeloirebasketballpatrimoine.org\/wp-content\/uploads\/2021\/03\/5-F.-Marche.jpg 642w, https:\/\/centrevaldeloirebasketballpatrimoine.org\/wp-content\/uploads\/2021\/03\/5-F.-Marche-245x300.jpg 245w\" data-sizes=\"(max-width: 642px) 100vw, 642px\" src=\"data:image\/gif;base64,R0lGODlhAQABAAAAACH5BAEKAAEALAAAAAABAAEAAAICTAEAOw==\" \/><\/figure>\n<\/div>\n\n\n<p>En 1990, elle quitte d\u00e9finitivement la Ligue du Centre Pour rejoindre le Lyonnais.<\/p>\n\n\n\n<h5 class=\"wp-block-heading\"><\/h5>\n\n\n\n<p class=\"has-text-align-center\"><em> <strong>Ayant r\u00e9ussi les stages nationaux, elle acc\u00e8de \u00e0 l&rsquo;arbitrage de Haut Niveau.<\/strong><\/em><\/p>\n\n\n\n<p class=\"has-text-align-center\"><em><strong>Elle dirigera les rencontres de Nationale F\u00e9minine 1.<\/strong><\/em><\/p>\n\n\n\n<p>Dans le m\u00eame temps, elle signera une licence \u00e0 Bron (69) et jouera en Nationale 3 F\u00e9minine.<\/p>\n\n\n\n<p>Elle arr\u00eate l&rsquo;arbitrage en 1991 et prend une ann\u00e9e sabatique en 1992.<\/p>\n\n\n\n<p>De 1993 \u00e0 1997, elle joue \u00e0 St Genis les Olli\u00e8res (69)<\/p>\n\n\n\n<p>de 1997 \u00e0 2007 elle joue en d\u00e9partemental \u00e0 St Forgeux (69) et entra\u00eene les jeunes du club.<\/p>\n\n\n\n<hr class=\"wp-block-separator has-css-opacity\"\/>\n","protected":false},"excerpt":{"rendered":"<p>Jacques Bou\u00e9 Il d\u00e9bute le Basket \u00e0 l&rsquo;Abeille de Gien \u00e0 l&rsquo;\u00e2ge de 8 ans et y restera jusqu&rsquo;\u00e0 13 ans. Il jouera ensuite \u00e0 St Jean de Braye puis [&hellip;]<\/p>\n","protected":false},"author":6,"featured_media":0,"parent":0,"menu_order":0,"comment_status":"closed","ping_status":"closed","template":"","meta":{"footnotes":""},"class_list":["post-1014","page","type-page","status-publish","hentry"],"yoast_head":"<!-- This site is optimized with the Yoast SEO plugin v27.5 - https:\/\/yoast.com\/product\/yoast-seo-wordpress\/ -->\n<title>Les Arbitres Nationaux du 45 - patrimoine<\/title>\n<meta name=\"description\" content=\"Patrimoine historique du basket en r\u00e9gion Centre-Val de Loire.\" \/>\n<meta name=\"robots\" content=\"index, follow, max-snippet:-1, max-image-preview:large, max-video-preview:-1\" \/>\n<link rel=\"canonical\" href=\"https:\/\/centrevaldeloirebasketballpatrimoine.org\/index.php\/les-arbitres-nationaux-du-45\/\" \/>\n<meta property=\"og:locale\" content=\"fr_FR\" \/>\n<meta property=\"og:type\" content=\"article\" \/>\n<meta property=\"og:title\" content=\"Les Arbitres Nationaux du 45 - patrimoine\" \/>\n<meta property=\"og:description\" content=\"Patrimoine historique du basket en r\u00e9gion Centre-Val de Loire.\" \/>\n<meta property=\"og:url\" content=\"https:\/\/centrevaldeloirebasketballpatrimoine.org\/index.php\/les-arbitres-nationaux-du-45\/\" \/>\n<meta property=\"article:publisher\" content=\"https:\/\/www.facebook.com\/LigueBasketCentre\" \/>\n<meta property=\"article:modified_time\" content=\"2025-01-17T11:07:56+00:00\" \/>\n<meta property=\"og:image\" content=\"https:\/\/centrevaldeloirebasketballpatrimoine.org\/wp-content\/uploads\/2021\/03\/1-Jako-3.jpg\" \/>\n\t<meta property=\"og:image:width\" content=\"439\" \/>\n\t<meta property=\"og:image:height\" content=\"463\" \/>\n\t<meta property=\"og:image:type\" content=\"image\/jpeg\" \/>\n<meta name=\"twitter:card\" content=\"summary_large_image\" \/>\n<meta name=\"twitter:site\" content=\"@BasketCentre\" \/>\n<meta name=\"twitter:label1\" content=\"Dur\u00e9e de lecture estim\u00e9e\" \/>\n\t<meta name=\"twitter:data1\" content=\"20 minutes\" \/>\n<script type=\"application\/ld+json\" class=\"yoast-schema-graph\">{\"@context\":\"https:\\\/\\\/schema.org\",\"@graph\":[{\"@type\":\"WebPage\",\"@id\":\"https:\\\/\\\/centrevaldeloirebasketballpatrimoine.org\\\/index.php\\\/les-arbitres-nationaux-du-45\\\/\",\"url\":\"https:\\\/\\\/centrevaldeloirebasketballpatrimoine.org\\\/index.php\\\/les-arbitres-nationaux-du-45\\\/\",\"name\":\"Les Arbitres Nationaux du 45 - patrimoine\",\"isPartOf\":{\"@id\":\"https:\\\/\\\/centrevaldeloirebasketballpatrimoine.org\\\/#website\"},\"primaryImageOfPage\":{\"@id\":\"https:\\\/\\\/centrevaldeloirebasketballpatrimoine.org\\\/index.php\\\/les-arbitres-nationaux-du-45\\\/#primaryimage\"},\"image\":{\"@id\":\"https:\\\/\\\/centrevaldeloirebasketballpatrimoine.org\\\/index.php\\\/les-arbitres-nationaux-du-45\\\/#primaryimage\"},\"thumbnailUrl\":\"https:\\\/\\\/centrevaldeloirebasketballpatrimoine.org\\\/wp-content\\\/uploads\\\/2021\\\/03\\\/1-Jako-3.jpg\",\"datePublished\":\"2020-01-08T16:47:48+00:00\",\"dateModified\":\"2025-01-17T11:07:56+00:00\",\"description\":\"Patrimoine historique du basket en r\u00e9gion Centre-Val de Loire.\",\"breadcrumb\":{\"@id\":\"https:\\\/\\\/centrevaldeloirebasketballpatrimoine.org\\\/index.php\\\/les-arbitres-nationaux-du-45\\\/#breadcrumb\"},\"inLanguage\":\"fr-FR\",\"potentialAction\":[{\"@type\":\"ReadAction\",\"target\":[\"https:\\\/\\\/centrevaldeloirebasketballpatrimoine.org\\\/index.php\\\/les-arbitres-nationaux-du-45\\\/\"]}]},{\"@type\":\"ImageObject\",\"inLanguage\":\"fr-FR\",\"@id\":\"https:\\\/\\\/centrevaldeloirebasketballpatrimoine.org\\\/index.php\\\/les-arbitres-nationaux-du-45\\\/#primaryimage\",\"url\":\"https:\\\/\\\/centrevaldeloirebasketballpatrimoine.org\\\/wp-content\\\/uploads\\\/2021\\\/03\\\/1-Jako-3.jpg\",\"contentUrl\":\"https:\\\/\\\/centrevaldeloirebasketballpatrimoine.org\\\/wp-content\\\/uploads\\\/2021\\\/03\\\/1-Jako-3.jpg\",\"width\":439,\"height\":463},{\"@type\":\"BreadcrumbList\",\"@id\":\"https:\\\/\\\/centrevaldeloirebasketballpatrimoine.org\\\/index.php\\\/les-arbitres-nationaux-du-45\\\/#breadcrumb\",\"itemListElement\":[{\"@type\":\"ListItem\",\"position\":1,\"name\":\"Accueil\",\"item\":\"https:\\\/\\\/centrevaldeloirebasketballpatrimoine.org\\\/\"},{\"@type\":\"ListItem\",\"position\":2,\"name\":\"Les Arbitres Nationaux du 45\"}]},{\"@type\":\"WebSite\",\"@id\":\"https:\\\/\\\/centrevaldeloirebasketballpatrimoine.org\\\/#website\",\"url\":\"https:\\\/\\\/centrevaldeloirebasketballpatrimoine.org\\\/\",\"name\":\"\",\"description\":\"Site officiel Commission Patrimoine de la Ligue Centre-Val de Loire de BasketBall\",\"publisher\":{\"@id\":\"https:\\\/\\\/centrevaldeloirebasketballpatrimoine.org\\\/#organization\"},\"potentialAction\":[{\"@type\":\"SearchAction\",\"target\":{\"@type\":\"EntryPoint\",\"urlTemplate\":\"https:\\\/\\\/centrevaldeloirebasketballpatrimoine.org\\\/?s={search_term_string}\"},\"query-input\":{\"@type\":\"PropertyValueSpecification\",\"valueRequired\":true,\"valueName\":\"search_term_string\"}}],\"inLanguage\":\"fr-FR\"},{\"@type\":\"Organization\",\"@id\":\"https:\\\/\\\/centrevaldeloirebasketballpatrimoine.org\\\/#organization\",\"name\":\"Patrimoine Basket Ligue Centre-Val de Loire\",\"url\":\"https:\\\/\\\/centrevaldeloirebasketballpatrimoine.org\\\/\",\"logo\":{\"@type\":\"ImageObject\",\"inLanguage\":\"fr-FR\",\"@id\":\"https:\\\/\\\/centrevaldeloirebasketballpatrimoine.org\\\/#\\\/schema\\\/logo\\\/image\\\/\",\"url\":\"https:\\\/\\\/i0.wp.com\\\/centrevaldeloirebasketballpatrimoine.org\\\/wp-content\\\/uploads\\\/2019\\\/06\\\/LigueRegionale-CENTRE-VAL-DE-LOIRE-Vertical-694x1024.jpg?fit=694%2C1024&ssl=1\",\"contentUrl\":\"https:\\\/\\\/i0.wp.com\\\/centrevaldeloirebasketballpatrimoine.org\\\/wp-content\\\/uploads\\\/2019\\\/06\\\/LigueRegionale-CENTRE-VAL-DE-LOIRE-Vertical-694x1024.jpg?fit=694%2C1024&ssl=1\",\"width\":694,\"height\":1024,\"caption\":\"Patrimoine Basket Ligue Centre-Val de Loire\"},\"image\":{\"@id\":\"https:\\\/\\\/centrevaldeloirebasketballpatrimoine.org\\\/#\\\/schema\\\/logo\\\/image\\\/\"},\"sameAs\":[\"https:\\\/\\\/www.facebook.com\\\/LigueBasketCentre\",\"https:\\\/\\\/x.com\\\/BasketCentre\",\"https:\\\/\\\/www.instagram.com\\\/liguebasketcentre\\\/\",\"https:\\\/\\\/www.linkedin.com\\\/company\\\/ligue-du-centre-val-de-loire-de-basketball\"]}]}<\/script>\n<!-- \/ Yoast SEO plugin. -->","yoast_head_json":{"title":"Les Arbitres Nationaux du 45 - patrimoine","description":"Patrimoine historique du basket en r\u00e9gion Centre-Val de Loire.","robots":{"index":"index","follow":"follow","max-snippet":"max-snippet:-1","max-image-preview":"max-image-preview:large","max-video-preview":"max-video-preview:-1"},"canonical":"https:\/\/centrevaldeloirebasketballpatrimoine.org\/index.php\/les-arbitres-nationaux-du-45\/","og_locale":"fr_FR","og_type":"article","og_title":"Les Arbitres Nationaux du 45 - patrimoine","og_description":"Patrimoine historique du basket en r\u00e9gion Centre-Val de Loire.","og_url":"https:\/\/centrevaldeloirebasketballpatrimoine.org\/index.php\/les-arbitres-nationaux-du-45\/","article_publisher":"https:\/\/www.facebook.com\/LigueBasketCentre","article_modified_time":"2025-01-17T11:07:56+00:00","og_image":[{"width":439,"height":463,"url":"https:\/\/centrevaldeloirebasketballpatrimoine.org\/wp-content\/uploads\/2021\/03\/1-Jako-3.jpg","type":"image\/jpeg"}],"twitter_card":"summary_large_image","twitter_site":"@BasketCentre","twitter_misc":{"Dur\u00e9e de lecture estim\u00e9e":"20 minutes"},"schema":{"@context":"https:\/\/schema.org","@graph":[{"@type":"WebPage","@id":"https:\/\/centrevaldeloirebasketballpatrimoine.org\/index.php\/les-arbitres-nationaux-du-45\/","url":"https:\/\/centrevaldeloirebasketballpatrimoine.org\/index.php\/les-arbitres-nationaux-du-45\/","name":"Les Arbitres Nationaux du 45 - patrimoine","isPartOf":{"@id":"https:\/\/centrevaldeloirebasketballpatrimoine.org\/#website"},"primaryImageOfPage":{"@id":"https:\/\/centrevaldeloirebasketballpatrimoine.org\/index.php\/les-arbitres-nationaux-du-45\/#primaryimage"},"image":{"@id":"https:\/\/centrevaldeloirebasketballpatrimoine.org\/index.php\/les-arbitres-nationaux-du-45\/#primaryimage"},"thumbnailUrl":"https:\/\/centrevaldeloirebasketballpatrimoine.org\/wp-content\/uploads\/2021\/03\/1-Jako-3.jpg","datePublished":"2020-01-08T16:47:48+00:00","dateModified":"2025-01-17T11:07:56+00:00","description":"Patrimoine historique du basket en r\u00e9gion Centre-Val de Loire.","breadcrumb":{"@id":"https:\/\/centrevaldeloirebasketballpatrimoine.org\/index.php\/les-arbitres-nationaux-du-45\/#breadcrumb"},"inLanguage":"fr-FR","potentialAction":[{"@type":"ReadAction","target":["https:\/\/centrevaldeloirebasketballpatrimoine.org\/index.php\/les-arbitres-nationaux-du-45\/"]}]},{"@type":"ImageObject","inLanguage":"fr-FR","@id":"https:\/\/centrevaldeloirebasketballpatrimoine.org\/index.php\/les-arbitres-nationaux-du-45\/#primaryimage","url":"https:\/\/centrevaldeloirebasketballpatrimoine.org\/wp-content\/uploads\/2021\/03\/1-Jako-3.jpg","contentUrl":"https:\/\/centrevaldeloirebasketballpatrimoine.org\/wp-content\/uploads\/2021\/03\/1-Jako-3.jpg","width":439,"height":463},{"@type":"BreadcrumbList","@id":"https:\/\/centrevaldeloirebasketballpatrimoine.org\/index.php\/les-arbitres-nationaux-du-45\/#breadcrumb","itemListElement":[{"@type":"ListItem","position":1,"name":"Accueil","item":"https:\/\/centrevaldeloirebasketballpatrimoine.org\/"},{"@type":"ListItem","position":2,"name":"Les Arbitres Nationaux du 45"}]},{"@type":"WebSite","@id":"https:\/\/centrevaldeloirebasketballpatrimoine.org\/#website","url":"https:\/\/centrevaldeloirebasketballpatrimoine.org\/","name":"","description":"Site officiel Commission Patrimoine de la Ligue Centre-Val de Loire de BasketBall","publisher":{"@id":"https:\/\/centrevaldeloirebasketballpatrimoine.org\/#organization"},"potentialAction":[{"@type":"SearchAction","target":{"@type":"EntryPoint","urlTemplate":"https:\/\/centrevaldeloirebasketballpatrimoine.org\/?s={search_term_string}"},"query-input":{"@type":"PropertyValueSpecification","valueRequired":true,"valueName":"search_term_string"}}],"inLanguage":"fr-FR"},{"@type":"Organization","@id":"https:\/\/centrevaldeloirebasketballpatrimoine.org\/#organization","name":"Patrimoine Basket Ligue Centre-Val de Loire","url":"https:\/\/centrevaldeloirebasketballpatrimoine.org\/","logo":{"@type":"ImageObject","inLanguage":"fr-FR","@id":"https:\/\/centrevaldeloirebasketballpatrimoine.org\/#\/schema\/logo\/image\/","url":"https:\/\/i0.wp.com\/centrevaldeloirebasketballpatrimoine.org\/wp-content\/uploads\/2019\/06\/LigueRegionale-CENTRE-VAL-DE-LOIRE-Vertical-694x1024.jpg?fit=694%2C1024&ssl=1","contentUrl":"https:\/\/i0.wp.com\/centrevaldeloirebasketballpatrimoine.org\/wp-content\/uploads\/2019\/06\/LigueRegionale-CENTRE-VAL-DE-LOIRE-Vertical-694x1024.jpg?fit=694%2C1024&ssl=1","width":694,"height":1024,"caption":"Patrimoine Basket Ligue Centre-Val de Loire"},"image":{"@id":"https:\/\/centrevaldeloirebasketballpatrimoine.org\/#\/schema\/logo\/image\/"},"sameAs":["https:\/\/www.facebook.com\/LigueBasketCentre","https:\/\/x.com\/BasketCentre","https:\/\/www.instagram.com\/liguebasketcentre\/","https:\/\/www.linkedin.com\/company\/ligue-du-centre-val-de-loire-de-basketball"]}]}},"_links":{"self":[{"href":"https:\/\/centrevaldeloirebasketballpatrimoine.org\/index.php\/wp-json\/wp\/v2\/pages\/1014","targetHints":{"allow":["GET"]}}],"collection":[{"href":"https:\/\/centrevaldeloirebasketballpatrimoine.org\/index.php\/wp-json\/wp\/v2\/pages"}],"about":[{"href":"https:\/\/centrevaldeloirebasketballpatrimoine.org\/index.php\/wp-json\/wp\/v2\/types\/page"}],"author":[{"embeddable":true,"href":"https:\/\/centrevaldeloirebasketballpatrimoine.org\/index.php\/wp-json\/wp\/v2\/users\/6"}],"replies":[{"embeddable":true,"href":"https:\/\/centrevaldeloirebasketballpatrimoine.org\/index.php\/wp-json\/wp\/v2\/comments?post=1014"}],"version-history":[{"count":0,"href":"https:\/\/centrevaldeloirebasketballpatrimoine.org\/index.php\/wp-json\/wp\/v2\/pages\/1014\/revisions"}],"wp:attachment":[{"href":"https:\/\/centrevaldeloirebasketballpatrimoine.org\/index.php\/wp-json\/wp\/v2\/media?parent=1014"}],"curies":[{"name":"wp","href":"https:\/\/api.w.org\/{rel}","templated":true}]}}