{"id":1010,"date":"2020-01-08T17:46:40","date_gmt":"2020-01-08T16:46:40","guid":{"rendered":"https:\/\/centrevaldeloirebasketballpatrimoine.org\/?page_id=1010"},"modified":"2025-03-16T14:09:19","modified_gmt":"2025-03-16T13:09:19","slug":"les-arbitres-nationaux-du-37","status":"publish","type":"page","link":"https:\/\/centrevaldeloirebasketballpatrimoine.org\/index.php\/les-arbitres-nationaux-du-37\/","title":{"rendered":"Les Arbitres Nationaux du 37"},"content":{"rendered":"\n<div id=\"ez-toc-container\" class=\"ez-toc-v2_0_74 counter-hierarchy ez-toc-counter ez-toc-grey ez-toc-container-direction\">\n<p class=\"ez-toc-title\" style=\"cursor:inherit\">Table of Contents<\/p>\n<label for=\"ez-toc-cssicon-toggle-item-69f48c3d099d3\" class=\"ez-toc-cssicon-toggle-label\"><span class=\"\"><span class=\"eztoc-hide\" style=\"display:none;\">Toggle<\/span><span class=\"ez-toc-icon-toggle-span\"><svg style=\"fill: #999;color:#999\" xmlns=\"http:\/\/www.w3.org\/2000\/svg\" class=\"list-377408\" width=\"20px\" height=\"20px\" viewBox=\"0 0 24 24\" fill=\"none\"><path d=\"M6 6H4v2h2V6zm14 0H8v2h12V6zM4 11h2v2H4v-2zm16 0H8v2h12v-2zM4 16h2v2H4v-2zm16 0H8v2h12v-2z\" fill=\"currentColor\"><\/path><\/svg><svg style=\"fill: #999;color:#999\" class=\"arrow-unsorted-368013\" xmlns=\"http:\/\/www.w3.org\/2000\/svg\" width=\"10px\" height=\"10px\" viewBox=\"0 0 24 24\" version=\"1.2\" baseProfile=\"tiny\"><path d=\"M18.2 9.3l-6.2-6.3-6.2 6.3c-.2.2-.3.4-.3.7s.1.5.3.7c.2.2.4.3.7.3h11c.3 0 .5-.1.7-.3.2-.2.3-.5.3-.7s-.1-.5-.3-.7zM5.8 14.7l6.2 6.3 6.2-6.3c.2-.2.3-.5.3-.7s-.1-.5-.3-.7c-.2-.2-.4-.3-.7-.3h-11c-.3 0-.5.1-.7.3-.2.2-.3.5-.3.7s.1.5.3.7z\"\/><\/svg><\/span><\/span><\/label><input type=\"checkbox\"  id=\"ez-toc-cssicon-toggle-item-69f48c3d099d3\"  aria-label=\"Toggle\" \/><nav><ul class='ez-toc-list ez-toc-list-level-1 ' ><li class='ez-toc-page-1 ez-toc-heading-level-2'><a class=\"ez-toc-link ez-toc-heading-1\" href=\"https:\/\/centrevaldeloirebasketballpatrimoine.org\/index.php\/les-arbitres-nationaux-du-37\/#Michel_Astie\" >Michel Asti\u00e9<\/a><\/li><li class='ez-toc-page-1 ez-toc-heading-level-2'><a class=\"ez-toc-link ez-toc-heading-2\" href=\"https:\/\/centrevaldeloirebasketballpatrimoine.org\/index.php\/les-arbitres-nationaux-du-37\/#Fabrice_Blachier\" >Fabrice Blachier<\/a><\/li><li class='ez-toc-page-1 ez-toc-heading-level-2'><a class=\"ez-toc-link ez-toc-heading-3\" href=\"https:\/\/centrevaldeloirebasketballpatrimoine.org\/index.php\/les-arbitres-nationaux-du-37\/#Frederic_Laplace\" >Fr\u00e9d\u00e9ric Laplace<\/a><\/li><li class='ez-toc-page-1 ez-toc-heading-level-2'><a class=\"ez-toc-link ez-toc-heading-4\" href=\"https:\/\/centrevaldeloirebasketballpatrimoine.org\/index.php\/les-arbitres-nationaux-du-37\/#Alain_Goalic\" >Alain Goalic<\/a><\/li><li class='ez-toc-page-1 ez-toc-heading-level-2'><a class=\"ez-toc-link ez-toc-heading-5\" href=\"https:\/\/centrevaldeloirebasketballpatrimoine.org\/index.php\/les-arbitres-nationaux-du-37\/#Alain_Henault\" >Alain H\u00e9nault<\/a><\/li><li class='ez-toc-page-1 ez-toc-heading-level-2'><a class=\"ez-toc-link ez-toc-heading-6\" href=\"https:\/\/centrevaldeloirebasketballpatrimoine.org\/index.php\/les-arbitres-nationaux-du-37\/#Bernard_Sabourin\" >Bernard Sabourin<\/a><\/li><li class='ez-toc-page-1 ez-toc-heading-level-2'><a class=\"ez-toc-link ez-toc-heading-7\" href=\"https:\/\/centrevaldeloirebasketballpatrimoine.org\/index.php\/les-arbitres-nationaux-du-37\/#Jacqueline_Varennes\" >Jacqueline Varennes<\/a><\/li><li class='ez-toc-page-1 ez-toc-heading-level-2'><a class=\"ez-toc-link ez-toc-heading-8\" href=\"https:\/\/centrevaldeloirebasketballpatrimoine.org\/index.php\/les-arbitres-nationaux-du-37\/#Pascal_Varey\" >Pascal Varey<\/a><\/li><\/ul><\/nav><\/div>\n<h2 class=\"wp-block-heading has-text-align-center\"><span class=\"ez-toc-section\" id=\"Michel_Astie\"><\/span>Michel Asti\u00e9<span class=\"ez-toc-section-end\"><\/span><\/h2>\n\n\n<div class=\"wp-block-image\">\n<figure class=\"aligncenter size-full\"><img decoding=\"async\" width=\"130\" height=\"122\" data-src=\"https:\/\/centrevaldeloirebasketballpatrimoine.org\/wp-content\/uploads\/2022\/05\/1000-Michel-Astie.jpg\" alt=\"\" class=\"wp-image-28527 lazyload\" src=\"data:image\/gif;base64,R0lGODlhAQABAAAAACH5BAEKAAEALAAAAAABAAEAAAICTAEAOw==\" style=\"--smush-placeholder-width: 130px; --smush-placeholder-aspect-ratio: 130\/122;\" \/><figcaption class=\"wp-element-caption\"><em><strong>Michel Asti\u00e9<\/strong><\/em><\/figcaption><\/figure>\n<\/div>\n\n\n<p class=\"has-text-align-center\"><strong><em>En attente de documents<\/em><\/strong><\/p>\n\n\n\n<h2 class=\"wp-block-heading has-text-align-center\"><span class=\"ez-toc-section\" id=\"Fabrice_Blachier\"><\/span>Fabrice Blachier<span class=\"ez-toc-section-end\"><\/span><\/h2>\n\n\n<div class=\"wp-block-image\">\n<figure class=\"aligncenter size-large is-resized\"><img decoding=\"async\" width=\"1024\" height=\"619\" data-src=\"https:\/\/centrevaldeloirebasketballpatrimoine.org\/wp-content\/uploads\/2022\/08\/Blachier-4-1024x619.jpg\" alt=\"\" class=\"wp-image-33841 lazyload\" style=\"--smush-placeholder-width: 1024px; --smush-placeholder-aspect-ratio: 1024\/619;width:155px;height:93px\" data-srcset=\"https:\/\/centrevaldeloirebasketballpatrimoine.org\/wp-content\/uploads\/2022\/08\/Blachier-4-1024x619.jpg 1024w, https:\/\/centrevaldeloirebasketballpatrimoine.org\/wp-content\/uploads\/2022\/08\/Blachier-4-300x181.jpg 300w, https:\/\/centrevaldeloirebasketballpatrimoine.org\/wp-content\/uploads\/2022\/08\/Blachier-4-768x464.jpg 768w, https:\/\/centrevaldeloirebasketballpatrimoine.org\/wp-content\/uploads\/2022\/08\/Blachier-4.jpg 1191w\" data-sizes=\"(max-width: 1024px) 100vw, 1024px\" src=\"data:image\/gif;base64,R0lGODlhAQABAAAAACH5BAEKAAEALAAAAAABAAEAAAICTAEAOw==\" \/><figcaption class=\"wp-element-caption\"><strong><em>Fabrice Blachier<\/em><\/strong><\/figcaption><\/figure>\n<\/div>\n\n\n<p>Joueur :<\/p>\n\n\n\n<p>Fabrice Blachier d\u00e9bute le Basket \u00e0 9 ans dans son club de quartier Beaujardin Raspail (PLBR 37).<\/p>\n\n\n\n<p>Il joue dans les cat\u00e9gories Poussins, Benjamins, Minimes et Cadets de 1971 \u00e0 1978.<\/p>\n\n\n<div class=\"wp-block-image\">\n<figure class=\"aligncenter size-large is-resized\"><img decoding=\"async\" width=\"1024\" height=\"723\" data-src=\"https:\/\/centrevaldeloirebasketballpatrimoine.org\/wp-content\/uploads\/2022\/08\/Blachier-2-1024x723.jpg\" alt=\"\" class=\"wp-image-33842 lazyload\" style=\"--smush-placeholder-width: 1024px; --smush-placeholder-aspect-ratio: 1024\/723;width:437px;height:309px\" data-srcset=\"https:\/\/centrevaldeloirebasketballpatrimoine.org\/wp-content\/uploads\/2022\/08\/Blachier-2-1024x723.jpg 1024w, https:\/\/centrevaldeloirebasketballpatrimoine.org\/wp-content\/uploads\/2022\/08\/Blachier-2-300x212.jpg 300w, https:\/\/centrevaldeloirebasketballpatrimoine.org\/wp-content\/uploads\/2022\/08\/Blachier-2-768x542.jpg 768w, https:\/\/centrevaldeloirebasketballpatrimoine.org\/wp-content\/uploads\/2022\/08\/Blachier-2.jpg 1040w\" data-sizes=\"(max-width: 1024px) 100vw, 1024px\" src=\"data:image\/gif;base64,R0lGODlhAQABAAAAACH5BAEKAAEALAAAAAABAAEAAAICTAEAOw==\" \/><figcaption class=\"wp-element-caption\"><strong><em>N\u00b0 6 : Fabrice Blachier<\/em><\/strong><\/figcaption><\/figure>\n<\/div>\n\n\n<p>En 1993, il rejoue ensuite en Seniors dans le club de La Ville aux Dames au niveau d\u00e9partemental pendant 3 ans.<\/p>\n\n\n\n<p>Entra\u00eeneur :<\/p>\n\n\n\n<p>En 1979\/1980, licenci\u00e9 \u00e0 Jou\u00e9 les Tours, il entraine durant deux ann\u00e9e, les Benjamins du club.<\/p>\n\n\n\n<p>A partir de 1994, il s&rsquo;occupe de l&rsquo;\u00e9cole de Mini-Basket de La Ville aux Dames jusqu&rsquo;en 2000.<\/p>\n\n\n<div class=\"wp-block-image\">\n<figure class=\"aligncenter size-full is-resized\"><img decoding=\"async\" width=\"768\" height=\"769\" data-src=\"https:\/\/centrevaldeloirebasketballpatrimoine.org\/wp-content\/uploads\/2022\/08\/Blachier-3.jpg\" alt=\"\" class=\"wp-image-33848 lazyload\" style=\"--smush-placeholder-width: 768px; --smush-placeholder-aspect-ratio: 768\/769;width:435px;height:436px\" data-srcset=\"https:\/\/centrevaldeloirebasketballpatrimoine.org\/wp-content\/uploads\/2022\/08\/Blachier-3.jpg 768w, https:\/\/centrevaldeloirebasketballpatrimoine.org\/wp-content\/uploads\/2022\/08\/Blachier-3-300x300.jpg 300w, https:\/\/centrevaldeloirebasketballpatrimoine.org\/wp-content\/uploads\/2022\/08\/Blachier-3-150x150.jpg 150w\" data-sizes=\"(max-width: 768px) 100vw, 768px\" src=\"data:image\/gif;base64,R0lGODlhAQABAAAAACH5BAEKAAEALAAAAAABAAEAAAICTAEAOw==\" \/><figcaption class=\"wp-element-caption\"><strong><em>Fabrice: entraineur passionn\u00e9 !<\/em><\/strong><\/figcaption><\/figure>\n<\/div>\n\n\n<p>Arbitre : <\/p>\n\n\n\n<p>Il commence \u00e0 arbitrer r\u00e9guli\u00e8rement  dans le club du PL Beaujardin Raspail \u00e0 partir de 1976 sous la houlette de Bernard Edelin arbitre f\u00e9d\u00e9ral.<\/p>\n\n\n<div class=\"wp-block-image\">\n<figure class=\"aligncenter size-full is-resized\"><img decoding=\"async\" width=\"835\" height=\"556\" data-src=\"https:\/\/centrevaldeloirebasketballpatrimoine.org\/wp-content\/uploads\/2022\/08\/Blachier-1.jpg\" alt=\"\" class=\"wp-image-33847 lazyload\" style=\"--smush-placeholder-width: 835px; --smush-placeholder-aspect-ratio: 835\/556;width:441px;height:293px\" data-srcset=\"https:\/\/centrevaldeloirebasketballpatrimoine.org\/wp-content\/uploads\/2022\/08\/Blachier-1.jpg 835w, https:\/\/centrevaldeloirebasketballpatrimoine.org\/wp-content\/uploads\/2022\/08\/Blachier-1-300x200.jpg 300w, https:\/\/centrevaldeloirebasketballpatrimoine.org\/wp-content\/uploads\/2022\/08\/Blachier-1-768x511.jpg 768w\" data-sizes=\"(max-width: 835px) 100vw, 835px\" src=\"data:image\/gif;base64,R0lGODlhAQABAAAAACH5BAEKAAEALAAAAAABAAEAAAICTAEAOw==\" \/><figcaption class=\"wp-element-caption\"><strong><em>Fabrice Blachier d\u00e9bute dans l&rsquo;arbitrage au tournoi de Berthenay<\/em><\/strong><\/figcaption><\/figure>\n<\/div>\n\n\n<p class=\"has-text-align-center\"><\/p>\n\n\n\n<p>En 1978, il devient arbitre d\u00e9partemental<\/p>\n\n\n<div class=\"wp-block-image\">\n<figure class=\"aligncenter size-full is-resized\"><img decoding=\"async\" width=\"196\" height=\"215\" data-src=\"https:\/\/centrevaldeloirebasketballpatrimoine.org\/wp-content\/uploads\/2022\/08\/100-ecusson-departemental.jpg\" alt=\"\" class=\"wp-image-33843 lazyload\" style=\"--smush-placeholder-width: 196px; --smush-placeholder-aspect-ratio: 196\/215;width:81px;height:89px\" src=\"data:image\/gif;base64,R0lGODlhAQABAAAAACH5BAEKAAEALAAAAAABAAEAAAICTAEAOw==\" \/><\/figure>\n<\/div>\n\n\n<p>Durant la m\u00eame ann\u00e9e il r\u00e9ussit l&rsquo;examen d&rsquo;arbitre r\u00e9gional sous la Pr\u00e9sidence de Jean-Claude Bois. <\/p>\n\n\n<div class=\"wp-block-image\">\n<figure class=\"aligncenter size-full is-resized\"><img decoding=\"async\" width=\"208\" height=\"207\" data-src=\"https:\/\/centrevaldeloirebasketballpatrimoine.org\/wp-content\/uploads\/2022\/08\/101-ecusson-regional.jpg\" alt=\"\" class=\"wp-image-33844 lazyload\" style=\"--smush-placeholder-width: 208px; --smush-placeholder-aspect-ratio: 208\/207;width:90px;height:89px\" data-srcset=\"https:\/\/centrevaldeloirebasketballpatrimoine.org\/wp-content\/uploads\/2022\/08\/101-ecusson-regional.jpg 208w, https:\/\/centrevaldeloirebasketballpatrimoine.org\/wp-content\/uploads\/2022\/08\/101-ecusson-regional-150x150.jpg 150w\" data-sizes=\"(max-width: 208px) 100vw, 208px\" src=\"data:image\/gif;base64,R0lGODlhAQABAAAAACH5BAEKAAEALAAAAAABAAEAAAICTAEAOw==\" \/><\/figure>\n<\/div>\n\n\n<p>En 1979, il passe l&rsquo;examen d&rsquo;arbitre inter-r\u00e9gional  et officie en NM3 et NF2.<\/p>\n\n\n<div class=\"wp-block-image\">\n<figure class=\"aligncenter size-full is-resized\"><img decoding=\"async\" width=\"235\" height=\"239\" data-src=\"https:\/\/centrevaldeloirebasketballpatrimoine.org\/wp-content\/uploads\/2022\/08\/102-Arbitre-inter-regional.jpg\" alt=\"\" class=\"wp-image-33845 lazyload\" style=\"--smush-placeholder-width: 235px; --smush-placeholder-aspect-ratio: 235\/239;width:83px;height:84px\" src=\"data:image\/gif;base64,R0lGODlhAQABAAAAACH5BAEKAAEALAAAAAABAAEAAAICTAEAOw==\" \/><\/figure>\n<\/div>\n\n\n<p>Il arbitre son premier match \u00e0 Paris (au PUC)  avec Claude Duchartre.<\/p>\n\n\n\n<p>En 1978, il passe l&rsquo;examen d&rsquo;arbitre f\u00e9d\u00e9ral  et participe durant 3 ans aux stages de d\u00e9tection des arbitres fili\u00e8re Haut Niveau.<\/p>\n\n\n<div class=\"wp-block-image\">\n<figure class=\"aligncenter size-full is-resized\"><img decoding=\"async\" width=\"216\" height=\"230\" data-src=\"https:\/\/centrevaldeloirebasketballpatrimoine.org\/wp-content\/uploads\/2022\/08\/103-Arbitre-federal.jpg\" alt=\"\" class=\"wp-image-33846 lazyload\" style=\"--smush-placeholder-width: 216px; --smush-placeholder-aspect-ratio: 216\/230;width:80px;height:85px\" src=\"data:image\/gif;base64,R0lGODlhAQABAAAAACH5BAEKAAEALAAAAAABAAEAAAICTAEAOw==\" \/><\/figure>\n<\/div>\n\n\n<p>En 1981, il effectue son service militaire \u00e0 Olivet (45). Il officie r\u00e9guli\u00e8rement sur les matches de pr\u00e9paration de l&rsquo;\u00e9quipe de France militaire dirig\u00e9e \u00e0 l&rsquo;\u00e9poque par Jean-Paul Rebatet et \u00e9galement en Championnat de France.<\/p>\n\n\n\n<p>A partir de 1983, il s&rsquo;installe \u00e0 Paris et fr\u00e9quente les dirigeants du PUC. Il arbitre beaucoup sur Paris.<\/p>\n\n\n\n<p>En 1985, il int\u00e8gre la fili\u00e8re Haut Niveau et arbitre en Ligue F\u00e9minine et en NM2 de l&rsquo;\u00e9poque (NM1) en tant que 1er arbitre jusqu&rsquo;en 1991.<\/p>\n\n\n\n<p>En 1986, il se licencie \u00e0 Chatou Poissy et fait connaissance avec Alain Weiss crois\u00e9 pr\u00e9c\u00e9demment au PUC en 1983.<\/p>\n\n\n\n<p>Il dirigera les matches de pr\u00e9paration de l&rsquo;\u00e9quipe 1.<\/p>\n\n\n\n<p>En 1991, il arr\u00eate l&rsquo;arbitrage pour se consacrer \u00e0 l&rsquo;\u00e9ducation de ses enfants n\u00e9s en 1990 et 1991.<\/p>\n\n\n\n<p>En 2000, il reprend l&rsquo;arbitrage au niveau r\u00e9gional et en Championnat de France Jeunes. <\/p>\n\n\n\n<p>Il commence \u00e0 prendre des responsabilit\u00e9s en tant que dirigeant de club (La Ville aux Dames, Pr\u00e9sident de 2003 \u00e0 2008) et en tant qu&rsquo;\u00e9lu \u00e0 la Ligue du Centre Val de Loire. <\/p>\n\n\n\n<hr class=\"wp-block-separator has-css-opacity\"\/>\n\n\n\n<h2 class=\"wp-block-heading has-text-align-center\"><span class=\"ez-toc-section\" id=\"Frederic_Laplace\"><\/span>Fr\u00e9d\u00e9ric Laplace<span class=\"ez-toc-section-end\"><\/span><\/h2>\n\n\n<div class=\"wp-block-image\">\n<figure class=\"aligncenter size-full is-resized\"><img decoding=\"async\" width=\"404\" height=\"659\" data-src=\"https:\/\/centrevaldeloirebasketballpatrimoine.org\/wp-content\/uploads\/2025\/03\/Capture2.jpg\" alt=\"\" class=\"wp-image-70138 lazyload\" style=\"--smush-placeholder-width: 404px; --smush-placeholder-aspect-ratio: 404\/659;width:160px;height:auto\" data-srcset=\"https:\/\/centrevaldeloirebasketballpatrimoine.org\/wp-content\/uploads\/2025\/03\/Capture2.jpg 404w, https:\/\/centrevaldeloirebasketballpatrimoine.org\/wp-content\/uploads\/2025\/03\/Capture2-184x300.jpg 184w\" data-sizes=\"(max-width: 404px) 100vw, 404px\" src=\"data:image\/gif;base64,R0lGODlhAQABAAAAACH5BAEKAAEALAAAAAABAAEAAAICTAEAOw==\" \/><\/figure>\n<\/div>\n\n\n<p><strong><em>Joueur<\/em><\/strong><\/p>\n\n\n\n<p>Il d\u00e9bute le Basket en 1978 \u00e0 l&rsquo;Etoile Sportive de la Ville aux Dames o\u00f9 il sera licenci\u00e9 jusqu&rsquo;en 1996.<\/p>\n\n\n\n<p>Durant cette p\u00e9riode, il jouera en RM2 et en RM3.<\/p>\n\n\n\n<p>Durant la saison 1985-86, il int\u00e9grera la section sport \u00e9tude de Vouvray avec \u00e0 sa t\u00eate Michel Bergeron.<\/p>\n\n\n\n<p>En 1996, il part s&rsquo;installer \u00e0 Nice.<\/p>\n\n\n\n<p><strong><em>Arbitre<\/em><\/strong><\/p>\n\n\n\n<p>Il d\u00e9bute l&rsquo;arbitrage en Septembre 1987 lors d&rsquo;un stage de d\u00e9but de saison \u00e0 St Avertin dirig\u00e9 par Michel Varey.<\/p>\n\n\n\n<p>Il passe rapidement les diff\u00e9rents \u00e9chelons :<\/p>\n\n\n<div class=\"wp-block-image\">\n<figure class=\"alignleft size-full is-resized\"><img decoding=\"async\" width=\"208\" height=\"207\" data-src=\"https:\/\/centrevaldeloirebasketballpatrimoine.org\/wp-content\/uploads\/2025\/03\/101-ecusson-regional.jpg\" alt=\"\" class=\"wp-image-70140 lazyload\" style=\"--smush-placeholder-width: 208px; --smush-placeholder-aspect-ratio: 208\/207;width:76px;height:auto\" data-srcset=\"https:\/\/centrevaldeloirebasketballpatrimoine.org\/wp-content\/uploads\/2025\/03\/101-ecusson-regional.jpg 208w, https:\/\/centrevaldeloirebasketballpatrimoine.org\/wp-content\/uploads\/2025\/03\/101-ecusson-regional-150x150.jpg 150w\" data-sizes=\"(max-width: 208px) 100vw, 208px\" src=\"data:image\/gif;base64,R0lGODlhAQABAAAAACH5BAEKAAEALAAAAAABAAEAAAICTAEAOw==\" \/><\/figure>\n<\/div>\n\n\n<p><\/p>\n\n\n\n<p class=\"has-text-align-left\"><strong>1988<\/strong> R\u00e9gional<\/p>\n\n\n<div class=\"wp-block-image\">\n<figure class=\"alignleft size-full is-resized\"><img decoding=\"async\" width=\"235\" height=\"239\" data-src=\"https:\/\/centrevaldeloirebasketballpatrimoine.org\/wp-content\/uploads\/2025\/03\/102-Arbitre-inter-regional.jpg\" alt=\"\" class=\"wp-image-70141 lazyload\" style=\"--smush-placeholder-width: 235px; --smush-placeholder-aspect-ratio: 235\/239;width:69px;height:auto\" src=\"data:image\/gif;base64,R0lGODlhAQABAAAAACH5BAEKAAEALAAAAAABAAEAAAICTAEAOw==\" \/><\/figure>\n<\/div>\n\n\n<p><\/p>\n\n\n\n<p><strong>1989<\/strong> Interr\u00e9gional<\/p>\n\n\n<div class=\"wp-block-image\">\n<figure class=\"alignleft size-full is-resized\"><img decoding=\"async\" width=\"216\" height=\"230\" data-src=\"https:\/\/centrevaldeloirebasketballpatrimoine.org\/wp-content\/uploads\/2025\/03\/103-Arbitre-federal.jpg\" alt=\"\" class=\"wp-image-70142 lazyload\" style=\"--smush-placeholder-width: 216px; --smush-placeholder-aspect-ratio: 216\/230;width:69px;height:auto\" src=\"data:image\/gif;base64,R0lGODlhAQABAAAAACH5BAEKAAEALAAAAAABAAEAAAICTAEAOw==\" \/><\/figure>\n<\/div>\n\n\n<p><\/p>\n\n\n\n<p><strong>1990<\/strong> F\u00e9d\u00e9ral<\/p>\n\n\n\n<p>Il aura l&rsquo;occasion durant cette progression de c\u00f4toyer bon nombre d&rsquo;arbitres chevronn\u00e9s:<\/p>\n\n\n\n<p>Michel Varey et Pierrot Monnier au niveau d\u00e9partemental, Liliane March\u00e9 (sa m\u00e8re spirituelle durant les stages) et Jacky Ravier au niveau r\u00e9gional et f\u00e9d\u00e9ral.<\/p>\n\n\n\n<p><strong>En 1991<\/strong>, il officie en NM2 et NM1.<\/p>\n\n\n\n<p><strong>En 1996<\/strong>, premier match de PRO B \u00e0 Brest.<\/p>\n\n\n\n<p><strong>En 2000<\/strong>, premier match de PRO A \u00e0 Montpellier avec Pierre-Yves Bichon.<\/p>\n\n\n\n<p>Il dirigera les rencontres de PRO A durant 11 saisons.<\/p>\n\n\n\n<p>Il aura l&rsquo;honneur d&rsquo;arbitrer le All Stars Game \u00e0 Antibes avec Philippe Manass\u00e9ro.<\/p>\n\n\n<div class=\"wp-block-image\">\n<figure class=\"aligncenter size-full is-resized\"><img decoding=\"async\" width=\"459\" height=\"337\" data-src=\"https:\/\/centrevaldeloirebasketballpatrimoine.org\/wp-content\/uploads\/2025\/03\/Capture4.jpg\" alt=\"\" class=\"wp-image-70143 lazyload\" style=\"--smush-placeholder-width: 459px; --smush-placeholder-aspect-ratio: 459\/337;width:425px;height:auto\" data-srcset=\"https:\/\/centrevaldeloirebasketballpatrimoine.org\/wp-content\/uploads\/2025\/03\/Capture4.jpg 459w, https:\/\/centrevaldeloirebasketballpatrimoine.org\/wp-content\/uploads\/2025\/03\/Capture4-300x220.jpg 300w, https:\/\/centrevaldeloirebasketballpatrimoine.org\/wp-content\/uploads\/2025\/03\/Capture4-80x60.jpg 80w\" data-sizes=\"(max-width: 459px) 100vw, 459px\" src=\"data:image\/gif;base64,R0lGODlhAQABAAAAACH5BAEKAAEALAAAAAABAAEAAAICTAEAOw==\" \/><\/figure>\n<\/div>\n\n<div class=\"wp-block-image\">\n<figure class=\"aligncenter size-full is-resized\"><img decoding=\"async\" width=\"341\" height=\"418\" data-src=\"https:\/\/centrevaldeloirebasketballpatrimoine.org\/wp-content\/uploads\/2025\/03\/Capture5.jpg\" alt=\"\" class=\"wp-image-70144 lazyload\" style=\"--smush-placeholder-width: 341px; --smush-placeholder-aspect-ratio: 341\/418;width:337px;height:auto\" data-srcset=\"https:\/\/centrevaldeloirebasketballpatrimoine.org\/wp-content\/uploads\/2025\/03\/Capture5.jpg 341w, https:\/\/centrevaldeloirebasketballpatrimoine.org\/wp-content\/uploads\/2025\/03\/Capture5-245x300.jpg 245w\" data-sizes=\"(max-width: 341px) 100vw, 341px\" src=\"data:image\/gif;base64,R0lGODlhAQABAAAAACH5BAEKAAEALAAAAAABAAEAAAICTAEAOw==\" \/><\/figure>\n<\/div>\n\n<div class=\"wp-block-image\">\n<figure class=\"aligncenter size-full is-resized\"><img decoding=\"async\" width=\"477\" height=\"485\" data-src=\"https:\/\/centrevaldeloirebasketballpatrimoine.org\/wp-content\/uploads\/2025\/03\/Capture6.jpg\" alt=\"\" class=\"wp-image-70151 lazyload\" style=\"--smush-placeholder-width: 477px; --smush-placeholder-aspect-ratio: 477\/485;width:309px;height:auto\" data-srcset=\"https:\/\/centrevaldeloirebasketballpatrimoine.org\/wp-content\/uploads\/2025\/03\/Capture6.jpg 477w, https:\/\/centrevaldeloirebasketballpatrimoine.org\/wp-content\/uploads\/2025\/03\/Capture6-295x300.jpg 295w\" data-sizes=\"(max-width: 477px) 100vw, 477px\" src=\"data:image\/gif;base64,R0lGODlhAQABAAAAACH5BAEKAAEALAAAAAABAAEAAAICTAEAOw==\" \/><\/figure>\n<\/div>\n\n\n<p>Il f\u00fbt nomm\u00e9 responsable des arbitres de la zone Sud Est pendant plusieurs saisons et pr\u00e9sident de l&rsquo;UNAB (Union Nationale des Arbitres de Basket) durant la saison 2009-2010.<\/p>\n\n\n\n<p><strong><em>International<\/em><\/strong><\/p>\n\n\n\n<p><strong>En 2006<\/strong>, il f\u00fbt missionn\u00e9 par la F\u00e9d\u00e9ration avec Bertrand Machabert  pour arbitrer les finales nationales au Liban.<\/p>\n\n\n\n<p>Il arbitrera \u00e9galement les finales internationales \u00ab\u00a0Cadets\u00a0\u00bb en Espagne avec un certain Ricky Rubio.<\/p>\n\n\n\n<p>Il f\u00fbt nomm\u00e9 arbitre <strong><em>International Cheminot <\/em><\/strong>: Union Sportive Internationale Cheminote<\/p>\n\n\n<div class=\"wp-block-image\">\n<figure class=\"alignleft size-full is-resized\"><img decoding=\"async\" width=\"428\" height=\"482\" data-src=\"https:\/\/centrevaldeloirebasketballpatrimoine.org\/wp-content\/uploads\/2025\/03\/Capture-29.jpg\" alt=\"\" class=\"wp-image-70147 lazyload\" style=\"--smush-placeholder-width: 428px; --smush-placeholder-aspect-ratio: 428\/482;width:81px;height:auto\" data-srcset=\"https:\/\/centrevaldeloirebasketballpatrimoine.org\/wp-content\/uploads\/2025\/03\/Capture-29.jpg 428w, https:\/\/centrevaldeloirebasketballpatrimoine.org\/wp-content\/uploads\/2025\/03\/Capture-29-266x300.jpg 266w\" data-sizes=\"(max-width: 428px) 100vw, 428px\" src=\"data:image\/gif;base64,R0lGODlhAQABAAAAACH5BAEKAAEALAAAAAABAAEAAAICTAEAOw==\" \/><\/figure>\n<\/div>\n\n\n<p><\/p>\n\n\n\n<p><\/p>\n\n\n\n<p>A ce titre,<strong> en 1999<\/strong>, il officiera lors d&rsquo;un Championnat international cheminot \u00e0 Budapest (Hongrie) et dirigera la finale Russie-Hongrie.<\/p>\n\n\n\n<p>La s\u00e9lection fran\u00e7aise terminera 4\u00e8me.<\/p>\n\n\n\n<p><strong><em>En 2003<\/em><\/strong>, il officiera de nouveau lors d&rsquo;un Championnat international cheminot \u00e0 St P\u00e9tersbourg (Russie) et dirigera la finale Russie-Inde.<\/p>\n\n\n\n<p>La s\u00e9lection fran\u00e7aise terminera 3\u00e8me.<\/p>\n\n\n<div class=\"wp-block-image\">\n<figure class=\"aligncenter size-full is-resized\"><img decoding=\"async\" width=\"491\" height=\"511\" data-src=\"https:\/\/centrevaldeloirebasketballpatrimoine.org\/wp-content\/uploads\/2025\/03\/Capture1-1.jpg\" alt=\"\" class=\"wp-image-70148 lazyload\" style=\"--smush-placeholder-width: 491px; --smush-placeholder-aspect-ratio: 491\/511;width:341px;height:auto\" data-srcset=\"https:\/\/centrevaldeloirebasketballpatrimoine.org\/wp-content\/uploads\/2025\/03\/Capture1-1.jpg 491w, https:\/\/centrevaldeloirebasketballpatrimoine.org\/wp-content\/uploads\/2025\/03\/Capture1-1-288x300.jpg 288w\" data-sizes=\"(max-width: 491px) 100vw, 491px\" src=\"data:image\/gif;base64,R0lGODlhAQABAAAAACH5BAEKAAEALAAAAAABAAEAAAICTAEAOw==\" \/><\/figure>\n<\/div>\n\n\n<p class=\"has-text-align-center\"><strong><em>Fr\u00e9d\u00e9ric Laplace et ses gardes du corps&#8230;<\/em><\/strong><\/p>\n\n\n<div class=\"wp-block-image\">\n<figure class=\"aligncenter size-full is-resized\"><img decoding=\"async\" width=\"506\" height=\"741\" data-src=\"https:\/\/centrevaldeloirebasketballpatrimoine.org\/wp-content\/uploads\/2025\/03\/Capture3.jpg\" alt=\"\" class=\"wp-image-70149 lazyload\" style=\"--smush-placeholder-width: 506px; --smush-placeholder-aspect-ratio: 506\/741;width:342px;height:auto\" data-srcset=\"https:\/\/centrevaldeloirebasketballpatrimoine.org\/wp-content\/uploads\/2025\/03\/Capture3.jpg 506w, https:\/\/centrevaldeloirebasketballpatrimoine.org\/wp-content\/uploads\/2025\/03\/Capture3-205x300.jpg 205w\" data-sizes=\"(max-width: 506px) 100vw, 506px\" src=\"data:image\/gif;base64,R0lGODlhAQABAAAAACH5BAEKAAEALAAAAAABAAEAAAICTAEAOw==\" \/><\/figure>\n<\/div>\n\n\n<p class=\"has-text-align-center\"><strong><em>Fr\u00e9d\u00e9ric Laplace accompagn\u00e9 d&rsquo;un joueur Indien de 2m20<\/em><\/strong><\/p>\n\n\n<div class=\"wp-block-image\">\n<figure class=\"aligncenter size-full is-resized\"><img decoding=\"async\" width=\"653\" height=\"460\" data-src=\"https:\/\/centrevaldeloirebasketballpatrimoine.org\/wp-content\/uploads\/2025\/03\/Capture7.jpg\" alt=\"\" class=\"wp-image-70150 lazyload\" style=\"--smush-placeholder-width: 653px; --smush-placeholder-aspect-ratio: 653\/460;width:421px;height:auto\" data-srcset=\"https:\/\/centrevaldeloirebasketballpatrimoine.org\/wp-content\/uploads\/2025\/03\/Capture7.jpg 653w, https:\/\/centrevaldeloirebasketballpatrimoine.org\/wp-content\/uploads\/2025\/03\/Capture7-300x211.jpg 300w\" data-sizes=\"(max-width: 653px) 100vw, 653px\" src=\"data:image\/gif;base64,R0lGODlhAQABAAAAACH5BAEKAAEALAAAAAABAAEAAAICTAEAOw==\" \/><\/figure>\n<\/div>\n\n\n<p class=\"has-text-align-center\"><strong><em>Equipe de France Cheminote<\/em><\/strong><\/p>\n\n\n\n<p><strong>En 1996, <\/strong>parall\u00e8lement \u00e0 l&rsquo;arbitrage, Fr\u00e9d\u00e9ric Laplace commen\u00e7a \u00e0 Nice une carri\u00e8re d&rsquo;agent de conduite \u00e0 la SNCF.<\/p>\n\n\n\n<p><strong>En 2015<\/strong>, il arr\u00eata l&rsquo;arbitrage pour se consacrer \u00e0 sa carri\u00e8re de conducteur de TGV.<\/p>\n\n\n\n<hr class=\"wp-block-separator has-alpha-channel-opacity\"\/>\n\n\n\n<h2 class=\"wp-block-heading has-text-align-center\"><span class=\"ez-toc-section\" id=\"Alain_Goalic\"><\/span>Alain Goalic<span class=\"ez-toc-section-end\"><\/span><\/h2>\n\n\n<div class=\"wp-block-image\">\n<figure class=\"aligncenter size-full is-resized\"><img decoding=\"async\" width=\"135\" height=\"139\" data-src=\"https:\/\/centrevaldeloirebasketballpatrimoine.org\/wp-content\/uploads\/2022\/03\/Alain-Goalic.jpg\" alt=\"\" class=\"wp-image-27677 lazyload\" style=\"--smush-placeholder-width: 135px; --smush-placeholder-aspect-ratio: 135\/139;width:135px;height:139px\" src=\"data:image\/gif;base64,R0lGODlhAQABAAAAACH5BAEKAAEALAAAAAABAAEAAAICTAEAOw==\" \/><figcaption class=\"wp-element-caption\"><em><strong>Alain Goalic<\/strong><\/em><\/figcaption><\/figure>\n<\/div>\n\n<div class=\"wp-block-image\">\n<figure class=\"aligncenter size-large is-resized\"><img decoding=\"async\" width=\"1024\" height=\"895\" data-src=\"https:\/\/centrevaldeloirebasketballpatrimoine.org\/wp-content\/uploads\/2023\/12\/Scan13-12-1024x895.jpg\" alt=\"\" class=\"wp-image-47468 lazyload\" style=\"--smush-placeholder-width: 1024px; --smush-placeholder-aspect-ratio: 1024\/895;width:360px;height:auto\" data-srcset=\"https:\/\/centrevaldeloirebasketballpatrimoine.org\/wp-content\/uploads\/2023\/12\/Scan13-12-1024x895.jpg 1024w, https:\/\/centrevaldeloirebasketballpatrimoine.org\/wp-content\/uploads\/2023\/12\/Scan13-12-300x262.jpg 300w, https:\/\/centrevaldeloirebasketballpatrimoine.org\/wp-content\/uploads\/2023\/12\/Scan13-12-768x671.jpg 768w, https:\/\/centrevaldeloirebasketballpatrimoine.org\/wp-content\/uploads\/2023\/12\/Scan13-12.jpg 1134w\" data-sizes=\"(max-width: 1024px) 100vw, 1024px\" src=\"data:image\/gif;base64,R0lGODlhAQABAAAAACH5BAEKAAEALAAAAAABAAEAAAICTAEAOw==\" \/><\/figure>\n<\/div>\n\n\n<p class=\"has-text-align-center\"><em><strong>Sur la photo Alain Goalic lors de la rencontre US Ingr\u00e9-Dammarie les Lys en 1975<\/strong><\/em><\/p>\n\n\n\n<p><strong>Alain Goalic a offici\u00e9 pendant de nombreuses saisons en Nationale Masculine 2.<\/strong><\/p>\n\n\n\n<p class=\"has-text-align-center\"><em><strong>En attente de documents<\/strong><\/em><\/p>\n\n\n\n<hr class=\"wp-block-separator has-css-opacity\"\/>\n\n\n\n<h2 class=\"wp-block-heading has-text-align-center\" id=\"alain-henault\"><span class=\"ez-toc-section\" id=\"Alain_Henault\"><\/span>Alain H\u00e9nault<span class=\"ez-toc-section-end\"><\/span><\/h2>\n\n\n<div class=\"wp-block-image\">\n<figure class=\"aligncenter size-full\"><img decoding=\"async\" width=\"135\" height=\"142\" data-src=\"https:\/\/centrevaldeloirebasketballpatrimoine.org\/wp-content\/uploads\/2022\/02\/AH-1.jpg\" alt=\"\" class=\"wp-image-26522 lazyload\" src=\"data:image\/gif;base64,R0lGODlhAQABAAAAACH5BAEKAAEALAAAAAABAAEAAAICTAEAOw==\" style=\"--smush-placeholder-width: 135px; --smush-placeholder-aspect-ratio: 135\/142;\" \/><figcaption class=\"wp-element-caption\"><strong><em>Alain H\u00e9nault<\/em><\/strong><\/figcaption><\/figure>\n<\/div>\n\n\n<p>Alain H\u00e9nault d\u00e9bute le Basket comme joueur dans la premi\u00e8re \u00e9quipe du club qui vient d&rsquo;\u00eatre cr\u00e9\u00e9 en 1970, \u00e0 Saint Avertin (St Avertin Sport) par Monsieur DEPIERRE et son p\u00e8re Roland HENAULT.<\/p>\n\n\n\n<p>Les premiers entra\u00eenements se d\u00e9roulaient dans la cour de l&rsquo;\u00e9cole L\u00e9on BRULON puis dans le tout nouveau gymnase du m\u00eame nom.<\/p>\n\n\n\n<p>Plus tard, il a entra\u00een\u00e9 l&rsquo;\u00e9quipe senior filles de ce m\u00eame club.<\/p>\n\n\n\n<p>C&rsquo;est Monsieur ASTIE qui lui a donn\u00e9 go\u00fbt \u00e0 l&rsquo;arbitrage d\u00e8s l&rsquo;\u00e2ge de 14 ans. Les samedis apr\u00e8s-midi, il arbitrait les rencontres du championnat d\u00e9partemental benjamins.<\/p>\n\n\n\n<p>Rapidement, avec l&rsquo;aide des nombreux et talentueux arbitres nationaux et internationaux d&rsquo;Indre et Loire, avec qui il arbitrait le soir en semaine les rencontres des championnats corporatifs.<\/p>\n\n\n<div class=\"wp-block-image\">\n<figure class=\"aligncenter size-full is-resized\"><img decoding=\"async\" width=\"871\" height=\"595\" data-src=\"https:\/\/centrevaldeloirebasketballpatrimoine.org\/wp-content\/uploads\/2022\/05\/AH1.jpg\" alt=\"\" class=\"wp-image-28588 lazyload\" style=\"--smush-placeholder-width: 871px; --smush-placeholder-aspect-ratio: 871\/595;width:441px;height:300px\" data-srcset=\"https:\/\/centrevaldeloirebasketballpatrimoine.org\/wp-content\/uploads\/2022\/05\/AH1.jpg 871w, https:\/\/centrevaldeloirebasketballpatrimoine.org\/wp-content\/uploads\/2022\/05\/AH1-300x205.jpg 300w, https:\/\/centrevaldeloirebasketballpatrimoine.org\/wp-content\/uploads\/2022\/05\/AH1-768x525.jpg 768w\" data-sizes=\"(max-width: 871px) 100vw, 871px\" src=\"data:image\/gif;base64,R0lGODlhAQABAAAAACH5BAEKAAEALAAAAAABAAEAAAICTAEAOw==\" \/><figcaption class=\"wp-element-caption\"><strong><em>Max Mamie, Alain H\u00e9nault, Pierrot Monnier, Michel Varey<\/em><\/strong><\/figcaption><\/figure>\n<\/div>\n\n\n<p class=\"has-text-align-center\"><strong><em>Arbitre r\u00e9gional, <\/em><\/strong><\/p>\n\n\n<div class=\"wp-block-image\">\n<figure class=\"aligncenter size-full is-resized\"><img decoding=\"async\" width=\"208\" height=\"207\" data-src=\"https:\/\/centrevaldeloirebasketballpatrimoine.org\/wp-content\/uploads\/2022\/03\/2-ecusson-regional.jpg\" alt=\"\" class=\"wp-image-27877 lazyload\" style=\"--smush-placeholder-width: 208px; --smush-placeholder-aspect-ratio: 208\/207;width:144px;height:143px\" data-srcset=\"https:\/\/centrevaldeloirebasketballpatrimoine.org\/wp-content\/uploads\/2022\/03\/2-ecusson-regional.jpg 208w, https:\/\/centrevaldeloirebasketballpatrimoine.org\/wp-content\/uploads\/2022\/03\/2-ecusson-regional-150x150.jpg 150w\" data-sizes=\"(max-width: 208px) 100vw, 208px\" src=\"data:image\/gif;base64,R0lGODlhAQABAAAAACH5BAEKAAEALAAAAAABAAEAAAICTAEAOw==\" \/><\/figure>\n<\/div>\n\n\n<p class=\"has-text-align-center\">i<strong><em>nter-r\u00e9gional <\/em><\/strong><\/p>\n\n\n<div class=\"wp-block-image\">\n<figure class=\"aligncenter size-full is-resized\"><img decoding=\"async\" width=\"235\" height=\"239\" data-src=\"https:\/\/centrevaldeloirebasketballpatrimoine.org\/wp-content\/uploads\/2022\/03\/3Arbitre-inter-regional.jpg\" alt=\"\" class=\"wp-image-27878 lazyload\" style=\"--smush-placeholder-width: 235px; --smush-placeholder-aspect-ratio: 235\/239;width:141px;height:143px\" src=\"data:image\/gif;base64,R0lGODlhAQABAAAAACH5BAEKAAEALAAAAAABAAEAAAICTAEAOw==\" \/><\/figure>\n<\/div>\n\n\n<p class=\"has-text-align-center\"><strong><em>et f\u00e9d\u00e9ral,<\/em><\/strong> <\/p>\n\n\n<div class=\"wp-block-image\">\n<figure class=\"aligncenter size-full is-resized\"><img decoding=\"async\" width=\"216\" height=\"230\" data-src=\"https:\/\/centrevaldeloirebasketballpatrimoine.org\/wp-content\/uploads\/2022\/03\/4-Arbitre-federal.jpg\" alt=\"\" class=\"wp-image-27879 lazyload\" style=\"--smush-placeholder-width: 216px; --smush-placeholder-aspect-ratio: 216\/230;width:140px;height:149px\" src=\"data:image\/gif;base64,R0lGODlhAQABAAAAACH5BAEKAAEALAAAAAABAAEAAAICTAEAOw==\" \/><\/figure>\n<\/div>\n\n\n<p>il a dirig\u00e9 des rencontres du niveau r\u00e9gional et national.<\/p>\n\n\n\n<p>Lors de sa premi\u00e8re saison en championnat de France, il participe \u00e0 un stage national jeunes arbitres \u00e0 Vichy puis en fin de saison, au stage des arbitres de Nationale 2.<\/p>\n\n\n\n<p>L&rsquo;ann\u00e9e suivante, en 1976, \u00e0 Challans il officie avec Jacky RAVIER pour arbitrer son premier match en Nationale 1 (championnat \u00e9lite en France \u00e0 l&rsquo;\u00e9poque).<\/p>\n\n\n\n<p>Il n&rsquo;avait pas 20 ans et l&rsquo;entra\u00eeneur de l&rsquo;\u00e9quipe locale a fait jouer un espoir afin qu&rsquo; il ne soit pas le plus jeune sur le terrain !<\/p>\n\n\n\n<p>Le deuxi\u00e8me match \u00e0 ce niveau, 15 jours apr\u00e8s, il est d\u00e9sign\u00e9 \u00e0 Monaco avec Jean-Claude BOIS.<\/p>\n\n\n<div class=\"wp-block-image\">\n<figure class=\"aligncenter size-full is-resized\"><img decoding=\"async\" width=\"625\" height=\"868\" data-src=\"https:\/\/centrevaldeloirebasketballpatrimoine.org\/wp-content\/uploads\/2022\/05\/AH3.jpg\" alt=\"\" class=\"wp-image-28591 lazyload\" style=\"--smush-placeholder-width: 625px; --smush-placeholder-aspect-ratio: 625\/868;width:314px;height:436px\" data-srcset=\"https:\/\/centrevaldeloirebasketballpatrimoine.org\/wp-content\/uploads\/2022\/05\/AH3.jpg 625w, https:\/\/centrevaldeloirebasketballpatrimoine.org\/wp-content\/uploads\/2022\/05\/AH3-216x300.jpg 216w\" data-sizes=\"(max-width: 625px) 100vw, 625px\" src=\"data:image\/gif;base64,R0lGODlhAQABAAAAACH5BAEKAAEALAAAAAABAAEAAAICTAEAOw==\" \/><figcaption class=\"wp-element-caption\"><strong><em>Match Caen &#8211; Antibes<\/em><\/strong><\/figcaption><\/figure>\n<\/div>\n\n\n<p>Il a mis fin \u00e0 l&rsquo;arbitrage \u00e0 la fin de la saison 1987-1988.<\/p>\n\n\n\n<p>Il gardera beaucoup de souvenirs de cette p\u00e9riode, notamment les jeux internationaux scolaires \u00e0 J\u00e9rusalem en 1987 et de belles rencontres dans le championnat de France.<\/p>\n\n\n<div class=\"wp-block-image\">\n<figure class=\"aligncenter size-full is-resized\"><img decoding=\"async\" width=\"508\" height=\"865\" data-src=\"https:\/\/centrevaldeloirebasketballpatrimoine.org\/wp-content\/uploads\/2022\/05\/AH2-1.jpg\" alt=\"\" class=\"wp-image-28592 lazyload\" style=\"--smush-placeholder-width: 508px; --smush-placeholder-aspect-ratio: 508\/865;width:312px;height:531px\" data-srcset=\"https:\/\/centrevaldeloirebasketballpatrimoine.org\/wp-content\/uploads\/2022\/05\/AH2-1.jpg 508w, https:\/\/centrevaldeloirebasketballpatrimoine.org\/wp-content\/uploads\/2022\/05\/AH2-1-176x300.jpg 176w\" data-sizes=\"(max-width: 508px) 100vw, 508px\" src=\"data:image\/gif;base64,R0lGODlhAQABAAAAACH5BAEKAAEALAAAAAABAAEAAAICTAEAOw==\" \/><figcaption class=\"wp-element-caption\"><strong><em>Alain H\u00e9nault<\/em><\/strong><\/figcaption><\/figure>\n<\/div>\n\n\n<p>Il continuera \u00e0 jouer \u00e0 Berthenay avec les anciens pour le plaisir.<\/p>\n\n\n<div class=\"wp-block-image\">\n<figure class=\"aligncenter size-full is-resized\"><img decoding=\"async\" width=\"524\" height=\"530\" data-src=\"https:\/\/centrevaldeloirebasketballpatrimoine.org\/wp-content\/uploads\/2022\/05\/AH6.jpg\" alt=\"\" class=\"wp-image-28595 lazyload\" style=\"--smush-placeholder-width: 524px; --smush-placeholder-aspect-ratio: 524\/530;width:437px;height:442px\" data-srcset=\"https:\/\/centrevaldeloirebasketballpatrimoine.org\/wp-content\/uploads\/2022\/05\/AH6.jpg 524w, https:\/\/centrevaldeloirebasketballpatrimoine.org\/wp-content\/uploads\/2022\/05\/AH6-297x300.jpg 297w\" data-sizes=\"(max-width: 524px) 100vw, 524px\" src=\"data:image\/gif;base64,R0lGODlhAQABAAAAACH5BAEKAAEALAAAAAABAAEAAAICTAEAOw==\" \/><figcaption class=\"wp-element-caption\"><strong><em>L&rsquo;\u00e9quipe des anciens de Berthenay<\/em><\/strong><\/figcaption><\/figure>\n<\/div>\n\n\n<hr class=\"wp-block-separator has-css-opacity\"\/>\n\n\n\n<h2 class=\"wp-block-heading has-text-align-center\"><span class=\"ez-toc-section\" id=\"Bernard_Sabourin\"><\/span>Bernard Sabourin<span class=\"ez-toc-section-end\"><\/span><\/h2>\n\n\n<div class=\"wp-block-image\">\n<figure class=\"aligncenter size-full\"><img decoding=\"async\" width=\"163\" height=\"253\" data-src=\"https:\/\/centrevaldeloirebasketballpatrimoine.org\/wp-content\/uploads\/2022\/04\/Bernard-Sabourin.jpg\" alt=\"\" class=\"wp-image-28382 lazyload\" src=\"data:image\/gif;base64,R0lGODlhAQABAAAAACH5BAEKAAEALAAAAAABAAEAAAICTAEAOw==\" style=\"--smush-placeholder-width: 163px; --smush-placeholder-aspect-ratio: 163\/253;\" \/><figcaption class=\"wp-element-caption\"><strong><em>Bernard Sabourin<\/em><\/strong><\/figcaption><\/figure>\n<\/div>\n\n\n<p>Bernard Sabourin commence sa carri\u00e8re de Basketteur en 1940 au Patronage La\u00efque Paul Bert de Tours. Il joue ensuite au Sacr\u00e9 Coeur puis \u00e0 l&rsquo;AS Cabane, \u00e0 Grammont Sports pour finir \u00e0 Artannes.<\/p>\n\n\n\n<p>Sur le plan professionnel il est entr\u00e9 \u00e0 la SNCF en 1945 comme apprenti et a gravi divers \u00e9chelons jusqu&rsquo;\u00e0 sa retraite.<\/p>\n\n\n\n<p>Il fut arbitre f\u00e9d\u00e9ral.<\/p>\n\n\n<div class=\"wp-block-image\">\n<figure class=\"aligncenter size-full is-resized\"><img decoding=\"async\" width=\"216\" height=\"230\" data-src=\"https:\/\/centrevaldeloirebasketballpatrimoine.org\/wp-content\/uploads\/2022\/05\/4-Arbitre-federal.jpg\" alt=\"\" class=\"wp-image-28387 lazyload\" style=\"--smush-placeholder-width: 216px; --smush-placeholder-aspect-ratio: 216\/230;width:100px;height:106px\" src=\"data:image\/gif;base64,R0lGODlhAQABAAAAACH5BAEKAAEALAAAAAABAAEAAAICTAEAOw==\" \/><\/figure>\n<\/div>\n\n\n<p>Il officia au Haut Niveau et fut \u00e9lu au Comit\u00e9 d\u00e9partemental de l&rsquo;Indre-et-Loire de 1962 \u00e0 1988.<\/p>\n\n\n\n<hr class=\"wp-block-separator has-css-opacity\"\/>\n\n\n\n<h2 class=\"wp-block-heading has-text-align-center\"><span class=\"ez-toc-section\" id=\"Jacqueline_Varennes\"><\/span>Jacqueline Varennes<span class=\"ez-toc-section-end\"><\/span><\/h2>\n\n\n<div class=\"wp-block-image\">\n<figure class=\"aligncenter size-full is-resized\"><img decoding=\"async\" width=\"118\" height=\"113\" data-src=\"https:\/\/centrevaldeloirebasketballpatrimoine.org\/wp-content\/uploads\/2022\/03\/J-Varennes.jpg\" alt=\"\" class=\"wp-image-27680 lazyload\" style=\"--smush-placeholder-width: 118px; --smush-placeholder-aspect-ratio: 118\/113;width:152px;height:146px\" src=\"data:image\/gif;base64,R0lGODlhAQABAAAAACH5BAEKAAEALAAAAAABAAEAAAICTAEAOw==\" \/><figcaption class=\"wp-element-caption\"><em><strong>Jacqueline Varennes<\/strong><\/em><\/figcaption><\/figure>\n<\/div>\n\n\n<p>Jacqueline Varennes commence le Basket \u00e0 l&rsquo;\u00e2ge de 15 ans.<\/p>\n\n\n\n<p>Elle est inscrite \u00ab\u00a0Option Basket Coll\u00e8ge\u00a0\u00bb de 1946 \u00e0 1949.<\/p>\n\n\n\n<p>De 1949 \u00e0 1968, elle joue au Basket \u00e0 l&rsquo;AS Cabane de Tours puis au CES Tours.<\/p>\n\n\n\n<p>Elle fut nomm\u00e9e arbitre F\u00e9d\u00e9ral vers 1970 et dirigea les rencontres de Nationale F\u00e9minine 1.<\/p>\n\n\n<div class=\"wp-block-image\">\n<figure class=\"aligncenter size-full is-resized\"><img decoding=\"async\" width=\"216\" height=\"230\" data-src=\"https:\/\/centrevaldeloirebasketballpatrimoine.org\/wp-content\/uploads\/2022\/05\/4-Arbitre-federal-1.jpg\" alt=\"\" class=\"wp-image-28390 lazyload\" style=\"--smush-placeholder-width: 216px; --smush-placeholder-aspect-ratio: 216\/230;width:120px;height:128px\" src=\"data:image\/gif;base64,R0lGODlhAQABAAAAACH5BAEKAAEALAAAAAABAAEAAAICTAEAOw==\" \/><\/figure>\n<\/div>\n\n\n<p>Elle fut Entra\u00eeneur et Directeur Technique National adjoint \u00e0 la F\u00e9d\u00e9ration Fran\u00e7aise de Basket en Fauteuil.<\/p>\n\n\n\n<hr class=\"wp-block-separator has-css-opacity\"\/>\n\n\n\n<h2 class=\"wp-block-heading has-text-align-center\"><span class=\"ez-toc-section\" id=\"Pascal_Varey\"><\/span>Pascal Varey<span class=\"ez-toc-section-end\"><\/span><\/h2>\n\n\n<div class=\"wp-block-image\">\n<figure class=\"aligncenter size-full is-resized\"><img decoding=\"async\" width=\"267\" height=\"283\" data-src=\"https:\/\/centrevaldeloirebasketballpatrimoine.org\/wp-content\/uploads\/2022\/05\/Varey-1.jpg\" alt=\"\" class=\"wp-image-28447 lazyload\" style=\"--smush-placeholder-width: 267px; --smush-placeholder-aspect-ratio: 267\/283;width:141px;height:149px\" src=\"data:image\/gif;base64,R0lGODlhAQABAAAAACH5BAEKAAEALAAAAAABAAEAAAICTAEAOw==\" \/><figcaption class=\"wp-element-caption\"><strong><em>Pascal Varey<\/em><\/strong><\/figcaption><\/figure>\n<\/div>\n\n\n<p><strong><em>Carri\u00e8re de Joueur<\/em><\/strong><\/p>\n\n\n\n<p>Il commence le Basket \u00e0 l&rsquo;\u00e2ge de 5 ans \u00e0 l&rsquo;\u00e9cole de Basket de l&rsquo;ASPO Tours puis de St Avertin.<\/p>\n\n\n\n<p>En 1978, il signe une licence \u00e0 Jou\u00e9 les Tours et y restera jusqu&rsquo;en 2019.<\/p>\n\n\n\n<p>de 1978 \u00e0 1981 il joue en Cadets et en Juniors<\/p>\n\n\n\n<p>de 1982 \u00e0 1985 il joue en R\u00e9gional 1<\/p>\n\n\n\n<p>saison 1985 \/ 86 en National 4<\/p>\n\n\n\n<p>saison 1986 \/ 87 en R\u00e9gional 2<\/p>\n\n\n\n<p>de 1987 \u00e0 2019 en Loisir \/ V\u00e9t\u00e9ran<\/p>\n\n\n\n<p><strong><em>Carri\u00e8re d&rsquo;arbitre<\/em><\/strong><\/p>\n\n\n\n<p>En 1984 il commence l&rsquo;arbitrage et est nomm\u00e9 arbitre d\u00e9partemental<\/p>\n\n\n<div class=\"wp-block-image\">\n<figure class=\"aligncenter size-full is-resized\"><img decoding=\"async\" width=\"196\" height=\"215\" data-src=\"https:\/\/centrevaldeloirebasketballpatrimoine.org\/wp-content\/uploads\/2022\/05\/1-ecusson-departemental.jpg\" alt=\"\" class=\"wp-image-28441 lazyload\" style=\"--smush-placeholder-width: 196px; --smush-placeholder-aspect-ratio: 196\/215;width:108px;height:118px\" src=\"data:image\/gif;base64,R0lGODlhAQABAAAAACH5BAEKAAEALAAAAAABAAEAAAICTAEAOw==\" \/><\/figure>\n<\/div>\n\n\n<p>En 1985 il obtient le titre d&rsquo;arbitre r\u00e9gional<\/p>\n\n\n<div class=\"wp-block-image\">\n<figure class=\"aligncenter size-full is-resized\"><img decoding=\"async\" width=\"208\" height=\"207\" data-src=\"https:\/\/centrevaldeloirebasketballpatrimoine.org\/wp-content\/uploads\/2022\/05\/2-ecusson-regional.jpg\" alt=\"\" class=\"wp-image-28442 lazyload\" style=\"--smush-placeholder-width: 208px; --smush-placeholder-aspect-ratio: 208\/207;width:120px;height:119px\" data-srcset=\"https:\/\/centrevaldeloirebasketballpatrimoine.org\/wp-content\/uploads\/2022\/05\/2-ecusson-regional.jpg 208w, https:\/\/centrevaldeloirebasketballpatrimoine.org\/wp-content\/uploads\/2022\/05\/2-ecusson-regional-150x150.jpg 150w\" data-sizes=\"(max-width: 208px) 100vw, 208px\" src=\"data:image\/gif;base64,R0lGODlhAQABAAAAACH5BAEKAAEALAAAAAABAAEAAAICTAEAOw==\" \/><\/figure>\n<\/div>\n\n\n<p>En 1987 il est nomm\u00e9 arbitre inter-r\u00e9gional<\/p>\n\n\n<div class=\"wp-block-image\">\n<figure class=\"aligncenter size-full is-resized\"><img decoding=\"async\" width=\"235\" height=\"239\" data-src=\"https:\/\/centrevaldeloirebasketballpatrimoine.org\/wp-content\/uploads\/2022\/05\/3Arbitre-inter-regional.jpg\" alt=\"\" class=\"wp-image-28443 lazyload\" style=\"--smush-placeholder-width: 235px; --smush-placeholder-aspect-ratio: 235\/239;width:111px;height:113px\" src=\"data:image\/gif;base64,R0lGODlhAQABAAAAACH5BAEKAAEALAAAAAABAAEAAAICTAEAOw==\" \/><\/figure>\n<\/div>\n\n\n<p>Durant la saison 1988 \/89 il obtient le titre d&rsquo;arbitre f\u00e9d\u00e9ral et officie en Nationale masculine 3<\/p>\n\n\n<div class=\"wp-block-image\">\n<figure class=\"aligncenter size-full is-resized\"><img decoding=\"async\" width=\"216\" height=\"230\" data-src=\"https:\/\/centrevaldeloirebasketballpatrimoine.org\/wp-content\/uploads\/2022\/05\/4-Arbitre-federal-2.jpg\" alt=\"\" class=\"wp-image-28444 lazyload\" style=\"--smush-placeholder-width: 216px; --smush-placeholder-aspect-ratio: 216\/230;width:107px;height:114px\" src=\"data:image\/gif;base64,R0lGODlhAQABAAAAACH5BAEKAAEALAAAAAABAAEAAAICTAEAOw==\" \/><\/figure>\n<\/div>\n\n\n<p>En 1989, il acc\u00e8de au Haut Niveau et dirigera les rencontres de Nationale Masculine 2 jusqu&rsquo;en 1998.<\/p>\n\n\n\n<p><strong><em>Carri\u00e8re d&rsquo;entra\u00eeneur<\/em><\/strong><\/p>\n\n\n\n<p>De 1999 \u00e0 2016, il entra\u00eenera en r\u00e9gional les jeunes gar\u00e7ons et filles et obtiendra le titre de champion r\u00e9gional cadettes en 2011.<\/p>\n\n\n\n<p>Parall\u00e8lement, il s&rsquo;est vu confier pendant 12 ans la formation des arbitres aux niveaux d\u00e9partemental et r\u00e9gional.<\/p>\n\n\n\n<hr class=\"wp-block-separator has-css-opacity\"\/>\n\n\n\n<p><\/p>\n","protected":false},"excerpt":{"rendered":"<p>Michel Asti\u00e9 En attente de documents Fabrice Blachier Joueur : Fabrice Blachier d\u00e9bute le Basket \u00e0 9 ans dans son club de quartier Beaujardin Raspail (PLBR 37). Il joue dans [&hellip;]<\/p>\n","protected":false},"author":6,"featured_media":0,"parent":0,"menu_order":0,"comment_status":"closed","ping_status":"closed","template":"","meta":{"footnotes":""},"class_list":["post-1010","page","type-page","status-publish","hentry"],"yoast_head":"<!-- This site is optimized with the Yoast SEO plugin v27.5 - https:\/\/yoast.com\/product\/yoast-seo-wordpress\/ -->\n<title>Les Arbitres Nationaux du 37 - patrimoine<\/title>\n<meta name=\"description\" content=\"Patrimoine historique du basket en r\u00e9gion Centre-Val de Loire.\" \/>\n<meta name=\"robots\" content=\"index, follow, max-snippet:-1, max-image-preview:large, max-video-preview:-1\" \/>\n<link rel=\"canonical\" href=\"https:\/\/centrevaldeloirebasketballpatrimoine.org\/index.php\/les-arbitres-nationaux-du-37\/\" \/>\n<meta property=\"og:locale\" content=\"fr_FR\" \/>\n<meta property=\"og:type\" content=\"article\" \/>\n<meta property=\"og:title\" content=\"Les Arbitres Nationaux du 37 - patrimoine\" \/>\n<meta property=\"og:description\" content=\"Patrimoine historique du basket en r\u00e9gion Centre-Val de Loire.\" \/>\n<meta property=\"og:url\" content=\"https:\/\/centrevaldeloirebasketballpatrimoine.org\/index.php\/les-arbitres-nationaux-du-37\/\" \/>\n<meta property=\"article:publisher\" content=\"https:\/\/www.facebook.com\/LigueBasketCentre\" \/>\n<meta property=\"article:modified_time\" content=\"2025-03-16T13:09:19+00:00\" \/>\n<meta property=\"og:image\" content=\"https:\/\/centrevaldeloirebasketballpatrimoine.org\/wp-content\/uploads\/2022\/05\/1000-Michel-Astie.jpg\" \/>\n\t<meta property=\"og:image:width\" content=\"130\" \/>\n\t<meta property=\"og:image:height\" content=\"122\" \/>\n\t<meta property=\"og:image:type\" content=\"image\/jpeg\" \/>\n<meta name=\"twitter:card\" content=\"summary_large_image\" \/>\n<meta name=\"twitter:site\" content=\"@BasketCentre\" \/>\n<meta name=\"twitter:label1\" content=\"Dur\u00e9e de lecture estim\u00e9e\" \/>\n\t<meta name=\"twitter:data1\" content=\"16 minutes\" \/>\n<script type=\"application\/ld+json\" class=\"yoast-schema-graph\">{\"@context\":\"https:\\\/\\\/schema.org\",\"@graph\":[{\"@type\":\"WebPage\",\"@id\":\"https:\\\/\\\/centrevaldeloirebasketballpatrimoine.org\\\/index.php\\\/les-arbitres-nationaux-du-37\\\/\",\"url\":\"https:\\\/\\\/centrevaldeloirebasketballpatrimoine.org\\\/index.php\\\/les-arbitres-nationaux-du-37\\\/\",\"name\":\"Les Arbitres Nationaux du 37 - patrimoine\",\"isPartOf\":{\"@id\":\"https:\\\/\\\/centrevaldeloirebasketballpatrimoine.org\\\/#website\"},\"primaryImageOfPage\":{\"@id\":\"https:\\\/\\\/centrevaldeloirebasketballpatrimoine.org\\\/index.php\\\/les-arbitres-nationaux-du-37\\\/#primaryimage\"},\"image\":{\"@id\":\"https:\\\/\\\/centrevaldeloirebasketballpatrimoine.org\\\/index.php\\\/les-arbitres-nationaux-du-37\\\/#primaryimage\"},\"thumbnailUrl\":\"https:\\\/\\\/centrevaldeloirebasketballpatrimoine.org\\\/wp-content\\\/uploads\\\/2022\\\/05\\\/1000-Michel-Astie.jpg\",\"datePublished\":\"2020-01-08T16:46:40+00:00\",\"dateModified\":\"2025-03-16T13:09:19+00:00\",\"description\":\"Patrimoine historique du basket en r\u00e9gion Centre-Val de Loire.\",\"breadcrumb\":{\"@id\":\"https:\\\/\\\/centrevaldeloirebasketballpatrimoine.org\\\/index.php\\\/les-arbitres-nationaux-du-37\\\/#breadcrumb\"},\"inLanguage\":\"fr-FR\",\"potentialAction\":[{\"@type\":\"ReadAction\",\"target\":[\"https:\\\/\\\/centrevaldeloirebasketballpatrimoine.org\\\/index.php\\\/les-arbitres-nationaux-du-37\\\/\"]}]},{\"@type\":\"ImageObject\",\"inLanguage\":\"fr-FR\",\"@id\":\"https:\\\/\\\/centrevaldeloirebasketballpatrimoine.org\\\/index.php\\\/les-arbitres-nationaux-du-37\\\/#primaryimage\",\"url\":\"https:\\\/\\\/centrevaldeloirebasketballpatrimoine.org\\\/wp-content\\\/uploads\\\/2022\\\/05\\\/1000-Michel-Astie.jpg\",\"contentUrl\":\"https:\\\/\\\/centrevaldeloirebasketballpatrimoine.org\\\/wp-content\\\/uploads\\\/2022\\\/05\\\/1000-Michel-Astie.jpg\",\"width\":130,\"height\":122},{\"@type\":\"BreadcrumbList\",\"@id\":\"https:\\\/\\\/centrevaldeloirebasketballpatrimoine.org\\\/index.php\\\/les-arbitres-nationaux-du-37\\\/#breadcrumb\",\"itemListElement\":[{\"@type\":\"ListItem\",\"position\":1,\"name\":\"Accueil\",\"item\":\"https:\\\/\\\/centrevaldeloirebasketballpatrimoine.org\\\/\"},{\"@type\":\"ListItem\",\"position\":2,\"name\":\"Les Arbitres Nationaux du 37\"}]},{\"@type\":\"WebSite\",\"@id\":\"https:\\\/\\\/centrevaldeloirebasketballpatrimoine.org\\\/#website\",\"url\":\"https:\\\/\\\/centrevaldeloirebasketballpatrimoine.org\\\/\",\"name\":\"\",\"description\":\"Site officiel Commission Patrimoine de la Ligue Centre-Val de Loire de BasketBall\",\"publisher\":{\"@id\":\"https:\\\/\\\/centrevaldeloirebasketballpatrimoine.org\\\/#organization\"},\"potentialAction\":[{\"@type\":\"SearchAction\",\"target\":{\"@type\":\"EntryPoint\",\"urlTemplate\":\"https:\\\/\\\/centrevaldeloirebasketballpatrimoine.org\\\/?s={search_term_string}\"},\"query-input\":{\"@type\":\"PropertyValueSpecification\",\"valueRequired\":true,\"valueName\":\"search_term_string\"}}],\"inLanguage\":\"fr-FR\"},{\"@type\":\"Organization\",\"@id\":\"https:\\\/\\\/centrevaldeloirebasketballpatrimoine.org\\\/#organization\",\"name\":\"Patrimoine Basket Ligue Centre-Val de Loire\",\"url\":\"https:\\\/\\\/centrevaldeloirebasketballpatrimoine.org\\\/\",\"logo\":{\"@type\":\"ImageObject\",\"inLanguage\":\"fr-FR\",\"@id\":\"https:\\\/\\\/centrevaldeloirebasketballpatrimoine.org\\\/#\\\/schema\\\/logo\\\/image\\\/\",\"url\":\"https:\\\/\\\/i0.wp.com\\\/centrevaldeloirebasketballpatrimoine.org\\\/wp-content\\\/uploads\\\/2019\\\/06\\\/LigueRegionale-CENTRE-VAL-DE-LOIRE-Vertical-694x1024.jpg?fit=694%2C1024&ssl=1\",\"contentUrl\":\"https:\\\/\\\/i0.wp.com\\\/centrevaldeloirebasketballpatrimoine.org\\\/wp-content\\\/uploads\\\/2019\\\/06\\\/LigueRegionale-CENTRE-VAL-DE-LOIRE-Vertical-694x1024.jpg?fit=694%2C1024&ssl=1\",\"width\":694,\"height\":1024,\"caption\":\"Patrimoine Basket Ligue Centre-Val de Loire\"},\"image\":{\"@id\":\"https:\\\/\\\/centrevaldeloirebasketballpatrimoine.org\\\/#\\\/schema\\\/logo\\\/image\\\/\"},\"sameAs\":[\"https:\\\/\\\/www.facebook.com\\\/LigueBasketCentre\",\"https:\\\/\\\/x.com\\\/BasketCentre\",\"https:\\\/\\\/www.instagram.com\\\/liguebasketcentre\\\/\",\"https:\\\/\\\/www.linkedin.com\\\/company\\\/ligue-du-centre-val-de-loire-de-basketball\"]}]}<\/script>\n<!-- \/ Yoast SEO plugin. -->","yoast_head_json":{"title":"Les Arbitres Nationaux du 37 - patrimoine","description":"Patrimoine historique du basket en r\u00e9gion Centre-Val de Loire.","robots":{"index":"index","follow":"follow","max-snippet":"max-snippet:-1","max-image-preview":"max-image-preview:large","max-video-preview":"max-video-preview:-1"},"canonical":"https:\/\/centrevaldeloirebasketballpatrimoine.org\/index.php\/les-arbitres-nationaux-du-37\/","og_locale":"fr_FR","og_type":"article","og_title":"Les Arbitres Nationaux du 37 - patrimoine","og_description":"Patrimoine historique du basket en r\u00e9gion Centre-Val de Loire.","og_url":"https:\/\/centrevaldeloirebasketballpatrimoine.org\/index.php\/les-arbitres-nationaux-du-37\/","article_publisher":"https:\/\/www.facebook.com\/LigueBasketCentre","article_modified_time":"2025-03-16T13:09:19+00:00","og_image":[{"width":130,"height":122,"url":"https:\/\/centrevaldeloirebasketballpatrimoine.org\/wp-content\/uploads\/2022\/05\/1000-Michel-Astie.jpg","type":"image\/jpeg"}],"twitter_card":"summary_large_image","twitter_site":"@BasketCentre","twitter_misc":{"Dur\u00e9e de lecture estim\u00e9e":"16 minutes"},"schema":{"@context":"https:\/\/schema.org","@graph":[{"@type":"WebPage","@id":"https:\/\/centrevaldeloirebasketballpatrimoine.org\/index.php\/les-arbitres-nationaux-du-37\/","url":"https:\/\/centrevaldeloirebasketballpatrimoine.org\/index.php\/les-arbitres-nationaux-du-37\/","name":"Les Arbitres Nationaux du 37 - patrimoine","isPartOf":{"@id":"https:\/\/centrevaldeloirebasketballpatrimoine.org\/#website"},"primaryImageOfPage":{"@id":"https:\/\/centrevaldeloirebasketballpatrimoine.org\/index.php\/les-arbitres-nationaux-du-37\/#primaryimage"},"image":{"@id":"https:\/\/centrevaldeloirebasketballpatrimoine.org\/index.php\/les-arbitres-nationaux-du-37\/#primaryimage"},"thumbnailUrl":"https:\/\/centrevaldeloirebasketballpatrimoine.org\/wp-content\/uploads\/2022\/05\/1000-Michel-Astie.jpg","datePublished":"2020-01-08T16:46:40+00:00","dateModified":"2025-03-16T13:09:19+00:00","description":"Patrimoine historique du basket en r\u00e9gion Centre-Val de Loire.","breadcrumb":{"@id":"https:\/\/centrevaldeloirebasketballpatrimoine.org\/index.php\/les-arbitres-nationaux-du-37\/#breadcrumb"},"inLanguage":"fr-FR","potentialAction":[{"@type":"ReadAction","target":["https:\/\/centrevaldeloirebasketballpatrimoine.org\/index.php\/les-arbitres-nationaux-du-37\/"]}]},{"@type":"ImageObject","inLanguage":"fr-FR","@id":"https:\/\/centrevaldeloirebasketballpatrimoine.org\/index.php\/les-arbitres-nationaux-du-37\/#primaryimage","url":"https:\/\/centrevaldeloirebasketballpatrimoine.org\/wp-content\/uploads\/2022\/05\/1000-Michel-Astie.jpg","contentUrl":"https:\/\/centrevaldeloirebasketballpatrimoine.org\/wp-content\/uploads\/2022\/05\/1000-Michel-Astie.jpg","width":130,"height":122},{"@type":"BreadcrumbList","@id":"https:\/\/centrevaldeloirebasketballpatrimoine.org\/index.php\/les-arbitres-nationaux-du-37\/#breadcrumb","itemListElement":[{"@type":"ListItem","position":1,"name":"Accueil","item":"https:\/\/centrevaldeloirebasketballpatrimoine.org\/"},{"@type":"ListItem","position":2,"name":"Les Arbitres Nationaux du 37"}]},{"@type":"WebSite","@id":"https:\/\/centrevaldeloirebasketballpatrimoine.org\/#website","url":"https:\/\/centrevaldeloirebasketballpatrimoine.org\/","name":"","description":"Site officiel Commission Patrimoine de la Ligue Centre-Val de Loire de BasketBall","publisher":{"@id":"https:\/\/centrevaldeloirebasketballpatrimoine.org\/#organization"},"potentialAction":[{"@type":"SearchAction","target":{"@type":"EntryPoint","urlTemplate":"https:\/\/centrevaldeloirebasketballpatrimoine.org\/?s={search_term_string}"},"query-input":{"@type":"PropertyValueSpecification","valueRequired":true,"valueName":"search_term_string"}}],"inLanguage":"fr-FR"},{"@type":"Organization","@id":"https:\/\/centrevaldeloirebasketballpatrimoine.org\/#organization","name":"Patrimoine Basket Ligue Centre-Val de Loire","url":"https:\/\/centrevaldeloirebasketballpatrimoine.org\/","logo":{"@type":"ImageObject","inLanguage":"fr-FR","@id":"https:\/\/centrevaldeloirebasketballpatrimoine.org\/#\/schema\/logo\/image\/","url":"https:\/\/i0.wp.com\/centrevaldeloirebasketballpatrimoine.org\/wp-content\/uploads\/2019\/06\/LigueRegionale-CENTRE-VAL-DE-LOIRE-Vertical-694x1024.jpg?fit=694%2C1024&ssl=1","contentUrl":"https:\/\/i0.wp.com\/centrevaldeloirebasketballpatrimoine.org\/wp-content\/uploads\/2019\/06\/LigueRegionale-CENTRE-VAL-DE-LOIRE-Vertical-694x1024.jpg?fit=694%2C1024&ssl=1","width":694,"height":1024,"caption":"Patrimoine Basket Ligue Centre-Val de Loire"},"image":{"@id":"https:\/\/centrevaldeloirebasketballpatrimoine.org\/#\/schema\/logo\/image\/"},"sameAs":["https:\/\/www.facebook.com\/LigueBasketCentre","https:\/\/x.com\/BasketCentre","https:\/\/www.instagram.com\/liguebasketcentre\/","https:\/\/www.linkedin.com\/company\/ligue-du-centre-val-de-loire-de-basketball"]}]}},"_links":{"self":[{"href":"https:\/\/centrevaldeloirebasketballpatrimoine.org\/index.php\/wp-json\/wp\/v2\/pages\/1010","targetHints":{"allow":["GET"]}}],"collection":[{"href":"https:\/\/centrevaldeloirebasketballpatrimoine.org\/index.php\/wp-json\/wp\/v2\/pages"}],"about":[{"href":"https:\/\/centrevaldeloirebasketballpatrimoine.org\/index.php\/wp-json\/wp\/v2\/types\/page"}],"author":[{"embeddable":true,"href":"https:\/\/centrevaldeloirebasketballpatrimoine.org\/index.php\/wp-json\/wp\/v2\/users\/6"}],"replies":[{"embeddable":true,"href":"https:\/\/centrevaldeloirebasketballpatrimoine.org\/index.php\/wp-json\/wp\/v2\/comments?post=1010"}],"version-history":[{"count":0,"href":"https:\/\/centrevaldeloirebasketballpatrimoine.org\/index.php\/wp-json\/wp\/v2\/pages\/1010\/revisions"}],"wp:attachment":[{"href":"https:\/\/centrevaldeloirebasketballpatrimoine.org\/index.php\/wp-json\/wp\/v2\/media?parent=1010"}],"curies":[{"name":"wp","href":"https:\/\/api.w.org\/{rel}","templated":true}]}}